{"id":6344,"date":"2025-01-20T13:41:15","date_gmt":"2025-01-20T13:41:15","guid":{"rendered":"https:\/\/nationaalonderduikmuseum.nl\/programma-vrijheid\/quartett\/doetinchem\/"},"modified":"2026-04-01T07:36:12","modified_gmt":"2026-04-01T07:36:12","slug":"doetinchem","status":"publish","type":"page","link":"https:\/\/nationaalonderduikmuseum.nl\/de\/programma-vrijheid\/quartett\/doetinchem\/","title":{"rendered":"Doetinchem"},"content":{"rendered":"<p><div class=\"fusion-fullwidth fullwidth-box fusion-builder-row-1 fusion-flex-container has-pattern-background has-mask-background nonhundred-percent-fullwidth non-hundred-percent-height-scrolling\" style=\"--awb-border-radius-top-left:0px;--awb-border-radius-top-right:0px;--awb-border-radius-bottom-right:0px;--awb-border-radius-bottom-left:0px;--awb-padding-top:30px;--awb-padding-bottom:0px;--awb-margin-top:0px;--awb-margin-bottom:0px;--awb-flex-wrap:wrap;\" ><div class=\"fusion-builder-row fusion-row fusion-flex-align-items-flex-start fusion-flex-content-wrap\" style=\"max-width:1456px;margin-left: calc(-4% \/ 2 );margin-right: calc(-4% \/ 2 );\"><div class=\"fusion-layout-column fusion_builder_column fusion-builder-column-0 fusion_builder_column_1_1 1_1 fusion-flex-column\" style=\"--awb-bg-size:cover;--awb-width-large:100%;--awb-margin-top-large:0px;--awb-spacing-right-large:1.92%;--awb-margin-bottom-large:20px;--awb-spacing-left-large:1.92%;--awb-width-medium:100%;--awb-order-medium:0;--awb-spacing-right-medium:1.92%;--awb-spacing-left-medium:1.92%;--awb-width-small:100%;--awb-order-small:0;--awb-spacing-right-small:1.92%;--awb-spacing-left-small:1.92%;\"><div class=\"fusion-column-wrapper fusion-column-has-shadow fusion-flex-justify-content-flex-start fusion-content-layout-column\"><div class=\"fusion-title title fusion-title-1 fusion-sep-none fusion-title-text fusion-title-size-one\" style=\"--awb-margin-top-small:8px;--awb-margin-right-small:0px;--awb-margin-bottom-small:16px;--awb-margin-left-small:0px;\"><h1 class=\"fusion-title-heading title-heading-left fusion-responsive-typography-calculated\" style=\"margin:0;--fontSize:64;line-height:1.25;\"><h1>Doetinchem<\/h1><\/h1><\/div><\/div><\/div><div class=\"fusion-layout-column fusion_builder_column fusion-builder-column-1 fusion_builder_column_2_3 2_3 fusion-flex-column\" style=\"--awb-padding-top:0px;--awb-padding-bottom:0px;--awb-bg-size:cover;--awb-width-large:66.666666666667%;--awb-margin-top-large:0px;--awb-spacing-right-large:2.88%;--awb-margin-bottom-large:0px;--awb-spacing-left-large:2.88%;--awb-width-medium:66.666666666667%;--awb-order-medium:0;--awb-spacing-right-medium:2.88%;--awb-spacing-left-medium:2.88%;--awb-width-small:100%;--awb-order-small:0;--awb-spacing-right-small:1.92%;--awb-spacing-left-small:1.92%;\" data-scroll-devices=\"small-visibility,medium-visibility,large-visibility\"><div class=\"fusion-column-wrapper fusion-column-has-shadow fusion-flex-justify-content-flex-start fusion-content-layout-column\"><div class=\"fusion-text fusion-text-1\"><h3><strong>Die Suche von Nico Brugman<\/strong><\/h3>\n<p>Der dreij\u00e4hrige Nico Brugman lebt mit seinen Eltern und f\u00fcnf Geschwistern an der Ecke Boliestraat und Hoopensteeg. Am 19. M\u00e4rz 1945 wurde sein Vater in der Nemaho-Fabrik bei einem Bombenangriff britischer Jagdflugzeuge get\u00f6tet. <\/p>\n<p>Zwei Tage sp\u00e4ter wurde seine Schwester Jenny w\u00e4hrend des gro\u00dfen Bombenanschlags auf das Stadtzentrum in der B\u00e4ckerei get\u00f6tet. Seine Mutter reist noch in derselben Nacht mit zwei Kinderwagen und den Kindern zu ihren Eltern nach Eibergen. Nach dem Krieg heiratete sie erneut und lebte weiterhin in Eibergen. \u00dcber den Krieg wird nicht mehr gesprochen. Nico wei\u00df also sein ganzes Leben lang nicht, was passiert ist.    <\/p>\n<p>Im Alter von 75 Jahren beginnt er auf Dr\u00e4ngen seiner Schwiegertochter, nach Antworten zu suchen. Erst dann darf er die Trag\u00f6die h\u00f6ren. <\/p>\n<p>Interview mit Nico Brugman: <a href=\"https:\/\/www.youtube.com\/watch?v=2GKRB8hgzwI\" target=\"_blank\" rel=\"noopener\">https:\/\/www.youtube.com\/watch?v=2GKRB8hgzwI<\/a><br \/>\nNico Brugmans Suche: <a href=\"https:\/\/www.youtube.com\/watch?v=YWo9x-ub4jw\" target=\"_blank\" rel=\"noopener\">https:\/\/www.youtube.com\/watch?v=YWo9x-ub4jw<\/a><\/p>\n<\/div><\/div><\/div><div class=\"fusion-layout-column fusion_builder_column fusion-builder-column-2 fusion_builder_column_1_3 1_3 fusion-flex-column\" style=\"--awb-bg-size:cover;--awb-width-large:33.333333333333%;--awb-margin-top-large:0px;--awb-spacing-right-large:5.76%;--awb-margin-bottom-large:20px;--awb-spacing-left-large:5.76%;--awb-width-medium:33.333333333333%;--awb-order-medium:0;--awb-spacing-right-medium:5.76%;--awb-spacing-left-medium:5.76%;--awb-width-small:100%;--awb-order-small:0;--awb-spacing-right-small:1.92%;--awb-spacing-left-small:1.92%;\"><div class=\"fusion-column-wrapper fusion-column-has-shadow fusion-flex-justify-content-flex-start fusion-content-layout-column\"><div class=\"fusion-image-element \" style=\"--awb-margin-bottom:10px;--awb-caption-title-font-family:var(--h2_typography-font-family);--awb-caption-title-font-weight:var(--h2_typography-font-weight);--awb-caption-title-font-style:var(--h2_typography-font-style);--awb-caption-title-size:var(--h2_typography-font-size);--awb-caption-title-transform:var(--h2_typography-text-transform);--awb-caption-title-line-height:var(--h2_typography-line-height);--awb-caption-title-letter-spacing:var(--h2_typography-letter-spacing);\"><span class=\" fusion-imageframe imageframe-none imageframe-1 hover-type-none\"><img decoding=\"async\" width=\"945\" height=\"606\" alt=\"Sie zerst\u00f6rten die Boliestraat nach dem Bombenanschlag am 21. M\u00e4rz 1945. Links, an der Ecke der Hoopensteeg, steht das Haus der Familie Brugman noch. Foto Jan Massink, Heritage Centre Achterhoek und Liemers \" title=\"Foto Jan Massink, Heritage Centre Achterhoek und Liemers\" src=\"https:\/\/nationaalonderduikmuseum.nl\/wp-content\/uploads\/2025\/02\/2.-Zoektocht-Nico-Brugman.jpg\" class=\"img-responsive wp-image-3257\" srcset=\"https:\/\/nationaalonderduikmuseum.nl\/wp-content\/uploads\/2025\/02\/2.-Zoektocht-Nico-Brugman-200x128.jpg 200w, https:\/\/nationaalonderduikmuseum.nl\/wp-content\/uploads\/2025\/02\/2.-Zoektocht-Nico-Brugman-400x257.jpg 400w, https:\/\/nationaalonderduikmuseum.nl\/wp-content\/uploads\/2025\/02\/2.-Zoektocht-Nico-Brugman-600x385.jpg 600w, https:\/\/nationaalonderduikmuseum.nl\/wp-content\/uploads\/2025\/02\/2.-Zoektocht-Nico-Brugman-800x513.jpg 800w, https:\/\/nationaalonderduikmuseum.nl\/wp-content\/uploads\/2025\/02\/2.-Zoektocht-Nico-Brugman.jpg 945w\" sizes=\"(max-width: 800px) 100vw, 600px\" \/><\/span><\/div><div class=\"fusion-text fusion-text-2 fusion-text-no-margin\" style=\"--awb-margin-top:5px;--awb-margin-bottom:0px;\"><p><em>Sie zerst\u00f6rten die Boliestraat nach dem Bombenanschlag am 21. M\u00e4rz 1945. Links, an der Ecke der Hoopensteeg, steht das Haus der Familie Brugman noch.   <\/em><\/p>\n<p><em>Foto Jan Massink, Heritage Centre Achterhoek und Liemers<\/em><\/p>\n<\/div><\/div><\/div><\/div><\/div><div class=\"fusion-fullwidth fullwidth-box fusion-builder-row-2 fusion-flex-container has-pattern-background has-mask-background nonhundred-percent-fullwidth non-hundred-percent-height-scrolling\" style=\"--link_color: #ffffff;--awb-border-color:#ffffff;--awb-border-radius-top-left:0px;--awb-border-radius-top-right:0px;--awb-border-radius-bottom-right:0px;--awb-border-radius-bottom-left:0px;--awb-padding-top:0px;--awb-padding-bottom:0px;--awb-margin-top:0px;--awb-margin-bottom:10px;--awb-flex-wrap:wrap;\" ><div class=\"fusion-builder-row fusion-row fusion-flex-align-items-flex-start fusion-flex-content-wrap\" style=\"max-width:1456px;margin-left: calc(-4% \/ 2 );margin-right: calc(-4% \/ 2 );\"><div class=\"fusion-layout-column fusion_builder_column fusion-builder-column-3 fusion_builder_column_1_1 1_1 fusion-flex-column fusion-flex-align-self-flex-start\" style=\"--awb-padding-top:0px;--awb-padding-bottom:0px;--awb-bg-size:cover;--awb-border-color:var(--awb-color4);--awb-border-top:2px;--awb-border-right:2px;--awb-border-bottom:2px;--awb-border-left:2px;--awb-border-style:solid;--awb-width-large:100%;--awb-margin-top-large:0px;--awb-spacing-right-large:1.92%;--awb-margin-bottom-large:0px;--awb-spacing-left-large:1.92%;--awb-width-medium:100%;--awb-order-medium:0;--awb-spacing-right-medium:1.92%;--awb-spacing-left-medium:1.92%;--awb-width-small:100%;--awb-order-small:0;--awb-spacing-right-small:1.92%;--awb-spacing-left-small:1.92%;\" data-scroll-devices=\"small-visibility,medium-visibility,large-visibility\"><div class=\"fusion-column-wrapper fusion-column-has-shadow fusion-flex-justify-content-flex-start fusion-content-layout-column\"><\/div><\/div><\/div><\/div><div class=\"fusion-fullwidth fullwidth-box fusion-builder-row-3 fusion-flex-container has-pattern-background has-mask-background nonhundred-percent-fullwidth non-hundred-percent-height-scrolling\" style=\"--awb-border-radius-top-left:0px;--awb-border-radius-top-right:0px;--awb-border-radius-bottom-right:0px;--awb-border-radius-bottom-left:0px;--awb-padding-top:10px;--awb-padding-bottom:0px;--awb-margin-top:0px;--awb-margin-bottom:0px;--awb-flex-wrap:wrap;\" ><div class=\"fusion-builder-row fusion-row fusion-flex-align-items-flex-start fusion-flex-content-wrap\" style=\"max-width:1456px;margin-left: calc(-4% \/ 2 );margin-right: calc(-4% \/ 2 );\"><div class=\"fusion-layout-column fusion_builder_column fusion-builder-column-4 fusion_builder_column_2_3 2_3 fusion-flex-column\" style=\"--awb-padding-top:0px;--awb-padding-bottom:0px;--awb-bg-size:cover;--awb-width-large:66.666666666667%;--awb-margin-top-large:0px;--awb-spacing-right-large:2.88%;--awb-margin-bottom-large:0px;--awb-spacing-left-large:2.88%;--awb-width-medium:66.666666666667%;--awb-order-medium:0;--awb-spacing-right-medium:2.88%;--awb-spacing-left-medium:2.88%;--awb-width-small:100%;--awb-order-small:0;--awb-spacing-right-small:1.92%;--awb-spacing-left-small:1.92%;\" data-scroll-devices=\"small-visibility,medium-visibility,large-visibility\"><div class=\"fusion-column-wrapper fusion-column-has-shadow fusion-flex-justify-content-flex-start fusion-content-layout-column\"><div class=\"fusion-text fusion-text-3\"><h3><strong>Bombardierung von Doetinchem<\/strong><\/h3>\n<p>Am 19., 21. und 23. M\u00e4rz 1945 wurde Doetinchem von alliierten Flugzeugen bombardiert.<\/p>\n<p>Ab Mitte M\u00e4rz 1945 wurde das n\u00f6rdliche Rheinufer fast ununterbrochen von britischen und amerikanischen Flugzeugen bombardiert. Nicht nur in Deutschland, sondern auch \u00fcber die Grenze in der Achterhoek. Es ist die Einf\u00fchrung in die Rhein\u00fcberquerung: Operation Plunder.  <\/p>\n<p>Am Montagmorgen, dem 19. M\u00e4rz, bombardierten Jagdbomber die Fabrik in Nemaho, in der deutsche Panzer und Fahrzeuge repariert wurden. Ein Munitionsdepot im Kruisberg-Wald und FLAK-Flugabwehrkanonen rund um die Stadt werden ebenfalls angegriffen. Zwei Geb\u00e4ude im Zentrum sind ebenfalls betroffen.  <\/p>\n<p>Am Mittwochnachmittag, dem 21. M\u00e4rz, fielen viele weitere Bomben auf das Stadtzentrum. Zahlreiche Geb\u00e4ude werden getroffen und in mehreren Stra\u00dfen brechen Br\u00e4nde aus. Auch das Rathaus aus dem 18. Jahrhundert, die Synagoge und die Katharinakerk fielen den Flammen zum Opfer. Am Abend fliehen viele aus der Stadt. Dann st\u00fcrzt auch der Kirchturm in Brand ein.    <\/p>\n<p>Am Freitagnachmittag, dem 23. M\u00e4rz, fallen erneut Bomben an mehreren Stellen im Zentrum. Selbst dann gibt es mehr Todesf\u00e4lle. <\/p>\n<p>In der Nacht vom 23. auf den 24. M\u00e4rz \u00fcberquerten die Alliierten den Rhein bei Rees und Wezel. Eine Woche sp\u00e4ter erreichen kanadische Truppen Doetinchem. Eine Stadt, die aufgrund der Zerst\u00f6rung und der mehr als 150 Bombenopfer eine der am st\u00e4rksten betroffenen St\u00e4dte unseres Landes ist.  <\/p>\n<p>Ein Buntglasfenster wurde in der Katharinakerk zum Gedenken an alle Zivilisten installiert, die bei den Bombenanschl\u00e4gen in Doetinchem am 19., 21. und 23. M\u00e4rz 1945 ums Leben kamen.<\/p>\n<p>Quelle: <a href=\"https:\/\/doetinchemherdenkt.nl\/\" target=\"_blank\" rel=\"noopener\">https:\/\/doetinchemherdenkt.nl\/<\/a><\/p>\n<\/div><\/div><\/div><div class=\"fusion-layout-column fusion_builder_column fusion-builder-column-5 fusion_builder_column_1_3 1_3 fusion-flex-column\" style=\"--awb-bg-size:cover;--awb-width-large:33.333333333333%;--awb-margin-top-large:0px;--awb-spacing-right-large:5.76%;--awb-margin-bottom-large:20px;--awb-spacing-left-large:5.76%;--awb-width-medium:33.333333333333%;--awb-order-medium:0;--awb-spacing-right-medium:5.76%;--awb-spacing-left-medium:5.76%;--awb-width-small:100%;--awb-order-small:0;--awb-spacing-right-small:1.92%;--awb-spacing-left-small:1.92%;\"><div class=\"fusion-column-wrapper fusion-column-has-shadow fusion-flex-justify-content-flex-start fusion-content-layout-column\"><div class=\"fusion-image-element \" style=\"--awb-margin-bottom:10px;--awb-caption-title-font-family:var(--h2_typography-font-family);--awb-caption-title-font-weight:var(--h2_typography-font-weight);--awb-caption-title-font-style:var(--h2_typography-font-style);--awb-caption-title-size:var(--h2_typography-font-size);--awb-caption-title-transform:var(--h2_typography-text-transform);--awb-caption-title-line-height:var(--h2_typography-line-height);--awb-caption-title-letter-spacing:var(--h2_typography-letter-spacing);\"><span class=\" fusion-imageframe imageframe-none imageframe-2 hover-type-none\"><img decoding=\"async\" width=\"960\" height=\"639\" alt=\"Das zerst\u00f6rte historische Stadtzentrum. Das Rathaus, die Synagoge und die Katherinakerk sind an der Ecke der Hoopensteeg, dem Haus der Familie Brugman, noch immer stehend, in Flammen aufgegangen. Foto Jan Massink, Heritage Centre Achterhoek und Liemers \" title=\"Das zerst\u00f6rte historische Stadtzentrum. Das Rathaus, die Synagoge und die Katherinakerk gingen in Flammen auf.\" src=\"https:\/\/nationaalonderduikmuseum.nl\/wp-content\/uploads\/2025\/02\/verwoeste-stadscentrumDoetinchem.jpg\" class=\"img-responsive wp-image-3263\" srcset=\"https:\/\/nationaalonderduikmuseum.nl\/wp-content\/uploads\/2025\/02\/verwoeste-stadscentrumDoetinchem-200x133.jpg 200w, https:\/\/nationaalonderduikmuseum.nl\/wp-content\/uploads\/2025\/02\/verwoeste-stadscentrumDoetinchem-400x266.jpg 400w, https:\/\/nationaalonderduikmuseum.nl\/wp-content\/uploads\/2025\/02\/verwoeste-stadscentrumDoetinchem-600x399.jpg 600w, https:\/\/nationaalonderduikmuseum.nl\/wp-content\/uploads\/2025\/02\/verwoeste-stadscentrumDoetinchem-800x533.jpg 800w, https:\/\/nationaalonderduikmuseum.nl\/wp-content\/uploads\/2025\/02\/verwoeste-stadscentrumDoetinchem.jpg 960w\" sizes=\"(max-width: 800px) 100vw, 600px\" \/><\/span><\/div><div class=\"fusion-text fusion-text-4 fusion-text-no-margin\" style=\"--awb-margin-top:5px;--awb-margin-bottom:0px;\"><p><em>Das ruinierte historische Stadtzentrum<\/em><br \/>\n<em>Das Rathaus, die Synagoge und die Katherinakerk gingen in Flammen<\/em> auf.<\/p>\n<\/div><\/div><\/div><\/div><\/div><div class=\"fusion-fullwidth fullwidth-box fusion-builder-row-4 fusion-flex-container has-pattern-background has-mask-background nonhundred-percent-fullwidth non-hundred-percent-height-scrolling\" style=\"--link_color: #ffffff;--awb-border-color:#ffffff;--awb-border-radius-top-left:0px;--awb-border-radius-top-right:0px;--awb-border-radius-bottom-right:0px;--awb-border-radius-bottom-left:0px;--awb-padding-top:0px;--awb-padding-bottom:0px;--awb-margin-top:0px;--awb-margin-bottom:10px;--awb-flex-wrap:wrap;\" ><div class=\"fusion-builder-row fusion-row fusion-flex-align-items-flex-start fusion-flex-content-wrap\" style=\"max-width:1456px;margin-left: calc(-4% \/ 2 );margin-right: calc(-4% \/ 2 );\"><div class=\"fusion-layout-column fusion_builder_column fusion-builder-column-6 fusion_builder_column_1_1 1_1 fusion-flex-column fusion-flex-align-self-flex-start\" style=\"--awb-padding-top:0px;--awb-padding-bottom:0px;--awb-bg-size:cover;--awb-border-color:var(--awb-color4);--awb-border-top:2px;--awb-border-right:2px;--awb-border-bottom:2px;--awb-border-left:2px;--awb-border-style:solid;--awb-width-large:100%;--awb-margin-top-large:0px;--awb-spacing-right-large:1.92%;--awb-margin-bottom-large:0px;--awb-spacing-left-large:1.92%;--awb-width-medium:100%;--awb-order-medium:0;--awb-spacing-right-medium:1.92%;--awb-spacing-left-medium:1.92%;--awb-width-small:100%;--awb-order-small:0;--awb-spacing-right-small:1.92%;--awb-spacing-left-small:1.92%;\" data-scroll-devices=\"small-visibility,medium-visibility,large-visibility\"><div class=\"fusion-column-wrapper fusion-column-has-shadow fusion-flex-justify-content-flex-start fusion-content-layout-column\"><\/div><\/div><\/div><\/div><div class=\"fusion-fullwidth fullwidth-box fusion-builder-row-5 fusion-flex-container has-pattern-background has-mask-background nonhundred-percent-fullwidth non-hundred-percent-height-scrolling\" style=\"--awb-border-radius-top-left:0px;--awb-border-radius-top-right:0px;--awb-border-radius-bottom-right:0px;--awb-border-radius-bottom-left:0px;--awb-padding-top:10px;--awb-padding-bottom:0px;--awb-margin-top:0px;--awb-margin-bottom:0px;--awb-flex-wrap:wrap;\" ><div class=\"fusion-builder-row fusion-row fusion-flex-align-items-flex-start fusion-flex-content-wrap\" style=\"max-width:1456px;margin-left: calc(-4% \/ 2 );margin-right: calc(-4% \/ 2 );\"><div class=\"fusion-layout-column fusion_builder_column fusion-builder-column-7 fusion_builder_column_2_3 2_3 fusion-flex-column\" style=\"--awb-padding-top:0px;--awb-padding-bottom:0px;--awb-bg-size:cover;--awb-width-large:66.666666666667%;--awb-margin-top-large:0px;--awb-spacing-right-large:2.88%;--awb-margin-bottom-large:0px;--awb-spacing-left-large:2.88%;--awb-width-medium:66.666666666667%;--awb-order-medium:0;--awb-spacing-right-medium:2.88%;--awb-spacing-left-medium:2.88%;--awb-width-small:100%;--awb-order-small:0;--awb-spacing-right-small:1.92%;--awb-spacing-left-small:1.92%;\" data-scroll-devices=\"small-visibility,medium-visibility,large-visibility\"><div class=\"fusion-column-wrapper fusion-column-has-shadow fusion-flex-justify-content-flex-start fusion-content-layout-column\"><div class=\"fusion-text fusion-text-5\"><h3><strong>Freiheitsdenkmal<\/strong><\/h3>\n<p>Das Freiheitsdenkmal steht seit dem 5. Mai 1995 im Mark Tennantplantsoen. Die Skulptur wurde von Marius van Beek (1921\u20132003) geschaffen und zeigt zwei gekettete H\u00e4nde. Unten steht der Text: <em>Freiheit soll nicht sterben<\/em>.  <\/p>\n<p>Der Park ist nach dem kanadischen Major Mark Tennant vom Calgary Highlanders-Regiment benannt, das Doetinchem am 1. und 2. April 1945 befreite. Elf Kanadier und Dutzende Deutsche wurden get\u00f6tet. <\/p>\n<p>Jedes Jahr am 4. Mai findet die Gedenkfeier am Denkmal statt.<\/p>\n<p>Quelle: <a href=\"https:\/\/www.4en5mei.nl\/oorlogsmonumenten\/zoeken\/3090\/doetinchem-vrijheidsmonument\" target=\"_blank\" rel=\"noopener\">https:\/\/www.4en5mei.nl\/oorlogsmonumenten\/zoeken\/3090\/doetinchem-vrijheidsmonument<\/a><\/p>\n<\/div><\/div><\/div><div class=\"fusion-layout-column fusion_builder_column fusion-builder-column-8 fusion_builder_column_1_3 1_3 fusion-flex-column\" style=\"--awb-bg-size:cover;--awb-width-large:33.333333333333%;--awb-margin-top-large:0px;--awb-spacing-right-large:5.76%;--awb-margin-bottom-large:20px;--awb-spacing-left-large:5.76%;--awb-width-medium:33.333333333333%;--awb-order-medium:0;--awb-spacing-right-medium:5.76%;--awb-spacing-left-medium:5.76%;--awb-width-small:100%;--awb-order-small:0;--awb-spacing-right-small:1.92%;--awb-spacing-left-small:1.92%;\"><div class=\"fusion-column-wrapper fusion-column-has-shadow fusion-flex-justify-content-flex-start fusion-content-layout-column\"><div class=\"fusion-image-element \" style=\"--awb-margin-bottom:10px;--awb-caption-title-font-family:var(--h2_typography-font-family);--awb-caption-title-font-weight:var(--h2_typography-font-weight);--awb-caption-title-font-style:var(--h2_typography-font-style);--awb-caption-title-size:var(--h2_typography-font-size);--awb-caption-title-transform:var(--h2_typography-text-transform);--awb-caption-title-line-height:var(--h2_typography-line-height);--awb-caption-title-letter-spacing:var(--h2_typography-letter-spacing);\"><span class=\" fusion-imageframe imageframe-none imageframe-3 hover-type-none\"><img decoding=\"async\" width=\"255\" height=\"300\" alt=\"Das zerst\u00f6rte historische Stadtzentrum. Das Rathaus, die Synagoge und die Katherinakerk sind an der Ecke der Hoopensteeg, dem Haus der Familie Brugman, noch immer stehend, in Flammen aufgegangen. Foto Jan Massink, Heritage Centre Achterhoek und Liemers \" title=\"Mark Tennant, Major der Kavallerie Highlanders060\" src=\"https:\/\/nationaalonderduikmuseum.nl\/wp-content\/uploads\/2025\/02\/149227_mark_tennant-3840x1060-1-255x300.jpg\" class=\"img-responsive wp-image-3266\" srcset=\"https:\/\/nationaalonderduikmuseum.nl\/wp-content\/uploads\/2025\/02\/149227_mark_tennant-3840x1060-1-200x235.jpg 200w, https:\/\/nationaalonderduikmuseum.nl\/wp-content\/uploads\/2025\/02\/149227_mark_tennant-3840x1060-1-400x470.jpg 400w, https:\/\/nationaalonderduikmuseum.nl\/wp-content\/uploads\/2025\/02\/149227_mark_tennant-3840x1060-1.jpg 567w\" sizes=\"(max-width: 800px) 100vw, 255px\" \/><\/span><\/div><div class=\"fusion-text fusion-text-6 fusion-text-no-margin\" style=\"--awb-margin-top:5px;--awb-margin-bottom:0px;\"><p><em>Mark Tennant, Major der Kavallerie-Highlanders<\/em><\/p>\n<\/div><\/div><\/div><\/div><\/div><div class=\"fusion-fullwidth fullwidth-box fusion-builder-row-6 fusion-flex-container has-pattern-background has-mask-background nonhundred-percent-fullwidth non-hundred-percent-height-scrolling\" style=\"--link_color: #ffffff;--awb-border-color:#ffffff;--awb-border-radius-top-left:0px;--awb-border-radius-top-right:0px;--awb-border-radius-bottom-right:0px;--awb-border-radius-bottom-left:0px;--awb-padding-top:0px;--awb-padding-bottom:0px;--awb-margin-top:0px;--awb-margin-bottom:10px;--awb-flex-wrap:wrap;\" ><div class=\"fusion-builder-row fusion-row fusion-flex-align-items-flex-start fusion-flex-content-wrap\" style=\"max-width:1456px;margin-left: calc(-4% \/ 2 );margin-right: calc(-4% \/ 2 );\"><div class=\"fusion-layout-column fusion_builder_column fusion-builder-column-9 fusion_builder_column_1_1 1_1 fusion-flex-column fusion-flex-align-self-flex-start\" style=\"--awb-padding-top:0px;--awb-padding-bottom:0px;--awb-bg-size:cover;--awb-border-color:var(--awb-color4);--awb-border-top:2px;--awb-border-right:2px;--awb-border-bottom:2px;--awb-border-left:2px;--awb-border-style:solid;--awb-width-large:100%;--awb-margin-top-large:0px;--awb-spacing-right-large:1.92%;--awb-margin-bottom-large:0px;--awb-spacing-left-large:1.92%;--awb-width-medium:100%;--awb-order-medium:0;--awb-spacing-right-medium:1.92%;--awb-spacing-left-medium:1.92%;--awb-width-small:100%;--awb-order-small:0;--awb-spacing-right-small:1.92%;--awb-spacing-left-small:1.92%;\" data-scroll-devices=\"small-visibility,medium-visibility,large-visibility\"><div class=\"fusion-column-wrapper fusion-column-has-shadow fusion-flex-justify-content-flex-start fusion-content-layout-column\"><\/div><\/div><\/div><\/div><div class=\"fusion-fullwidth fullwidth-box fusion-builder-row-7 fusion-flex-container has-pattern-background has-mask-background nonhundred-percent-fullwidth non-hundred-percent-height-scrolling\" style=\"--awb-border-radius-top-left:0px;--awb-border-radius-top-right:0px;--awb-border-radius-bottom-right:0px;--awb-border-radius-bottom-left:0px;--awb-padding-top:10px;--awb-padding-bottom:0px;--awb-margin-top:0px;--awb-margin-bottom:0px;--awb-flex-wrap:wrap;\" ><div class=\"fusion-builder-row fusion-row fusion-flex-align-items-flex-start fusion-flex-content-wrap\" style=\"max-width:1456px;margin-left: calc(-4% \/ 2 );margin-right: calc(-4% \/ 2 );\"><div class=\"fusion-layout-column fusion_builder_column fusion-builder-column-10 fusion_builder_column_2_3 2_3 fusion-flex-column\" style=\"--awb-padding-top:0px;--awb-padding-bottom:0px;--awb-bg-size:cover;--awb-width-large:66.666666666667%;--awb-margin-top-large:0px;--awb-spacing-right-large:2.88%;--awb-margin-bottom-large:0px;--awb-spacing-left-large:2.88%;--awb-width-medium:66.666666666667%;--awb-order-medium:0;--awb-spacing-right-medium:2.88%;--awb-spacing-left-medium:2.88%;--awb-width-small:100%;--awb-order-small:0;--awb-spacing-right-small:1.92%;--awb-spacing-left-small:1.92%;\" data-scroll-devices=\"small-visibility,medium-visibility,large-visibility\"><div class=\"fusion-column-wrapper fusion-column-has-shadow fusion-flex-justify-content-flex-start fusion-content-layout-column\"><div class=\"fusion-text fusion-text-7\"><h3><strong>Telefonnetz PGEM<\/strong><\/h3>\n<p>W\u00e4hrend des Zweiten Weltkriegs ist die Kommunikation von gro\u00dfer Bedeutung. Oft sogar von entscheidender Bedeutung. Um Botschaften weiterzugeben, verf\u00fcgt der niederl\u00e4ndische Widerstand \u00fcber ein landesweites illegales Telefonnetz, das aus einer Kette aller Arten von Netzen und Leitungen besteht. Das Telefonnetz der Provinciale Geldersche Electriciteits-Maatschappij (PGEM), mit einer Gesamtl\u00e4nge von 1500 Kilometern und 900 Telefonanschl\u00fcssen, ist ein wesentlicher Bestandteil davon. Auf diese Weise vermeidet der Widerstand die Nutzung des \u00f6ffentlichen PTT-Telefonnetzes, da es nicht abgeh\u00f6rt werden kann.    <\/p>\n<p><strong>Ein Netz von Telefonanschl\u00fcssen<br \/>\n<\/strong>Im PGEM-B\u00fcro in der Grutstraat gibt es einen zentralen Posten. Diese wird von den Disponenten Annie Luimes und Jan Griess betrieben. Es gibt direkte Telefonleitungen nach Apeldoorn und Arnhem. Es gibt au\u00dferdem eine direkte Telefonverbindung nach Nijmegen, eine Linie, die durch den Ooijpolder \u00fcber Millingen und Kekerdom verl\u00e4uft. Es gibt auch direkte Verbindungen von Doetinchem nach Vorden, Winterswijk, Groenlo, Lichtenvoorde, Megchelen, &#8217;s-Heerenberg und Dinxperlo. Jan Griess hat au\u00dferdem verschiedene Leitungen im Keller seines Hauses an der Terborgseweg installiert.     <\/p>\n<p><strong>Wichtige Rolle w\u00e4hrend der Befreiung<br \/>\n<\/strong>Als Nimwegen im September 1944 befreit wurde, wurden fast t\u00e4glich Nachrichten von Doetinchem an die Alliierten im PGEM-Kraftwerk an der Waal gesendet. Anschlie\u00dfend spielte das PGEM-Netzwerk eine wichtige Rolle bei den Fluchtwegen durch den Achterhoek der Zwangsarbeiter aus dem Lager Rees und bei der Befreiung des Achterhoek, einschlie\u00dflich der Belagerung von Doesburg.<\/p>\n<\/div><\/div><\/div><div class=\"fusion-layout-column fusion_builder_column fusion-builder-column-11 fusion_builder_column_1_3 1_3 fusion-flex-column\" style=\"--awb-bg-size:cover;--awb-width-large:33.333333333333%;--awb-margin-top-large:0px;--awb-spacing-right-large:5.76%;--awb-margin-bottom-large:20px;--awb-spacing-left-large:5.76%;--awb-width-medium:33.333333333333%;--awb-order-medium:0;--awb-spacing-right-medium:5.76%;--awb-spacing-left-medium:5.76%;--awb-width-small:100%;--awb-order-small:0;--awb-spacing-right-small:1.92%;--awb-spacing-left-small:1.92%;\"><div class=\"fusion-column-wrapper fusion-column-has-shadow fusion-flex-justify-content-flex-start fusion-content-layout-column\"><div class=\"fusion-image-element \" style=\"--awb-margin-bottom:10px;--awb-caption-title-font-family:var(--h2_typography-font-family);--awb-caption-title-font-weight:var(--h2_typography-font-weight);--awb-caption-title-font-style:var(--h2_typography-font-style);--awb-caption-title-size:var(--h2_typography-font-size);--awb-caption-title-transform:var(--h2_typography-text-transform);--awb-caption-title-line-height:var(--h2_typography-line-height);--awb-caption-title-letter-spacing:var(--h2_typography-letter-spacing);\"><span class=\" fusion-imageframe imageframe-none imageframe-4 hover-type-none\"><img decoding=\"async\" width=\"265\" height=\"300\" alt=\"Zentrales PGEM\" title=\"Zentrales PGEM\" src=\"https:\/\/nationaalonderduikmuseum.nl\/wp-content\/uploads\/2025\/02\/5.-griess.centrale.pgem_-265x300.jpg\" class=\"img-responsive wp-image-3272\" srcset=\"https:\/\/nationaalonderduikmuseum.nl\/wp-content\/uploads\/2025\/02\/5.-griess.centrale.pgem_-200x226.jpg 200w, https:\/\/nationaalonderduikmuseum.nl\/wp-content\/uploads\/2025\/02\/5.-griess.centrale.pgem_-400x452.jpg 400w, https:\/\/nationaalonderduikmuseum.nl\/wp-content\/uploads\/2025\/02\/5.-griess.centrale.pgem_-600x678.jpg 600w, https:\/\/nationaalonderduikmuseum.nl\/wp-content\/uploads\/2025\/02\/5.-griess.centrale.pgem_-800x904.jpg 800w, https:\/\/nationaalonderduikmuseum.nl\/wp-content\/uploads\/2025\/02\/5.-griess.centrale.pgem_.jpg 945w\" sizes=\"(max-width: 800px) 100vw, 600px\" \/><\/span><\/div><div class=\"fusion-image-element \" style=\"--awb-margin-bottom:10px;--awb-caption-title-font-family:var(--h2_typography-font-family);--awb-caption-title-font-weight:var(--h2_typography-font-weight);--awb-caption-title-font-style:var(--h2_typography-font-style);--awb-caption-title-size:var(--h2_typography-font-size);--awb-caption-title-transform:var(--h2_typography-text-transform);--awb-caption-title-line-height:var(--h2_typography-line-height);--awb-caption-title-letter-spacing:var(--h2_typography-letter-spacing);\"><span class=\" fusion-imageframe imageframe-none imageframe-5 hover-type-none\"><img decoding=\"async\" width=\"150\" height=\"150\" alt=\"Zentrales PGEM\" title=\"Zentrales PGEM\" src=\"https:\/\/nationaalonderduikmuseum.nl\/wp-content\/uploads\/2025\/02\/5.-pgem.centrale.dtc_-150x150.jpg\" class=\"img-responsive wp-image-3275\" srcset=\"https:\/\/nationaalonderduikmuseum.nl\/wp-content\/uploads\/2025\/02\/5.-pgem.centrale.dtc_-66x66.jpg 66w, https:\/\/nationaalonderduikmuseum.nl\/wp-content\/uploads\/2025\/02\/5.-pgem.centrale.dtc_-150x150.jpg 150w, https:\/\/nationaalonderduikmuseum.nl\/wp-content\/uploads\/2025\/02\/5.-pgem.centrale.dtc_-200x200.jpg 200w\" sizes=\"(max-width: 150px) 100vw, 150px\" \/><\/span><\/div><div class=\"fusion-image-element \" style=\"--awb-margin-bottom:0px;--awb-caption-title-font-family:var(--h2_typography-font-family);--awb-caption-title-font-weight:var(--h2_typography-font-weight);--awb-caption-title-font-style:var(--h2_typography-font-style);--awb-caption-title-size:var(--h2_typography-font-size);--awb-caption-title-transform:var(--h2_typography-text-transform);--awb-caption-title-line-height:var(--h2_typography-line-height);--awb-caption-title-letter-spacing:var(--h2_typography-letter-spacing);\"><span class=\" fusion-imageframe imageframe-none imageframe-6 hover-type-none\"><img decoding=\"async\" width=\"187\" height=\"300\" alt=\"Zentrales PGEM\" title=\"PGEM.annie.3\" src=\"https:\/\/nationaalonderduikmuseum.nl\/wp-content\/uploads\/2025\/02\/PGEM.annie_.3-187x300.png\" class=\"img-responsive wp-image-3269\" srcset=\"https:\/\/nationaalonderduikmuseum.nl\/wp-content\/uploads\/2025\/02\/PGEM.annie_.3-200x321.png 200w, https:\/\/nationaalonderduikmuseum.nl\/wp-content\/uploads\/2025\/02\/PGEM.annie_.3-400x642.png 400w, https:\/\/nationaalonderduikmuseum.nl\/wp-content\/uploads\/2025\/02\/PGEM.annie_.3.png 589w\" sizes=\"(max-width: 800px) 100vw, 187px\" \/><\/span><\/div><\/div><\/div><\/div><\/div><div class=\"fusion-fullwidth fullwidth-box fusion-builder-row-8 fusion-flex-container has-pattern-background has-mask-background nonhundred-percent-fullwidth non-hundred-percent-height-scrolling\" style=\"--link_color: #ffffff;--awb-border-color:#ffffff;--awb-border-radius-top-left:0px;--awb-border-radius-top-right:0px;--awb-border-radius-bottom-right:0px;--awb-border-radius-bottom-left:0px;--awb-padding-top:0px;--awb-padding-bottom:0px;--awb-margin-top:0px;--awb-margin-bottom:10px;--awb-flex-wrap:wrap;\" ><div class=\"fusion-builder-row fusion-row fusion-flex-align-items-flex-start fusion-flex-content-wrap\" style=\"max-width:1456px;margin-left: calc(-4% \/ 2 );margin-right: calc(-4% \/ 2 );\"><div class=\"fusion-layout-column fusion_builder_column fusion-builder-column-12 fusion_builder_column_1_1 1_1 fusion-flex-column fusion-flex-align-self-flex-start\" style=\"--awb-padding-top:0px;--awb-padding-bottom:0px;--awb-bg-size:cover;--awb-border-color:var(--awb-color4);--awb-border-top:2px;--awb-border-right:2px;--awb-border-bottom:2px;--awb-border-left:2px;--awb-border-style:solid;--awb-width-large:100%;--awb-margin-top-large:0px;--awb-spacing-right-large:1.92%;--awb-margin-bottom-large:0px;--awb-spacing-left-large:1.92%;--awb-width-medium:100%;--awb-order-medium:0;--awb-spacing-right-medium:1.92%;--awb-spacing-left-medium:1.92%;--awb-width-small:100%;--awb-order-small:0;--awb-spacing-right-small:1.92%;--awb-spacing-left-small:1.92%;\" data-scroll-devices=\"small-visibility,medium-visibility,large-visibility\"><div class=\"fusion-column-wrapper fusion-column-has-shadow fusion-flex-justify-content-flex-start fusion-content-layout-column\"><\/div><\/div><\/div><\/div><div class=\"fusion-fullwidth fullwidth-box fusion-builder-row-9 fusion-flex-container has-pattern-background has-mask-background nonhundred-percent-fullwidth non-hundred-percent-height-scrolling\" style=\"--awb-border-radius-top-left:0px;--awb-border-radius-top-right:0px;--awb-border-radius-bottom-right:0px;--awb-border-radius-bottom-left:0px;--awb-padding-top:10px;--awb-padding-bottom:0px;--awb-margin-top:0px;--awb-margin-bottom:0px;--awb-flex-wrap:wrap;\" ><div class=\"fusion-builder-row fusion-row fusion-flex-align-items-flex-start fusion-flex-content-wrap\" style=\"max-width:1456px;margin-left: calc(-4% \/ 2 );margin-right: calc(-4% \/ 2 );\"><div class=\"fusion-layout-column fusion_builder_column fusion-builder-column-13 fusion_builder_column_2_3 2_3 fusion-flex-column\" style=\"--awb-padding-top:0px;--awb-padding-bottom:0px;--awb-bg-size:cover;--awb-width-large:66.666666666667%;--awb-margin-top-large:0px;--awb-spacing-right-large:2.88%;--awb-margin-bottom-large:0px;--awb-spacing-left-large:2.88%;--awb-width-medium:66.666666666667%;--awb-order-medium:0;--awb-spacing-right-medium:2.88%;--awb-spacing-left-medium:2.88%;--awb-width-small:100%;--awb-order-small:0;--awb-spacing-right-small:1.92%;--awb-spacing-left-small:1.92%;\" data-scroll-devices=\"small-visibility,medium-visibility,large-visibility\"><div class=\"fusion-column-wrapper fusion-column-has-shadow fusion-flex-justify-content-flex-start fusion-content-layout-column\"><div class=\"fusion-text fusion-text-8\"><h3><strong>Weitere wichtige Orte und Ereignisse in Doetinchem<\/strong><\/h3>\n<h3><strong>Der Kruisberg<\/strong><\/h3>\n<p><strong>Gef\u00e4ngnis des Sicherheitsdienstes vom 5. September 1944 bis 27. M\u00e4rz 1945<\/strong><\/p>\n<p>Am 1. September 1944 requirierten die Deutschen die Umerziehungseinrichtung De Kruisberg. Der Sicherheitsdienst nahm daraufhin etwa 150 M\u00e4nner und Frauen inhaftiert. Die meisten von ihnen sind Teil des Widerstands und wurden als Todeskandidat bezeichnet.  <\/p>\n<p><strong>Transport Neuengamme<br \/>\n<\/strong>Am 1. Februar 1945 wurden 94 M\u00e4nner zum Bahnhof marschiert. Es steht ein Zug mit G\u00fcterwagen bereit, um sie ins Konzentrationslager Neuengamme zu bringen. Unterwegs jedoch gelingt es siebzehn M\u00e4nnern, durch ein Loch aus dem fahrenden Zug zu springen.  <\/p>\n<p>Von den 77 M\u00e4nnern, die mit dem Zug nach Neuengamme kamen, \u00fcberlebten nur wenige.<\/p>\n<p><strong>Massenhinrichtung Rademakersbroek<br \/>\n<\/strong>Nachdem der Widerstand vier deutsche Soldaten get\u00f6tet hatte, weil sie ihr Versteck, <a href=\"https:\/\/nationaalonderduikmuseum.nl\/de\/geschichten\/de-bark\/\">die Farm De Bark<\/a> , entdeckt hatten, wurden am 2. M\u00e4rz 46 M\u00e4nner aus ihren Zellen geholt. Sie wurden an den Ort gebracht, an dem die vier Deutschen gefunden wurden: die Rademakerbroek bei Varsseveld. Dort wurden sie von einem Erschie\u00dfungskommando auf einem Feld erschossen.  <\/p>\n<p><strong>Massenhinrichtung Woeste Hoeve<br \/>\n<\/strong>Nach einem Angriff des Widerstands auf SS-Mann Hanns Albin Rauter an der Woeste Hoge folgte sechs Tage sp\u00e4ter eine weitere Vergeltung. Jetzt werden 25 M\u00e4nner aus ihren Zellen geholt. Sie wurden zusammen mit 92 anderen im Woeste Hoge hingerichtet.  <\/p>\n<p>Quelle: <a href=\"https:\/\/doetinchemherdenkt.nl\/De-Kruisberg\" target=\"_blank\" rel=\"noopener\">https:\/\/doetinchemherdenkt.nl\/De-Kruisberg<\/a><\/p>\n<\/div><\/div><\/div><div class=\"fusion-layout-column fusion_builder_column fusion-builder-column-14 fusion_builder_column_1_3 1_3 fusion-flex-column\" style=\"--awb-bg-size:cover;--awb-width-large:33.333333333333%;--awb-margin-top-large:0px;--awb-spacing-right-large:5.76%;--awb-margin-bottom-large:20px;--awb-spacing-left-large:5.76%;--awb-width-medium:33.333333333333%;--awb-order-medium:0;--awb-spacing-right-medium:5.76%;--awb-spacing-left-medium:5.76%;--awb-width-small:100%;--awb-order-small:0;--awb-spacing-right-small:1.92%;--awb-spacing-left-small:1.92%;\"><div class=\"fusion-column-wrapper fusion-column-has-shadow fusion-flex-justify-content-flex-start fusion-content-layout-column\"><div class=\"fusion-image-element \" style=\"--awb-margin-bottom:10px;--awb-caption-title-font-family:var(--h2_typography-font-family);--awb-caption-title-font-weight:var(--h2_typography-font-weight);--awb-caption-title-font-style:var(--h2_typography-font-style);--awb-caption-title-size:var(--h2_typography-font-size);--awb-caption-title-transform:var(--h2_typography-text-transform);--awb-caption-title-line-height:var(--h2_typography-line-height);--awb-caption-title-letter-spacing:var(--h2_typography-letter-spacing);\"><span class=\" fusion-imageframe imageframe-none imageframe-7 hover-type-none\"><img decoding=\"async\" width=\"945\" height=\"709\" alt=\"Der Kruisberg. Foto: Doetinchem w\u00fcrdigt die Gr\u00fcndung \" title=\"Der Kruisberg. Foto: Doetinchem w\u00fcrdigt die Gr\u00fcndung\" src=\"https:\/\/nationaalonderduikmuseum.nl\/wp-content\/uploads\/2025\/02\/f259208c71ea04d9286f2dbc208f5012_740x556_fit.jpg\" class=\"img-responsive wp-image-3284\" srcset=\"https:\/\/nationaalonderduikmuseum.nl\/wp-content\/uploads\/2025\/02\/f259208c71ea04d9286f2dbc208f5012_740x556_fit-200x150.jpg 200w, https:\/\/nationaalonderduikmuseum.nl\/wp-content\/uploads\/2025\/02\/f259208c71ea04d9286f2dbc208f5012_740x556_fit-400x300.jpg 400w, https:\/\/nationaalonderduikmuseum.nl\/wp-content\/uploads\/2025\/02\/f259208c71ea04d9286f2dbc208f5012_740x556_fit-600x450.jpg 600w, https:\/\/nationaalonderduikmuseum.nl\/wp-content\/uploads\/2025\/02\/f259208c71ea04d9286f2dbc208f5012_740x556_fit-800x600.jpg 800w, https:\/\/nationaalonderduikmuseum.nl\/wp-content\/uploads\/2025\/02\/f259208c71ea04d9286f2dbc208f5012_740x556_fit.jpg 945w\" sizes=\"(max-width: 800px) 100vw, 600px\" \/><\/span><\/div><div class=\"fusion-text fusion-text-9 fusion-text-no-margin\" style=\"--awb-margin-top:0px;--awb-margin-bottom:0px;\"><p><em>Foto: Doetinchem w\u00fcrdigt die Gr\u00fcndung<\/em><\/p>\n<\/div><\/div><\/div><\/div><\/div><div class=\"fusion-fullwidth fullwidth-box fusion-builder-row-10 fusion-flex-container has-pattern-background has-mask-background nonhundred-percent-fullwidth non-hundred-percent-height-scrolling\" style=\"--awb-border-radius-top-left:0px;--awb-border-radius-top-right:0px;--awb-border-radius-bottom-right:0px;--awb-border-radius-bottom-left:0px;--awb-padding-top:10px;--awb-padding-bottom:0px;--awb-margin-top:0px;--awb-margin-bottom:0px;--awb-flex-wrap:wrap;\" ><div class=\"fusion-builder-row fusion-row fusion-flex-align-items-flex-start fusion-flex-content-wrap\" style=\"max-width:1456px;margin-left: calc(-4% \/ 2 );margin-right: calc(-4% \/ 2 );\"><div class=\"fusion-layout-column fusion_builder_column fusion-builder-column-15 fusion_builder_column_2_3 2_3 fusion-flex-column\" style=\"--awb-padding-top:0px;--awb-padding-bottom:0px;--awb-bg-size:cover;--awb-width-large:66.666666666667%;--awb-margin-top-large:0px;--awb-spacing-right-large:2.88%;--awb-margin-bottom-large:0px;--awb-spacing-left-large:2.88%;--awb-width-medium:66.666666666667%;--awb-order-medium:0;--awb-spacing-right-medium:2.88%;--awb-spacing-left-medium:2.88%;--awb-width-small:100%;--awb-order-small:0;--awb-spacing-right-small:1.92%;--awb-spacing-left-small:1.92%;\" data-scroll-devices=\"small-visibility,medium-visibility,large-visibility\"><div class=\"fusion-column-wrapper fusion-column-has-shadow fusion-flex-justify-content-flex-start fusion-content-layout-column\"><div class=\"fusion-text fusion-text-10\"><h3><strong>Das Gr\u00fcn des Prinsterer Kindergarten  <\/strong><\/h3>\n<p>Im Sommer 1944 erhielten die Deutschen wichtige wissenschaftliche Ger\u00e4te vom Kamerlingh-Onnes-Labor in Leiden und vom Physiklabor der Freien Universit\u00e4t Amsterdam. Sie verlegten es in die Groen van Prinstererkweekschool in Doetinchem, in der Wilhelminastraat, die von den Deutschen in Thorbeckestraat umbenannt wurde. In der Turnhalle der Schule richteten sie ein Labor ein, um kernphysikalische Forschung zu betreiben.  <\/p>\n<p>Ein Widerstandsk\u00e4mpfer beh\u00e4lt das Geb\u00e4ude von einem Haus neben der Schule aus genau im Auge. Die von ihm gesammelten Informationen werden \u00fcber geheime Telefonverbindungen nach London weitergeleitet. <\/p>\n<p>Im September 1944, als die Alliierten schnell in den Niederlanden vorr\u00fcckten, brachten die Deutschen eilig die Laborausr\u00fcstung per Zug nach Deutschland. Das Geb\u00e4ude wurde anschlie\u00dfend als Notfallkrankenhaus genutzt, in dem Zwangsarbeiter aus Camp Rees betreut wurden. <\/p>\n<p>Am 21. M\u00e4rz 1945 wurde die Ausbildungsschule Groen van Prinsterer zusammen mit einem gro\u00dfen Teil des Stadtzentrums von Doetinchem durch einen britischen Luftangriff zerst\u00f6rt. Viele M\u00e4nner, die in der Turnhalle auf Entlausung warteten, werden get\u00f6tet. <\/p>\n<p>Quelle: <a href=\"https:\/\/doetinchemherdenkt.nl\/Het-lab\" target=\"_blank\" rel=\"noopener\">https:\/\/doetinchemherdenkt.nl\/Het-lab<\/a><\/p>\n<\/div><\/div><\/div><div class=\"fusion-layout-column fusion_builder_column fusion-builder-column-16 fusion_builder_column_1_3 1_3 fusion-flex-column\" style=\"--awb-bg-size:cover;--awb-width-large:33.333333333333%;--awb-margin-top-large:0px;--awb-spacing-right-large:5.76%;--awb-margin-bottom-large:20px;--awb-spacing-left-large:5.76%;--awb-width-medium:33.333333333333%;--awb-order-medium:0;--awb-spacing-right-medium:5.76%;--awb-spacing-left-medium:5.76%;--awb-width-small:100%;--awb-order-small:0;--awb-spacing-right-small:1.92%;--awb-spacing-left-small:1.92%;\"><div class=\"fusion-column-wrapper fusion-column-has-shadow fusion-flex-justify-content-flex-start fusion-content-layout-column\"><div class=\"fusion-image-element \" style=\"--awb-margin-bottom:10px;--awb-caption-title-font-family:var(--h2_typography-font-family);--awb-caption-title-font-weight:var(--h2_typography-font-weight);--awb-caption-title-font-style:var(--h2_typography-font-style);--awb-caption-title-size:var(--h2_typography-font-size);--awb-caption-title-transform:var(--h2_typography-text-transform);--awb-caption-title-line-height:var(--h2_typography-line-height);--awb-caption-title-letter-spacing:var(--h2_typography-letter-spacing);\"><span class=\" fusion-imageframe imageframe-none imageframe-8 hover-type-none\"><img decoding=\"async\" width=\"945\" height=\"591\" alt=\"Das Gr\u00fcn des Prinsterer Kindergartens, besser bekannt als De Groene\" title=\"Das Gr\u00fcne der Prinsterer Kindertage, umgangssprachlich bekannt als De Groene (Der Gr\u00fcne).\" src=\"https:\/\/nationaalonderduikmuseum.nl\/wp-content\/uploads\/2025\/02\/3.-gr.v.prinsterer.jpg\" class=\"img-responsive wp-image-3287\" srcset=\"https:\/\/nationaalonderduikmuseum.nl\/wp-content\/uploads\/2025\/02\/3.-gr.v.prinsterer-200x125.jpg 200w, https:\/\/nationaalonderduikmuseum.nl\/wp-content\/uploads\/2025\/02\/3.-gr.v.prinsterer-400x250.jpg 400w, https:\/\/nationaalonderduikmuseum.nl\/wp-content\/uploads\/2025\/02\/3.-gr.v.prinsterer-600x375.jpg 600w, https:\/\/nationaalonderduikmuseum.nl\/wp-content\/uploads\/2025\/02\/3.-gr.v.prinsterer-800x500.jpg 800w, https:\/\/nationaalonderduikmuseum.nl\/wp-content\/uploads\/2025\/02\/3.-gr.v.prinsterer.jpg 945w\" sizes=\"(max-width: 800px) 100vw, 600px\" \/><\/span><\/div><div class=\"fusion-text fusion-text-11 fusion-text-no-margin\" style=\"--awb-margin-top:0px;--awb-margin-bottom:0px;\"><p><em>Das Gr\u00fcn des Prinsterer Kindergartens, besser bekannt als De Groene<\/em><\/p>\n<\/div><\/div><\/div><\/div><\/div><\/p>\n","protected":false},"excerpt":{"rendered":"","protected":false},"author":4,"featured_media":0,"parent":6050,"menu_order":4,"comment_status":"closed","ping_status":"closed","template":"100-width.php","meta":{"footnotes":""},"class_list":["post-6344","page","type-page","status-publish","hentry"],"aioseo_notices":[],"_links":{"self":[{"href":"https:\/\/nationaalonderduikmuseum.nl\/de\/wp-json\/wp\/v2\/pages\/6344","targetHints":{"allow":["GET"]}}],"collection":[{"href":"https:\/\/nationaalonderduikmuseum.nl\/de\/wp-json\/wp\/v2\/pages"}],"about":[{"href":"https:\/\/nationaalonderduikmuseum.nl\/de\/wp-json\/wp\/v2\/types\/page"}],"author":[{"embeddable":true,"href":"https:\/\/nationaalonderduikmuseum.nl\/de\/wp-json\/wp\/v2\/users\/4"}],"replies":[{"embeddable":true,"href":"https:\/\/nationaalonderduikmuseum.nl\/de\/wp-json\/wp\/v2\/comments?post=6344"}],"version-history":[{"count":3,"href":"https:\/\/nationaalonderduikmuseum.nl\/de\/wp-json\/wp\/v2\/pages\/6344\/revisions"}],"predecessor-version":[{"id":6347,"href":"https:\/\/nationaalonderduikmuseum.nl\/de\/wp-json\/wp\/v2\/pages\/6344\/revisions\/6347"}],"up":[{"embeddable":true,"href":"https:\/\/nationaalonderduikmuseum.nl\/de\/wp-json\/wp\/v2\/pages\/6050"}],"wp:attachment":[{"href":"https:\/\/nationaalonderduikmuseum.nl\/de\/wp-json\/wp\/v2\/media?parent=6344"}],"curies":[{"name":"wp","href":"https:\/\/api.w.org\/{rel}","templated":true}]}}