{"id":6290,"date":"2025-01-20T13:42:28","date_gmt":"2025-01-20T13:42:28","guid":{"rendered":"https:\/\/nationaalonderduikmuseum.nl\/programma-vrijheid\/quartett\/ost-gelre\/"},"modified":"2026-04-01T07:35:15","modified_gmt":"2026-04-01T07:35:15","slug":"ost-gelre","status":"publish","type":"page","link":"https:\/\/nationaalonderduikmuseum.nl\/de\/programma-vrijheid\/quartett\/ost-gelre\/","title":{"rendered":"Ost-Gelre"},"content":{"rendered":"<p><div class=\"fusion-fullwidth fullwidth-box fusion-builder-row-1 fusion-flex-container has-pattern-background has-mask-background nonhundred-percent-fullwidth non-hundred-percent-height-scrolling\" style=\"--awb-border-radius-top-left:0px;--awb-border-radius-top-right:0px;--awb-border-radius-bottom-right:0px;--awb-border-radius-bottom-left:0px;--awb-padding-top:30px;--awb-padding-bottom:0px;--awb-margin-top:0px;--awb-margin-bottom:0px;--awb-flex-wrap:wrap;\" ><div class=\"fusion-builder-row fusion-row fusion-flex-align-items-flex-start fusion-flex-content-wrap\" style=\"max-width:1456px;margin-left: calc(-4% \/ 2 );margin-right: calc(-4% \/ 2 );\"><div class=\"fusion-layout-column fusion_builder_column fusion-builder-column-0 fusion_builder_column_1_1 1_1 fusion-flex-column\" style=\"--awb-bg-size:cover;--awb-width-large:100%;--awb-margin-top-large:0px;--awb-spacing-right-large:1.92%;--awb-margin-bottom-large:20px;--awb-spacing-left-large:1.92%;--awb-width-medium:100%;--awb-order-medium:0;--awb-spacing-right-medium:1.92%;--awb-spacing-left-medium:1.92%;--awb-width-small:100%;--awb-order-small:0;--awb-spacing-right-small:1.92%;--awb-spacing-left-small:1.92%;\"><div class=\"fusion-column-wrapper fusion-column-has-shadow fusion-flex-justify-content-flex-start fusion-content-layout-column\"><div class=\"fusion-title title fusion-title-1 fusion-sep-none fusion-title-text fusion-title-size-one\" style=\"--awb-margin-top-small:8px;--awb-margin-right-small:0px;--awb-margin-bottom-small:16px;--awb-margin-left-small:0px;\"><h1 class=\"fusion-title-heading title-heading-left fusion-responsive-typography-calculated\" style=\"margin:0;--fontSize:64;line-height:1.25;\"><h1>Ost-Gelre<\/h1><\/h1><\/div><\/div><\/div><div class=\"fusion-layout-column fusion_builder_column fusion-builder-column-1 fusion_builder_column_2_3 2_3 fusion-flex-column\" style=\"--awb-padding-top:0px;--awb-padding-bottom:0px;--awb-bg-size:cover;--awb-width-large:66.666666666667%;--awb-margin-top-large:0px;--awb-spacing-right-large:2.88%;--awb-margin-bottom-large:0px;--awb-spacing-left-large:2.88%;--awb-width-medium:66.666666666667%;--awb-order-medium:0;--awb-spacing-right-medium:2.88%;--awb-spacing-left-medium:2.88%;--awb-width-small:100%;--awb-order-small:0;--awb-spacing-right-small:1.92%;--awb-spacing-left-small:1.92%;\" data-scroll-devices=\"small-visibility,medium-visibility,large-visibility\"><div class=\"fusion-column-wrapper fusion-column-has-shadow fusion-flex-justify-content-flex-start fusion-content-layout-column\"><div class=\"fusion-text fusion-text-1\"><h2>Kleines England<\/h2>\n<p>Die Flugroute von Zehntausenden alliierten Flugzeugen nach Deutschland w\u00e4hrend des Zweiten Weltkriegs \u00fcberschreitet oft den Luftraum von Achterhoek. Hunderte von Flugzeugen sind in der Grenzregion und im Achterhoek abgest\u00fcrzt. Aus dem Dreieck Achterhoek, Hengelo und Raalte (Overijssel) kommen Besatzungsmitglieder abgest\u00fcrzter Flugzeuge und entflohene Soldaten aus deutscher Gefangenschaft \u00fcber den Widerstand, die sogenannte <a href=\"https:\/\/nationaalonderduikmuseum.nl\/de\/geschichten\/pilotenlinie-lichtenvoorde\/\">Pilotenlinie<\/a> , nach Lichtenvoorde. Sie erhielten ein <a href=\"https:\/\/nationaalonderduikmuseum.nl\/de\/geschichten\/das-untertauchen-in-den-niederlanden\/\">Versteck<\/a>, Kleidung und Essen. Wenn die K\u00fcste frei schien, wurden sie dann durch besetztes Gebiet nach S\u00fcdlimburg und Nordbrabant gef\u00fchrt und dann \u00fcber Belgien ins befreite Gebiet. Die wichtige Rolle, die Lichtenvoorde in dieser Pilotlinie spielt, gibt ihr den Spitznamen <em>Little England (Quelle: Henny Bennink, &#8222;Besatzung und Widerstand&#8220;, Verlag Fagus Aalten, 2005).<\/em>     <\/p>\n<p><strong>Die Geschichte von Dina Geurink<br \/>\n<\/strong>Dina Geurink-Wisselink arbeitet im September 1944 mit ihren drei Kindern auf dem Kartoffelfeld nahe dem Bauernhof in Lichtenvoorde. Sie blickt zu dem Schwarm alliierter Flugzeuge hinauf, die in Richtung Deutschland fliegen. Das geht in dieser Zeit Tag und Nacht so. Das Foto ist in der nationalen Auswahl und <em>Publikation The Second World War in 100 Fotos<\/em> enthalten. Es lenkt die Aufmerksamkeit auf die wenig beleuchtete Geschichte von Lichtenvoorde und der Fluchtlinie: die Pilotlinie. Auf dem Hof der Familie Geurink verstecken sich au\u00dferdem drei j\u00fcdische junge M\u00e4nner, ein Arbeitseinsatzweigeraar, ebenfalls ein russischer Pilot, der vor einem abgest\u00fcrzten Flugzeug \u00fcber die Grenze geflohen ist. Und nat\u00fcrlich musste auch Willem Geurink sich verstecken.<\/p>\n<\/div><\/div><\/div><div class=\"fusion-layout-column fusion_builder_column fusion-builder-column-2 fusion_builder_column_1_3 1_3 fusion-flex-column\" style=\"--awb-bg-size:cover;--awb-width-large:33.333333333333%;--awb-margin-top-large:0px;--awb-spacing-right-large:5.76%;--awb-margin-bottom-large:20px;--awb-spacing-left-large:5.76%;--awb-width-medium:33.333333333333%;--awb-order-medium:0;--awb-spacing-right-medium:5.76%;--awb-spacing-left-medium:5.76%;--awb-width-small:100%;--awb-order-small:0;--awb-spacing-right-small:1.92%;--awb-spacing-left-small:1.92%;\"><div class=\"fusion-column-wrapper fusion-column-has-shadow fusion-flex-justify-content-flex-start fusion-content-layout-column\"><div class=\"fusion-image-element \" style=\"--awb-margin-bottom:10px;--awb-caption-title-font-family:var(--h2_typography-font-family);--awb-caption-title-font-weight:var(--h2_typography-font-weight);--awb-caption-title-font-style:var(--h2_typography-font-style);--awb-caption-title-size:var(--h2_typography-font-size);--awb-caption-title-transform:var(--h2_typography-text-transform);--awb-caption-title-line-height:var(--h2_typography-line-height);--awb-caption-title-letter-spacing:var(--h2_typography-letter-spacing);\"><span class=\" fusion-imageframe imageframe-none imageframe-1 hover-type-none\"><img decoding=\"async\" width=\"250\" height=\"435\" alt=\"Das Denkmal \u201eKlein Engeland\u201c auf dem Joep-ter-Haar-Platz in Lichtenvoorde\" title=\"Das Denkmal \u201eKlein Engeland\u201c auf dem Joep-ter-Haar-Platz in Lichtenvoorde\" src=\"https:\/\/nationaalonderduikmuseum.nl\/wp-content\/uploads\/2025\/02\/3.-Monument-Klein-Engelandkl.jpg\" class=\"img-responsive wp-image-3343\" srcset=\"https:\/\/nationaalonderduikmuseum.nl\/wp-content\/uploads\/2025\/02\/3.-Monument-Klein-Engelandkl-200x348.jpg 200w, https:\/\/nationaalonderduikmuseum.nl\/wp-content\/uploads\/2025\/02\/3.-Monument-Klein-Engelandkl.jpg 250w\" sizes=\"(max-width: 800px) 100vw, 250px\" \/><\/span><\/div><div class=\"fusion-text fusion-text-2\" style=\"--awb-margin-top:10px;\"><p><em>Das Denkmal \u201eKlein Engeland\u201c auf dem Joep-ter-Haar-Platz in Lichtenvoorde<\/em><\/p>\n<\/div><div class=\"fusion-image-element \" style=\"--awb-margin-bottom:10px;--awb-caption-title-font-family:var(--h2_typography-font-family);--awb-caption-title-font-weight:var(--h2_typography-font-weight);--awb-caption-title-font-style:var(--h2_typography-font-style);--awb-caption-title-size:var(--h2_typography-font-size);--awb-caption-title-transform:var(--h2_typography-text-transform);--awb-caption-title-line-height:var(--h2_typography-line-height);--awb-caption-title-letter-spacing:var(--h2_typography-letter-spacing);\"><span class=\" fusion-imageframe imageframe-none imageframe-2 hover-type-none\"><img decoding=\"async\" width=\"945\" height=\"726\" alt=\"Dina Geurink mit Kindern an Land, die Flugzeuge beobachten, die \u00fcber ihnen fliegen, Lichtenvoorde September 1944\" title=\"Dina Geurink mit Kindern an Land, die Flugzeuge beobachten, die \u00fcber ihnen fliegen, Lichtenvoorde September 1944\" src=\"https:\/\/nationaalonderduikmuseum.nl\/wp-content\/uploads\/2025\/02\/Aardappelveld-Oost-Gelre.jpg\" class=\"img-responsive wp-image-3338\" srcset=\"https:\/\/nationaalonderduikmuseum.nl\/wp-content\/uploads\/2025\/02\/Aardappelveld-Oost-Gelre-200x154.jpg 200w, https:\/\/nationaalonderduikmuseum.nl\/wp-content\/uploads\/2025\/02\/Aardappelveld-Oost-Gelre-400x307.jpg 400w, https:\/\/nationaalonderduikmuseum.nl\/wp-content\/uploads\/2025\/02\/Aardappelveld-Oost-Gelre-600x461.jpg 600w, https:\/\/nationaalonderduikmuseum.nl\/wp-content\/uploads\/2025\/02\/Aardappelveld-Oost-Gelre-800x615.jpg 800w, https:\/\/nationaalonderduikmuseum.nl\/wp-content\/uploads\/2025\/02\/Aardappelveld-Oost-Gelre.jpg 945w\" sizes=\"(max-width: 800px) 100vw, 600px\" \/><\/span><\/div><div class=\"fusion-text fusion-text-3\" style=\"--awb-margin-top:5px;\"><p><em>Dina Geurink mit Kindern an Land, die Flugzeuge beobachten, die \u00fcber ihnen fliegen, Lichtenvoorde September 1944<\/em><\/p>\n<\/div><\/div><\/div><\/div><\/div><div class=\"fusion-fullwidth fullwidth-box fusion-builder-row-2 fusion-flex-container has-pattern-background has-mask-background nonhundred-percent-fullwidth non-hundred-percent-height-scrolling\" style=\"--link_color: #ffffff;--awb-border-color:#ffffff;--awb-border-radius-top-left:0px;--awb-border-radius-top-right:0px;--awb-border-radius-bottom-right:0px;--awb-border-radius-bottom-left:0px;--awb-padding-top:0px;--awb-padding-bottom:0px;--awb-margin-top:0px;--awb-margin-bottom:10px;--awb-flex-wrap:wrap;\" ><div class=\"fusion-builder-row fusion-row fusion-flex-align-items-flex-start fusion-flex-content-wrap\" style=\"max-width:1456px;margin-left: calc(-4% \/ 2 );margin-right: calc(-4% \/ 2 );\"><div class=\"fusion-layout-column fusion_builder_column fusion-builder-column-3 fusion_builder_column_1_1 1_1 fusion-flex-column fusion-flex-align-self-flex-start\" style=\"--awb-padding-top:0px;--awb-padding-bottom:0px;--awb-bg-size:cover;--awb-border-color:var(--awb-color4);--awb-border-top:2px;--awb-border-right:2px;--awb-border-bottom:2px;--awb-border-left:2px;--awb-border-style:solid;--awb-width-large:100%;--awb-margin-top-large:0px;--awb-spacing-right-large:1.92%;--awb-margin-bottom-large:0px;--awb-spacing-left-large:1.92%;--awb-width-medium:100%;--awb-order-medium:0;--awb-spacing-right-medium:1.92%;--awb-spacing-left-medium:1.92%;--awb-width-small:100%;--awb-order-small:0;--awb-spacing-right-small:1.92%;--awb-spacing-left-small:1.92%;\" data-scroll-devices=\"small-visibility,medium-visibility,large-visibility\"><div class=\"fusion-column-wrapper fusion-column-has-shadow fusion-flex-justify-content-flex-start fusion-content-layout-column\"><\/div><\/div><\/div><\/div><div class=\"fusion-fullwidth fullwidth-box fusion-builder-row-3 fusion-flex-container has-pattern-background has-mask-background nonhundred-percent-fullwidth non-hundred-percent-height-scrolling\" style=\"--awb-border-radius-top-left:0px;--awb-border-radius-top-right:0px;--awb-border-radius-bottom-right:0px;--awb-border-radius-bottom-left:0px;--awb-padding-top:0px;--awb-padding-bottom:0px;--awb-margin-top:0px;--awb-flex-wrap:wrap;\" ><div class=\"fusion-builder-row fusion-row fusion-flex-align-items-flex-start fusion-flex-content-wrap\" style=\"max-width:1456px;margin-left: calc(-4% \/ 2 );margin-right: calc(-4% \/ 2 );\"><div class=\"fusion-layout-column fusion_builder_column fusion-builder-column-4 fusion_builder_column_2_3 2_3 fusion-flex-column\" style=\"--awb-padding-top:0px;--awb-padding-bottom:0px;--awb-bg-size:cover;--awb-width-large:66.666666666667%;--awb-margin-top-large:0px;--awb-spacing-right-large:2.88%;--awb-margin-bottom-large:0px;--awb-spacing-left-large:2.88%;--awb-width-medium:66.666666666667%;--awb-order-medium:0;--awb-spacing-right-medium:2.88%;--awb-spacing-left-medium:2.88%;--awb-width-small:100%;--awb-order-small:0;--awb-spacing-right-small:1.92%;--awb-spacing-left-small:1.92%;\" data-scroll-devices=\"small-visibility,medium-visibility,large-visibility\"><div class=\"fusion-column-wrapper fusion-column-has-shadow fusion-flex-justify-content-flex-start fusion-content-layout-column\"><div class=\"fusion-text fusion-text-4\"><h2>Crash-Museum Lievelde<\/h2>\n<p><strong>Erste Hilfe zuf\u00e4llig<br \/>\n<\/strong>Im ersten Jahr des Zweiten Weltkriegs gibt es immer noch keine organisierte Hilfe f\u00fcr abgest\u00fcrzte Piloten. \u00dcberlebende abgest\u00fcrzter Flugzeuge oder entflohene alliierte Piloten aus deutschen Lagern suchten selbst Zuflucht und klammerten sich zuf\u00e4llig an Zivilisten. <\/p>\n<p><strong>Ursprung der organisierten Pilotenunterst\u00fctzung<br \/>\n<\/strong>Da der Widerstand im Achterhoek besser kooperiert, insbesondere innerhalb der <em>Nationalen Organisation f\u00fcr Hilfe an Menschen im Versteck<\/em> (LO), entsteht in Lichtenvoorde eine gut organisierte Pilothilfe. Piloten erhalten Bauernkleidung anstelle ihrer erkennbaren Uniformen und werden an sicheren Orten untergebracht. Anschlie\u00dfend werden sie in befreites Gebiet im S\u00fcden gebracht.  <\/p>\n<p><strong>Verstecken nach Market Garden<br \/>\n<\/strong>Nach dem Scheitern der Operation Market Garden im Jahr 1944 wurde die Strecke nach S\u00fcden geschlossen. Piloten k\u00f6nnen nicht mehr entkommen und m\u00fcssen sich verstecken. Unterdessen bereitet sich der Widerstand heimlich auf die Befreiung vor.  <\/p>\n<p><strong>Das &#8218;Vergessene Bataillon&#8216;<br \/>\n<\/strong>In den letzten Kriegsmonaten marschierten Hunderte von Widerstandsk\u00e4mpfern und Menschen im Versteck gemeinsam mit den Alliierten in einer Einheit, die als Niederl\u00e4ndisches Nationalbataillon bekannt war, auch als <em>Vergessenes Bataillon<\/em> bekannt.<\/p>\n<p><strong>Von spontaner Hilfe zu einer eng verbundenen Gruppe<br \/>\n<\/strong>Anfangs ist Pilotenunterst\u00fctzung keine bewusste Entscheidung. Piloten, die in Lichtenvoorde ankommen, bitten sofort um R\u00fcckf\u00fchrung. Manche Menschen bieten spontan Hilfe an, in der Annahme, dass es sich um eine einmalige Sache handelt. Doch als immer mehr kanadische und franz\u00f6sische Piloten entkommen konnten und die Alliierten ihre Bombenangriffe auf das Ruhrgebiet verst\u00e4rkten, wuchs der Bedarf an Hilfe. Die Gruppe der Pilothelfer in Lichtenvoorde w\u00e4chst schlie\u00dflich auf etwa zehn Personen.    <\/p>\n<p>Quelle: Henny Bennink, &#8222;Besatzung und Widerstand&#8220;, Verlag Fagus Aalten, 2005<\/p>\n<p>Mehr Tiefe findet sich auf <a href=\"https:\/\/crashmuseum.nl\/\" target=\"_blank\" rel=\"noopener\">www.crashmuseum.nl<\/a>.<\/p>\n<\/div><\/div><\/div><div class=\"fusion-layout-column fusion_builder_column fusion-builder-column-5 fusion_builder_column_1_3 1_3 fusion-flex-column\" style=\"--awb-bg-size:cover;--awb-width-large:33.333333333333%;--awb-margin-top-large:0px;--awb-spacing-right-large:5.76%;--awb-margin-bottom-large:20px;--awb-spacing-left-large:5.76%;--awb-width-medium:33.333333333333%;--awb-order-medium:0;--awb-spacing-right-medium:5.76%;--awb-spacing-left-medium:5.76%;--awb-width-small:100%;--awb-order-small:0;--awb-spacing-right-small:1.92%;--awb-spacing-left-small:1.92%;\"><div class=\"fusion-column-wrapper fusion-column-has-shadow fusion-flex-justify-content-flex-start fusion-content-layout-column\"><div class=\"fusion-image-element \" style=\"--awb-margin-bottom:10px;--awb-caption-title-font-family:var(--h2_typography-font-family);--awb-caption-title-font-weight:var(--h2_typography-font-weight);--awb-caption-title-font-style:var(--h2_typography-font-style);--awb-caption-title-size:var(--h2_typography-font-size);--awb-caption-title-transform:var(--h2_typography-text-transform);--awb-caption-title-line-height:var(--h2_typography-line-height);--awb-caption-title-letter-spacing:var(--h2_typography-letter-spacing);\"><span class=\" fusion-imageframe imageframe-none imageframe-3 hover-type-none\"><img decoding=\"async\" width=\"1512\" height=\"717\" alt=\"Das AVOG Crash Museum wurde als Hommage an die alliierten Flieger gegr\u00fcndet. Hunderte von Flugzeugen sind im Achterhoek abgest\u00fcrzt. \" title=\"Das AVOG Crash Museum wurde als Hommage an die alliierten Flieger gegr\u00fcndet. Hunderte von Flugzeugen sind im Achterhoek abgest\u00fcrzt.\" src=\"https:\/\/nationaalonderduikmuseum.nl\/wp-content\/uploads\/2025\/02\/1.-Avog-crashmuseum.jpg\" class=\"img-responsive wp-image-3347\" srcset=\"https:\/\/nationaalonderduikmuseum.nl\/wp-content\/uploads\/2025\/02\/1.-Avog-crashmuseum-200x95.jpg 200w, https:\/\/nationaalonderduikmuseum.nl\/wp-content\/uploads\/2025\/02\/1.-Avog-crashmuseum-400x190.jpg 400w, https:\/\/nationaalonderduikmuseum.nl\/wp-content\/uploads\/2025\/02\/1.-Avog-crashmuseum-600x285.jpg 600w, https:\/\/nationaalonderduikmuseum.nl\/wp-content\/uploads\/2025\/02\/1.-Avog-crashmuseum-800x379.jpg 800w, https:\/\/nationaalonderduikmuseum.nl\/wp-content\/uploads\/2025\/02\/1.-Avog-crashmuseum-1200x569.jpg 1200w, https:\/\/nationaalonderduikmuseum.nl\/wp-content\/uploads\/2025\/02\/1.-Avog-crashmuseum.jpg 1512w\" sizes=\"(max-width: 800px) 100vw, 600px\" \/><\/span><\/div><div class=\"fusion-text fusion-text-5\" style=\"--awb-margin-top:10px;\"><p><em>Das AVOG Crash Museum wurde als Hommage an die alliierten Flieger gegr\u00fcndet. Hunderte von Flugzeugen sind im Achterhoek abgest\u00fcrzt. <\/em><\/p>\n<\/div><\/div><\/div><\/div><\/div><div class=\"fusion-fullwidth fullwidth-box fusion-builder-row-4 fusion-flex-container has-pattern-background has-mask-background nonhundred-percent-fullwidth non-hundred-percent-height-scrolling\" style=\"--link_color: #ffffff;--awb-border-color:#ffffff;--awb-border-radius-top-left:0px;--awb-border-radius-top-right:0px;--awb-border-radius-bottom-right:0px;--awb-border-radius-bottom-left:0px;--awb-padding-top:0px;--awb-padding-bottom:0px;--awb-margin-top:0px;--awb-margin-bottom:10px;--awb-flex-wrap:wrap;\" ><div class=\"fusion-builder-row fusion-row fusion-flex-align-items-flex-start fusion-flex-content-wrap\" style=\"max-width:1456px;margin-left: calc(-4% \/ 2 );margin-right: calc(-4% \/ 2 );\"><div class=\"fusion-layout-column fusion_builder_column fusion-builder-column-6 fusion_builder_column_1_1 1_1 fusion-flex-column fusion-flex-align-self-flex-start\" style=\"--awb-padding-top:0px;--awb-padding-bottom:0px;--awb-bg-size:cover;--awb-border-color:var(--awb-color4);--awb-border-top:2px;--awb-border-right:2px;--awb-border-bottom:2px;--awb-border-left:2px;--awb-border-style:solid;--awb-width-large:100%;--awb-margin-top-large:0px;--awb-spacing-right-large:1.92%;--awb-margin-bottom-large:0px;--awb-spacing-left-large:1.92%;--awb-width-medium:100%;--awb-order-medium:0;--awb-spacing-right-medium:1.92%;--awb-spacing-left-medium:1.92%;--awb-width-small:100%;--awb-order-small:0;--awb-spacing-right-small:1.92%;--awb-spacing-left-small:1.92%;\" data-scroll-devices=\"small-visibility,medium-visibility,large-visibility\"><div class=\"fusion-column-wrapper fusion-column-has-shadow fusion-flex-justify-content-flex-start fusion-content-layout-column\"><\/div><\/div><\/div><\/div><div class=\"fusion-fullwidth fullwidth-box fusion-builder-row-5 fusion-flex-container has-pattern-background has-mask-background nonhundred-percent-fullwidth non-hundred-percent-height-scrolling\" style=\"--awb-border-radius-top-left:0px;--awb-border-radius-top-right:0px;--awb-border-radius-bottom-right:0px;--awb-border-radius-bottom-left:0px;--awb-padding-top:0px;--awb-padding-bottom:0px;--awb-margin-top:0px;--awb-flex-wrap:wrap;\" ><div class=\"fusion-builder-row fusion-row fusion-flex-align-items-flex-start fusion-flex-content-wrap\" style=\"max-width:1456px;margin-left: calc(-4% \/ 2 );margin-right: calc(-4% \/ 2 );\"><div class=\"fusion-layout-column fusion_builder_column fusion-builder-column-7 fusion_builder_column_2_3 2_3 fusion-flex-column\" style=\"--awb-padding-top:0px;--awb-padding-bottom:0px;--awb-bg-size:cover;--awb-width-large:66.666666666667%;--awb-margin-top-large:0px;--awb-spacing-right-large:2.88%;--awb-margin-bottom-large:0px;--awb-spacing-left-large:2.88%;--awb-width-medium:66.666666666667%;--awb-order-medium:0;--awb-spacing-right-medium:2.88%;--awb-spacing-left-medium:2.88%;--awb-width-small:100%;--awb-order-small:0;--awb-spacing-right-small:1.92%;--awb-spacing-left-small:1.92%;\" data-scroll-devices=\"small-visibility,medium-visibility,large-visibility\"><div class=\"fusion-column-wrapper fusion-column-has-shadow fusion-flex-justify-content-flex-start fusion-content-layout-column\"><div class=\"fusion-text fusion-text-6\"><h2>Gedenken an die Opfer<\/h2>\n<p>Das j\u00fcdische Arbeitslager in Lievelde wurde vom 18. August 1942 bis zum 3. Oktober 1942 f\u00fcr j\u00fcdische Zwangsarbeiter genutzt. Die Zwangsarbeiter wurden unter anderem beim Bau der st\u00e4dtischen Schotterstra\u00dfe am H\u00fcttendijk in Lievelde eingesetzt. Die j\u00fcdischen Zwangsarbeiter verrichteten schwere Arbeit, sie mussten Schichten von Lehm von der Stra\u00dfe entfernen, damit das Regenwasser in den Gleisen besser abflie\u00dfen konnte. Hier und da muss manchmal anderthalb Meter tief gegraben werden. Die schwere Arbeit muss mit Spaten und Schubkarren ausgef\u00fchrt werden. Sie leben in Kasernen unter minimalen Bedingungen. Der NSB-B\u00fcrgermeister Lamers zeigt keine Gnade mit den Arbeitern und ist als &#8218;Judenj\u00e4ger&#8216; bekannt.      <\/p>\n<p>In der Nacht vom 2. auf den 3. Oktober 1942 wurden alle 50 j\u00fcdischen M\u00e4nner zum Bahnhof Lievelde gef\u00fchrt, von dort nahmen sie den Zug nach Westerbork und dann zu den Vernichtungslagern, um sie zu ermorden.<\/p>\n<p><strong>Gedenken und Gedenken<br \/>\n<\/strong>In der Gemeinde gibt es mehrere Denkm\u00e4ler zur Erinnerung an die Verfolgten, die ums Leben kamen. Zum Beispiel erinnert das Glasdenkmal am Winterswijkseweg in Groenlo an die verfolgten und anderen zivilen Opfern, darunter 60 j\u00fcdische Zivilisten. Jedes Jahr am 4. Mai veranstaltet das Groenlo-Komitee vom 4. und 5. Mai den Gedenktag an diesem Denkmal.  <\/p>\n<p>Quellen: <a href=\"https:\/\/www.joodswerkkamplievelde.nl\/index.html\" target=\"_blank\" rel=\"noopener\">https:\/\/www.joodswerkkamplievelde.nl\/index.html<\/a><br \/>\n<a href=\"https:\/\/nl.wikipedia.org\/wiki\/Bestand:Glazenmonument_40-45_Groenlo.jpg\" target=\"_blank\" rel=\"noopener\">https:\/\/nl.wikipedia.org\/wiki\/Bestand:Glazenmonument_40-45_Groenlo.jpg<\/a><\/p>\n<\/div><\/div><\/div><div class=\"fusion-layout-column fusion_builder_column fusion-builder-column-8 fusion_builder_column_1_3 1_3 fusion-flex-column\" style=\"--awb-bg-size:cover;--awb-width-large:33.333333333333%;--awb-margin-top-large:0px;--awb-spacing-right-large:5.76%;--awb-margin-bottom-large:20px;--awb-spacing-left-large:5.76%;--awb-width-medium:33.333333333333%;--awb-order-medium:0;--awb-spacing-right-medium:5.76%;--awb-spacing-left-medium:5.76%;--awb-width-small:100%;--awb-order-small:0;--awb-spacing-right-small:1.92%;--awb-spacing-left-small:1.92%;\"><div class=\"fusion-column-wrapper fusion-column-has-shadow fusion-flex-justify-content-flex-start fusion-content-layout-column\"><div class=\"fusion-image-element \" style=\"--awb-margin-bottom:10px;--awb-caption-title-font-family:var(--h2_typography-font-family);--awb-caption-title-font-weight:var(--h2_typography-font-weight);--awb-caption-title-font-style:var(--h2_typography-font-style);--awb-caption-title-size:var(--h2_typography-font-size);--awb-caption-title-transform:var(--h2_typography-text-transform);--awb-caption-title-line-height:var(--h2_typography-line-height);--awb-caption-title-letter-spacing:var(--h2_typography-letter-spacing);\"><span class=\" fusion-imageframe imageframe-none imageframe-4 hover-type-none\"><img decoding=\"async\" width=\"646\" height=\"522\" alt=\"Das Denkmal im ehemaligen j\u00fcdischen Arbeitslager in Lievelde\" title=\"Das Denkmal im ehemaligen j\u00fcdischen Arbeitslager in Lievelde\" src=\"https:\/\/nationaalonderduikmuseum.nl\/wp-content\/uploads\/2025\/02\/JoodsWerkkampLievelde.jpg\" class=\"img-responsive wp-image-3362\" srcset=\"https:\/\/nationaalonderduikmuseum.nl\/wp-content\/uploads\/2025\/02\/JoodsWerkkampLievelde-200x162.jpg 200w, https:\/\/nationaalonderduikmuseum.nl\/wp-content\/uploads\/2025\/02\/JoodsWerkkampLievelde-400x323.jpg 400w, https:\/\/nationaalonderduikmuseum.nl\/wp-content\/uploads\/2025\/02\/JoodsWerkkampLievelde-600x485.jpg 600w, https:\/\/nationaalonderduikmuseum.nl\/wp-content\/uploads\/2025\/02\/JoodsWerkkampLievelde.jpg 646w\" sizes=\"(max-width: 800px) 100vw, 600px\" \/><\/span><\/div><div class=\"fusion-text fusion-text-7\" style=\"--awb-margin-top:10px;\"><p><em>Das Denkmal im ehemaligen j\u00fcdischen Arbeitslager in Lievelde<\/em><\/p>\n<\/div><div class=\"fusion-image-element \" style=\"--awb-margin-bottom:10px;--awb-caption-title-font-family:var(--h2_typography-font-family);--awb-caption-title-font-weight:var(--h2_typography-font-weight);--awb-caption-title-font-style:var(--h2_typography-font-style);--awb-caption-title-size:var(--h2_typography-font-size);--awb-caption-title-transform:var(--h2_typography-text-transform);--awb-caption-title-line-height:var(--h2_typography-line-height);--awb-caption-title-letter-spacing:var(--h2_typography-letter-spacing);\"><span class=\" fusion-imageframe imageframe-none imageframe-5 hover-type-none\"><img decoding=\"async\" width=\"1134\" height=\"638\" alt=\"Jedes Jahr am 4. Mai veranstaltet das Groenlo-Komitee vom 4. und 5. Mai den Gedenktag an diesem Denkmal.\" title=\"Jedes Jahr am 4. Mai veranstaltet das Groenlo-Komitee vom 4. und 5. Mai den Gedenktag an diesem Denkmal.\" src=\"https:\/\/nationaalonderduikmuseum.nl\/wp-content\/uploads\/2025\/02\/4.-Glazen-monument-Groenlo.png\" class=\"img-responsive wp-image-3354\" srcset=\"https:\/\/nationaalonderduikmuseum.nl\/wp-content\/uploads\/2025\/02\/4.-Glazen-monument-Groenlo-200x113.png 200w, https:\/\/nationaalonderduikmuseum.nl\/wp-content\/uploads\/2025\/02\/4.-Glazen-monument-Groenlo-400x225.png 400w, https:\/\/nationaalonderduikmuseum.nl\/wp-content\/uploads\/2025\/02\/4.-Glazen-monument-Groenlo-600x338.png 600w, https:\/\/nationaalonderduikmuseum.nl\/wp-content\/uploads\/2025\/02\/4.-Glazen-monument-Groenlo-800x450.png 800w, https:\/\/nationaalonderduikmuseum.nl\/wp-content\/uploads\/2025\/02\/4.-Glazen-monument-Groenlo.png 1134w\" sizes=\"(max-width: 800px) 100vw, 600px\" \/><\/span><\/div><div class=\"fusion-text fusion-text-8\" style=\"--awb-margin-top:10px;\"><p><em>Jedes Jahr am 4. Mai veranstaltet das Groenlo-Komitee vom 4. und 5. Mai den Gedenktag an diesem Denkmal<\/em><\/p>\n<\/div><\/div><\/div><\/div><\/div><div class=\"fusion-fullwidth fullwidth-box fusion-builder-row-6 fusion-flex-container has-pattern-background has-mask-background nonhundred-percent-fullwidth non-hundred-percent-height-scrolling\" style=\"--link_color: #ffffff;--awb-border-color:#ffffff;--awb-border-radius-top-left:0px;--awb-border-radius-top-right:0px;--awb-border-radius-bottom-right:0px;--awb-border-radius-bottom-left:0px;--awb-padding-top:0px;--awb-padding-bottom:0px;--awb-margin-top:0px;--awb-margin-bottom:10px;--awb-flex-wrap:wrap;\" ><div class=\"fusion-builder-row fusion-row fusion-flex-align-items-flex-start fusion-flex-content-wrap\" style=\"max-width:1456px;margin-left: calc(-4% \/ 2 );margin-right: calc(-4% \/ 2 );\"><div class=\"fusion-layout-column fusion_builder_column fusion-builder-column-9 fusion_builder_column_1_1 1_1 fusion-flex-column fusion-flex-align-self-flex-start\" style=\"--awb-padding-top:0px;--awb-padding-bottom:0px;--awb-bg-size:cover;--awb-border-color:var(--awb-color4);--awb-border-top:2px;--awb-border-right:2px;--awb-border-bottom:2px;--awb-border-left:2px;--awb-border-style:solid;--awb-width-large:100%;--awb-margin-top-large:0px;--awb-spacing-right-large:1.92%;--awb-margin-bottom-large:0px;--awb-spacing-left-large:1.92%;--awb-width-medium:100%;--awb-order-medium:0;--awb-spacing-right-medium:1.92%;--awb-spacing-left-medium:1.92%;--awb-width-small:100%;--awb-order-small:0;--awb-spacing-right-small:1.92%;--awb-spacing-left-small:1.92%;\" data-scroll-devices=\"small-visibility,medium-visibility,large-visibility\"><div class=\"fusion-column-wrapper fusion-column-has-shadow fusion-flex-justify-content-flex-start fusion-content-layout-column\"><\/div><\/div><\/div><\/div><div class=\"fusion-fullwidth fullwidth-box fusion-builder-row-7 fusion-flex-container has-pattern-background has-mask-background nonhundred-percent-fullwidth non-hundred-percent-height-scrolling\" style=\"--awb-border-radius-top-left:0px;--awb-border-radius-top-right:0px;--awb-border-radius-bottom-right:0px;--awb-border-radius-bottom-left:0px;--awb-padding-top:0px;--awb-padding-bottom:0px;--awb-margin-top:0px;--awb-flex-wrap:wrap;\" ><div class=\"fusion-builder-row fusion-row fusion-flex-align-items-flex-start fusion-flex-content-wrap\" style=\"max-width:1456px;margin-left: calc(-4% \/ 2 );margin-right: calc(-4% \/ 2 );\"><div class=\"fusion-layout-column fusion_builder_column fusion-builder-column-10 fusion_builder_column_2_3 2_3 fusion-flex-column\" style=\"--awb-padding-top:0px;--awb-padding-bottom:0px;--awb-bg-size:cover;--awb-width-large:66.666666666667%;--awb-margin-top-large:0px;--awb-spacing-right-large:2.88%;--awb-margin-bottom-large:0px;--awb-spacing-left-large:2.88%;--awb-width-medium:66.666666666667%;--awb-order-medium:0;--awb-spacing-right-medium:2.88%;--awb-spacing-left-medium:2.88%;--awb-width-small:100%;--awb-order-small:0;--awb-spacing-right-small:1.92%;--awb-spacing-left-small:1.92%;\" data-scroll-devices=\"small-visibility,medium-visibility,large-visibility\"><div class=\"fusion-column-wrapper fusion-column-has-shadow fusion-flex-justify-content-flex-start fusion-content-layout-column\"><div class=\"fusion-text fusion-text-9\"><h2>Notfallklinik Harreveld<\/h2>\n<p>Im Achterhoek werden mehr als tausend kranke Zwangsarbeiter in acht Notfallkrankenh\u00e4usern betreut und gepflegt, darunter das Kloster der Wei\u00dfen V\u00e4ter in &#8217;s-Heerenberg. In Harreveld wurde ein gro\u00dfes regionales Notfallkrankenhaus eingerichtet, um die stark geschw\u00e4chten M\u00e4nner zu behandeln. <\/p>\n<p><strong>K\u00e4mpfe f\u00fcr bessere Versorgung<br \/>\n<\/strong>Dr. Johannes Der Weduwen und Clemens Driessen, Direktor einer Textilfabrik in Aalten, setzen sich f\u00fcr eine bessere Behandlung der Zwangsarbeiter aus den Arbeitslagern Bocholt und Rees ein. Sie schafften es, mehr als 1000 M\u00e4nner aus Camp Rees ins Notfallkrankenhaus in Harreveld zu bringen. Viele von ihnen wurden w\u00e4hrend der Razzia in Rotterdam festgenommen.  <\/p>\n<p><strong>Schockierende Berichterstattung<br \/>\n<\/strong>Am 26. und 27. Januar 1945 wurde ein ausf\u00fchrlicher Bericht \u00fcber den Zustand der M\u00e4nner erstellt. Der Bericht zeichnet ein schockierendes Bild: <\/p>\n<p><em>  &#8222;Der allgemeine Eindruck ist: sehr starke Mangelern\u00e4hrung, die sich bei sehr vielen in einer solchen Ausmagerung \u00e4u\u00dfert, dass man nur von Abgemagerung sprechen kann. Einige so schwach, dass sie nicht laufen k\u00f6nnen, die meisten werden getragen. Neben dieser Ausmagerung und eingefallenen Gesichtern gibt es einige ausgepr\u00e4gte \u00d6deme der Unterschenkel, die auf Mangelern\u00e4hrung (Hunger\u00f6dem) zur\u00fcckzuf\u00fchren sind. Der allgemeine Eindruck ist auch eine extreme Verschmutzung von K\u00f6rper und Kleidung, mit allgemeinen L\u00e4usen durch Kopfl\u00e4use, in vielen F\u00e4llen Kleiderl\u00e4use. \u2026\u2026.\/\u201d<\/em><\/p>\n<p><strong>Tragisches Ende f\u00fcr Doktor Der Weduwen<br \/>\n<\/strong>Dr. Der Weduwen reist nach Den Haag, um f\u00fcr eine bessere Behandlung der Gefangenen zu bitten. Auf dem R\u00fcckweg wurde er aus der Luft in der N\u00e4he von Apeldoorn beschossen und \u00fcberlebte den Angriff nicht. <\/p>\n<p><strong>F\u00fcr weitere Informationen<br \/>\n<\/strong><a href=\"http:\/\/dwangarbeidersapeldoorn.nl\/gebeurtenissen\/transporten-rees-harreveld-27-01-1945\/\" target=\"_blank\" rel=\"noopener\">http:\/\/dwangarbeidersapeldoorn.nl\/gebeurtenissen\/transporten-rees-harreveld-27-01-1945\/<\/a><strong><br \/>\n<\/strong>Aus dem Transkript Notfallkrankenhaus H a r r e v e l d G.J. War<br \/>\nQuelle: National Archives und NRK. (Archivblock LB NRK 1945-1985)<br \/>\nSiehe auch: \u00fcber Der Weduwen: Nationales Versteckmuseum, Forschungsteam, Ina Brethouwer<\/p>\n<\/div><\/div><\/div><div class=\"fusion-layout-column fusion_builder_column fusion-builder-column-11 fusion_builder_column_1_3 1_3 fusion-flex-column\" style=\"--awb-bg-size:cover;--awb-width-large:33.333333333333%;--awb-margin-top-large:0px;--awb-spacing-right-large:5.76%;--awb-margin-bottom-large:20px;--awb-spacing-left-large:5.76%;--awb-width-medium:33.333333333333%;--awb-order-medium:0;--awb-spacing-right-medium:5.76%;--awb-spacing-left-medium:5.76%;--awb-width-small:100%;--awb-order-small:0;--awb-spacing-right-small:1.92%;--awb-spacing-left-small:1.92%;\"><div class=\"fusion-column-wrapper fusion-column-has-shadow fusion-flex-justify-content-flex-start fusion-content-layout-column\"><div class=\"fusion-image-element \" style=\"--awb-margin-bottom:10px;--awb-caption-title-font-family:var(--h2_typography-font-family);--awb-caption-title-font-weight:var(--h2_typography-font-weight);--awb-caption-title-font-style:var(--h2_typography-font-style);--awb-caption-title-size:var(--h2_typography-font-size);--awb-caption-title-transform:var(--h2_typography-text-transform);--awb-caption-title-line-height:var(--h2_typography-line-height);--awb-caption-title-letter-spacing:var(--h2_typography-letter-spacing);\"><span class=\" fusion-imageframe imageframe-none imageframe-6 hover-type-none\"><img decoding=\"async\" width=\"945\" height=\"622\" alt=\"Als Zwangsarbeiter aus dem Camp Rees im Notfallkrankenhaus in Harreveld gerettet\" title=\"Als Zwangsarbeiter aus dem Camp Rees im Notfallkrankenhaus in Harreveld gerettet\" src=\"https:\/\/nationaalonderduikmuseum.nl\/wp-content\/uploads\/2025\/02\/Noodhospitaal-Harreveld.jpg\" class=\"img-responsive wp-image-3358\" srcset=\"https:\/\/nationaalonderduikmuseum.nl\/wp-content\/uploads\/2025\/02\/Noodhospitaal-Harreveld-200x132.jpg 200w, https:\/\/nationaalonderduikmuseum.nl\/wp-content\/uploads\/2025\/02\/Noodhospitaal-Harreveld-400x263.jpg 400w, https:\/\/nationaalonderduikmuseum.nl\/wp-content\/uploads\/2025\/02\/Noodhospitaal-Harreveld-600x395.jpg 600w, https:\/\/nationaalonderduikmuseum.nl\/wp-content\/uploads\/2025\/02\/Noodhospitaal-Harreveld-800x527.jpg 800w, https:\/\/nationaalonderduikmuseum.nl\/wp-content\/uploads\/2025\/02\/Noodhospitaal-Harreveld.jpg 945w\" sizes=\"(max-width: 800px) 100vw, 600px\" \/><\/span><\/div><div class=\"fusion-text fusion-text-10\" style=\"--awb-margin-top:10px;\"><p><em>Als Zwangsarbeiter aus dem Camp Rees im Notfallkrankenhaus in Harreveld gerettet<\/em><\/p>\n<\/div><\/div><\/div><\/div><\/div><\/p>\n","protected":false},"excerpt":{"rendered":"","protected":false},"author":4,"featured_media":0,"parent":6050,"menu_order":7,"comment_status":"closed","ping_status":"closed","template":"100-width.php","meta":{"footnotes":""},"class_list":["post-6290","page","type-page","status-publish","hentry"],"aioseo_notices":[],"_links":{"self":[{"href":"https:\/\/nationaalonderduikmuseum.nl\/de\/wp-json\/wp\/v2\/pages\/6290","targetHints":{"allow":["GET"]}}],"collection":[{"href":"https:\/\/nationaalonderduikmuseum.nl\/de\/wp-json\/wp\/v2\/pages"}],"about":[{"href":"https:\/\/nationaalonderduikmuseum.nl\/de\/wp-json\/wp\/v2\/types\/page"}],"author":[{"embeddable":true,"href":"https:\/\/nationaalonderduikmuseum.nl\/de\/wp-json\/wp\/v2\/users\/4"}],"replies":[{"embeddable":true,"href":"https:\/\/nationaalonderduikmuseum.nl\/de\/wp-json\/wp\/v2\/comments?post=6290"}],"version-history":[{"count":7,"href":"https:\/\/nationaalonderduikmuseum.nl\/de\/wp-json\/wp\/v2\/pages\/6290\/revisions"}],"predecessor-version":[{"id":6305,"href":"https:\/\/nationaalonderduikmuseum.nl\/de\/wp-json\/wp\/v2\/pages\/6290\/revisions\/6305"}],"up":[{"embeddable":true,"href":"https:\/\/nationaalonderduikmuseum.nl\/de\/wp-json\/wp\/v2\/pages\/6050"}],"wp:attachment":[{"href":"https:\/\/nationaalonderduikmuseum.nl\/de\/wp-json\/wp\/v2\/media?parent=6290"}],"curies":[{"name":"wp","href":"https:\/\/api.w.org\/{rel}","templated":true}]}}