{"id":6133,"date":"2025-01-20T13:36:33","date_gmt":"2025-01-20T13:36:33","guid":{"rendered":"https:\/\/nationaalonderduikmuseum.nl\/programma-vrijheid\/quartett\/bronckhorst\/"},"modified":"2026-04-01T07:29:20","modified_gmt":"2026-04-01T07:29:20","slug":"bronckhorst","status":"publish","type":"page","link":"https:\/\/nationaalonderduikmuseum.nl\/de\/programma-vrijheid\/quartett\/bronckhorst\/","title":{"rendered":"Bronckhorst"},"content":{"rendered":"<p><div class=\"fusion-fullwidth fullwidth-box fusion-builder-row-1 fusion-flex-container has-pattern-background has-mask-background nonhundred-percent-fullwidth non-hundred-percent-height-scrolling\" style=\"--awb-border-radius-top-left:0px;--awb-border-radius-top-right:0px;--awb-border-radius-bottom-right:0px;--awb-border-radius-bottom-left:0px;--awb-padding-top:30px;--awb-padding-bottom:0px;--awb-margin-top:0px;--awb-margin-bottom:0px;--awb-flex-wrap:wrap;\" ><div class=\"fusion-builder-row fusion-row fusion-flex-align-items-flex-start fusion-flex-content-wrap\" style=\"max-width:1456px;margin-left: calc(-4% \/ 2 );margin-right: calc(-4% \/ 2 );\"><div class=\"fusion-layout-column fusion_builder_column fusion-builder-column-0 fusion_builder_column_1_1 1_1 fusion-flex-column\" style=\"--awb-bg-size:cover;--awb-width-large:100%;--awb-margin-top-large:0px;--awb-spacing-right-large:1.92%;--awb-margin-bottom-large:20px;--awb-spacing-left-large:1.92%;--awb-width-medium:100%;--awb-order-medium:0;--awb-spacing-right-medium:1.92%;--awb-spacing-left-medium:1.92%;--awb-width-small:100%;--awb-order-small:0;--awb-spacing-right-small:1.92%;--awb-spacing-left-small:1.92%;\"><div class=\"fusion-column-wrapper fusion-column-has-shadow fusion-flex-justify-content-flex-start fusion-content-layout-column\"><div class=\"fusion-title title fusion-title-1 fusion-sep-none fusion-title-text fusion-title-size-one\" style=\"--awb-margin-top-small:8px;--awb-margin-right-small:0px;--awb-margin-bottom-small:16px;--awb-margin-left-small:0px;\"><h1 class=\"fusion-title-heading title-heading-left fusion-responsive-typography-calculated\" style=\"margin:0;--fontSize:64;line-height:1.25;\"><h1>Bronckhorst<\/h1><\/h1><\/div><\/div><\/div><div class=\"fusion-layout-column fusion_builder_column fusion-builder-column-1 fusion_builder_column_2_3 2_3 fusion-flex-column\" style=\"--awb-bg-size:cover;--awb-width-large:66.666666666667%;--awb-margin-top-large:0px;--awb-spacing-right-large:2.88%;--awb-margin-bottom-large:20px;--awb-spacing-left-large:2.88%;--awb-width-medium:66.666666666667%;--awb-order-medium:0;--awb-spacing-right-medium:2.88%;--awb-spacing-left-medium:2.88%;--awb-width-small:100%;--awb-order-small:0;--awb-spacing-right-small:1.92%;--awb-spacing-left-small:1.92%;\" data-scroll-devices=\"small-visibility,medium-visibility,large-visibility\"><div class=\"fusion-column-wrapper fusion-column-has-shadow fusion-flex-justify-content-flex-start fusion-content-layout-column\"><div class=\"fusion-text fusion-text-1\"><h3 class=\"fusion-responsive-typography-calculated\" style=\"--fontsize: 48; line-height: 1.2;\" data-fontsize=\"48\" data-lineheight=\"57.6px\"><strong>Das Kervel-Haus<\/strong><\/h3>\n<p>Das Kervel ist ein jahrhundertealter Landsitz westlich von Hengelo und besteht aus einem Hauptgeb\u00e4ude, einem angebauten Haus, einer Kapelle, einer ehemaligen Pfarrresidenz und einer sch\u00f6nen historischen Landschaft.<\/p>\n<p>1941 wurde das Kervel von Ben und Alie de Graaf gemietet, die es zu einem beliebten Ferienhaus machten. Bald gab es auch Menschen im Versteck, zun\u00e4chst haupts\u00e4chlich Arbeitseinsatzweigerer und Studenten aus Utrecht und Delft, unter anderem. Kurz darauf verstecken sich auch Juden auf dem Kervel, und um das kalte Weihnachten 1942 ist das ganze Haus voller G\u00e4ste. Bereits 1941 hatte Ben de Graaf Kontakt zu Loek Vissers Widerstandsgruppe aus dem Gebiet Ede-Arnhem. Es besteht bereits Bedarf an guten Notunterk\u00fcnften. Mit der Deportation der j\u00fcdischen B\u00fcrger im Jahr 1943 begann eine Gruppe junger Menschen unter der Leitung des Hengelo-Auftragnehmers Bretveld unterirdische G\u00e4nge zu graben und einen unterirdischen Wohnraum einzurichten. Dieser ist \u00fcber einen mobilen Kamin erreichbar. Eine Gruppe von Menschen im Untergrund (haupts\u00e4chlich j\u00fcdisch) lebte von April 1943 bis zum 27. April 1944 unterirdisch. In der Nacht vom 26. auf den 27. April 1944 fand ein \u00dcberfall statt, w\u00e4hrend gerade die Leute frische Luft nach drau\u00dfen schnappen. Dreizehn Personen werden verhaftet und in die Koepelgevangenis in Arnheim gebracht. Unter ihnen befinden sich vier j\u00fcdische Menschen im Untergrund, die deportiert und ermordet werden.          <\/p>\n<p>Das unterirdische Versteck wurde in jener Nacht nicht entdeckt, damit die anderen versteckten Juden entkommen und so den Krieg \u00fcberleben konnten.<\/p>\n<p>Von Oktober 1944 bis 1. Juli 1945 diente Het Kervel als Notfallkrankenhaus unter der Leitung des Roten Kreuzes.<\/p>\n<p>Nach der Befreiung wurden die repatriierten Juden unter der Leitung von Ben de Graaf betreut. Danach diente es als Kloster f\u00fcr die Nonnen. Seitdem hatte es mehrere Besitzer. Das Kervel ist heute ein Konferenzzentrum. Gef\u00fchrte F\u00fchrungen werden nach Vereinbarung \u00fcber die Geschichte der Menschen im Versteck angeboten.    <\/p>\n<p>Hermans, W.J.M. Adresse Kervel-kelder, Versteck f\u00fcr Juden, Hengelo (Gld), 2006<\/p>\n<p>Quelle: <a href=\"https:\/\/www.oudhengelo.nl\/index.php\/41-2e-wereldoorlog\/verhalen-uit-de-oorlog\/203-het-kervel-blijft-in-trek-bij-nakomelingen-van-onderduikers\" target=\"_blank\" rel=\"noopener\">https:\/\/www.oudhengelo.nl\/index.php\/41-2e-wereldoorlog\/verhalen-uit-de-oorlog\/203-het-kervel-blijft-in-trek-bij-nakomelingen-van-onderduikers<\/a><\/p>\n<\/div><\/div><\/div><div class=\"fusion-layout-column fusion_builder_column fusion-builder-column-2 fusion_builder_column_1_3 1_3 fusion-flex-column\" style=\"--awb-bg-size:cover;--awb-width-large:33.333333333333%;--awb-margin-top-large:0px;--awb-spacing-right-large:5.76%;--awb-margin-bottom-large:20px;--awb-spacing-left-large:5.76%;--awb-width-medium:33.333333333333%;--awb-order-medium:0;--awb-spacing-right-medium:5.76%;--awb-spacing-left-medium:5.76%;--awb-width-small:100%;--awb-order-small:0;--awb-spacing-right-small:1.92%;--awb-spacing-left-small:1.92%;\"><div class=\"fusion-column-wrapper fusion-column-has-shadow fusion-flex-justify-content-flex-start fusion-content-layout-column\"><div class=\"fusion-image-element \" style=\"--awb-margin-bottom:10px;--awb-caption-title-font-family:var(--h2_typography-font-family);--awb-caption-title-font-weight:var(--h2_typography-font-weight);--awb-caption-title-font-style:var(--h2_typography-font-style);--awb-caption-title-size:var(--h2_typography-font-size);--awb-caption-title-transform:var(--h2_typography-text-transform);--awb-caption-title-line-height:var(--h2_typography-line-height);--awb-caption-title-letter-spacing:var(--h2_typography-letter-spacing);\"><span class=\" fusion-imageframe imageframe-none imageframe-1 hover-type-none\"><img decoding=\"async\" width=\"295\" height=\"300\" alt=\"&#039;t Kervel (c) Denkmalschutzbeh\u00f6rde der Niederlande\" title=\"&#8218;t Kervel (c) Kulturelle ErfgoedHengelo_-_20313836_-_RCE\" src=\"https:\/\/nationaalonderduikmuseum.nl\/wp-content\/uploads\/2025\/02\/Kervel-Exterieur_OVERZICHT_-_Hengelo_-_20313836_-_RCE-295x300.jpg\" class=\"img-responsive wp-image-3224\" srcset=\"https:\/\/nationaalonderduikmuseum.nl\/wp-content\/uploads\/2025\/02\/Kervel-Exterieur_OVERZICHT_-_Hengelo_-_20313836_-_RCE-200x204.jpg 200w, https:\/\/nationaalonderduikmuseum.nl\/wp-content\/uploads\/2025\/02\/Kervel-Exterieur_OVERZICHT_-_Hengelo_-_20313836_-_RCE-400x407.jpg 400w, https:\/\/nationaalonderduikmuseum.nl\/wp-content\/uploads\/2025\/02\/Kervel-Exterieur_OVERZICHT_-_Hengelo_-_20313836_-_RCE-600x611.jpg 600w, https:\/\/nationaalonderduikmuseum.nl\/wp-content\/uploads\/2025\/02\/Kervel-Exterieur_OVERZICHT_-_Hengelo_-_20313836_-_RCE-800x814.jpg 800w, https:\/\/nationaalonderduikmuseum.nl\/wp-content\/uploads\/2025\/02\/Kervel-Exterieur_OVERZICHT_-_Hengelo_-_20313836_-_RCE.jpg 945w\" sizes=\"(max-width: 800px) 100vw, 600px\" \/><\/span><\/div><div class=\"fusion-text fusion-text-2\"><p><em>Die Chervil (c) Kulturerbebeh\u00f6rde der Niederlande<\/em><\/p>\n<\/div><div class=\"fusion-image-element \" style=\"--awb-margin-bottom:40px;--awb-caption-title-font-family:var(--h2_typography-font-family);--awb-caption-title-font-weight:var(--h2_typography-font-weight);--awb-caption-title-font-style:var(--h2_typography-font-style);--awb-caption-title-size:var(--h2_typography-font-size);--awb-caption-title-transform:var(--h2_typography-text-transform);--awb-caption-title-line-height:var(--h2_typography-line-height);--awb-caption-title-letter-spacing:var(--h2_typography-letter-spacing);\"><span class=\" fusion-imageframe imageframe-none imageframe-2 hover-type-none\"><img decoding=\"async\" width=\"211\" height=\"300\" alt=\"Freedom Forest, B\u00e4ume pflanzen\" title=\"Foto: Elise Harmsen\" src=\"https:\/\/nationaalonderduikmuseum.nl\/wp-content\/uploads\/2025\/02\/Huize-Kervel-211x300.jpg\" class=\"img-responsive wp-image-3221\" srcset=\"https:\/\/nationaalonderduikmuseum.nl\/wp-content\/uploads\/2025\/02\/Huize-Kervel-200x284.jpg 200w, https:\/\/nationaalonderduikmuseum.nl\/wp-content\/uploads\/2025\/02\/Huize-Kervel-400x568.jpg 400w, https:\/\/nationaalonderduikmuseum.nl\/wp-content\/uploads\/2025\/02\/Huize-Kervel-600x851.jpg 600w, https:\/\/nationaalonderduikmuseum.nl\/wp-content\/uploads\/2025\/02\/Huize-Kervel.jpg 666w\" sizes=\"(max-width: 800px) 100vw, 600px\" \/><\/span><\/div><div class=\"fusion-text fusion-text-3 fusion-text-no-margin\" style=\"--awb-margin-top:5px;--awb-margin-bottom:0px;\"><p><em>Foto: Elise Harmsen<\/em><\/p>\n<\/div><\/div><\/div><\/div><\/div><div class=\"fusion-fullwidth fullwidth-box fusion-builder-row-2 fusion-flex-container has-pattern-background has-mask-background nonhundred-percent-fullwidth non-hundred-percent-height-scrolling\" style=\"--link_color: #ffffff;--awb-border-color:#ffffff;--awb-border-radius-top-left:0px;--awb-border-radius-top-right:0px;--awb-border-radius-bottom-right:0px;--awb-border-radius-bottom-left:0px;--awb-padding-top:0px;--awb-padding-bottom:0px;--awb-margin-top:0px;--awb-margin-bottom:10px;--awb-flex-wrap:wrap;\" ><div class=\"fusion-builder-row fusion-row fusion-flex-align-items-flex-start fusion-flex-content-wrap\" style=\"max-width:1456px;margin-left: calc(-4% \/ 2 );margin-right: calc(-4% \/ 2 );\"><div class=\"fusion-layout-column fusion_builder_column fusion-builder-column-3 fusion_builder_column_1_1 1_1 fusion-flex-column fusion-flex-align-self-flex-start\" style=\"--awb-padding-top:0px;--awb-padding-bottom:0px;--awb-bg-size:cover;--awb-border-color:var(--awb-color4);--awb-border-top:2px;--awb-border-right:2px;--awb-border-bottom:2px;--awb-border-left:2px;--awb-border-style:solid;--awb-width-large:100%;--awb-margin-top-large:0px;--awb-spacing-right-large:1.92%;--awb-margin-bottom-large:0px;--awb-spacing-left-large:1.92%;--awb-width-medium:100%;--awb-order-medium:0;--awb-spacing-right-medium:1.92%;--awb-spacing-left-medium:1.92%;--awb-width-small:100%;--awb-order-small:0;--awb-spacing-right-small:1.92%;--awb-spacing-left-small:1.92%;\" data-scroll-devices=\"small-visibility,medium-visibility,large-visibility\"><div class=\"fusion-column-wrapper fusion-column-has-shadow fusion-flex-justify-content-flex-start fusion-content-layout-column\"><\/div><\/div><\/div><\/div><div class=\"fusion-fullwidth fullwidth-box fusion-builder-row-3 fusion-flex-container has-pattern-background has-mask-background nonhundred-percent-fullwidth non-hundred-percent-height-scrolling\" style=\"--awb-border-radius-top-left:0px;--awb-border-radius-top-right:0px;--awb-border-radius-bottom-right:0px;--awb-border-radius-bottom-left:0px;--awb-padding-top:0px;--awb-padding-bottom:0px;--awb-margin-top:0px;--awb-flex-wrap:wrap;\" ><div class=\"fusion-builder-row fusion-row fusion-flex-align-items-flex-start fusion-flex-content-wrap\" style=\"max-width:1456px;margin-left: calc(-4% \/ 2 );margin-right: calc(-4% \/ 2 );\"><div class=\"fusion-layout-column fusion_builder_column fusion-builder-column-4 fusion_builder_column_2_3 2_3 fusion-flex-column\" style=\"--awb-padding-top:0px;--awb-padding-bottom:0px;--awb-bg-size:cover;--awb-width-large:66.666666666667%;--awb-margin-top-large:0px;--awb-spacing-right-large:2.88%;--awb-margin-bottom-large:0px;--awb-spacing-left-large:2.88%;--awb-width-medium:66.666666666667%;--awb-order-medium:0;--awb-spacing-right-medium:2.88%;--awb-spacing-left-medium:2.88%;--awb-width-small:100%;--awb-order-small:0;--awb-spacing-right-small:1.92%;--awb-spacing-left-small:1.92%;\" data-scroll-devices=\"small-visibility,medium-visibility,large-visibility\"><div class=\"fusion-column-wrapper fusion-column-has-shadow fusion-flex-justify-content-flex-start fusion-content-layout-column\"><div class=\"fusion-text fusion-text-4\"><h3><strong>Weltfriedensflamme (WPF)<\/strong><\/h3>\n<p>Die Weltfriedensflamme (WPF) ist ein Symbol f\u00fcr Frieden, Einheit und Freiheit. Das Ziel ist es, Menschen zu inspirieren und ihnen die Erfahrung zu geben, dass jeder Einzelne eine wichtige Rolle bei der Erreichung von Frieden auf allen Ebenen der Gesellschaft spielen kann <\/p>\n<p>Die World Peace Flame Foundation hat das Ziel, ihr Ziel durch Bildung und Unterst\u00fctzung von Friedensinitiativen zu erreichen. Der Traum ist es, in jeder gr\u00f6\u00dferen Stadt und jedem Entscheidungszentrum der Welt eine ewig brennende Weltfriedensflamme zu entfachen. Es ist ein Traum, der seit 1999 gehegt wurde, als die ersten Friedensflammen auf allen f\u00fcnf Kontinenten entz\u00fcndet wurden. Jede Flamme wurde dann per Flugzeug ins Vereinigte K\u00f6nigreich gebracht und in Wales zusammengef\u00fchrt, um die World Peace Flame (WPF) zu bilden.   <\/p>\n<p>Die Weltfriedensflamme brennt in Tausenden von Schulen, Unternehmen, Krankenh\u00e4usern, Kirchen, Tempeln und Reflexionszentren auf der ganzen Welt. Die Flamme wird internationalen F\u00fchrungspers\u00f6nlichkeiten angeboten und wurde in Denkm\u00e4lern und St\u00e4dten weltweit installiert, unter anderem in den Niederlanden im Friedenspalast in Den Haag, Venlo, Nijmegen, Enschede und auch in der Gemeinde Bronckhorst. <\/p>\n<p>Am 21. September 2017 wurde die Weltfriedensflamme auf dem Platz vor der Remigius-Kirche in Hengelo enth\u00fcllt. Seitdem brennt die Flamme dort ununterbrochen. Die Arbeitsgruppe Bronckhorst World Peace Flame organisiert verschiedene Aktivit\u00e4ten, insbesondere w\u00e4hrend der j\u00e4hrlichen World Peace Week (dritte Septemberwoche).  <\/p>\n<p>Lesen Sie mehr \u00fcber The World Peace Flame: <a href=\"https:\/\/www.wpfbronckhorst.nl\" target=\"_blank\" rel=\"noopener\">https:\/\/www.wpfbronckhorst.nl<\/a><\/p>\n<\/div><\/div><\/div><div class=\"fusion-layout-column fusion_builder_column fusion-builder-column-5 fusion_builder_column_1_3 1_3 fusion-flex-column\" style=\"--awb-bg-size:cover;--awb-width-large:33.333333333333%;--awb-margin-top-large:0px;--awb-spacing-right-large:5.76%;--awb-margin-bottom-large:20px;--awb-spacing-left-large:5.76%;--awb-width-medium:33.333333333333%;--awb-order-medium:0;--awb-spacing-right-medium:5.76%;--awb-spacing-left-medium:5.76%;--awb-width-small:100%;--awb-order-small:0;--awb-spacing-right-small:1.92%;--awb-spacing-left-small:1.92%;\"><div class=\"fusion-column-wrapper fusion-column-has-shadow fusion-flex-justify-content-flex-start fusion-content-layout-column\"><div class=\"fusion-image-element \" style=\"--awb-margin-bottom:10px;--awb-caption-title-font-family:var(--h2_typography-font-family);--awb-caption-title-font-weight:var(--h2_typography-font-weight);--awb-caption-title-font-style:var(--h2_typography-font-style);--awb-caption-title-size:var(--h2_typography-font-size);--awb-caption-title-transform:var(--h2_typography-text-transform);--awb-caption-title-line-height:var(--h2_typography-line-height);--awb-caption-title-letter-spacing:var(--h2_typography-letter-spacing);\"><span class=\" fusion-imageframe imageframe-none imageframe-3 hover-type-none\"><img decoding=\"async\" width=\"225\" height=\"300\" alt=\"Weltfriedensflamme \u2013 Bronckhorst\" title=\"Weltfriedensflamme \u2013 Bronckhorst\" src=\"https:\/\/nationaalonderduikmuseum.nl\/wp-content\/uploads\/2025\/02\/wpf-bronckhorst-1-225x300.jpg\" class=\"img-responsive wp-image-3228\" srcset=\"https:\/\/nationaalonderduikmuseum.nl\/wp-content\/uploads\/2025\/02\/wpf-bronckhorst-1-200x267.jpg 200w, https:\/\/nationaalonderduikmuseum.nl\/wp-content\/uploads\/2025\/02\/wpf-bronckhorst-1-400x533.jpg 400w, https:\/\/nationaalonderduikmuseum.nl\/wp-content\/uploads\/2025\/02\/wpf-bronckhorst-1-600x800.jpg 600w, https:\/\/nationaalonderduikmuseum.nl\/wp-content\/uploads\/2025\/02\/wpf-bronckhorst-1.jpg 709w\" sizes=\"(max-width: 800px) 100vw, 600px\" \/><\/span><\/div><div class=\"fusion-text fusion-text-5\"><p><em>Weltfriedensflamme \u2013 Bronckhorst<\/em><\/p>\n<\/div><div class=\"fusion-image-element \" style=\"--awb-margin-bottom:40px;--awb-caption-title-font-family:var(--h2_typography-font-family);--awb-caption-title-font-weight:var(--h2_typography-font-weight);--awb-caption-title-font-style:var(--h2_typography-font-style);--awb-caption-title-size:var(--h2_typography-font-size);--awb-caption-title-transform:var(--h2_typography-text-transform);--awb-caption-title-line-height:var(--h2_typography-line-height);--awb-caption-title-letter-spacing:var(--h2_typography-letter-spacing);\"><span class=\" fusion-imageframe imageframe-none imageframe-4 hover-type-none\"><img decoding=\"async\" width=\"150\" height=\"150\" alt=\"Weltfriedensflamme \u2013 Bronckhorst\" title=\"Weltfriedensflamme \u2013 Bronckhorst\" src=\"https:\/\/nationaalonderduikmuseum.nl\/wp-content\/uploads\/2025\/02\/images-150x150.jpg\" class=\"img-responsive wp-image-3231\" srcset=\"https:\/\/nationaalonderduikmuseum.nl\/wp-content\/uploads\/2025\/02\/images-66x66.jpg 66w, https:\/\/nationaalonderduikmuseum.nl\/wp-content\/uploads\/2025\/02\/images-150x150.jpg 150w, https:\/\/nationaalonderduikmuseum.nl\/wp-content\/uploads\/2025\/02\/images-200x200.jpg 200w\" sizes=\"(max-width: 150px) 100vw, 150px\" \/><\/span><\/div><\/div><\/div><\/div><\/div><div class=\"fusion-fullwidth fullwidth-box fusion-builder-row-4 fusion-flex-container has-pattern-background has-mask-background nonhundred-percent-fullwidth non-hundred-percent-height-scrolling\" style=\"--link_color: #ffffff;--awb-border-color:#ffffff;--awb-border-radius-top-left:0px;--awb-border-radius-top-right:0px;--awb-border-radius-bottom-right:0px;--awb-border-radius-bottom-left:0px;--awb-padding-top:0px;--awb-padding-bottom:0px;--awb-margin-top:0px;--awb-margin-bottom:10px;--awb-flex-wrap:wrap;\" ><div class=\"fusion-builder-row fusion-row fusion-flex-align-items-flex-start fusion-flex-content-wrap\" style=\"max-width:1456px;margin-left: calc(-4% \/ 2 );margin-right: calc(-4% \/ 2 );\"><div class=\"fusion-layout-column fusion_builder_column fusion-builder-column-6 fusion_builder_column_1_1 1_1 fusion-flex-column fusion-flex-align-self-flex-start\" style=\"--awb-padding-top:0px;--awb-padding-bottom:0px;--awb-bg-size:cover;--awb-border-color:var(--awb-color4);--awb-border-top:2px;--awb-border-right:2px;--awb-border-bottom:2px;--awb-border-left:2px;--awb-border-style:solid;--awb-width-large:100%;--awb-margin-top-large:0px;--awb-spacing-right-large:1.92%;--awb-margin-bottom-large:0px;--awb-spacing-left-large:1.92%;--awb-width-medium:100%;--awb-order-medium:0;--awb-spacing-right-medium:1.92%;--awb-spacing-left-medium:1.92%;--awb-width-small:100%;--awb-order-small:0;--awb-spacing-right-small:1.92%;--awb-spacing-left-small:1.92%;\" data-scroll-devices=\"small-visibility,medium-visibility,large-visibility\"><div class=\"fusion-column-wrapper fusion-column-has-shadow fusion-flex-justify-content-flex-start fusion-content-layout-column\"><\/div><\/div><\/div><\/div><div class=\"fusion-fullwidth fullwidth-box fusion-builder-row-5 fusion-flex-container has-pattern-background has-mask-background nonhundred-percent-fullwidth non-hundred-percent-height-scrolling\" style=\"--awb-border-radius-top-left:0px;--awb-border-radius-top-right:0px;--awb-border-radius-bottom-right:0px;--awb-border-radius-bottom-left:0px;--awb-padding-top:0px;--awb-padding-bottom:0px;--awb-margin-top:0px;--awb-flex-wrap:wrap;\" ><div class=\"fusion-builder-row fusion-row fusion-flex-align-items-flex-start fusion-flex-content-wrap\" style=\"max-width:1456px;margin-left: calc(-4% \/ 2 );margin-right: calc(-4% \/ 2 );\"><div class=\"fusion-layout-column fusion_builder_column fusion-builder-column-7 fusion_builder_column_2_3 2_3 fusion-flex-column\" style=\"--awb-padding-top:0px;--awb-padding-bottom:0px;--awb-bg-size:cover;--awb-width-large:66.666666666667%;--awb-margin-top-large:0px;--awb-spacing-right-large:2.88%;--awb-margin-bottom-large:0px;--awb-spacing-left-large:2.88%;--awb-width-medium:66.666666666667%;--awb-order-medium:0;--awb-spacing-right-medium:2.88%;--awb-spacing-left-medium:2.88%;--awb-width-small:100%;--awb-order-small:0;--awb-spacing-right-small:1.92%;--awb-spacing-left-small:1.92%;\" data-scroll-devices=\"small-visibility,medium-visibility,large-visibility\"><div class=\"fusion-column-wrapper fusion-column-has-shadow fusion-flex-justify-content-flex-start fusion-content-layout-column\"><div class=\"fusion-text fusion-text-6\"><h3><strong>Gedenken und Gedenken<\/strong><\/h3>\n<h3><strong>Der H\u00f6rstein \u00fcber das Drama von Baak  <\/strong><\/h3>\n<p>Der Krieg ist fast vorbei. Baak wurde am 2. April 1945 befreit. Dennoch leisten die Besatzungstruppen weiterhin Widerstand und feuern Granaten ab. Dieses Feuergefecht forderte in Baak 14 weitere Menschenleben, darunter sieben Kinder. Eine Granate kostete sogar acht Bewohner das Leben. Zur Erinnerung an diese Trag\u00f6die wurde 2013 an dieser Stelle, an der diese Geschichte erz\u00e4hlt wird, ein Abh\u00f6rstein aufgestellt. Der H\u00f6rstein ist Teil der Befreiungsroute Europa (LRE).      <\/p>\n<p>Die Abh\u00f6rsteine sind Felsbrocken mit einer Tafel mit einem QR-Code, der sofort die M\u00f6glichkeit bietet, Informationen telefonisch anzuh\u00f6ren. Die Abh\u00f6rsteine in Achterhoek und Liemers sind Teil der sogenannten &#8218;Befreiungsroute Europa&#8216;. Sie folgt der Route der alliierten Befreier von 1944 und 1945. Verstreut im Achterhoek und in Liemers wurden mehrere Abh\u00f6rsteine zu besonderen Anl\u00e4ssen aufgestellt.   <\/p>\n<p>Quelle: <a href=\"https:\/\/achterhoek.nl\/luistersteen-baak\" target=\"_blank\" rel=\"noopener\">https:\/\/achterhoek.nl\/luistersteen-baak<\/a><\/p>\n<\/div><\/div><\/div><div class=\"fusion-layout-column fusion_builder_column fusion-builder-column-8 fusion_builder_column_1_3 1_3 fusion-flex-column\" style=\"--awb-bg-size:cover;--awb-width-large:33.333333333333%;--awb-margin-top-large:0px;--awb-spacing-right-large:5.76%;--awb-margin-bottom-large:20px;--awb-spacing-left-large:5.76%;--awb-width-medium:33.333333333333%;--awb-order-medium:0;--awb-spacing-right-medium:5.76%;--awb-spacing-left-medium:5.76%;--awb-width-small:100%;--awb-order-small:0;--awb-spacing-right-small:1.92%;--awb-spacing-left-small:1.92%;\"><div class=\"fusion-column-wrapper fusion-column-has-shadow fusion-flex-justify-content-flex-start fusion-content-layout-column\"><div class=\"fusion-image-element \" style=\"--awb-margin-bottom:10px;--awb-caption-title-font-family:var(--h2_typography-font-family);--awb-caption-title-font-weight:var(--h2_typography-font-weight);--awb-caption-title-font-style:var(--h2_typography-font-style);--awb-caption-title-size:var(--h2_typography-font-size);--awb-caption-title-transform:var(--h2_typography-text-transform);--awb-caption-title-line-height:var(--h2_typography-line-height);--awb-caption-title-letter-spacing:var(--h2_typography-letter-spacing);\"><span class=\" fusion-imageframe imageframe-none imageframe-5 hover-type-none\"><img decoding=\"async\" width=\"300\" height=\"200\" alt=\"H\u00f6rstein Baak\" title=\"H\u00f6rstein Baak\" src=\"https:\/\/nationaalonderduikmuseum.nl\/wp-content\/uploads\/2025\/02\/Luistersteen-Baak-1-300x200.jpg\" class=\"img-responsive wp-image-3234\" srcset=\"https:\/\/nationaalonderduikmuseum.nl\/wp-content\/uploads\/2025\/02\/Luistersteen-Baak-1-200x133.jpg 200w, https:\/\/nationaalonderduikmuseum.nl\/wp-content\/uploads\/2025\/02\/Luistersteen-Baak-1-400x267.jpg 400w, https:\/\/nationaalonderduikmuseum.nl\/wp-content\/uploads\/2025\/02\/Luistersteen-Baak-1-600x400.jpg 600w, https:\/\/nationaalonderduikmuseum.nl\/wp-content\/uploads\/2025\/02\/Luistersteen-Baak-1-800x533.jpg 800w, https:\/\/nationaalonderduikmuseum.nl\/wp-content\/uploads\/2025\/02\/Luistersteen-Baak-1.jpg 945w\" sizes=\"(max-width: 800px) 100vw, 600px\" \/><\/span><\/div><div class=\"fusion-image-element \" style=\"--awb-margin-bottom:40px;--awb-caption-title-font-family:var(--h2_typography-font-family);--awb-caption-title-font-weight:var(--h2_typography-font-weight);--awb-caption-title-font-style:var(--h2_typography-font-style);--awb-caption-title-size:var(--h2_typography-font-size);--awb-caption-title-transform:var(--h2_typography-text-transform);--awb-caption-title-line-height:var(--h2_typography-line-height);--awb-caption-title-letter-spacing:var(--h2_typography-letter-spacing);\"><span class=\" fusion-imageframe imageframe-none imageframe-6 hover-type-none\"><img decoding=\"async\" width=\"300\" height=\"200\" alt=\"H\u00f6rstein Baak\" title=\"H\u00f6rstein Baak\" src=\"https:\/\/nationaalonderduikmuseum.nl\/wp-content\/uploads\/2025\/02\/Luistersteen-Baak-2-300x200.jpg\" class=\"img-responsive wp-image-3237\" srcset=\"https:\/\/nationaalonderduikmuseum.nl\/wp-content\/uploads\/2025\/02\/Luistersteen-Baak-2-200x133.jpg 200w, https:\/\/nationaalonderduikmuseum.nl\/wp-content\/uploads\/2025\/02\/Luistersteen-Baak-2-400x267.jpg 400w, https:\/\/nationaalonderduikmuseum.nl\/wp-content\/uploads\/2025\/02\/Luistersteen-Baak-2-600x400.jpg 600w, https:\/\/nationaalonderduikmuseum.nl\/wp-content\/uploads\/2025\/02\/Luistersteen-Baak-2-800x533.jpg 800w, https:\/\/nationaalonderduikmuseum.nl\/wp-content\/uploads\/2025\/02\/Luistersteen-Baak-2.jpg 1134w\" sizes=\"(max-width: 800px) 100vw, 600px\" \/><\/span><\/div><div class=\"fusion-text fusion-text-7\"><p><em>H\u00f6rstein Baak<\/em><\/p>\n<\/div><\/div><\/div><\/div><\/div><div class=\"fusion-fullwidth fullwidth-box fusion-builder-row-6 fusion-flex-container has-pattern-background has-mask-background nonhundred-percent-fullwidth non-hundred-percent-height-scrolling\" style=\"--awb-border-radius-top-left:0px;--awb-border-radius-top-right:0px;--awb-border-radius-bottom-right:0px;--awb-border-radius-bottom-left:0px;--awb-padding-top:0px;--awb-padding-bottom:0px;--awb-margin-top:0px;--awb-flex-wrap:wrap;\" ><div class=\"fusion-builder-row fusion-row fusion-flex-align-items-flex-start fusion-flex-content-wrap\" style=\"max-width:1456px;margin-left: calc(-4% \/ 2 );margin-right: calc(-4% \/ 2 );\"><div class=\"fusion-layout-column fusion_builder_column fusion-builder-column-9 fusion_builder_column_2_3 2_3 fusion-flex-column\" style=\"--awb-padding-top:0px;--awb-padding-bottom:0px;--awb-bg-size:cover;--awb-width-large:66.666666666667%;--awb-margin-top-large:0px;--awb-spacing-right-large:2.88%;--awb-margin-bottom-large:0px;--awb-spacing-left-large:2.88%;--awb-width-medium:66.666666666667%;--awb-order-medium:0;--awb-spacing-right-medium:2.88%;--awb-spacing-left-medium:2.88%;--awb-width-small:100%;--awb-order-small:0;--awb-spacing-right-small:1.92%;--awb-spacing-left-small:1.92%;\" data-scroll-devices=\"small-visibility,medium-visibility,large-visibility\"><div class=\"fusion-column-wrapper fusion-column-has-shadow fusion-flex-justify-content-flex-start fusion-content-layout-column\"><div class=\"fusion-text fusion-text-8\"><h3><strong>Gedenkst\u00e4tte Agterkamp und Besselink in Steenderen<\/strong><\/h3>\n<p>Jan Willem Agterkamp und Bernard Besselink sind Nachbarn. Sie helfen zwei Piloten bei der Flucht nach England. Leider werden sie verraten und verhaftet. Die Piloten werden von den Besatzungstruppen verhaftet und die M\u00e4nner zum Tode verurteilt, weil sie dem Feind geholfen haben. Sie werden in den D\u00fcnen von Bloemendaal ausgef\u00fchrt. Agterkamp ist auf dem Generalfriedhof in Steenderen beigesetzt. Besselink wird auf dem Ehrenfriedhof der War Graves Foundation in Loenen (wieder) beigesetzt.      <\/p>\n<p>Im ehemaligen Rathaus in Steenderen steht ein Denkmal zum Gedenken an diese tapferen M\u00e4nner. Jedes Jahr findet hier am 4. Mai eine Gedenkfeier statt. <\/p>\n<p>Quelle: <a href=\"https:\/\/oorlogsgravenstichting.nl\/personen\/1698\/jan-willem-agterkamp\" target=\"_blank\" rel=\"noopener\">https:\/\/oorlogsgravenstichting.nl\/personen\/1698\/jan-willem-agterkamp<\/a><\/p>\n<\/div><\/div><\/div><div class=\"fusion-layout-column fusion_builder_column fusion-builder-column-10 fusion_builder_column_1_3 1_3 fusion-flex-column\" style=\"--awb-bg-size:cover;--awb-width-large:33.333333333333%;--awb-margin-top-large:0px;--awb-spacing-right-large:5.76%;--awb-margin-bottom-large:20px;--awb-spacing-left-large:5.76%;--awb-width-medium:33.333333333333%;--awb-order-medium:0;--awb-spacing-right-medium:5.76%;--awb-spacing-left-medium:5.76%;--awb-width-small:100%;--awb-order-small:0;--awb-spacing-right-small:1.92%;--awb-spacing-left-small:1.92%;\"><div class=\"fusion-column-wrapper fusion-column-has-shadow fusion-flex-justify-content-flex-start fusion-content-layout-column\"><div class=\"fusion-image-element \" style=\"--awb-caption-title-font-family:var(--h2_typography-font-family);--awb-caption-title-font-weight:var(--h2_typography-font-weight);--awb-caption-title-font-style:var(--h2_typography-font-style);--awb-caption-title-size:var(--h2_typography-font-size);--awb-caption-title-transform:var(--h2_typography-text-transform);--awb-caption-title-line-height:var(--h2_typography-line-height);--awb-caption-title-letter-spacing:var(--h2_typography-letter-spacing);\"><span class=\" fusion-imageframe imageframe-none imageframe-7 hover-type-none\"><img decoding=\"async\" width=\"200\" height=\"300\" alt=\"Gedenkst\u00e4tte Agterkamp und Besselink\" title=\"Gedenkst\u00e4tte Agterkamp und Besselink\" src=\"https:\/\/nationaalonderduikmuseum.nl\/wp-content\/uploads\/2025\/02\/Agterkamp-en-Besselink-2-200x300.jpg\" class=\"img-responsive wp-image-3240\" srcset=\"https:\/\/nationaalonderduikmuseum.nl\/wp-content\/uploads\/2025\/02\/Agterkamp-en-Besselink-2-200x300.jpg 200w, https:\/\/nationaalonderduikmuseum.nl\/wp-content\/uploads\/2025\/02\/Agterkamp-en-Besselink-2-400x600.jpg 400w, https:\/\/nationaalonderduikmuseum.nl\/wp-content\/uploads\/2025\/02\/Agterkamp-en-Besselink-2-600x900.jpg 600w, https:\/\/nationaalonderduikmuseum.nl\/wp-content\/uploads\/2025\/02\/Agterkamp-en-Besselink-2.jpg 792w\" sizes=\"(max-width: 800px) 100vw, 600px\" \/><\/span><\/div><\/div><\/div><\/div><\/div><div class=\"fusion-fullwidth fullwidth-box fusion-builder-row-7 fusion-flex-container has-pattern-background has-mask-background nonhundred-percent-fullwidth non-hundred-percent-height-scrolling\" style=\"--link_color: #ffffff;--awb-border-color:#ffffff;--awb-border-radius-top-left:0px;--awb-border-radius-top-right:0px;--awb-border-radius-bottom-right:0px;--awb-border-radius-bottom-left:0px;--awb-padding-top:0px;--awb-padding-bottom:0px;--awb-margin-top:0px;--awb-margin-bottom:10px;--awb-flex-wrap:wrap;\" ><div class=\"fusion-builder-row fusion-row fusion-flex-align-items-flex-start fusion-flex-content-wrap\" style=\"max-width:1456px;margin-left: calc(-4% \/ 2 );margin-right: calc(-4% \/ 2 );\"><div class=\"fusion-layout-column fusion_builder_column fusion-builder-column-11 fusion_builder_column_1_1 1_1 fusion-flex-column fusion-flex-align-self-flex-start\" style=\"--awb-padding-top:0px;--awb-padding-bottom:0px;--awb-bg-size:cover;--awb-border-color:var(--awb-color4);--awb-border-top:2px;--awb-border-right:2px;--awb-border-bottom:2px;--awb-border-left:2px;--awb-border-style:solid;--awb-width-large:100%;--awb-margin-top-large:0px;--awb-spacing-right-large:1.92%;--awb-margin-bottom-large:0px;--awb-spacing-left-large:1.92%;--awb-width-medium:100%;--awb-order-medium:0;--awb-spacing-right-medium:1.92%;--awb-spacing-left-medium:1.92%;--awb-width-small:100%;--awb-order-small:0;--awb-spacing-right-small:1.92%;--awb-spacing-left-small:1.92%;\" data-scroll-devices=\"small-visibility,medium-visibility,large-visibility\"><div class=\"fusion-column-wrapper fusion-column-has-shadow fusion-flex-justify-content-flex-start fusion-content-layout-column\"><\/div><\/div><\/div><\/div><div class=\"fusion-fullwidth fullwidth-box fusion-builder-row-8 fusion-flex-container has-pattern-background has-mask-background nonhundred-percent-fullwidth non-hundred-percent-height-scrolling\" style=\"--awb-border-radius-top-left:0px;--awb-border-radius-top-right:0px;--awb-border-radius-bottom-right:0px;--awb-border-radius-bottom-left:0px;--awb-padding-top:0px;--awb-padding-bottom:0px;--awb-margin-top:0px;--awb-flex-wrap:wrap;\" ><div class=\"fusion-builder-row fusion-row fusion-flex-align-items-flex-start fusion-flex-content-wrap\" style=\"max-width:1456px;margin-left: calc(-4% \/ 2 );margin-right: calc(-4% \/ 2 );\"><div class=\"fusion-layout-column fusion_builder_column fusion-builder-column-12 fusion_builder_column_2_3 2_3 fusion-flex-column\" style=\"--awb-padding-top:0px;--awb-padding-bottom:0px;--awb-bg-size:cover;--awb-width-large:66.666666666667%;--awb-margin-top-large:0px;--awb-spacing-right-large:2.88%;--awb-margin-bottom-large:0px;--awb-spacing-left-large:2.88%;--awb-width-medium:66.666666666667%;--awb-order-medium:0;--awb-spacing-right-medium:2.88%;--awb-spacing-left-medium:2.88%;--awb-width-small:100%;--awb-order-small:0;--awb-spacing-right-small:1.92%;--awb-spacing-left-small:1.92%;\" data-scroll-devices=\"small-visibility,medium-visibility,large-visibility\"><div class=\"fusion-column-wrapper fusion-column-has-shadow fusion-flex-justify-content-flex-start fusion-content-layout-column\"><div class=\"fusion-text fusion-text-9\"><h3><strong>Schwere deutsche Soldaten<\/strong><\/h3>\n<p>In der Gemeinde Brockhorst sind auch deutsche Piloten und Soldaten auf dem Friedhof in Vorden beigesetzt. Dies ist besonders, denn nach dem Krieg wurden fast alle deutschen Soldaten, die im Ersten und Zweiten Weltkrieg auf niederl\u00e4ndischem Boden starben, auf den Ysselsteyner Deutschen Kriegsfriedhof (Limburg) \u00fcberf\u00fchrt. Dort sind alle Gr\u00e4ber mit demselben Betonkreuz ausgestattet.  <\/p>\n<p>Die zehn deutschen Soldaten in Vorden starben w\u00e4hrend der Befreiung Ende M\u00e4rz 1945 in der N\u00e4he der Gemeinde Bronckhorst. Der Vater eines von ihnen (Adolf Hild, 20 Jahre alt) m\u00f6chte nicht, dass sein Sohn in einem anonymen Grab in Ysselsteyn beigesetzt wird. Er beschlie\u00dft, ein gemeinsames Grab zu kaufen und es zum Gedenken an seinen Sohn und die anderen M\u00e4nner mit einer nat\u00fcrlichen Steinbedeckung zu versehen.  <\/p>\n<p>Das sogenannte &#8222;Genossengrab&#8220; der zehn deutschen Soldaten befindet sich in der N\u00e4he der gefallenen alliierten Gr\u00e4ber. Verwandte legen jedes Jahr Blumen am Grab nieder. <\/p>\n<p>Diese zehn deutschen Soldaten sind in Vorden beigesetzt<br \/>\n: Gustav Platen \u2013 Unteroffizier, Pilot<br \/>\nKlaus Heymann \u2013 Leutnant (vermutlich von Kollegen als Deserteur erschossen)<br \/>\n Franz Rauchenberger \u2013 Oberkorporal<br \/>\nSimon Berndlstetter \u2013 Unteroffizier<br \/>\nGottlieb Ritter \u2013 Unteroffizier<br \/>\nWilhelm Maack \u2013 Oberkorporal<br \/>\nHugo Fritz \u2013 Feldwebel, Pilot<br \/>\nAdolf Hild \u2013 Oberkorporal, Pilot<br \/>\nHeinz Burkhardt \u2013 Feldwebel, Pilot<br \/>\nWalter Zaumsegel \u2013 Unteroffizier, Pilot<\/p>\n<p>Das Gedenken und mit den Deutschen zusammen ist immer noch ein sehr sensibles Thema. Die Feier der Freiheit erfolgt oft grenz\u00fcberschreitend von den Grenzgemeinden des Achterhoek, aus dem Bewusstsein f\u00fcr die gemeinsame Verantwortung f\u00fcr die Freiheit. <\/p>\n<p>Im Podcast <em>Ten Germans, one grave <\/em>, diskutieren die Reporter Judah Bolink und Nieke Hoitink \u00fcber die Gedenkfeier in Vorden (2012) und die landesweit ausgel\u00f6sten Spannungen, verlinkt \u00fcber <a href=\"https:\/\/podcasts.apple.com\/us\/podcast\/tien-duitsers-%C3%A9%C3%A9n-graf\/id1620666457\" target=\"_blank\" rel=\"noopener\">Apple Podcasts<\/a> oder <a href=\"https:\/\/open.spotify.com\/show\/1F1EA3vj8klE427bBxHXXy?si=kyl5UGhsSIuuyUE3XIeHGw&amp;nd=1\" target=\"_blank\" rel=\"noopener\">Spotify<\/a>.<\/p>\n<p>Quelle: <a href=\"https:\/\/www.tracesofwar.nl\/sights\/4771\/Duitse-Oorlogsgraven-Vorden.htm\" target=\"_blank\" rel=\"noopener\">https:\/\/www.tracesofwar.nl\/sights\/4771\/Duitse-Oorlogsgraven-Vorden.htm<\/a><\/p>\n<\/div><\/div><\/div><div class=\"fusion-layout-column fusion_builder_column fusion-builder-column-13 fusion_builder_column_1_3 1_3 fusion-flex-column\" style=\"--awb-bg-size:cover;--awb-width-large:33.333333333333%;--awb-margin-top-large:0px;--awb-spacing-right-large:5.76%;--awb-margin-bottom-large:20px;--awb-spacing-left-large:5.76%;--awb-width-medium:33.333333333333%;--awb-order-medium:0;--awb-spacing-right-medium:5.76%;--awb-spacing-left-medium:5.76%;--awb-width-small:100%;--awb-order-small:0;--awb-spacing-right-small:1.92%;--awb-spacing-left-small:1.92%;\"><div class=\"fusion-column-wrapper fusion-column-has-shadow fusion-flex-justify-content-flex-start fusion-content-layout-column\"><div class=\"fusion-image-element \" style=\"--awb-margin-bottom:10px;--awb-caption-title-font-family:var(--h2_typography-font-family);--awb-caption-title-font-weight:var(--h2_typography-font-weight);--awb-caption-title-font-style:var(--h2_typography-font-style);--awb-caption-title-size:var(--h2_typography-font-size);--awb-caption-title-transform:var(--h2_typography-text-transform);--awb-caption-title-line-height:var(--h2_typography-line-height);--awb-caption-title-letter-spacing:var(--h2_typography-letter-spacing);\"><span class=\" fusion-imageframe imageframe-none imageframe-8 hover-type-none\"><img decoding=\"async\" width=\"701\" height=\"467\" alt=\"Grab der Genossen\" title=\"Kameradengrab Vorden\" src=\"https:\/\/nationaalonderduikmuseum.nl\/wp-content\/uploads\/2025\/02\/DuitseGravenVorden.jpg\" class=\"img-responsive wp-image-3243\" srcset=\"https:\/\/nationaalonderduikmuseum.nl\/wp-content\/uploads\/2025\/02\/DuitseGravenVorden-200x133.jpg 200w, https:\/\/nationaalonderduikmuseum.nl\/wp-content\/uploads\/2025\/02\/DuitseGravenVorden-400x266.jpg 400w, https:\/\/nationaalonderduikmuseum.nl\/wp-content\/uploads\/2025\/02\/DuitseGravenVorden-600x400.jpg 600w, https:\/\/nationaalonderduikmuseum.nl\/wp-content\/uploads\/2025\/02\/DuitseGravenVorden.jpg 701w\" sizes=\"(max-width: 800px) 100vw, 600px\" \/><\/span><\/div><\/div><\/div><\/div><\/div><\/p>\n","protected":false},"excerpt":{"rendered":"","protected":false},"author":4,"featured_media":0,"parent":6050,"menu_order":3,"comment_status":"closed","ping_status":"closed","template":"100-width.php","meta":{"footnotes":""},"class_list":["post-6133","page","type-page","status-publish","hentry"],"aioseo_notices":[],"_links":{"self":[{"href":"https:\/\/nationaalonderduikmuseum.nl\/de\/wp-json\/wp\/v2\/pages\/6133","targetHints":{"allow":["GET"]}}],"collection":[{"href":"https:\/\/nationaalonderduikmuseum.nl\/de\/wp-json\/wp\/v2\/pages"}],"about":[{"href":"https:\/\/nationaalonderduikmuseum.nl\/de\/wp-json\/wp\/v2\/types\/page"}],"author":[{"embeddable":true,"href":"https:\/\/nationaalonderduikmuseum.nl\/de\/wp-json\/wp\/v2\/users\/4"}],"replies":[{"embeddable":true,"href":"https:\/\/nationaalonderduikmuseum.nl\/de\/wp-json\/wp\/v2\/comments?post=6133"}],"version-history":[{"count":3,"href":"https:\/\/nationaalonderduikmuseum.nl\/de\/wp-json\/wp\/v2\/pages\/6133\/revisions"}],"predecessor-version":[{"id":6137,"href":"https:\/\/nationaalonderduikmuseum.nl\/de\/wp-json\/wp\/v2\/pages\/6133\/revisions\/6137"}],"up":[{"embeddable":true,"href":"https:\/\/nationaalonderduikmuseum.nl\/de\/wp-json\/wp\/v2\/pages\/6050"}],"wp:attachment":[{"href":"https:\/\/nationaalonderduikmuseum.nl\/de\/wp-json\/wp\/v2\/media?parent=6133"}],"curies":[{"name":"wp","href":"https:\/\/api.w.org\/{rel}","templated":true}]}}