{"id":6116,"date":"2025-01-20T13:35:06","date_gmt":"2025-01-20T13:35:06","guid":{"rendered":"https:\/\/nationaalonderduikmuseum.nl\/programma-vrijheid\/quartett\/montferland\/"},"modified":"2026-04-01T07:29:14","modified_gmt":"2026-04-01T07:29:14","slug":"montferland","status":"publish","type":"page","link":"https:\/\/nationaalonderduikmuseum.nl\/de\/programma-vrijheid\/quartett\/montferland\/","title":{"rendered":"Montferland"},"content":{"rendered":"<p><div class=\"fusion-fullwidth fullwidth-box fusion-builder-row-1 fusion-flex-container has-pattern-background has-mask-background nonhundred-percent-fullwidth non-hundred-percent-height-scrolling\" style=\"--awb-border-radius-top-left:0px;--awb-border-radius-top-right:0px;--awb-border-radius-bottom-right:0px;--awb-border-radius-bottom-left:0px;--awb-padding-top:30px;--awb-padding-bottom:0px;--awb-margin-top:0px;--awb-margin-bottom:0px;--awb-flex-wrap:wrap;\" ><div class=\"fusion-builder-row fusion-row fusion-flex-align-items-flex-start fusion-flex-content-wrap\" style=\"max-width:1456px;margin-left: calc(-4% \/ 2 );margin-right: calc(-4% \/ 2 );\"><div class=\"fusion-layout-column fusion_builder_column fusion-builder-column-0 fusion_builder_column_1_1 1_1 fusion-flex-column\" style=\"--awb-bg-size:cover;--awb-width-large:100%;--awb-margin-top-large:0px;--awb-spacing-right-large:1.92%;--awb-margin-bottom-large:20px;--awb-spacing-left-large:1.92%;--awb-width-medium:100%;--awb-order-medium:0;--awb-spacing-right-medium:1.92%;--awb-spacing-left-medium:1.92%;--awb-width-small:100%;--awb-order-small:0;--awb-spacing-right-small:1.92%;--awb-spacing-left-small:1.92%;\"><div class=\"fusion-column-wrapper fusion-column-has-shadow fusion-flex-justify-content-flex-start fusion-content-layout-column\"><div class=\"fusion-title title fusion-title-1 fusion-sep-none fusion-title-text fusion-title-size-one\" style=\"--awb-margin-top-small:8px;--awb-margin-right-small:0px;--awb-margin-bottom-small:16px;--awb-margin-left-small:0px;\"><h1 class=\"fusion-title-heading title-heading-left fusion-responsive-typography-calculated\" style=\"margin:0;--fontSize:64;line-height:1.25;\"><h1>Montferland<\/h1><\/h1><\/div><\/div><\/div><div class=\"fusion-layout-column fusion_builder_column fusion-builder-column-1 fusion_builder_column_2_3 2_3 fusion-flex-column\" style=\"--awb-padding-top:0px;--awb-padding-bottom:0px;--awb-bg-size:cover;--awb-width-large:66.666666666667%;--awb-margin-top-large:0px;--awb-spacing-right-large:2.88%;--awb-margin-bottom-large:0px;--awb-spacing-left-large:2.88%;--awb-width-medium:66.666666666667%;--awb-order-medium:0;--awb-spacing-right-medium:2.88%;--awb-spacing-left-medium:2.88%;--awb-width-small:100%;--awb-order-small:0;--awb-spacing-right-small:1.92%;--awb-spacing-left-small:1.92%;\" data-scroll-devices=\"small-visibility,medium-visibility,large-visibility\"><div class=\"fusion-column-wrapper fusion-column-has-shadow fusion-flex-justify-content-flex-start fusion-content-layout-column\"><div class=\"fusion-text fusion-text-1\"><h2 class=\"fusion-responsive-typography-calculated\" style=\"--fontsize: 48; line-height: 1.2;\" data-fontsize=\"48\" data-lineheight=\"57.6px\">Gedicht &#8218;Unsere H\u00fctte&#8216;<\/h2>\n<p>Die Farm der Familie Garben in Montferland dient als provisorischer Unterschlupf f\u00fcr verwundete Alliierte. Im Heuboden, \u00fcber den K\u00fchen, versteckt sich die j\u00fcdische Betty Straus seit anderthalb Jahren zusammen mit ihrem Bruder und ihrer Schwester. Sie \u00fcberleben den Krieg, und Sara Betty Straus reist nach dem Krieg nach Los Angeles, USA. Sara Betty schreibt ein Gedicht \u00fcber die Befreiung, in dem sie reflektiert, wie es ist, gemeinsam in einem Haufen zu leben.   <\/p>\n<p>Die Zeile &#8222;Und sind wir im Versteck oben?&#8220; war die Inspiration f\u00fcr das Design des <a href=\"https:\/\/www.berghapedia.nl\/index.php?title=Verzetsmonument_Azewijn\" target=\"_blank\" rel=\"noopener\">Widerstandsmonuments in Azewijn<\/a>, das 2021 enth\u00fcllt wurde.<\/p>\n<p>Das Originalmanuskript des Gedichts wird heute im Holocaust Museum in Washington DC aufbewahrt.<\/p>\n<p><strong>UNSERE H\u00dcTTE<br \/>\n<\/strong><em>Unsere H\u00fctte, zwei mal ein Meter zehn<\/em><br \/>\n<em>ist einzigartig zu sehen.<\/em><br \/>\n<em>Es bietet Platz f\u00fcr drei Personen<\/em><br \/>\n<em>Du kannst darin schlafen; Falls n\u00f6tig, auch im Wohnraum.<\/em><br \/>\n<em>Das Dach und die drei W\u00e4nde bestehen aus Stroh.<\/em><br \/>\n<em>Irgendwo ist das T\u00f6pfchen sehr kunstvoll versteckt.<\/em><br \/>\n<em>Eine Luke befindet sich an der vierten der Mauer,<\/em><br \/>\n<em>Wir k\u00f6nnen hindurchstarren.<\/em><br \/>\n<em>Die Luke sorgt au\u00dferdem f\u00fcr Luft und etwas Licht<\/em><br \/>\n<em>und manchmal ein Mondstrahl auf unseren Gesichtern.<\/em><\/p>\n<p><em>Jeden Abend jetzt, wenn die Sonne untergegangen ist<\/em><br \/>\n<em>Wir holen eine Leiter.<\/em><br \/>\n<em>Man klettert hinauf, bereitet alles vor,<\/em><br \/>\n<em>Dann sind wir weg, bevor du dich versiehst.<\/em><br \/>\n<em>Von unten ert\u00f6nt eine Stimme zu uns:<\/em><br \/>\n<em>&#8222;Bu&#8217;j baoven?&#8220;, ruft Joep, &#8222;Ja&#8220;, klingt es im Chor.<\/em><br \/>\n<em>Die letzte Verbindung nach unten ist kaputt<\/em><br \/>\n<em>Und wir stehen \u00fcber dem &#8222;Verstecken&#8220;.<\/em><\/p>\n<p><em>Wie drei kleine Kleinkinder, sehr brav und ordentlich<\/em><br \/>\n<em>Wir liegen nebeneinander im Bett;<\/em><br \/>\n<em>Aber manchmal m\u00f6chte man umdrehen<\/em><br \/>\n<em>Die anderen m\u00fcssen sich vorantasten.<\/em><br \/>\n<em>Manchmal geht es schnell, manchmal geht es rau,<\/em><br \/>\n<em>Einer gibt dir einen Schlag, der andere einen Schub.<\/em><br \/>\n<em>Und wie du verstehen wirst,<\/em><br \/>\n<em>Auch die Neutralleiter bekommen hier die Kritik.<\/em><\/p>\n<p><em>Manchmal ist das wirklich undenkbar,<\/em><br \/>\n<em>Wir werden von Ratten sehr gest\u00f6rt.<\/em><br \/>\n<em>Sie kommen mit viel Trab an,<\/em><br \/>\n<em>aber Harry greift nach einer Eisenstange<\/em><br \/>\n<em>und Backbord im Strohhalm mit viel L\u00e4rm.<\/em><br \/>\n<em>Die Ratten rennen erschrocken davon.<\/em><\/p>\n<p><em>Und doch schlafen wir trotz aller Sorgen,<\/em><br \/>\n<em>von fr\u00fch am Abend bis zum Morgen.<\/em><br \/>\n<em>Joep kommt und \u00f6ffnet die T\u00fcr erneut<\/em><br \/>\n<em>Der t\u00e4gliche Trott beginnt f\u00fcr uns<\/em><br \/>\n<em>von Spinnen, Stricken und gutem Essen,<\/em><br \/>\n<em>damit man den Krieg fast vergisst.<\/em><br \/>\n<em>Wir m\u00fcssen jedoch gehorchen und trotzdem den Mut bewahren.<\/em><br \/>\n<em>Vertraue weiterhin auf Gott; Eines Tages wird alles wieder gut werden.<\/em><br \/>\n<em>Daher abschlie\u00dfend das herzliche Gebet:<\/em><br \/>\n<em>&#8222;M\u00f6ge bald ein langer Frieden kommen!&#8220;<\/em><\/p>\n<p>Azewijn, Ostern 1944<\/p>\n<p>Quelle: <a href=\"https:\/\/www.berghapedia.nl\/index.php?title=Bestand:Onze_cabine_handschrift-1.jpg\" target=\"_blank\" rel=\"noopener\">https:\/\/www.berghapedia.nl\/index.php?title=Bestand:Onze_cabine_handschrift-1.jpg<\/a><\/p>\n<\/div><\/div><\/div><div class=\"fusion-layout-column fusion_builder_column fusion-builder-column-2 fusion_builder_column_1_3 1_3 fusion-flex-column\" style=\"--awb-bg-size:cover;--awb-width-large:33.333333333333%;--awb-margin-top-large:0px;--awb-spacing-right-large:5.76%;--awb-margin-bottom-large:20px;--awb-spacing-left-large:5.76%;--awb-width-medium:33.333333333333%;--awb-order-medium:0;--awb-spacing-right-medium:5.76%;--awb-spacing-left-medium:5.76%;--awb-width-small:100%;--awb-order-small:0;--awb-spacing-right-small:1.92%;--awb-spacing-left-small:1.92%;\"><div class=\"fusion-column-wrapper fusion-column-has-shadow fusion-flex-justify-content-flex-start fusion-content-layout-column\"><div class=\"fusion-image-element \" style=\"--awb-margin-bottom:10px;--awb-caption-title-font-family:var(--h2_typography-font-family);--awb-caption-title-font-weight:var(--h2_typography-font-weight);--awb-caption-title-font-style:var(--h2_typography-font-style);--awb-caption-title-size:var(--h2_typography-font-size);--awb-caption-title-transform:var(--h2_typography-text-transform);--awb-caption-title-line-height:var(--h2_typography-line-height);--awb-caption-title-letter-spacing:var(--h2_typography-letter-spacing);\"><span class=\" fusion-imageframe imageframe-none imageframe-1 hover-type-none\"><img decoding=\"async\" width=\"770\" height=\"1024\" alt=\"Gedicht: Unsere H\u00fctte (Original)\" title=\"Gedicht: Unsere H\u00fctte (Original)\" src=\"https:\/\/nationaalonderduikmuseum.nl\/wp-content\/uploads\/2025\/02\/Onze_cabine_handschrift-1-770x1024.jpg\" class=\"img-responsive wp-image-3316\" srcset=\"https:\/\/nationaalonderduikmuseum.nl\/wp-content\/uploads\/2025\/02\/Onze_cabine_handschrift-1-200x266.jpg 200w, https:\/\/nationaalonderduikmuseum.nl\/wp-content\/uploads\/2025\/02\/Onze_cabine_handschrift-1-400x532.jpg 400w, https:\/\/nationaalonderduikmuseum.nl\/wp-content\/uploads\/2025\/02\/Onze_cabine_handschrift-1-600x798.jpg 600w, https:\/\/nationaalonderduikmuseum.nl\/wp-content\/uploads\/2025\/02\/Onze_cabine_handschrift-1-800x1064.jpg 800w, https:\/\/nationaalonderduikmuseum.nl\/wp-content\/uploads\/2025\/02\/Onze_cabine_handschrift-1.jpg 852w\" sizes=\"(max-width: 800px) 100vw, 600px\" \/><\/span><\/div><\/div><\/div><\/div><\/div><div class=\"fusion-fullwidth fullwidth-box fusion-builder-row-2 fusion-flex-container has-pattern-background has-mask-background nonhundred-percent-fullwidth non-hundred-percent-height-scrolling\" style=\"--link_color: #ffffff;--awb-border-color:#ffffff;--awb-border-radius-top-left:0px;--awb-border-radius-top-right:0px;--awb-border-radius-bottom-right:0px;--awb-border-radius-bottom-left:0px;--awb-padding-top:0px;--awb-padding-bottom:0px;--awb-margin-top:0px;--awb-margin-bottom:10px;--awb-flex-wrap:wrap;\" ><div class=\"fusion-builder-row fusion-row fusion-flex-align-items-flex-start fusion-flex-content-wrap\" style=\"max-width:1456px;margin-left: calc(-4% \/ 2 );margin-right: calc(-4% \/ 2 );\"><div class=\"fusion-layout-column fusion_builder_column fusion-builder-column-3 fusion_builder_column_1_1 1_1 fusion-flex-column fusion-flex-align-self-flex-start\" style=\"--awb-padding-top:0px;--awb-padding-bottom:0px;--awb-bg-size:cover;--awb-border-color:var(--awb-color4);--awb-border-top:2px;--awb-border-right:2px;--awb-border-bottom:2px;--awb-border-left:2px;--awb-border-style:solid;--awb-width-large:100%;--awb-margin-top-large:0px;--awb-spacing-right-large:1.92%;--awb-margin-bottom-large:0px;--awb-spacing-left-large:1.92%;--awb-width-medium:100%;--awb-order-medium:0;--awb-spacing-right-medium:1.92%;--awb-spacing-left-medium:1.92%;--awb-width-small:100%;--awb-order-small:0;--awb-spacing-right-small:1.92%;--awb-spacing-left-small:1.92%;\" data-scroll-devices=\"small-visibility,medium-visibility,large-visibility\"><div class=\"fusion-column-wrapper fusion-column-has-shadow fusion-flex-justify-content-flex-start fusion-content-layout-column\"><\/div><\/div><\/div><\/div><div class=\"fusion-fullwidth fullwidth-box fusion-builder-row-3 fusion-flex-container has-pattern-background has-mask-background nonhundred-percent-fullwidth non-hundred-percent-height-scrolling\" style=\"--awb-border-radius-top-left:0px;--awb-border-radius-top-right:0px;--awb-border-radius-bottom-right:0px;--awb-border-radius-bottom-left:0px;--awb-padding-top:0px;--awb-padding-bottom:0px;--awb-margin-top:0px;--awb-flex-wrap:wrap;\" ><div class=\"fusion-builder-row fusion-row fusion-flex-align-items-flex-start fusion-flex-content-wrap\" style=\"max-width:1456px;margin-left: calc(-4% \/ 2 );margin-right: calc(-4% \/ 2 );\"><div class=\"fusion-layout-column fusion_builder_column fusion-builder-column-4 fusion_builder_column_2_3 2_3 fusion-flex-column\" style=\"--awb-padding-top:0px;--awb-padding-bottom:0px;--awb-bg-size:cover;--awb-width-large:66.666666666667%;--awb-margin-top-large:0px;--awb-spacing-right-large:2.88%;--awb-margin-bottom-large:0px;--awb-spacing-left-large:2.88%;--awb-width-medium:66.666666666667%;--awb-order-medium:0;--awb-spacing-right-medium:2.88%;--awb-spacing-left-medium:2.88%;--awb-width-small:100%;--awb-order-small:0;--awb-spacing-right-small:1.92%;--awb-spacing-left-small:1.92%;\" data-scroll-devices=\"small-visibility,medium-visibility,large-visibility\"><div class=\"fusion-column-wrapper fusion-column-has-shadow fusion-flex-justify-content-flex-start fusion-content-layout-column\"><div class=\"fusion-text fusion-text-2\"><h2>Kanadische 25-Pf\u00fcnder-Kanone<\/h2>\n<p>Am 3. Mai 2010 stellte das 4. Mai-Gedenkkomitee eine kanadische Kanone auf der Bleek in &#8217;s-Heerenberg zu Ehren der kanadischen Befreier. Das Denkmal wurde am 5. Mai 2010 enth\u00fcllt. Die Kanone wurde gerade deshalb in &#8217;s-Heerenberg platziert, weil diese Stadt oberhalb des Rheins von den Kanadiern befreit wurde.  <\/p>\n<p>Das 25-Pf\u00fcnder-Kanon, das sich in &#8217;s-Heerenberg befindet, wurde w\u00e4hrend des Zweiten Weltkriegs im \u00f6stlichen Teil der Niederlande eingesetzt und kurz nach dem 1. April 1945 \u00fcber Netterden Nederland eingelaufen. Diese Kanone wurde auch im Golfkrieg eingesetzt und dann von der irischen Artillerie eingesetzt. <\/p>\n<p>Im Jahr 2009 nahm die irische Armee die 25-Pf\u00fcnder aus der Bewaffnung und alle Gesch\u00fctze wurden nach Kanada zur\u00fcckgebracht, um zerlegt zu werden. Zwei 25-Pf\u00fcnder wurden von der kanadischen Artillerie an Europa gespendet, eine befindet sich in der N\u00e4he des Invasionsstrandes in der Normandie und die andere in &#8217;s-Heerenberg.<\/p>\n<\/div><\/div><\/div><div class=\"fusion-layout-column fusion_builder_column fusion-builder-column-5 fusion_builder_column_1_3 1_3 fusion-flex-column\" style=\"--awb-bg-size:cover;--awb-width-large:33.333333333333%;--awb-margin-top-large:0px;--awb-spacing-right-large:5.76%;--awb-margin-bottom-large:20px;--awb-spacing-left-large:5.76%;--awb-width-medium:33.333333333333%;--awb-order-medium:0;--awb-spacing-right-medium:5.76%;--awb-spacing-left-medium:5.76%;--awb-width-small:100%;--awb-order-small:0;--awb-spacing-right-small:1.92%;--awb-spacing-left-small:1.92%;\"><div class=\"fusion-column-wrapper fusion-column-has-shadow fusion-flex-justify-content-flex-start fusion-content-layout-column\"><div class=\"fusion-image-element \" style=\"--awb-margin-bottom:10px;--awb-caption-title-font-family:var(--h2_typography-font-family);--awb-caption-title-font-weight:var(--h2_typography-font-weight);--awb-caption-title-font-style:var(--h2_typography-font-style);--awb-caption-title-size:var(--h2_typography-font-size);--awb-caption-title-transform:var(--h2_typography-text-transform);--awb-caption-title-line-height:var(--h2_typography-line-height);--awb-caption-title-letter-spacing:var(--h2_typography-letter-spacing);\"><span class=\" fusion-imageframe imageframe-none imageframe-2 hover-type-none\"><img decoding=\"async\" width=\"945\" height=\"628\" alt=\"Kanadische 25-Pf\u00fcnder-Kanone\" title=\"Kanadische 25-Pf\u00fcnder-Kanone\" src=\"https:\/\/nationaalonderduikmuseum.nl\/wp-content\/uploads\/2025\/02\/Kanon-Heerenberg.jpg\" class=\"img-responsive wp-image-3320\" srcset=\"https:\/\/nationaalonderduikmuseum.nl\/wp-content\/uploads\/2025\/02\/Kanon-Heerenberg-200x133.jpg 200w, https:\/\/nationaalonderduikmuseum.nl\/wp-content\/uploads\/2025\/02\/Kanon-Heerenberg-400x266.jpg 400w, https:\/\/nationaalonderduikmuseum.nl\/wp-content\/uploads\/2025\/02\/Kanon-Heerenberg-600x399.jpg 600w, https:\/\/nationaalonderduikmuseum.nl\/wp-content\/uploads\/2025\/02\/Kanon-Heerenberg-800x532.jpg 800w, https:\/\/nationaalonderduikmuseum.nl\/wp-content\/uploads\/2025\/02\/Kanon-Heerenberg.jpg 945w\" sizes=\"(max-width: 800px) 100vw, 600px\" \/><\/span><\/div><\/div><\/div><\/div><\/div><div class=\"fusion-fullwidth fullwidth-box fusion-builder-row-4 fusion-flex-container has-pattern-background has-mask-background nonhundred-percent-fullwidth non-hundred-percent-height-scrolling\" style=\"--link_color: #ffffff;--awb-border-color:#ffffff;--awb-border-radius-top-left:0px;--awb-border-radius-top-right:0px;--awb-border-radius-bottom-right:0px;--awb-border-radius-bottom-left:0px;--awb-padding-top:0px;--awb-padding-bottom:0px;--awb-margin-top:0px;--awb-margin-bottom:10px;--awb-flex-wrap:wrap;\" ><div class=\"fusion-builder-row fusion-row fusion-flex-align-items-flex-start fusion-flex-content-wrap\" style=\"max-width:1456px;margin-left: calc(-4% \/ 2 );margin-right: calc(-4% \/ 2 );\"><div class=\"fusion-layout-column fusion_builder_column fusion-builder-column-6 fusion_builder_column_1_1 1_1 fusion-flex-column fusion-flex-align-self-flex-start\" style=\"--awb-padding-top:0px;--awb-padding-bottom:0px;--awb-bg-size:cover;--awb-border-color:var(--awb-color4);--awb-border-top:2px;--awb-border-right:2px;--awb-border-bottom:2px;--awb-border-left:2px;--awb-border-style:solid;--awb-width-large:100%;--awb-margin-top-large:0px;--awb-spacing-right-large:1.92%;--awb-margin-bottom-large:0px;--awb-spacing-left-large:1.92%;--awb-width-medium:100%;--awb-order-medium:0;--awb-spacing-right-medium:1.92%;--awb-spacing-left-medium:1.92%;--awb-width-small:100%;--awb-order-small:0;--awb-spacing-right-small:1.92%;--awb-spacing-left-small:1.92%;\" data-scroll-devices=\"small-visibility,medium-visibility,large-visibility\"><div class=\"fusion-column-wrapper fusion-column-has-shadow fusion-flex-justify-content-flex-start fusion-content-layout-column\"><\/div><\/div><\/div><\/div><div class=\"fusion-fullwidth fullwidth-box fusion-builder-row-5 fusion-flex-container has-pattern-background has-mask-background nonhundred-percent-fullwidth non-hundred-percent-height-scrolling\" style=\"--awb-border-radius-top-left:0px;--awb-border-radius-top-right:0px;--awb-border-radius-bottom-right:0px;--awb-border-radius-bottom-left:0px;--awb-padding-top:0px;--awb-padding-bottom:0px;--awb-margin-top:0px;--awb-flex-wrap:wrap;\" ><div class=\"fusion-builder-row fusion-row fusion-flex-align-items-flex-start fusion-flex-content-wrap\" style=\"max-width:1456px;margin-left: calc(-4% \/ 2 );margin-right: calc(-4% \/ 2 );\"><div class=\"fusion-layout-column fusion_builder_column fusion-builder-column-7 fusion_builder_column_2_3 2_3 fusion-flex-column\" style=\"--awb-padding-top:0px;--awb-padding-bottom:0px;--awb-bg-size:cover;--awb-width-large:66.666666666667%;--awb-margin-top-large:0px;--awb-spacing-right-large:2.88%;--awb-margin-bottom-large:0px;--awb-spacing-left-large:2.88%;--awb-width-medium:66.666666666667%;--awb-order-medium:0;--awb-spacing-right-medium:2.88%;--awb-spacing-left-medium:2.88%;--awb-width-small:100%;--awb-order-small:0;--awb-spacing-right-small:1.92%;--awb-spacing-left-small:1.92%;\" data-scroll-devices=\"small-visibility,medium-visibility,large-visibility\"><div class=\"fusion-column-wrapper fusion-column-has-shadow fusion-flex-justify-content-flex-start fusion-content-layout-column\"><div class=\"fusion-text fusion-text-3\"><h2>Buntglasfenster St. Pancratius Kirche <\/h2>\n<p>W\u00e4hrend des Zweiten Weltkriegs wurden Pastor Galama und der Kaplan Van Rooijen aus &#8217;s-Heerenberg von den Nazis gefangen genommen und ins Konzentrationslager Dachau deportiert, wo sie ermordet wurden.<\/p>\n<p><strong>Protest des Bischofsamt gegen die deutsche Unterdr\u00fcckung<br \/>\n<\/strong>Am 5. August 1941 wurde in allen katholischen Kirchen der Niederlande ein pastoraler Brief des <em>Bischofs<\/em> \u2013 der gemeinsamen Bisch\u00f6fe der katholischen Kirche vorgelesen. In diesem Brief sprachen sie sich entschieden gegen die Unterdr\u00fcckung durch die deutschen Besatzer aus. Da die Nazis die freie Presse verboten hatten, beschlossen viele Priester, den Brief zu reproduzieren und von T\u00fcr zu T\u00fcr zu verteilen, damit die Menschen ihn zu Hause lesen konnten.  <\/p>\n<p><strong>Verhaftung und Abschiebung<br \/>\n<\/strong>Die Deutschen reagierten w\u00fctend. Ohne Gerichtsverfahren wurden Pastor Galama und die Kapl\u00e4ne Van Rooijen und Hegge verhaftet und als Kriminelle im Gef\u00e4ngnis in Arnheim festgehalten. Der offizielle Vorwurf lautete, sie h\u00e4tten einen &#8222;Feindbrief&#8220; verteilt und das Volk gegen die Deutschen aufgestachelt.  <\/p>\n<p><strong>Die Qual in den Konzentrationslagern<br \/>\n<\/strong>Kaplan Hegge wurde in die Konzentrationslager Amersfoort, Vught und schlie\u00dflich Bergen-Belsen verlegt. Dort wurde er am 15. April 1945 von den Alliierten befreit. Kaplan Van Rooijen wurde \u00fcber das Lager Oranienburg nach Dachau geschickt, wo er 1942 an Ersch\u00f6pfung und Hunger starb. Pastor Galama wurde direkt von Arnhem nach Dachau deportiert und eine Woche nach Van Rooijen nach einer heldenhaften Qual ermordet.   <\/p>\n<p><strong>Gedenken und Ehrung<br \/>\n<\/strong>Um ihr Andenken lebendig zu halten, wurden in der Pancratiuskirche in &#8217;s-Heerenberg Buntglasfenster zum Gedenken an ihr Leiden und Opfer angebracht. Au\u00dferdem werden sie auf dem Kriegsdenkmal und auf Stra\u00dfen geehrt, die nach ihnen benannt sind.<\/p>\n<\/div><\/div><\/div><div class=\"fusion-layout-column fusion_builder_column fusion-builder-column-8 fusion_builder_column_1_3 1_3 fusion-flex-column\" style=\"--awb-bg-size:cover;--awb-width-large:33.333333333333%;--awb-margin-top-large:0px;--awb-spacing-right-large:5.76%;--awb-margin-bottom-large:20px;--awb-spacing-left-large:5.76%;--awb-width-medium:33.333333333333%;--awb-order-medium:0;--awb-spacing-right-medium:5.76%;--awb-spacing-left-medium:5.76%;--awb-width-small:100%;--awb-order-small:0;--awb-spacing-right-small:1.92%;--awb-spacing-left-small:1.92%;\"><div class=\"fusion-column-wrapper fusion-column-has-shadow fusion-flex-justify-content-flex-start fusion-content-layout-column\"><div class=\"fusion-image-element \" style=\"--awb-margin-bottom:10px;--awb-caption-title-font-family:var(--h2_typography-font-family);--awb-caption-title-font-weight:var(--h2_typography-font-weight);--awb-caption-title-font-style:var(--h2_typography-font-style);--awb-caption-title-size:var(--h2_typography-font-size);--awb-caption-title-transform:var(--h2_typography-text-transform);--awb-caption-title-line-height:var(--h2_typography-line-height);--awb-caption-title-letter-spacing:var(--h2_typography-letter-spacing);\"><span class=\" fusion-imageframe imageframe-none imageframe-3 hover-type-none\"><img decoding=\"async\" width=\"945\" height=\"880\" alt=\"Detail: Buntglasfenster St. Pancratius Kirche \" title=\"Detail: Buntglasfenster St. Pancratius Kirche\" src=\"https:\/\/nationaalonderduikmuseum.nl\/wp-content\/uploads\/2025\/02\/Raam-2024-12-27-om-22.30.19.png\" class=\"img-responsive wp-image-3323\" srcset=\"https:\/\/nationaalonderduikmuseum.nl\/wp-content\/uploads\/2025\/02\/Raam-2024-12-27-om-22.30.19-200x186.png 200w, https:\/\/nationaalonderduikmuseum.nl\/wp-content\/uploads\/2025\/02\/Raam-2024-12-27-om-22.30.19-400x372.png 400w, https:\/\/nationaalonderduikmuseum.nl\/wp-content\/uploads\/2025\/02\/Raam-2024-12-27-om-22.30.19-600x559.png 600w, https:\/\/nationaalonderduikmuseum.nl\/wp-content\/uploads\/2025\/02\/Raam-2024-12-27-om-22.30.19-800x745.png 800w, https:\/\/nationaalonderduikmuseum.nl\/wp-content\/uploads\/2025\/02\/Raam-2024-12-27-om-22.30.19.png 945w\" sizes=\"(max-width: 800px) 100vw, 600px\" \/><\/span><\/div><\/div><\/div><\/div><\/div><div class=\"fusion-fullwidth fullwidth-box fusion-builder-row-6 fusion-flex-container has-pattern-background has-mask-background nonhundred-percent-fullwidth non-hundred-percent-height-scrolling\" style=\"--link_color: #ffffff;--awb-border-color:#ffffff;--awb-border-radius-top-left:0px;--awb-border-radius-top-right:0px;--awb-border-radius-bottom-right:0px;--awb-border-radius-bottom-left:0px;--awb-padding-top:0px;--awb-padding-bottom:0px;--awb-margin-top:0px;--awb-margin-bottom:10px;--awb-flex-wrap:wrap;\" ><div class=\"fusion-builder-row fusion-row fusion-flex-align-items-flex-start fusion-flex-content-wrap\" style=\"max-width:1456px;margin-left: calc(-4% \/ 2 );margin-right: calc(-4% \/ 2 );\"><div class=\"fusion-layout-column fusion_builder_column fusion-builder-column-9 fusion_builder_column_1_1 1_1 fusion-flex-column fusion-flex-align-self-flex-start\" style=\"--awb-padding-top:0px;--awb-padding-bottom:0px;--awb-bg-size:cover;--awb-border-color:var(--awb-color4);--awb-border-top:2px;--awb-border-right:2px;--awb-border-bottom:2px;--awb-border-left:2px;--awb-border-style:solid;--awb-width-large:100%;--awb-margin-top-large:0px;--awb-spacing-right-large:1.92%;--awb-margin-bottom-large:0px;--awb-spacing-left-large:1.92%;--awb-width-medium:100%;--awb-order-medium:0;--awb-spacing-right-medium:1.92%;--awb-spacing-left-medium:1.92%;--awb-width-small:100%;--awb-order-small:0;--awb-spacing-right-small:1.92%;--awb-spacing-left-small:1.92%;\" data-scroll-devices=\"small-visibility,medium-visibility,large-visibility\"><div class=\"fusion-column-wrapper fusion-column-has-shadow fusion-flex-justify-content-flex-start fusion-content-layout-column\"><\/div><\/div><\/div><\/div><div class=\"fusion-fullwidth fullwidth-box fusion-builder-row-7 fusion-flex-container has-pattern-background has-mask-background nonhundred-percent-fullwidth non-hundred-percent-height-scrolling\" style=\"--awb-border-radius-top-left:0px;--awb-border-radius-top-right:0px;--awb-border-radius-bottom-right:0px;--awb-border-radius-bottom-left:0px;--awb-padding-top:0px;--awb-padding-bottom:0px;--awb-margin-top:0px;--awb-flex-wrap:wrap;\" ><div class=\"fusion-builder-row fusion-row fusion-flex-align-items-flex-start fusion-flex-content-wrap\" style=\"max-width:1456px;margin-left: calc(-4% \/ 2 );margin-right: calc(-4% \/ 2 );\"><div class=\"fusion-layout-column fusion_builder_column fusion-builder-column-10 fusion_builder_column_2_3 2_3 fusion-flex-column\" style=\"--awb-padding-top:0px;--awb-padding-bottom:0px;--awb-bg-size:cover;--awb-width-large:66.666666666667%;--awb-margin-top-large:0px;--awb-spacing-right-large:2.88%;--awb-margin-bottom-large:0px;--awb-spacing-left-large:2.88%;--awb-width-medium:66.666666666667%;--awb-order-medium:0;--awb-spacing-right-medium:2.88%;--awb-spacing-left-medium:2.88%;--awb-width-small:100%;--awb-order-small:0;--awb-spacing-right-small:1.92%;--awb-spacing-left-small:1.92%;\" data-scroll-devices=\"small-visibility,medium-visibility,large-visibility\"><div class=\"fusion-column-wrapper fusion-column-has-shadow fusion-flex-justify-content-flex-start fusion-content-layout-column\"><div class=\"fusion-text fusion-text-4\"><h2>Ein R\u00fcckflugticket in die Niederlande<\/h2>\n<p>Nach dem Zweiten Weltkrieg forderten die Niederlande eine Entsch\u00e4digung von 25 Milliarden Gulden von Deutschland. Nach der deutschen Kapitulation entwickelten sich bald Pl\u00e4ne, um die Kriegssch\u00e4den, das Leid von Hunderttausenden und die Zerst\u00f6rung auszugleichen. Die Niederlande wollten dies teilweise erreichen, indem sie ein St\u00fcck deutsches Territorium annektierten.  <\/p>\n<p><strong>Annexion von drei deutschen D\u00f6rfern<br \/>\n<\/strong>Die Niederlande erhielten schlie\u00dflich die Erlaubnis der Alliierten, 69 Quadratkilometer deutsches Territorium mit etwa 9.500 deutschen Einwohnern zu annektieren. Dies betraf drei Bereiche: <\/p>\n<ul>\n<li>Suderwick, ein Zwillingsdorf an der Grenze zu Dinxperlo im M\u00fcnsterland.<\/li>\n<li>T\u00fcddern, bei Sittard, bei Geilenkirchen und Heinsberg.<\/li>\n<li>Elten, gelegen am Niederrhein, direkt hinter der Grenze bei Babberich und &#8217;s-Heerenberg.<\/li>\n<\/ul>\n<p><strong>Die niederl\u00e4ndische Milit\u00e4rpolizei \u00fcbernimmt<br \/>\n Elten<\/strong>Am Samstag, dem 23. April 1949, um 12:00 Uhr betraten die niederl\u00e4ndischen Milit\u00e4rpolizisten, bewaffnet und in Jeeps, das Rathaus von Elten. Journalisten dokumentierten, wie die Macht\u00fcbergabe ohne Widerstand verlief. Der \u00dcberlieferung nach sang ein betrunkener Mann die deutsche Nationalhymne, aber ansonsten blieb es ruhig.  <\/p>\n<p>Insgesamt lebten etwa 10.000 Einwohner dieser Gebiete 14 Jahre lang unter niederl\u00e4ndischer Verwaltung, vom 23. April 1949 bis zum 1. August 1963. Sie erhielten einen niederl\u00e4ndischen Ausweis und wurden als niederl\u00e4ndische Staatsb\u00fcrger behandelt. <\/p>\n<p><strong>Die &#8218;Eltener Butternacht&#8216;: ein cleverer Schmuggeltrick<br \/>\n<\/strong>Kurz bevor Elten am 1. August 1963 wieder deutsch wurde, fand eine bemerkenswerte Schmuggelaktion statt, bekannt als die Eltener Butternacht. Niederl\u00e4ndische und deutsche H\u00e4ndler nutzten die sich ver\u00e4ndernde Grenzsituation geschickt aus. <\/p>\n<p>Butter, Eier, Kaffee und Textilien \u2013 Produkte, die in Deutschland deutlich teurer waren \u2013 wurden massiv in Lagern und Lastwagen gelagert. In der Nacht vom 31. Juli auf den 1. August 1963 wurden diese G\u00fcter in Lastwagen verladen. Als Elten am n\u00e4chsten Morgen wieder offiziell deutsch war, befanden sich die Waren pl\u00f6tzlich auf deutschem Gebiet, ohne eine Grenze \u00fcberqueren zu m\u00fcssen. Daher mussten keine Einfuhrz\u00f6lle gezahlt werden, und H\u00e4ndler verdienten mit diesem klugen Schritt Millionen!   <\/p>\n<p>Weiterlesen: <a href=\"https:\/\/www.nporadio1.nl\/nieuws\/geschiedenis\/2d4e46b8-5aa8-4189-8c73-49d319f478ab\/op-beruchte-elterner-butternacht-gaf-nederland-stuk-land-terug-aan-duitsers\" target=\"_blank\" rel=\"noopener\">https:\/\/www.nporadio1.nl\/nieuws\/geschiedenis\/2d4e46b8-5aa8-4189-8c73-49d319f478ab\/op-beruchte-elterner-butternacht-gaf-nederland-stuk-land-terug-aan-duitsers<\/a><\/p>\n<\/div><\/div><\/div><div class=\"fusion-layout-column fusion_builder_column fusion-builder-column-11 fusion_builder_column_1_3 1_3 fusion-flex-column\" style=\"--awb-bg-size:cover;--awb-width-large:33.333333333333%;--awb-margin-top-large:0px;--awb-spacing-right-large:5.76%;--awb-margin-bottom-large:20px;--awb-spacing-left-large:5.76%;--awb-width-medium:33.333333333333%;--awb-order-medium:0;--awb-spacing-right-medium:5.76%;--awb-spacing-left-medium:5.76%;--awb-width-small:100%;--awb-order-small:0;--awb-spacing-right-small:1.92%;--awb-spacing-left-small:1.92%;\"><div class=\"fusion-column-wrapper fusion-column-has-shadow fusion-flex-justify-content-flex-start fusion-content-layout-column\"><div class=\"fusion-image-element \" style=\"--awb-margin-bottom:10px;--awb-caption-title-font-family:var(--h2_typography-font-family);--awb-caption-title-font-weight:var(--h2_typography-font-weight);--awb-caption-title-font-style:var(--h2_typography-font-style);--awb-caption-title-size:var(--h2_typography-font-size);--awb-caption-title-transform:var(--h2_typography-text-transform);--awb-caption-title-line-height:var(--h2_typography-line-height);--awb-caption-title-letter-spacing:var(--h2_typography-letter-spacing);\"><span class=\" fusion-imageframe imageframe-none imageframe-4 hover-type-none\"><img decoding=\"async\" width=\"945\" height=\"687\" alt=\"Elten | Foto: Heemkunde Kring Bergh\" title=\"Elten | Foto: Heemkunde Kring Berghf Elten_na_halfjaa\" src=\"https:\/\/nationaalonderduikmuseum.nl\/wp-content\/uploads\/2025\/02\/Foto-nieuwe-grens-Elten-Nationaal-Archief-Elten_na_halfjaa.jpg\" class=\"img-responsive wp-image-3329\" srcset=\"https:\/\/nationaalonderduikmuseum.nl\/wp-content\/uploads\/2025\/02\/Foto-nieuwe-grens-Elten-Nationaal-Archief-Elten_na_halfjaa-200x145.jpg 200w, https:\/\/nationaalonderduikmuseum.nl\/wp-content\/uploads\/2025\/02\/Foto-nieuwe-grens-Elten-Nationaal-Archief-Elten_na_halfjaa-400x291.jpg 400w, https:\/\/nationaalonderduikmuseum.nl\/wp-content\/uploads\/2025\/02\/Foto-nieuwe-grens-Elten-Nationaal-Archief-Elten_na_halfjaa-600x436.jpg 600w, https:\/\/nationaalonderduikmuseum.nl\/wp-content\/uploads\/2025\/02\/Foto-nieuwe-grens-Elten-Nationaal-Archief-Elten_na_halfjaa-800x582.jpg 800w, https:\/\/nationaalonderduikmuseum.nl\/wp-content\/uploads\/2025\/02\/Foto-nieuwe-grens-Elten-Nationaal-Archief-Elten_na_halfjaa.jpg 945w\" sizes=\"(max-width: 800px) 100vw, 600px\" \/><\/span><\/div><div class=\"fusion-image-element \" style=\"--awb-caption-title-font-family:var(--h2_typography-font-family);--awb-caption-title-font-weight:var(--h2_typography-font-weight);--awb-caption-title-font-style:var(--h2_typography-font-style);--awb-caption-title-size:var(--h2_typography-font-size);--awb-caption-title-transform:var(--h2_typography-text-transform);--awb-caption-title-line-height:var(--h2_typography-line-height);--awb-caption-title-letter-spacing:var(--h2_typography-letter-spacing);\"><span class=\" fusion-imageframe imageframe-none imageframe-5 hover-type-none\"><img decoding=\"async\" width=\"945\" height=\"583\" alt=\"Elten | Foto: Heemkunde Kring Bergh\" title=\"Elten | Foto: Heemkunde Kring Bergh\" src=\"https:\/\/nationaalonderduikmuseum.nl\/wp-content\/uploads\/2025\/02\/Elten.jpg\" class=\"img-responsive wp-image-3326\" srcset=\"https:\/\/nationaalonderduikmuseum.nl\/wp-content\/uploads\/2025\/02\/Elten-200x123.jpg 200w, https:\/\/nationaalonderduikmuseum.nl\/wp-content\/uploads\/2025\/02\/Elten-400x247.jpg 400w, https:\/\/nationaalonderduikmuseum.nl\/wp-content\/uploads\/2025\/02\/Elten-600x370.jpg 600w, https:\/\/nationaalonderduikmuseum.nl\/wp-content\/uploads\/2025\/02\/Elten-800x494.jpg 800w, https:\/\/nationaalonderduikmuseum.nl\/wp-content\/uploads\/2025\/02\/Elten.jpg 945w\" sizes=\"(max-width: 800px) 100vw, 600px\" \/><\/span><\/div><div class=\"fusion-text fusion-text-5 fusion-text-no-margin\" style=\"--awb-margin-top:5px;--awb-margin-bottom:0px;\"><p><em>Elten | Fotos: Heemkunde Kring Bergh<\/em><\/p>\n<\/div><\/div><\/div><\/div><\/div><\/p>\n","protected":false},"excerpt":{"rendered":"","protected":false},"author":4,"featured_media":0,"parent":6050,"menu_order":6,"comment_status":"closed","ping_status":"closed","template":"100-width.php","meta":{"footnotes":""},"class_list":["post-6116","page","type-page","status-publish","hentry"],"aioseo_notices":[],"_links":{"self":[{"href":"https:\/\/nationaalonderduikmuseum.nl\/de\/wp-json\/wp\/v2\/pages\/6116","targetHints":{"allow":["GET"]}}],"collection":[{"href":"https:\/\/nationaalonderduikmuseum.nl\/de\/wp-json\/wp\/v2\/pages"}],"about":[{"href":"https:\/\/nationaalonderduikmuseum.nl\/de\/wp-json\/wp\/v2\/types\/page"}],"author":[{"embeddable":true,"href":"https:\/\/nationaalonderduikmuseum.nl\/de\/wp-json\/wp\/v2\/users\/4"}],"replies":[{"embeddable":true,"href":"https:\/\/nationaalonderduikmuseum.nl\/de\/wp-json\/wp\/v2\/comments?post=6116"}],"version-history":[{"count":3,"href":"https:\/\/nationaalonderduikmuseum.nl\/de\/wp-json\/wp\/v2\/pages\/6116\/revisions"}],"predecessor-version":[{"id":6124,"href":"https:\/\/nationaalonderduikmuseum.nl\/de\/wp-json\/wp\/v2\/pages\/6116\/revisions\/6124"}],"up":[{"embeddable":true,"href":"https:\/\/nationaalonderduikmuseum.nl\/de\/wp-json\/wp\/v2\/pages\/6050"}],"wp:attachment":[{"href":"https:\/\/nationaalonderduikmuseum.nl\/de\/wp-json\/wp\/v2\/media?parent=6116"}],"curies":[{"name":"wp","href":"https:\/\/api.w.org\/{rel}","templated":true}]}}