{"id":6109,"date":"2025-01-20T13:30:30","date_gmt":"2025-01-20T13:30:30","guid":{"rendered":"https:\/\/nationaalonderduikmuseum.nl\/programma-vrijheid\/quartett\/berkelland\/"},"modified":"2026-04-01T07:29:12","modified_gmt":"2026-04-01T07:29:12","slug":"berkelland","status":"publish","type":"page","link":"https:\/\/nationaalonderduikmuseum.nl\/de\/programma-vrijheid\/quartett\/berkelland\/","title":{"rendered":"Berkelland"},"content":{"rendered":"<p><div class=\"fusion-fullwidth fullwidth-box fusion-builder-row-1 fusion-flex-container has-pattern-background has-mask-background nonhundred-percent-fullwidth non-hundred-percent-height-scrolling\" style=\"--awb-border-radius-top-left:0px;--awb-border-radius-top-right:0px;--awb-border-radius-bottom-right:0px;--awb-border-radius-bottom-left:0px;--awb-padding-top:30px;--awb-padding-bottom:0px;--awb-margin-top:0px;--awb-margin-bottom:0px;--awb-flex-wrap:wrap;\" ><div class=\"fusion-builder-row fusion-row fusion-flex-align-items-flex-start fusion-flex-content-wrap\" style=\"max-width:1456px;margin-left: calc(-4% \/ 2 );margin-right: calc(-4% \/ 2 );\"><div class=\"fusion-layout-column fusion_builder_column fusion-builder-column-0 fusion_builder_column_1_1 1_1 fusion-flex-column\" style=\"--awb-bg-size:cover;--awb-width-large:100%;--awb-margin-top-large:0px;--awb-spacing-right-large:1.92%;--awb-margin-bottom-large:20px;--awb-spacing-left-large:1.92%;--awb-width-medium:100%;--awb-order-medium:0;--awb-spacing-right-medium:1.92%;--awb-spacing-left-medium:1.92%;--awb-width-small:100%;--awb-order-small:0;--awb-spacing-right-small:1.92%;--awb-spacing-left-small:1.92%;\"><div class=\"fusion-column-wrapper fusion-column-has-shadow fusion-flex-justify-content-flex-start fusion-content-layout-column\"><div class=\"fusion-title title fusion-title-1 fusion-sep-none fusion-title-text fusion-title-size-one\" style=\"--awb-margin-top-small:8px;--awb-margin-right-small:0px;--awb-margin-bottom-small:16px;--awb-margin-left-small:0px;\"><h1 class=\"fusion-title-heading title-heading-left fusion-responsive-typography-calculated\" style=\"margin:0;--fontSize:64;line-height:1.25;\"><h1>Berkelland<\/h1><\/h1><\/div><\/div><\/div><div class=\"fusion-layout-column fusion_builder_column fusion-builder-column-1 fusion_builder_column_2_3 2_3 fusion-flex-column\" style=\"--awb-bg-size:cover;--awb-width-large:66.666666666667%;--awb-margin-top-large:0px;--awb-spacing-right-large:2.88%;--awb-margin-bottom-large:20px;--awb-spacing-left-large:2.88%;--awb-width-medium:66.666666666667%;--awb-order-medium:0;--awb-spacing-right-medium:2.88%;--awb-spacing-left-medium:2.88%;--awb-width-small:100%;--awb-order-small:0;--awb-spacing-right-small:1.92%;--awb-spacing-left-small:1.92%;\"><div class=\"fusion-column-wrapper fusion-column-has-shadow fusion-flex-justify-content-flex-start fusion-content-layout-column\"><div class=\"fusion-text fusion-text-1 fusion-text-no-margin\" style=\"--awb-margin-top:0px;--awb-margin-bottom:0px;\"><h2>Der \u00dcberfall 1943<\/h2>\n<p>Istvan Balint und Mien Zion aus Eibergen tauchten kurz nach ihrer Hochzeit am 24. August 1942 unter <a rel=\"nofollow\" href=\"https:\/\/nationaalonderduikmuseum.nl\/de\/geschichten\/das-untertauchen-in-den-niederlanden\/\">.<\/a> Aus dem Glauben entstand die \u00dcberzeugung, dass wir uns gegenseitig unterst\u00fctzen m\u00fcssen, um gemeinsam in dunklen Zeiten schrecklicher Unterdr\u00fcckung zu \u00fcberleben. Mien findet so Zuflucht bei Pfarrer Koers und Istvan auf dem Hof der Familie Kottelenberg in Neede. Miens Bruder Juul und ab Januar 1943 auch ihre Schwester Johanna und ihr Baby Maxje sind dort.   <\/p>\n<p>W\u00e4hrend des \u00dcberfalls auf Eibergen am 28. M\u00e4rz 1943 wurden auch sie verraten. Istvan, Johanna und das zwei Monate alte Baby wurden verhaftet und \u00fcber Westerbork nach Sobibor gebracht, wo sie am 13. April 1943 ermordet wurden. Nur Juul entkommt durch den Tunnel, der unter dem K\u00fcchentisch gegraben wurde, zum H\u00fchnerstall. Bis zum Ende des Krieges fand er zusammen mit seinen Schwestern Mien und Frieda ein sicheres Versteck bei der Familie Mateman in Eibergen.   <\/p>\n<p>Quelle: <a href=\"https:\/\/www.joodsmonument.nl\/nl\/page\/561785\/-\" target=\"_blank\" rel=\"noopener\">www.joodsmonument.nl<\/a><\/p>\n<\/div><\/div><\/div><div class=\"fusion-layout-column fusion_builder_column fusion-builder-column-2 fusion_builder_column_1_3 1_3 fusion-flex-column\" style=\"--awb-bg-size:cover;--awb-width-large:33.333333333333%;--awb-margin-top-large:0px;--awb-spacing-right-large:5.76%;--awb-margin-bottom-large:20px;--awb-spacing-left-large:5.76%;--awb-width-medium:33.333333333333%;--awb-order-medium:0;--awb-spacing-right-medium:5.76%;--awb-spacing-left-medium:5.76%;--awb-width-small:100%;--awb-order-small:0;--awb-spacing-right-small:1.92%;--awb-spacing-left-small:1.92%;\"><div class=\"fusion-column-wrapper fusion-column-has-shadow fusion-flex-justify-content-flex-start fusion-content-layout-column\"><div class=\"fusion-image-element \" style=\"--awb-caption-title-font-family:var(--h2_typography-font-family);--awb-caption-title-font-weight:var(--h2_typography-font-weight);--awb-caption-title-font-style:var(--h2_typography-font-style);--awb-caption-title-size:var(--h2_typography-font-size);--awb-caption-title-transform:var(--h2_typography-text-transform);--awb-caption-title-line-height:var(--h2_typography-line-height);--awb-caption-title-letter-spacing:var(--h2_typography-letter-spacing);\"><span class=\" fusion-imageframe imageframe-none imageframe-1 hover-type-none\"><img decoding=\"async\" width=\"945\" height=\"626\" alt=\"Das Haus der Kottelenberger, heute Berendsen, an der Stobbesteeg Noordijk\/Neede. Rechts lag das Gebiet, in dem die Familie Zion lebte. Foto J. Seebus \" title=\"Das Haus der Kottelenberger, heute Berendsen, an der Stobbesteeg Noordijk\/Neede. Rechts lag das Gebiet, in dem die Familie Zion lebte. Foto J. Seebus\" src=\"https:\/\/nationaalonderduikmuseum.nl\/wp-content\/uploads\/2025\/02\/Razzia-Eibergen.jpg\" class=\"img-responsive wp-image-3181\" srcset=\"https:\/\/nationaalonderduikmuseum.nl\/wp-content\/uploads\/2025\/02\/Razzia-Eibergen-200x132.jpg 200w, https:\/\/nationaalonderduikmuseum.nl\/wp-content\/uploads\/2025\/02\/Razzia-Eibergen-400x265.jpg 400w, https:\/\/nationaalonderduikmuseum.nl\/wp-content\/uploads\/2025\/02\/Razzia-Eibergen-600x397.jpg 600w, https:\/\/nationaalonderduikmuseum.nl\/wp-content\/uploads\/2025\/02\/Razzia-Eibergen-800x530.jpg 800w, https:\/\/nationaalonderduikmuseum.nl\/wp-content\/uploads\/2025\/02\/Razzia-Eibergen.jpg 945w\" sizes=\"(max-width: 800px) 100vw, 600px\" \/><\/span><\/div><div class=\"fusion-text fusion-text-2 fusion-text-no-margin\" style=\"--awb-margin-top:0px;--awb-margin-bottom:0px;\"><p><em>Das Haus der Kottelenberger, heute Berendsen, an der Stobbesteeg Noordijk\/Neede. Rechts lag das Gebiet, in dem die Familie Zion lebte.<br \/>\nFoto J. Seebus <\/em><\/p>\n<\/div><\/div><\/div><\/div><\/div><div class=\"fusion-fullwidth fullwidth-box fusion-builder-row-2 fusion-flex-container has-pattern-background has-mask-background nonhundred-percent-fullwidth non-hundred-percent-height-scrolling\" style=\"--link_color: #ffffff;--awb-border-color:#ffffff;--awb-border-radius-top-left:0px;--awb-border-radius-top-right:0px;--awb-border-radius-bottom-right:0px;--awb-border-radius-bottom-left:0px;--awb-padding-top:0px;--awb-padding-bottom:0px;--awb-margin-top:0px;--awb-margin-bottom:10px;--awb-flex-wrap:wrap;\" ><div class=\"fusion-builder-row fusion-row fusion-flex-align-items-flex-start fusion-flex-content-wrap\" style=\"max-width:1456px;margin-left: calc(-4% \/ 2 );margin-right: calc(-4% \/ 2 );\"><div class=\"fusion-layout-column fusion_builder_column fusion-builder-column-3 fusion_builder_column_1_1 1_1 fusion-flex-column fusion-flex-align-self-flex-start\" style=\"--awb-padding-top:0px;--awb-padding-bottom:0px;--awb-bg-size:cover;--awb-border-color:var(--awb-color4);--awb-border-top:2px;--awb-border-right:2px;--awb-border-bottom:2px;--awb-border-left:2px;--awb-border-style:solid;--awb-width-large:100%;--awb-margin-top-large:0px;--awb-spacing-right-large:1.92%;--awb-margin-bottom-large:0px;--awb-spacing-left-large:1.92%;--awb-width-medium:100%;--awb-order-medium:0;--awb-spacing-right-medium:1.92%;--awb-spacing-left-medium:1.92%;--awb-width-small:100%;--awb-order-small:0;--awb-spacing-right-small:1.92%;--awb-spacing-left-small:1.92%;\" data-scroll-devices=\"small-visibility,medium-visibility,large-visibility\"><div class=\"fusion-column-wrapper fusion-column-has-shadow fusion-flex-justify-content-flex-start fusion-content-layout-column\"><\/div><\/div><\/div><\/div><div class=\"fusion-fullwidth fullwidth-box fusion-builder-row-3 fusion-flex-container has-pattern-background has-mask-background nonhundred-percent-fullwidth non-hundred-percent-height-scrolling\" style=\"--awb-border-radius-top-left:0px;--awb-border-radius-top-right:0px;--awb-border-radius-bottom-right:0px;--awb-border-radius-bottom-left:0px;--awb-padding-top:0px;--awb-padding-bottom:0px;--awb-margin-top:0px;--awb-flex-wrap:wrap;\" ><div class=\"fusion-builder-row fusion-row fusion-flex-align-items-flex-start fusion-flex-content-wrap\" style=\"max-width:1456px;margin-left: calc(-4% \/ 2 );margin-right: calc(-4% \/ 2 );\"><div class=\"fusion-layout-column fusion_builder_column fusion-builder-column-4 fusion_builder_column_2_3 2_3 fusion-flex-column\" style=\"--awb-padding-top:0px;--awb-padding-bottom:0px;--awb-bg-size:cover;--awb-width-large:66.666666666667%;--awb-margin-top-large:0px;--awb-spacing-right-large:2.88%;--awb-margin-bottom-large:0px;--awb-spacing-left-large:2.88%;--awb-width-medium:66.666666666667%;--awb-order-medium:0;--awb-spacing-right-medium:2.88%;--awb-spacing-left-medium:2.88%;--awb-width-small:100%;--awb-order-small:0;--awb-spacing-right-small:1.92%;--awb-spacing-left-small:1.92%;\" data-scroll-devices=\"small-visibility,medium-visibility,large-visibility\"><div class=\"fusion-column-wrapper fusion-column-has-shadow fusion-flex-justify-content-flex-start fusion-content-layout-column\"><div class=\"fusion-text fusion-text-3\"><h2>Freiheitswald<\/h2>\n<p>Ein besonderes St\u00fcck Wald in Geesteren. Ein Ort zum Gedenken, Genie\u00dfen, Nacherholen und Lernen. Das ist der Vrijheidsbos Geesteren.  <\/p>\n<p><strong>Ein lebendiges Denkmal<br \/>\n<\/strong>In diesem neuen Wald wurden 2021 zw\u00f6lf B\u00e4ume f\u00fcr die zw\u00f6lf Kriegsopfer des Zweiten Weltkriegs in Geesteren gepflanzt. Die B\u00e4ume sind ein lebendiges Denkmal f\u00fcr die j\u00fcdische Familie Meijers, Antonia Tichelman-Geerdink, Co van den Brink, Jan Westra, Gerrit Hiddink, Jaap Rijsdijk und Jantje Esselink. Das Vrijheidsbos, das 2020 gegr\u00fcndet wurde, hat zudem eine individuelle Gedenkfunktion: Jeder kann seinen eigenen Gedenkbaum kaufen und pflanzen. So entwickelt sich der Wald zu einem bedeutungsvollen und inspirierenden Ort f\u00fcr alle.   <\/p>\n<p><strong>Ein Ort zum Gedenken und Lernen<br \/>\n<\/strong>Die Vrijheidsbos Stiftung stellt kostenlose Lehrmaterialien mit Audio-Geschichten, Fragen und Aufgaben zur Verf\u00fcgung, die mit aktuellen Ereignissen \u00fcbereinstimmen. Es gibt auch ein Gedenkbuch mit den Geschichten \u00fcber die zw\u00f6lf Kriegsopfer. Seit dem 5. Mai 2024 gibt es zwei Wanderwege vom Freedom Forest: den Memorial Path und den Freedom Route. Beide sind Teil der Befreiungsroute Europa.   <\/p>\n<p><strong>Symbolik f\u00fcr 80 Jahre Freiheit<br \/>\n<\/strong>Zu Ehren von 80 Jahren Freiheit wird ein kanadischer Ahorn gepflanzt. Dieser Befreiungsbaum symbolisiert die Zusammenarbeit im Widerstand zwischen Geesteren, Borculo und der umliegenden Gegend. <\/p>\n<p>F\u00fcr weitere Informationen besuchen Sie bitte: <a href=\"https:\/\/www.vrijheidsbosgeesteren.nl\/\" target=\"_blank\" rel=\"noopener\">www.vrijheidsbosgeesteren.nl<\/a><\/p>\n<\/div><\/div><\/div><div class=\"fusion-layout-column fusion_builder_column fusion-builder-column-5 fusion_builder_column_1_3 1_3 fusion-flex-column\" style=\"--awb-bg-size:cover;--awb-width-large:33.333333333333%;--awb-margin-top-large:0px;--awb-spacing-right-large:5.76%;--awb-margin-bottom-large:20px;--awb-spacing-left-large:5.76%;--awb-width-medium:33.333333333333%;--awb-order-medium:0;--awb-spacing-right-medium:5.76%;--awb-spacing-left-medium:5.76%;--awb-width-small:100%;--awb-order-small:0;--awb-spacing-right-small:1.92%;--awb-spacing-left-small:1.92%;\"><div class=\"fusion-column-wrapper fusion-column-has-shadow fusion-flex-justify-content-flex-start fusion-content-layout-column\"><div class=\"fusion-image-element \" style=\"--awb-margin-bottom:10px;--awb-caption-title-font-family:var(--h2_typography-font-family);--awb-caption-title-font-weight:var(--h2_typography-font-weight);--awb-caption-title-font-style:var(--h2_typography-font-style);--awb-caption-title-size:var(--h2_typography-font-size);--awb-caption-title-transform:var(--h2_typography-text-transform);--awb-caption-title-line-height:var(--h2_typography-line-height);--awb-caption-title-letter-spacing:var(--h2_typography-letter-spacing);\"><span class=\" fusion-imageframe imageframe-none imageframe-2 hover-type-none\"><img decoding=\"async\" width=\"1772\" height=\"1329\" alt=\"Freiheitswald\" title=\"Freiheitswald\" src=\"https:\/\/nationaalonderduikmuseum.nl\/wp-content\/uploads\/2025\/02\/Vrijheidsbos.jpg\" class=\"img-responsive wp-image-3185\" srcset=\"https:\/\/nationaalonderduikmuseum.nl\/wp-content\/uploads\/2025\/02\/Vrijheidsbos-200x150.jpg 200w, https:\/\/nationaalonderduikmuseum.nl\/wp-content\/uploads\/2025\/02\/Vrijheidsbos-400x300.jpg 400w, https:\/\/nationaalonderduikmuseum.nl\/wp-content\/uploads\/2025\/02\/Vrijheidsbos-600x450.jpg 600w, https:\/\/nationaalonderduikmuseum.nl\/wp-content\/uploads\/2025\/02\/Vrijheidsbos-800x600.jpg 800w, https:\/\/nationaalonderduikmuseum.nl\/wp-content\/uploads\/2025\/02\/Vrijheidsbos-1200x900.jpg 1200w, https:\/\/nationaalonderduikmuseum.nl\/wp-content\/uploads\/2025\/02\/Vrijheidsbos.jpg 1772w\" sizes=\"(max-width: 800px) 100vw, 600px\" \/><\/span><\/div><div class=\"fusion-image-element \" style=\"--awb-margin-bottom:40px;--awb-caption-title-font-family:var(--h2_typography-font-family);--awb-caption-title-font-weight:var(--h2_typography-font-weight);--awb-caption-title-font-style:var(--h2_typography-font-style);--awb-caption-title-size:var(--h2_typography-font-size);--awb-caption-title-transform:var(--h2_typography-text-transform);--awb-caption-title-line-height:var(--h2_typography-line-height);--awb-caption-title-letter-spacing:var(--h2_typography-letter-spacing);\"><span class=\" fusion-imageframe imageframe-none imageframe-3 hover-type-none\"><img decoding=\"async\" width=\"1181\" height=\"1675\" alt=\"Freedom Forest, B\u00e4ume pflanzen\" title=\"Vrijheidsbos: B\u00e4ume pflanzen\" src=\"https:\/\/nationaalonderduikmuseum.nl\/wp-content\/uploads\/2025\/02\/Vrijheidsbos-boomplanten.jpg\" class=\"img-responsive wp-image-3188\" srcset=\"https:\/\/nationaalonderduikmuseum.nl\/wp-content\/uploads\/2025\/02\/Vrijheidsbos-boomplanten-200x284.jpg 200w, https:\/\/nationaalonderduikmuseum.nl\/wp-content\/uploads\/2025\/02\/Vrijheidsbos-boomplanten-400x567.jpg 400w, https:\/\/nationaalonderduikmuseum.nl\/wp-content\/uploads\/2025\/02\/Vrijheidsbos-boomplanten-600x851.jpg 600w, https:\/\/nationaalonderduikmuseum.nl\/wp-content\/uploads\/2025\/02\/Vrijheidsbos-boomplanten-800x1135.jpg 800w, https:\/\/nationaalonderduikmuseum.nl\/wp-content\/uploads\/2025\/02\/Vrijheidsbos-boomplanten.jpg 1181w\" sizes=\"(max-width: 800px) 100vw, 600px\" \/><\/span><\/div><\/div><\/div><\/div><\/div><div class=\"fusion-fullwidth fullwidth-box fusion-builder-row-4 fusion-flex-container has-pattern-background has-mask-background nonhundred-percent-fullwidth non-hundred-percent-height-scrolling\" style=\"--link_color: #ffffff;--awb-border-color:#ffffff;--awb-border-radius-top-left:0px;--awb-border-radius-top-right:0px;--awb-border-radius-bottom-right:0px;--awb-border-radius-bottom-left:0px;--awb-padding-top:0px;--awb-padding-bottom:0px;--awb-margin-top:0px;--awb-margin-bottom:10px;--awb-flex-wrap:wrap;\" ><div class=\"fusion-builder-row fusion-row fusion-flex-align-items-flex-start fusion-flex-content-wrap\" style=\"max-width:1456px;margin-left: calc(-4% \/ 2 );margin-right: calc(-4% \/ 2 );\"><div class=\"fusion-layout-column fusion_builder_column fusion-builder-column-6 fusion_builder_column_1_1 1_1 fusion-flex-column fusion-flex-align-self-flex-start\" style=\"--awb-padding-top:0px;--awb-padding-bottom:0px;--awb-bg-size:cover;--awb-border-color:var(--awb-color4);--awb-border-top:2px;--awb-border-right:2px;--awb-border-bottom:2px;--awb-border-left:2px;--awb-border-style:solid;--awb-width-large:100%;--awb-margin-top-large:0px;--awb-spacing-right-large:1.92%;--awb-margin-bottom-large:0px;--awb-spacing-left-large:1.92%;--awb-width-medium:100%;--awb-order-medium:0;--awb-spacing-right-medium:1.92%;--awb-spacing-left-medium:1.92%;--awb-width-small:100%;--awb-order-small:0;--awb-spacing-right-small:1.92%;--awb-spacing-left-small:1.92%;\" data-scroll-devices=\"small-visibility,medium-visibility,large-visibility\"><div class=\"fusion-column-wrapper fusion-column-has-shadow fusion-flex-justify-content-flex-start fusion-content-layout-column\"><\/div><\/div><\/div><\/div><div class=\"fusion-fullwidth fullwidth-box fusion-builder-row-5 fusion-flex-container has-pattern-background has-mask-background nonhundred-percent-fullwidth non-hundred-percent-height-scrolling\" style=\"--awb-border-radius-top-left:0px;--awb-border-radius-top-right:0px;--awb-border-radius-bottom-right:0px;--awb-border-radius-bottom-left:0px;--awb-padding-top:0px;--awb-padding-bottom:0px;--awb-margin-top:0px;--awb-flex-wrap:wrap;\" ><div class=\"fusion-builder-row fusion-row fusion-flex-align-items-flex-start fusion-flex-content-wrap\" style=\"max-width:1456px;margin-left: calc(-4% \/ 2 );margin-right: calc(-4% \/ 2 );\"><div class=\"fusion-layout-column fusion_builder_column fusion-builder-column-7 fusion_builder_column_2_3 2_3 fusion-flex-column\" style=\"--awb-padding-top:0px;--awb-padding-bottom:0px;--awb-bg-size:cover;--awb-width-large:66.666666666667%;--awb-margin-top-large:0px;--awb-spacing-right-large:2.88%;--awb-margin-bottom-large:0px;--awb-spacing-left-large:2.88%;--awb-width-medium:66.666666666667%;--awb-order-medium:0;--awb-spacing-right-medium:2.88%;--awb-spacing-left-medium:2.88%;--awb-width-small:100%;--awb-order-small:0;--awb-spacing-right-small:1.92%;--awb-spacing-left-small:1.92%;\" data-scroll-devices=\"small-visibility,medium-visibility,large-visibility\"><div class=\"fusion-column-wrapper fusion-column-has-shadow fusion-flex-justify-content-flex-start fusion-content-layout-column\"><div class=\"fusion-text fusion-text-4\"><h2>Memorial James<\/h2>\n<p>Am Ende des Krieges wird im Eiberger Weiler Mallem (De Posse) eine Waffenabgabe organisiert. Dies tr\u00e4gt den Codenamen &#8218;James&#8216;. <\/p>\n<p><strong>Ein Waffenabwurf voller Risiken<br \/>\n<\/strong>In der letzten Woche vor der Befreiung passiert dort etwas, das nicht nur sehr aufregend, sondern auch extrem gef\u00e4hrlich f\u00fcr die Beteiligten ist. Am 27. M\u00e4rz 1945 wurden die Waffen abgeworfen. Diese Waffen sind f\u00fcr den Widerstand in Enschede und Haaksbergen, Region Twente, bestimmt. Das Abwerfen erfolgt in der N\u00e4he eines deutschen Ausguckspostens auf dem Wasserturm, weniger als eine Meile entfernt. Pl\u00f6tzlich versperrt dichter Nebel die Sicht auf und vom Wasserturm. Zweimal kommt der schwere Bomber her\u00fcber, um die an farbigen Fallschirmen befestigten Container abzuwerfen. Der Transport der Beh\u00e4lter ist schwierig, und das L\u00f6schen der Spuren erweist sich als eine ziemliche Aufgabe. Der gro\u00dfe Schock kommt sp\u00e4ter am Morgen, als ein Passant etwas Merkw\u00fcrdiges hinter einem Busch verbirgt. Er warnt die Deutschen. Es stellt sich heraus, dass es ein Container mit Funkger\u00e4ten ist.         <\/p>\n<p><strong>Gl\u00fccklicherweise endet<br \/>\n es mit einem Stechen<\/strong>Die Deutschen haben in den letzten Tagen des Krieges andere Dinge im Kopf. Die alliierte Armee befindet sich tats\u00e4chlich vor der Grenze, und einen Tag sp\u00e4ter ist sie das erste Dorf, das Megchelen im Achterhoek befreit. Viele M\u00e4nner des Untergrundwiderstands schlossen sich ihnen etwas sp\u00e4ter als das zivile Nationale Niederl\u00e4ndische Bataillon der Armee an.  <\/p>\n<p>F\u00fcr den gesamten Betrieb der Kot \u2013 Verpacken, Fliegen, Abwerfen, Fangen, Transport, Verstecken und Verteilen \u2013 wurden viele H\u00e4nde ben\u00f6tigt, die ihr eigenes Leben gef\u00e4hrdeten.<\/p>\n<p>Quelle: <a href=\"http:\/\/www.oorlogsbronnen.nl\/thema\/Wapendropping%20bij%20Eibergen\" target=\"_blank\" rel=\"noopener\">http:\/\/www.oorlogsbronnen.nl\/thema\/Wapendropping%20bij%20Eibergen<\/a><\/p>\n<\/div><\/div><\/div><div class=\"fusion-layout-column fusion_builder_column fusion-builder-column-8 fusion_builder_column_1_3 1_3 fusion-flex-column\" style=\"--awb-bg-size:cover;--awb-width-large:33.333333333333%;--awb-margin-top-large:0px;--awb-spacing-right-large:5.76%;--awb-margin-bottom-large:20px;--awb-spacing-left-large:5.76%;--awb-width-medium:33.333333333333%;--awb-order-medium:0;--awb-spacing-right-medium:5.76%;--awb-spacing-left-medium:5.76%;--awb-width-small:100%;--awb-order-small:0;--awb-spacing-right-small:1.92%;--awb-spacing-left-small:1.92%;\"><div class=\"fusion-column-wrapper fusion-column-has-shadow fusion-flex-justify-content-flex-start fusion-content-layout-column\"><div class=\"fusion-image-element \" style=\"--awb-margin-bottom:10px;--awb-caption-title-font-family:var(--h2_typography-font-family);--awb-caption-title-font-weight:var(--h2_typography-font-weight);--awb-caption-title-font-style:var(--h2_typography-font-style);--awb-caption-title-size:var(--h2_typography-font-size);--awb-caption-title-transform:var(--h2_typography-text-transform);--awb-caption-title-line-height:var(--h2_typography-line-height);--awb-caption-title-letter-spacing:var(--h2_typography-letter-spacing);\"><span class=\" fusion-imageframe imageframe-none imageframe-4 hover-type-none\"><img decoding=\"async\" width=\"945\" height=\"630\" alt=\"Monument James (die Betonstange wurde in einem Rohr gegossen, das damals abgeworfen wurde, in dem sich die Waffen befanden)\" title=\"Monument James (die Betonstange wurde in einem Rohr gegossen, das damals abgeworfen wurde, in dem sich die Waffen befanden)\" src=\"https:\/\/nationaalonderduikmuseum.nl\/wp-content\/uploads\/2025\/02\/James-4311210430192524.jpg\" class=\"img-responsive wp-image-3203\" srcset=\"https:\/\/nationaalonderduikmuseum.nl\/wp-content\/uploads\/2025\/02\/James-4311210430192524-200x133.jpg 200w, https:\/\/nationaalonderduikmuseum.nl\/wp-content\/uploads\/2025\/02\/James-4311210430192524-400x267.jpg 400w, https:\/\/nationaalonderduikmuseum.nl\/wp-content\/uploads\/2025\/02\/James-4311210430192524-600x400.jpg 600w, https:\/\/nationaalonderduikmuseum.nl\/wp-content\/uploads\/2025\/02\/James-4311210430192524-800x533.jpg 800w, https:\/\/nationaalonderduikmuseum.nl\/wp-content\/uploads\/2025\/02\/James-4311210430192524.jpg 945w\" sizes=\"(max-width: 800px) 100vw, 600px\" \/><\/span><\/div><div class=\"fusion-text fusion-text-5\"><p><em>Monument James (die Betonstange wurde in einem Rohr gegossen, das damals abgeworfen wurde, in dem sich die Waffen befanden)<\/em><\/p>\n<\/div><div class=\"fusion-image-element \" style=\"--awb-margin-bottom:40px;--awb-caption-title-font-family:var(--h2_typography-font-family);--awb-caption-title-font-weight:var(--h2_typography-font-weight);--awb-caption-title-font-style:var(--h2_typography-font-style);--awb-caption-title-size:var(--h2_typography-font-size);--awb-caption-title-transform:var(--h2_typography-text-transform);--awb-caption-title-line-height:var(--h2_typography-line-height);--awb-caption-title-letter-spacing:var(--h2_typography-letter-spacing);\"><span class=\" fusion-imageframe imageframe-none imageframe-5 hover-type-none\"><img decoding=\"async\" width=\"945\" height=\"708\" alt=\"Memorial James\" title=\"Memorial James\" src=\"https:\/\/nationaalonderduikmuseum.nl\/wp-content\/uploads\/2025\/02\/Monument-James.jpg\" class=\"img-responsive wp-image-3206\" srcset=\"https:\/\/nationaalonderduikmuseum.nl\/wp-content\/uploads\/2025\/02\/Monument-James-200x150.jpg 200w, https:\/\/nationaalonderduikmuseum.nl\/wp-content\/uploads\/2025\/02\/Monument-James-400x300.jpg 400w, https:\/\/nationaalonderduikmuseum.nl\/wp-content\/uploads\/2025\/02\/Monument-James-600x450.jpg 600w, https:\/\/nationaalonderduikmuseum.nl\/wp-content\/uploads\/2025\/02\/Monument-James-800x599.jpg 800w, https:\/\/nationaalonderduikmuseum.nl\/wp-content\/uploads\/2025\/02\/Monument-James.jpg 945w\" sizes=\"(max-width: 800px) 100vw, 600px\" \/><\/span><\/div><\/div><\/div><\/div><\/div><div class=\"fusion-fullwidth fullwidth-box fusion-builder-row-6 fusion-flex-container has-pattern-background has-mask-background nonhundred-percent-fullwidth non-hundred-percent-height-scrolling\" style=\"--link_color: #ffffff;--awb-border-color:#ffffff;--awb-border-radius-top-left:0px;--awb-border-radius-top-right:0px;--awb-border-radius-bottom-right:0px;--awb-border-radius-bottom-left:0px;--awb-padding-top:0px;--awb-padding-bottom:0px;--awb-margin-top:0px;--awb-margin-bottom:10px;--awb-flex-wrap:wrap;\" ><div class=\"fusion-builder-row fusion-row fusion-flex-align-items-flex-start fusion-flex-content-wrap\" style=\"max-width:1456px;margin-left: calc(-4% \/ 2 );margin-right: calc(-4% \/ 2 );\"><div class=\"fusion-layout-column fusion_builder_column fusion-builder-column-9 fusion_builder_column_1_1 1_1 fusion-flex-column fusion-flex-align-self-flex-start\" style=\"--awb-padding-top:0px;--awb-padding-bottom:0px;--awb-bg-size:cover;--awb-border-color:var(--awb-color4);--awb-border-top:2px;--awb-border-right:2px;--awb-border-bottom:2px;--awb-border-left:2px;--awb-border-style:solid;--awb-width-large:100%;--awb-margin-top-large:0px;--awb-spacing-right-large:1.92%;--awb-margin-bottom-large:0px;--awb-spacing-left-large:1.92%;--awb-width-medium:100%;--awb-order-medium:0;--awb-spacing-right-medium:1.92%;--awb-spacing-left-medium:1.92%;--awb-width-small:100%;--awb-order-small:0;--awb-spacing-right-small:1.92%;--awb-spacing-left-small:1.92%;\" data-scroll-devices=\"small-visibility,medium-visibility,large-visibility\"><div class=\"fusion-column-wrapper fusion-column-has-shadow fusion-flex-justify-content-flex-start fusion-content-layout-column\"><\/div><\/div><\/div><\/div><div class=\"fusion-fullwidth fullwidth-box fusion-builder-row-7 fusion-flex-container has-pattern-background has-mask-background nonhundred-percent-fullwidth non-hundred-percent-height-scrolling\" style=\"--awb-border-radius-top-left:0px;--awb-border-radius-top-right:0px;--awb-border-radius-bottom-right:0px;--awb-border-radius-bottom-left:0px;--awb-padding-top:0px;--awb-padding-bottom:0px;--awb-margin-top:0px;--awb-flex-wrap:wrap;\" ><div class=\"fusion-builder-row fusion-row fusion-flex-align-items-flex-start fusion-flex-content-wrap\" style=\"max-width:1456px;margin-left: calc(-4% \/ 2 );margin-right: calc(-4% \/ 2 );\"><div class=\"fusion-layout-column fusion_builder_column fusion-builder-column-10 fusion_builder_column_2_3 2_3 fusion-flex-column\" style=\"--awb-padding-top:0px;--awb-padding-bottom:0px;--awb-bg-size:cover;--awb-width-large:66.666666666667%;--awb-margin-top-large:0px;--awb-spacing-right-large:2.88%;--awb-margin-bottom-large:0px;--awb-spacing-left-large:2.88%;--awb-width-medium:66.666666666667%;--awb-order-medium:0;--awb-spacing-right-medium:2.88%;--awb-spacing-left-medium:2.88%;--awb-width-small:100%;--awb-order-small:0;--awb-spacing-right-small:1.92%;--awb-spacing-left-small:1.92%;\" data-scroll-devices=\"small-visibility,medium-visibility,large-visibility\"><div class=\"fusion-column-wrapper fusion-column-has-shadow fusion-flex-justify-content-flex-start fusion-content-layout-column\"><div class=\"fusion-text fusion-text-6\"><h2>J\u00fcdisches Arbeitslager De Zomp<\/h2>\n<p>Das Arbeitslager De Zomp in Ruurlo befindet sich am Koergerweg, einige Kilometer au\u00dferhalb des Dorfes auf der Stra\u00dfe in Richtung Borculo. Das Lager besteht aus zwei Kasernen und dem Kochhaus mit K\u00fcche, einer Kantine, einer Waschk\u00fcche und einem Fahrradschuppen. Das Lager wurde in den 1930er Jahren auf Anordnung der niederl\u00e4ndischen Regierung errichtet, um Arbeitslose im Rahmen der Arbeitsplatzschaffung unterzubringen.  <\/p>\n<p><strong>Die Funktion des Lagers ver\u00e4ndert<br \/>\n sich<\/strong>Dutzende dieser Lager im Land wurden 1942 evakuiert, um Platz f\u00fcr j\u00fcdische M\u00e4nner zu schaffen, die wegen antisemitischer Ma\u00dfnahmen arbeitslos geworden waren. In Ruurlo mussten sie als Zwangsarbeiter Kiefern f\u00e4llen und Gr\u00e4ben in den W\u00e4ldern rund um den Zelhelmseweg und den Hengeloseweg ausheben und die Wasserentw\u00e4sserung des Flusses Slinge verbessern. Im Laufe dieses Jahres wird das Regime strenger.  <\/p>\n<p><strong>Ein Versammlungsort f\u00fcr die Deportation<br \/>\n<\/strong>Es beschr\u00e4nkte sich jedoch nicht darauf, nur j\u00fcdische Mitb\u00fcrger zu besch\u00e4ftigen. Die Lager waren tats\u00e4chlich Sammelpunkte, von denen aus sp\u00e4ter Menschen nach Westerbork, dem \u00e4u\u00dferen Hafen, zur Deportation in die Vernichtungslager gebracht wurden. <\/p>\n<p><strong>Die Evakuierung des Camps De Zomp<br \/>\n<\/strong>In der Nacht vom 2. auf den 3. Oktober 1942 wurde das Lager von der Ordnungspolizei umzingelt. Am n\u00e4chsten Morgen wurden die j\u00fcdischen M\u00e4nner \u00fcber den Bahnhof in Ruurlo nach Westerbork gebracht. Von dort wurden sie bald in Vernichtungslager in Osteuropa deportiert. Die Mehrheit der mehr als 100 j\u00fcdischen M\u00e4nner aus dem Lager De Zomp wurde dort ermordet. Nur wenige M\u00e4nner kehren zur\u00fcck.    <\/p>\n<p><strong>Die Entscheidungsfindung hinter den j\u00fcdischen Arbeitslagern<br \/>\n<\/strong>Die Entscheidung, j\u00fcdische Arbeitslager einzurichten, wurde am 10. Oktober 1941 vom deutschen Reichskommissar Seyss-Inquart getroffen. Der J\u00fcdische Rat unter der Leitung von Prof. Dr. D. Cohen und A. Asscher stimmte zu, arbeitslose Juden in den Norden und Osten der Niederlande zu entsenden. <\/p>\n<p>Quelle: <a href=\"https:\/\/oldreurle.nl\/ruurlo-in-wo2\/werkkampen\" target=\"_blank\" rel=\"noopener\">https:\/\/oldreurle.nl\/ruurlo-in-wo2\/werkkampen<\/a><\/p>\n<\/div><\/div><\/div><div class=\"fusion-layout-column fusion_builder_column fusion-builder-column-11 fusion_builder_column_1_3 1_3 fusion-flex-column\" style=\"--awb-bg-size:cover;--awb-width-large:33.333333333333%;--awb-margin-top-large:0px;--awb-spacing-right-large:5.76%;--awb-margin-bottom-large:20px;--awb-spacing-left-large:5.76%;--awb-width-medium:33.333333333333%;--awb-order-medium:0;--awb-spacing-right-medium:5.76%;--awb-spacing-left-medium:5.76%;--awb-width-small:100%;--awb-order-small:0;--awb-spacing-right-small:1.92%;--awb-spacing-left-small:1.92%;\"><div class=\"fusion-column-wrapper fusion-column-has-shadow fusion-flex-justify-content-flex-start fusion-content-layout-column\"><div class=\"fusion-image-element \" style=\"--awb-margin-bottom:10px;--awb-caption-title-font-family:var(--h2_typography-font-family);--awb-caption-title-font-weight:var(--h2_typography-font-weight);--awb-caption-title-font-style:var(--h2_typography-font-style);--awb-caption-title-size:var(--h2_typography-font-size);--awb-caption-title-transform:var(--h2_typography-text-transform);--awb-caption-title-line-height:var(--h2_typography-line-height);--awb-caption-title-letter-spacing:var(--h2_typography-letter-spacing);\"><span class=\" fusion-imageframe imageframe-none imageframe-6 hover-type-none\"><img decoding=\"async\" width=\"945\" height=\"648\" alt=\"Arbeitslager de Zomp\" title=\"Arbeitslager de Zomp\" src=\"https:\/\/nationaalonderduikmuseum.nl\/wp-content\/uploads\/2025\/02\/Werkkampen_overzichten_de_zomp_Bestanddeelnr_162-1370.jpg\" class=\"img-responsive wp-image-3210\" srcset=\"https:\/\/nationaalonderduikmuseum.nl\/wp-content\/uploads\/2025\/02\/Werkkampen_overzichten_de_zomp_Bestanddeelnr_162-1370-200x137.jpg 200w, https:\/\/nationaalonderduikmuseum.nl\/wp-content\/uploads\/2025\/02\/Werkkampen_overzichten_de_zomp_Bestanddeelnr_162-1370-400x274.jpg 400w, https:\/\/nationaalonderduikmuseum.nl\/wp-content\/uploads\/2025\/02\/Werkkampen_overzichten_de_zomp_Bestanddeelnr_162-1370-600x411.jpg 600w, https:\/\/nationaalonderduikmuseum.nl\/wp-content\/uploads\/2025\/02\/Werkkampen_overzichten_de_zomp_Bestanddeelnr_162-1370-800x549.jpg 800w, https:\/\/nationaalonderduikmuseum.nl\/wp-content\/uploads\/2025\/02\/Werkkampen_overzichten_de_zomp_Bestanddeelnr_162-1370.jpg 945w\" sizes=\"(max-width: 800px) 100vw, 600px\" \/><\/span><\/div><\/div><\/div><\/div><\/div><\/p>\n","protected":false},"excerpt":{"rendered":"","protected":false},"author":4,"featured_media":0,"parent":6050,"menu_order":2,"comment_status":"closed","ping_status":"closed","template":"100-width.php","meta":{"footnotes":""},"class_list":["post-6109","page","type-page","status-publish","hentry"],"aioseo_notices":[],"_links":{"self":[{"href":"https:\/\/nationaalonderduikmuseum.nl\/de\/wp-json\/wp\/v2\/pages\/6109","targetHints":{"allow":["GET"]}}],"collection":[{"href":"https:\/\/nationaalonderduikmuseum.nl\/de\/wp-json\/wp\/v2\/pages"}],"about":[{"href":"https:\/\/nationaalonderduikmuseum.nl\/de\/wp-json\/wp\/v2\/types\/page"}],"author":[{"embeddable":true,"href":"https:\/\/nationaalonderduikmuseum.nl\/de\/wp-json\/wp\/v2\/users\/4"}],"replies":[{"embeddable":true,"href":"https:\/\/nationaalonderduikmuseum.nl\/de\/wp-json\/wp\/v2\/comments?post=6109"}],"version-history":[{"count":3,"href":"https:\/\/nationaalonderduikmuseum.nl\/de\/wp-json\/wp\/v2\/pages\/6109\/revisions"}],"predecessor-version":[{"id":6117,"href":"https:\/\/nationaalonderduikmuseum.nl\/de\/wp-json\/wp\/v2\/pages\/6109\/revisions\/6117"}],"up":[{"embeddable":true,"href":"https:\/\/nationaalonderduikmuseum.nl\/de\/wp-json\/wp\/v2\/pages\/6050"}],"wp:attachment":[{"href":"https:\/\/nationaalonderduikmuseum.nl\/de\/wp-json\/wp\/v2\/media?parent=6109"}],"curies":[{"name":"wp","href":"https:\/\/api.w.org\/{rel}","templated":true}]}}