{"id":6103,"date":"2025-01-20T13:27:35","date_gmt":"2025-01-20T13:27:35","guid":{"rendered":"https:\/\/nationaalonderduikmuseum.nl\/programma-vrijheid\/quartett\/aalten\/"},"modified":"2026-04-01T07:29:13","modified_gmt":"2026-04-01T07:29:13","slug":"aalten","status":"publish","type":"page","link":"https:\/\/nationaalonderduikmuseum.nl\/de\/programma-vrijheid\/quartett\/aalten\/","title":{"rendered":"Aalten"},"content":{"rendered":"<p><div class=\"fusion-fullwidth fullwidth-box fusion-builder-row-1 fusion-flex-container has-pattern-background has-mask-background nonhundred-percent-fullwidth non-hundred-percent-height-scrolling\" style=\"--awb-border-radius-top-left:0px;--awb-border-radius-top-right:0px;--awb-border-radius-bottom-right:0px;--awb-border-radius-bottom-left:0px;--awb-padding-top:30px;--awb-padding-bottom:0px;--awb-margin-top:0px;--awb-margin-bottom:0px;--awb-flex-wrap:wrap;\" ><div class=\"fusion-builder-row fusion-row fusion-flex-align-items-flex-start fusion-flex-content-wrap\" style=\"max-width:1456px;margin-left: calc(-4% \/ 2 );margin-right: calc(-4% \/ 2 );\"><div class=\"fusion-layout-column fusion_builder_column fusion-builder-column-0 fusion_builder_column_1_1 1_1 fusion-flex-column\" style=\"--awb-bg-size:cover;--awb-width-large:100%;--awb-margin-top-large:0px;--awb-spacing-right-large:1.92%;--awb-margin-bottom-large:20px;--awb-spacing-left-large:1.92%;--awb-width-medium:100%;--awb-order-medium:0;--awb-spacing-right-medium:1.92%;--awb-spacing-left-medium:1.92%;--awb-width-small:100%;--awb-order-small:0;--awb-spacing-right-small:1.92%;--awb-spacing-left-small:1.92%;\"><div class=\"fusion-column-wrapper fusion-column-has-shadow fusion-flex-justify-content-flex-start fusion-content-layout-column\"><div class=\"fusion-title title fusion-title-1 fusion-sep-none fusion-title-text fusion-title-size-one\" style=\"--awb-margin-top-small:8px;--awb-margin-right-small:0px;--awb-margin-bottom-small:16px;--awb-margin-left-small:0px;\"><h1 class=\"fusion-title-heading title-heading-left fusion-responsive-typography-calculated\" style=\"margin:0;--fontSize:64;line-height:1.25;\"><h1>Aalten<\/h1><\/h1><\/div><\/div><\/div><div class=\"fusion-layout-column fusion_builder_column fusion-builder-column-1 fusion_builder_column_2_3 2_3 fusion-flex-column\" style=\"--awb-bg-size:cover;--awb-width-large:66.666666666667%;--awb-margin-top-large:0px;--awb-spacing-right-large:2.88%;--awb-margin-bottom-large:20px;--awb-spacing-left-large:2.88%;--awb-width-medium:66.666666666667%;--awb-order-medium:0;--awb-spacing-right-medium:2.88%;--awb-spacing-left-medium:2.88%;--awb-width-small:100%;--awb-order-small:0;--awb-spacing-right-small:1.92%;--awb-spacing-left-small:1.92%;\"><div class=\"fusion-column-wrapper fusion-column-has-shadow fusion-flex-justify-content-flex-start fusion-content-layout-column\"><div class=\"fusion-text fusion-text-1\"><h2 class=\"fusion-responsive-typography-calculated\" style=\"--fontsize: 48;line-height: 1.2\" data-fontsize=\"48\" data-lineheight=\"57.6px\">Wimke Herfstink<\/h2>\n<p>In den fr\u00fchen Morgenstunden des 21. September 1943 wurde ein Paket vor dem Haus in der Patrimoniumstraat 21 in Aalten abgestellt. Der Widerstandsf\u00fchrer <a href=\"https:\/\/nationaalonderduikmuseum.nl\/de\/geschichten\/ome-jan-wikkerink\/ome-jan-wikkerink-2\/\">&#8218;Onkel Jan&#8216; Wikkerink<\/a> lebt mit seiner Familie an dieser Adresse. Das Paket stellt sich als neugeborenes Baby heraus. Das Baby ist der Sohn von Lena Jedwab-Kropveld und John Jedwab, dem Kantor (Pastor) der j\u00fcdischen Gemeinde von Aalten. Das Paar hatte sich seit Mitte 1942 versteckt und fand auf einer Farm in Lintelo Zuflucht. Das j\u00fcdische Kind wurde dort im <a href=\"https:\/\/nationaalonderduikmuseum.nl\/de\/geschichten\/das-untertauchen-in-den-niederlanden\/\">Versteck<\/a> geboren, kann aber nicht dort bleiben, weil es f\u00fcr alle gef\u00e4hrlich ist. Deshalb beschlossen die Widerstandsmitglieder Jan Wikkerink und Arzt Der Weduwen in Absprache mit den Eltern, das Kind bei der Familie Wikkerink zu lassen, damit es ein sicheres Versteck h\u00e4tte.      <\/p>\n<p><strong>Ein neuer Name und eine neue Identit\u00e4t<br \/>\n<\/strong>Drei Tage sp\u00e4ter wird das Baby von Frau Wikkerink als &#8218;Willem Herfstink&#8216; registriert und unter diesem Namen im Geburtsregister der Gemeinde Aalten eingetragen. Der Name wurde symbolisch gew\u00e4hlt. Willem bezieht sich auf K\u00f6nigin Wilhelmina, Herfstink bis zum ersten Herbsttag (21. September) und Tinte bedeutet &#8218;Sohn von&#8216;. Der diensthabende Dorfarzt \u2013 da das Baby nicht beschnitten ist \u2013 gibt die Aussage, dass das Kind zu 100 % arisch (also nicht j\u00fcdisch) ist. Wimke blieb w\u00e4hrend des gesamten Krieges bei der Familie Wikkerink sicher.    <\/p>\n<p><strong>Die Wiedervereinigung nach dem Krieg<br \/>\n<\/strong>Nach dem Krieg konnte Wimke zu seinen Eltern zur\u00fcckkehren. Er wird daher seinen richtigen Namen erhalten: Aron Jan Willem Jedwab. Der Name Willem bleibt jedoch erhalten und sein zweiter Vorname Jan bezieht sich auf seinen Retter Jan Wikkerink. Unmittelbar nach dem Krieg kam K\u00f6nigin Wilhelmina nach Aalten in das Haus der Familie Wikkerink, um sie f\u00fcr ihre Taten im Widerstand zu ehren. Tochter Jo: &#8222;Ich kann Wilhelmina immer noch sehen. Sie klopft meinem Gro\u00dfvater auf die Schulter und sagt: &#8218;Wikkerink, du hast einen tapferen Sohn&#8216;.&#8220; Jo zieht f\u00fcr ein Jahr bei der Jedwab-Familie, damit Wimke sich an seine neue Familie gew\u00f6hnen kann.     <\/p>\n<p>Lesen Sie mehr \u00fcber diese Geschichte:<br \/>\n<a href=\"https:\/\/euregio-history.net\/nl\/node\/82\" target=\"_blank\" rel=\"noopener nofollow\">https:\/\/euregio-history.net\/nl\/node\/82<\/a><\/p>\n<\/div><\/div><\/div><div class=\"fusion-layout-column fusion_builder_column fusion-builder-column-2 fusion_builder_column_1_3 1_3 fusion-flex-column\" style=\"--awb-bg-size:cover;--awb-width-large:33.333333333333%;--awb-margin-top-large:0px;--awb-spacing-right-large:5.76%;--awb-margin-bottom-large:20px;--awb-spacing-left-large:5.76%;--awb-width-medium:33.333333333333%;--awb-order-medium:0;--awb-spacing-right-medium:5.76%;--awb-spacing-left-medium:5.76%;--awb-width-small:100%;--awb-order-small:0;--awb-spacing-right-small:1.92%;--awb-spacing-left-small:1.92%;\"><div class=\"fusion-column-wrapper fusion-column-has-shadow fusion-flex-justify-content-flex-start fusion-content-layout-column\"><div class=\"fusion-image-element \" style=\"--awb-caption-title-font-family:var(--h2_typography-font-family);--awb-caption-title-font-weight:var(--h2_typography-font-weight);--awb-caption-title-font-style:var(--h2_typography-font-style);--awb-caption-title-size:var(--h2_typography-font-size);--awb-caption-title-transform:var(--h2_typography-text-transform);--awb-caption-title-line-height:var(--h2_typography-line-height);--awb-caption-title-letter-spacing:var(--h2_typography-letter-spacing);\"><span class=\" fusion-imageframe imageframe-none imageframe-1 hover-type-none\"><img decoding=\"async\" width=\"945\" height=\"693\" alt=\"Auszug aus dem Populationsregister mit dem Namen und der anschlie\u00dfenden Anpassung\" title=\"Auszug aus dem Populationsregister mit dem Namen und der anschlie\u00dfenden Anpassung\" src=\"https:\/\/nationaalonderduikmuseum.nl\/wp-content\/uploads\/2025\/02\/8.5-geboorte-acte.jpg\" class=\"img-responsive wp-image-3139\" srcset=\"https:\/\/nationaalonderduikmuseum.nl\/wp-content\/uploads\/2025\/02\/8.5-geboorte-acte-200x147.jpg 200w, https:\/\/nationaalonderduikmuseum.nl\/wp-content\/uploads\/2025\/02\/8.5-geboorte-acte-400x293.jpg 400w, https:\/\/nationaalonderduikmuseum.nl\/wp-content\/uploads\/2025\/02\/8.5-geboorte-acte-600x440.jpg 600w, https:\/\/nationaalonderduikmuseum.nl\/wp-content\/uploads\/2025\/02\/8.5-geboorte-acte-800x587.jpg 800w, https:\/\/nationaalonderduikmuseum.nl\/wp-content\/uploads\/2025\/02\/8.5-geboorte-acte.jpg 945w\" sizes=\"(max-width: 800px) 100vw, 600px\" \/><\/span><\/div><div class=\"fusion-text fusion-text-2\"><p><em>Auszug aus dem Populationsregister mit dem Namen und der anschlie\u00dfenden Anpassung<\/em><\/p>\n<\/div><div class=\"fusion-image-element \" style=\"--awb-caption-title-font-family:var(--h2_typography-font-family);--awb-caption-title-font-weight:var(--h2_typography-font-weight);--awb-caption-title-font-style:var(--h2_typography-font-style);--awb-caption-title-size:var(--h2_typography-font-size);--awb-caption-title-transform:var(--h2_typography-text-transform);--awb-caption-title-line-height:var(--h2_typography-line-height);--awb-caption-title-letter-spacing:var(--h2_typography-letter-spacing);\"><span class=\" fusion-imageframe imageframe-none imageframe-2 hover-type-none\"><img decoding=\"async\" width=\"244\" height=\"178\" alt=\"Nach der Befreiung kann Wimke zu seinen Eltern Jedwab zur\u00fcckkehren.\" title=\"Nach der Befreiung kann Wimke zu seinen Eltern Jedwab zur\u00fcckkehren.\" src=\"https:\/\/nationaalonderduikmuseum.nl\/wp-content\/uploads\/2025\/02\/Afbeelding1-1.png\" class=\"img-responsive wp-image-3142\" srcset=\"https:\/\/nationaalonderduikmuseum.nl\/wp-content\/uploads\/2025\/02\/Afbeelding1-1-200x146.png 200w, https:\/\/nationaalonderduikmuseum.nl\/wp-content\/uploads\/2025\/02\/Afbeelding1-1.png 244w\" sizes=\"(max-width: 800px) 100vw, 244px\" \/><\/span><\/div><div class=\"fusion-text fusion-text-3\"><p><em>Wimke kann nach der Befreiung zu seinen Eltern Jedwab zur\u00fcckkehren<\/em><\/p>\n<\/div><div class=\"fusion-image-element \" style=\"--awb-caption-title-font-family:var(--h2_typography-font-family);--awb-caption-title-font-weight:var(--h2_typography-font-weight);--awb-caption-title-font-style:var(--h2_typography-font-style);--awb-caption-title-size:var(--h2_typography-font-size);--awb-caption-title-transform:var(--h2_typography-text-transform);--awb-caption-title-line-height:var(--h2_typography-line-height);--awb-caption-title-letter-spacing:var(--h2_typography-letter-spacing);\"><span class=\" fusion-imageframe imageframe-none imageframe-3 hover-type-none\"><img decoding=\"async\" width=\"945\" height=\"715\" alt=\"K\u00f6nigin Wilhelmina besucht die Familie Wikkerink.\" title=\"K\u00f6nigin Wilhelmina besucht die Familie Wikkerink.\" src=\"https:\/\/nationaalonderduikmuseum.nl\/wp-content\/uploads\/2025\/02\/konigin_wilhelmina.jpg\" class=\"img-responsive wp-image-3136\" srcset=\"https:\/\/nationaalonderduikmuseum.nl\/wp-content\/uploads\/2025\/02\/konigin_wilhelmina-200x151.jpg 200w, https:\/\/nationaalonderduikmuseum.nl\/wp-content\/uploads\/2025\/02\/konigin_wilhelmina-400x303.jpg 400w, https:\/\/nationaalonderduikmuseum.nl\/wp-content\/uploads\/2025\/02\/konigin_wilhelmina-600x454.jpg 600w, https:\/\/nationaalonderduikmuseum.nl\/wp-content\/uploads\/2025\/02\/konigin_wilhelmina-800x605.jpg 800w, https:\/\/nationaalonderduikmuseum.nl\/wp-content\/uploads\/2025\/02\/konigin_wilhelmina.jpg 945w\" sizes=\"(max-width: 800px) 100vw, 600px\" \/><\/span><\/div><div class=\"fusion-text fusion-text-4 fusion-text-no-margin\" style=\"--awb-margin-bottom:0px;\"><p><em>K\u00f6nigin Wilhelmina besucht die Familie Wikkerink<\/em><\/p>\n<\/div><\/div><\/div><\/div><\/div><div class=\"fusion-fullwidth fullwidth-box fusion-builder-row-2 fusion-flex-container has-pattern-background has-mask-background nonhundred-percent-fullwidth non-hundred-percent-height-scrolling\" style=\"--awb-border-radius-top-left:0px;--awb-border-radius-top-right:0px;--awb-border-radius-bottom-right:0px;--awb-border-radius-bottom-left:0px;--awb-padding-top:0px;--awb-padding-bottom:0px;--awb-margin-top:0px;--awb-flex-wrap:wrap;\" ><div class=\"fusion-builder-row fusion-row fusion-flex-align-items-flex-start fusion-flex-content-wrap\" style=\"max-width:1456px;margin-left: calc(-4% \/ 2 );margin-right: calc(-4% \/ 2 );\"><\/div><\/div><div class=\"fusion-fullwidth fullwidth-box fusion-builder-row-3 fusion-flex-container has-pattern-background has-mask-background nonhundred-percent-fullwidth non-hundred-percent-height-scrolling\" style=\"--link_color: #ffffff;--awb-border-color:#ffffff;--awb-border-radius-top-left:0px;--awb-border-radius-top-right:0px;--awb-border-radius-bottom-right:0px;--awb-border-radius-bottom-left:0px;--awb-padding-top:0px;--awb-padding-bottom:0px;--awb-margin-top:0px;--awb-margin-bottom:10px;--awb-flex-wrap:wrap;\" ><div class=\"fusion-builder-row fusion-row fusion-flex-align-items-flex-start fusion-flex-content-wrap\" style=\"max-width:1456px;margin-left: calc(-4% \/ 2 );margin-right: calc(-4% \/ 2 );\"><\/div><\/div><div class=\"fusion-fullwidth fullwidth-box fusion-builder-row-4 fusion-flex-container has-pattern-background has-mask-background nonhundred-percent-fullwidth non-hundred-percent-height-scrolling\" style=\"--link_color: #ffffff;--awb-border-radius-top-left:0px;--awb-border-radius-top-right:0px;--awb-border-radius-bottom-right:0px;--awb-border-radius-bottom-left:0px;--awb-padding-top:0px;--awb-padding-bottom:0px;--awb-margin-top:0px;--awb-margin-bottom:0px;--awb-flex-wrap:wrap;\" ><div class=\"fusion-builder-row fusion-row fusion-flex-align-items-flex-start fusion-flex-content-wrap\" style=\"max-width:1456px;margin-left: calc(-4% \/ 2 );margin-right: calc(-4% \/ 2 );\"><div class=\"fusion-layout-column fusion_builder_column fusion-builder-column-3 fusion_builder_column_2_3 2_3 fusion-flex-column\" style=\"--awb-bg-size:cover;--awb-width-large:66.666666666667%;--awb-margin-top-large:0px;--awb-spacing-right-large:2.88%;--awb-margin-bottom-large:20px;--awb-spacing-left-large:2.88%;--awb-width-medium:66.666666666667%;--awb-order-medium:0;--awb-spacing-right-medium:2.88%;--awb-spacing-left-medium:2.88%;--awb-width-small:100%;--awb-order-small:0;--awb-spacing-right-small:1.92%;--awb-spacing-left-small:1.92%;\"><div class=\"fusion-column-wrapper fusion-column-has-shadow fusion-flex-justify-content-flex-start fusion-content-layout-column\"><div class=\"fusion-text fusion-text-5\"><h2>Das Nationale Versteckmuseum<\/h2>\n<p>Das Nationale Versteckmuseum erz\u00e4hlt die gro\u00dfe Geschichte des Widerstands, <a rel=\"nofollow\" href=\"https:\/\/nationaalonderduikmuseum.nl\/de\/geschichten\/das-untertauchen-in-den-niederlanden\/\">des Versteckens<\/a> und der Freiheit vor, w\u00e4hrend und nach dem Zweiten Weltkrieg mit kleinen Geschichten der Bewohner von Markt 12 in Aalten. Der Krieg kann interaktiv &#8222;unter einem Dach&#8220; erlebt werden, in einem Haus, in dem eine Familie mit zwei kleinen Kindern gleichzeitig lebte, der deutsche Ortskommandant untergebracht war und Menschen im Versteck auf dem Dachboden versteckt waren. W\u00e4hrend der Bombenangriffe suchte das Viertel Zuflucht im alten Keller. Das Versteck und der Keller sind noch zug\u00e4nglich. Das Museum untersucht die Entscheidungen und Dilemmata gew\u00f6hnlicher B\u00fcrger und gibt zudem ein Bild von den Besonderheiten des Lebens und Arbeitens an der niederl\u00e4ndisch-deutschen Grenze. Aalten hatte die h\u00f6chste Zahl an Menschen in den Niederlanden, die sich versteckten (1 von 5 Einwohnern).     <\/p>\n<p>Die Gleichheit von Religion, Rasse und Orientierung wurde in unserem Land erst k\u00fcrzlich umk\u00e4mpft. F\u00fcr diese Werte einzutreten ist unser Ausgangspunkt und der Daseinszweck des Museums. Demokratie ist nicht selbstverst\u00e4ndlich!<\/p>\n<\/div><\/div><\/div><div class=\"fusion-layout-column fusion_builder_column fusion-builder-column-4 fusion_builder_column_1_3 1_3 fusion-flex-column\" style=\"--awb-bg-size:cover;--awb-width-large:33.333333333333%;--awb-margin-top-large:0px;--awb-spacing-right-large:5.76%;--awb-margin-bottom-large:20px;--awb-spacing-left-large:5.76%;--awb-width-medium:33.333333333333%;--awb-order-medium:0;--awb-spacing-right-medium:5.76%;--awb-spacing-left-medium:5.76%;--awb-width-small:100%;--awb-order-small:0;--awb-spacing-right-small:1.92%;--awb-spacing-left-small:1.92%;\"><div class=\"fusion-column-wrapper fusion-column-has-shadow fusion-flex-justify-content-flex-start fusion-content-layout-column\"><div class=\"fusion-image-element \" style=\"--awb-margin-bottom:10px;--awb-caption-title-font-family:var(--h2_typography-font-family);--awb-caption-title-font-weight:var(--h2_typography-font-weight);--awb-caption-title-font-style:var(--h2_typography-font-style);--awb-caption-title-size:var(--h2_typography-font-size);--awb-caption-title-transform:var(--h2_typography-text-transform);--awb-caption-title-line-height:var(--h2_typography-line-height);--awb-caption-title-letter-spacing:var(--h2_typography-letter-spacing);\"><span class=\" fusion-imageframe imageframe-none imageframe-4 hover-type-none\"><img decoding=\"async\" width=\"945\" height=\"629\" alt=\"Nationaal Onderduikmuseum\" title=\"Nationaal Onderduikmuseum\" src=\"https:\/\/nationaalonderduikmuseum.nl\/wp-content\/uploads\/2025\/02\/Museum_3065.jpg\" class=\"img-responsive wp-image-3149\" srcset=\"https:\/\/nationaalonderduikmuseum.nl\/wp-content\/uploads\/2025\/02\/Museum_3065-200x133.jpg 200w, https:\/\/nationaalonderduikmuseum.nl\/wp-content\/uploads\/2025\/02\/Museum_3065-400x266.jpg 400w, https:\/\/nationaalonderduikmuseum.nl\/wp-content\/uploads\/2025\/02\/Museum_3065-600x399.jpg 600w, https:\/\/nationaalonderduikmuseum.nl\/wp-content\/uploads\/2025\/02\/Museum_3065-800x532.jpg 800w, https:\/\/nationaalonderduikmuseum.nl\/wp-content\/uploads\/2025\/02\/Museum_3065.jpg 945w\" sizes=\"(max-width: 800px) 100vw, 600px\" \/><\/span><\/div><div class=\"fusion-image-element \" style=\"--awb-caption-title-font-family:var(--h2_typography-font-family);--awb-caption-title-font-weight:var(--h2_typography-font-weight);--awb-caption-title-font-style:var(--h2_typography-font-style);--awb-caption-title-size:var(--h2_typography-font-size);--awb-caption-title-transform:var(--h2_typography-text-transform);--awb-caption-title-line-height:var(--h2_typography-line-height);--awb-caption-title-letter-spacing:var(--h2_typography-letter-spacing);\"><span class=\" fusion-imageframe imageframe-none imageframe-5 hover-type-none\"><img decoding=\"async\" width=\"945\" height=\"630\" alt=\"Im Museum ausgestellt: Das B\u00fcro des deutschen Ortskommandanten im vorderen Raum\" title=\"Im Museum ausgestellt: Das B\u00fcro des Deutschen Ortskommandanten im vorderen Raum.\" src=\"https:\/\/nationaalonderduikmuseum.nl\/wp-content\/uploads\/2025\/02\/Ortskommandantur-3.jpg\" class=\"img-responsive wp-image-3146\" srcset=\"https:\/\/nationaalonderduikmuseum.nl\/wp-content\/uploads\/2025\/02\/Ortskommandantur-3-200x133.jpg 200w, https:\/\/nationaalonderduikmuseum.nl\/wp-content\/uploads\/2025\/02\/Ortskommandantur-3-400x267.jpg 400w, https:\/\/nationaalonderduikmuseum.nl\/wp-content\/uploads\/2025\/02\/Ortskommandantur-3-600x400.jpg 600w, https:\/\/nationaalonderduikmuseum.nl\/wp-content\/uploads\/2025\/02\/Ortskommandantur-3-800x533.jpg 800w, https:\/\/nationaalonderduikmuseum.nl\/wp-content\/uploads\/2025\/02\/Ortskommandantur-3.jpg 945w\" sizes=\"(max-width: 800px) 100vw, 600px\" \/><\/span><\/div><div class=\"fusion-text fusion-text-6\"><p><em>Im Museum ausgestellt: Das B\u00fcro des deutschen Ortskommandanten im vorderen Raum<\/em><\/p>\n<\/div><\/div><\/div><\/div><\/div><div class=\"fusion-fullwidth fullwidth-box fusion-builder-row-5 fusion-flex-container has-pattern-background has-mask-background nonhundred-percent-fullwidth non-hundred-percent-height-scrolling\" style=\"--link_color: #ffffff;--awb-border-color:#ffffff;--awb-border-radius-top-left:0px;--awb-border-radius-top-right:0px;--awb-border-radius-bottom-right:0px;--awb-border-radius-bottom-left:0px;--awb-padding-top:0px;--awb-padding-bottom:0px;--awb-margin-top:0px;--awb-margin-bottom:10px;--awb-flex-wrap:wrap;\" ><div class=\"fusion-builder-row fusion-row fusion-flex-align-items-flex-start fusion-flex-content-wrap\" style=\"max-width:1456px;margin-left: calc(-4% \/ 2 );margin-right: calc(-4% \/ 2 );\"><div class=\"fusion-layout-column fusion_builder_column fusion-builder-column-5 fusion_builder_column_1_1 1_1 fusion-flex-column fusion-flex-align-self-flex-start\" style=\"--awb-padding-top:0px;--awb-padding-bottom:0px;--awb-bg-size:cover;--awb-border-color:var(--awb-color4);--awb-border-top:2px;--awb-border-right:2px;--awb-border-bottom:2px;--awb-border-left:2px;--awb-border-style:solid;--awb-width-large:100%;--awb-margin-top-large:0px;--awb-spacing-right-large:1.92%;--awb-margin-bottom-large:0px;--awb-spacing-left-large:1.92%;--awb-width-medium:100%;--awb-order-medium:0;--awb-spacing-right-medium:1.92%;--awb-spacing-left-medium:1.92%;--awb-width-small:100%;--awb-order-small:0;--awb-spacing-right-small:1.92%;--awb-spacing-left-small:1.92%;\" data-scroll-devices=\"small-visibility,medium-visibility,large-visibility\"><div class=\"fusion-column-wrapper fusion-column-has-shadow fusion-flex-justify-content-flex-start fusion-content-layout-column\"><\/div><\/div><\/div><\/div><div class=\"fusion-fullwidth fullwidth-box fusion-builder-row-6 fusion-flex-container has-pattern-background has-mask-background nonhundred-percent-fullwidth non-hundred-percent-height-scrolling\" style=\"--awb-border-radius-top-left:0px;--awb-border-radius-top-right:0px;--awb-border-radius-bottom-right:0px;--awb-border-radius-bottom-left:0px;--awb-padding-top:0px;--awb-padding-bottom:0px;--awb-margin-top:0px;--awb-margin-bottom:0px;--awb-flex-wrap:wrap;\" ><div class=\"fusion-builder-row fusion-row fusion-flex-align-items-flex-start fusion-flex-content-wrap\" style=\"max-width:1456px;margin-left: calc(-4% \/ 2 );margin-right: calc(-4% \/ 2 );\"><div class=\"fusion-layout-column fusion_builder_column fusion-builder-column-6 fusion_builder_column_2_3 2_3 fusion-flex-column\" style=\"--awb-bg-size:cover;--awb-width-large:66.666666666667%;--awb-margin-top-large:0px;--awb-spacing-right-large:2.88%;--awb-margin-bottom-large:20px;--awb-spacing-left-large:2.88%;--awb-width-medium:66.666666666667%;--awb-order-medium:0;--awb-spacing-right-medium:2.88%;--awb-spacing-left-medium:2.88%;--awb-width-small:100%;--awb-order-small:0;--awb-spacing-right-small:1.92%;--awb-spacing-left-small:1.92%;\"><div class=\"fusion-column-wrapper fusion-column-has-shadow fusion-flex-justify-content-flex-start fusion-content-layout-column\"><div class=\"fusion-text fusion-text-7\"><h2>Buntglasfenster Oosterkerk<\/h2>\n<p>Das Buntglas-Gedenkfenster in der Oosterkerk, entworfen vom K\u00fcnstler Marius Richter, wurde 1946 aufgestellt. Das Fenster wurde als Dank f\u00fcr die besondere Hilfe gespendet, die die Menschen von Aalten den Menschen im Versteck geboten haben. Auch die Gemeinden Utrecht, Den Haag-Scheveningen, Rotterdam-Kralingen, religi\u00f6se Konfessionen und die j\u00fcdische Gemeinde trugen zu dieser Spende bei.  <\/p>\n<p><strong>Ein Fenster voller Symbole<br \/>\n<\/strong>Das Fenster zeigt die Hilfe der Menschen in Aalten w\u00e4hrend des Zweiten Weltkriegs. Symbole zeigen auch den Terror und die Verfolgung durch die Nazis, den Hunger, der die Menschen nach Aalten brachte, und den Wiederaufbau nach dem Krieg. In der Mitte stehen ein Bauer und eine Bauernfrau, umgeben von hungernden Kindern und einer Person im Versteck. Auf beiden Seiten marschieren deutsche Soldaten mit Bajonetten. Unten links betteln hungernde Frauen und Kinder um Hilfe. Rechts kehrt eine Gruppe versorgt nach Hause zur\u00fcck. Oben am Fenster sind ein Maurer und ein Pfl\u00fcger als Symbol f\u00fcr den Wiederaufbau dargestellt. Das Ganze wird von einer brennenden Fackel der niederl\u00e4ndischen Jungfrau mit einer entfalteten Fahne erleuchtet.       <\/p>\n<p><strong>Besondere Details und Beitr\u00e4ge<br \/>\n<\/strong>Das Fenster zeigt auch die Hilfe f\u00fcr Menschen und Kinder aus Kralingen in Rotterdam. Auf der linken Seite wurde das Wappen von Scheveningen eingearbeitet, als Symbol f\u00fcr den Empfang von 500 Evakuierten. Au\u00dferdem sind die Wappen von Den Haag, Rotterdam, Utrecht und Amsterdam sichtbar, die auf bedeutende Spenden dieser St\u00e4dte hinweisen. Der Davidstern symbolisiert die Dankbarkeit der j\u00fcdischen Gemeinde. Der Text aus Jesaja 16,3, &#8218;Versteckt den Ausgesto\u00dfenen und erw\u00e4hnt den Wanderer nicht&#8216;, inspirierte die Menschen von Aalten, Menschen im Verstecken zu helfen.<\/p>\n<\/div><\/div><\/div><div class=\"fusion-layout-column fusion_builder_column fusion-builder-column-7 fusion_builder_column_1_3 1_3 fusion-flex-column\" style=\"--awb-bg-size:cover;--awb-width-large:33.333333333333%;--awb-margin-top-large:0px;--awb-spacing-right-large:5.76%;--awb-margin-bottom-large:20px;--awb-spacing-left-large:5.76%;--awb-width-medium:33.333333333333%;--awb-order-medium:0;--awb-spacing-right-medium:5.76%;--awb-spacing-left-medium:5.76%;--awb-width-small:100%;--awb-order-small:0;--awb-spacing-right-small:1.92%;--awb-spacing-left-small:1.92%;\"><div class=\"fusion-column-wrapper fusion-column-has-shadow fusion-flex-justify-content-flex-start fusion-content-layout-column\"><div class=\"fusion-image-element \" style=\"--awb-margin-bottom:10px;--awb-caption-title-font-family:var(--h2_typography-font-family);--awb-caption-title-font-weight:var(--h2_typography-font-weight);--awb-caption-title-font-style:var(--h2_typography-font-style);--awb-caption-title-size:var(--h2_typography-font-size);--awb-caption-title-transform:var(--h2_typography-text-transform);--awb-caption-title-line-height:var(--h2_typography-line-height);--awb-caption-title-letter-spacing:var(--h2_typography-letter-spacing);\"><span class=\" fusion-imageframe imageframe-none imageframe-6 hover-type-none\"><img decoding=\"async\" width=\"1512\" height=\"979\" alt=\"Gedenkfenster in der Oosterkerk\" title=\"Oosterk-gedenkraam-0298\" src=\"https:\/\/nationaalonderduikmuseum.nl\/wp-content\/uploads\/2025\/02\/Oosterk-gedenkraam-0298.jpg\" class=\"img-responsive wp-image-3155\" srcset=\"https:\/\/nationaalonderduikmuseum.nl\/wp-content\/uploads\/2025\/02\/Oosterk-gedenkraam-0298-200x129.jpg 200w, https:\/\/nationaalonderduikmuseum.nl\/wp-content\/uploads\/2025\/02\/Oosterk-gedenkraam-0298-400x259.jpg 400w, https:\/\/nationaalonderduikmuseum.nl\/wp-content\/uploads\/2025\/02\/Oosterk-gedenkraam-0298-600x388.jpg 600w, https:\/\/nationaalonderduikmuseum.nl\/wp-content\/uploads\/2025\/02\/Oosterk-gedenkraam-0298-800x518.jpg 800w, https:\/\/nationaalonderduikmuseum.nl\/wp-content\/uploads\/2025\/02\/Oosterk-gedenkraam-0298-1200x777.jpg 1200w, https:\/\/nationaalonderduikmuseum.nl\/wp-content\/uploads\/2025\/02\/Oosterk-gedenkraam-0298.jpg 1512w\" sizes=\"(max-width: 800px) 100vw, 600px\" \/><\/span><\/div><div class=\"fusion-image-element \" style=\"--awb-caption-title-font-family:var(--h2_typography-font-family);--awb-caption-title-font-weight:var(--h2_typography-font-weight);--awb-caption-title-font-style:var(--h2_typography-font-style);--awb-caption-title-size:var(--h2_typography-font-size);--awb-caption-title-transform:var(--h2_typography-text-transform);--awb-caption-title-line-height:var(--h2_typography-line-height);--awb-caption-title-letter-spacing:var(--h2_typography-letter-spacing);\"><span class=\" fusion-imageframe imageframe-none imageframe-7 hover-type-none\"><img decoding=\"async\" width=\"945\" height=\"630\" alt=\"Detail des Gedenkfensters in der Oosterkerk\" title=\"Detail des Gedenkfensters in der Oosterkerk\" src=\"https:\/\/nationaalonderduikmuseum.nl\/wp-content\/uploads\/2025\/02\/detail-gedenkraam-2192.jpg\" class=\"img-responsive wp-image-3158\" srcset=\"https:\/\/nationaalonderduikmuseum.nl\/wp-content\/uploads\/2025\/02\/detail-gedenkraam-2192-200x133.jpg 200w, https:\/\/nationaalonderduikmuseum.nl\/wp-content\/uploads\/2025\/02\/detail-gedenkraam-2192-400x267.jpg 400w, https:\/\/nationaalonderduikmuseum.nl\/wp-content\/uploads\/2025\/02\/detail-gedenkraam-2192-600x400.jpg 600w, https:\/\/nationaalonderduikmuseum.nl\/wp-content\/uploads\/2025\/02\/detail-gedenkraam-2192-800x533.jpg 800w, https:\/\/nationaalonderduikmuseum.nl\/wp-content\/uploads\/2025\/02\/detail-gedenkraam-2192.jpg 945w\" sizes=\"(max-width: 800px) 100vw, 600px\" \/><\/span><\/div><div class=\"fusion-text fusion-text-8\"><p><em>Detail des Gedenkfensters in der Oosterkerk<\/em><\/p>\n<\/div><\/div><\/div><\/div><\/div><div class=\"fusion-fullwidth fullwidth-box fusion-builder-row-7 fusion-flex-container has-pattern-background has-mask-background nonhundred-percent-fullwidth non-hundred-percent-height-scrolling\" style=\"--link_color: #ffffff;--awb-border-color:#ffffff;--awb-border-radius-top-left:0px;--awb-border-radius-top-right:0px;--awb-border-radius-bottom-right:0px;--awb-border-radius-bottom-left:0px;--awb-padding-top:0px;--awb-padding-bottom:0px;--awb-margin-top:0px;--awb-margin-bottom:10px;--awb-flex-wrap:wrap;\" ><div class=\"fusion-builder-row fusion-row fusion-flex-align-items-flex-start fusion-flex-content-wrap\" style=\"max-width:1456px;margin-left: calc(-4% \/ 2 );margin-right: calc(-4% \/ 2 );\"><div class=\"fusion-layout-column fusion_builder_column fusion-builder-column-8 fusion_builder_column_1_1 1_1 fusion-flex-column fusion-flex-align-self-flex-start\" style=\"--awb-padding-top:0px;--awb-padding-bottom:0px;--awb-bg-size:cover;--awb-border-color:var(--awb-color4);--awb-border-top:2px;--awb-border-right:2px;--awb-border-bottom:2px;--awb-border-left:2px;--awb-border-style:solid;--awb-width-large:100%;--awb-margin-top-large:0px;--awb-spacing-right-large:1.92%;--awb-margin-bottom-large:0px;--awb-spacing-left-large:1.92%;--awb-width-medium:100%;--awb-order-medium:0;--awb-spacing-right-medium:1.92%;--awb-spacing-left-medium:1.92%;--awb-width-small:100%;--awb-order-small:0;--awb-spacing-right-small:1.92%;--awb-spacing-left-small:1.92%;\" data-scroll-devices=\"small-visibility,medium-visibility,large-visibility\"><div class=\"fusion-column-wrapper fusion-column-has-shadow fusion-flex-justify-content-flex-start fusion-content-layout-column\"><\/div><\/div><\/div><\/div><div class=\"fusion-fullwidth fullwidth-box fusion-builder-row-8 fusion-flex-container has-pattern-background has-mask-background nonhundred-percent-fullwidth non-hundred-percent-height-scrolling\" style=\"--awb-border-radius-top-left:0px;--awb-border-radius-top-right:0px;--awb-border-radius-bottom-right:0px;--awb-border-radius-bottom-left:0px;--awb-padding-top:0px;--awb-padding-bottom:0px;--awb-margin-top:0px;--awb-margin-bottom:0px;--awb-flex-wrap:wrap;\" ><div class=\"fusion-builder-row fusion-row fusion-flex-align-items-flex-start fusion-flex-content-wrap\" style=\"max-width:1456px;margin-left: calc(-4% \/ 2 );margin-right: calc(-4% \/ 2 );\"><div class=\"fusion-layout-column fusion_builder_column fusion-builder-column-9 fusion_builder_column_2_3 2_3 fusion-flex-column\" style=\"--awb-bg-size:cover;--awb-width-large:66.666666666667%;--awb-margin-top-large:0px;--awb-spacing-right-large:2.88%;--awb-margin-bottom-large:20px;--awb-spacing-left-large:2.88%;--awb-width-medium:66.666666666667%;--awb-order-medium:0;--awb-spacing-right-medium:2.88%;--awb-spacing-left-medium:2.88%;--awb-width-small:100%;--awb-order-small:0;--awb-spacing-right-small:1.92%;--awb-spacing-left-small:1.92%;\"><div class=\"fusion-column-wrapper fusion-column-has-shadow fusion-flex-justify-content-flex-start fusion-content-layout-column\"><div class=\"fusion-text fusion-text-9\"><h2 class=\"fusion-responsive-typography-calculated\" style=\"--fontsize: 48;line-height: 1.2\" data-fontsize=\"48\" data-lineheight=\"57.6px\">Die Grenze: Heelweg\/Hellweg<\/h2>\n<p>Heelweg \/ Hellweg ist die verbindende Grenzstra\u00dfe im niederl\u00e4ndisch-deutschen Zwillingsdorf Dinxperlo\/Suderwick, das von den Bewohnern in &#8218;Dinxperwick&#8216; umbenannt wurde. Das Besondere an der Stra\u00dfe ist die Lage des Hellweg\/Heelweg, wobei eine Seite einschlie\u00dflich der Stra\u00dfe niederl\u00e4ndisch ist und die andere Seite auf deutschem Gebiet. Dinxperlo (ca. 8.500 Einwohner) und Suderwick (ca. 1.900 Einwohner) sind das Viertel zwischen einem niederl\u00e4ndischen und einem deutschen Dorf, das in Europa nahezu unvergleichlich ist.  <\/p>\n<p><strong>Zusammenarbeit \u00fcber Grenzen<br \/>\n hinweg<\/strong>Die Gemeinden Bocholt und Aalten arbeiten grenz\u00fcberschreitend gut zusammen. Zum Beispiel gibt es ein internationales Beratungsgremium, das sich mit allen grenz\u00fcberschreitenden Fragen und Problemen befasst. Viele Organisationen und Menschen arbeiten jetzt an einer guten grenz\u00fcberschreitenden Gemeinschaft. Dinxperwick sieht sich gerne als Testfeld f\u00fcr Europa.   <\/p>\n<p><strong>Grenslandmuseum: Geschichten einer gemeinsamen Geschichte<br \/>\n<\/strong>Das Grenzmuseum in Dinxperlo erz\u00e4hlt die Geschichten des Lebens an der Grenze und tr\u00e4gt zum Nachdenken und Austausch \u00fcber die einzigartige Lage an der Grenze und zur Geschichte beider D\u00f6rfer bei. Das Museum bietet die M\u00f6glichkeit, verschiedene Facetten der Landesgrenze zu zeigen und zu erleben sowie gemeinsam an der Grenze zu leben. So wird beispielsweise auch auf den Empfang der Zwangsarbeiter durch die Bewohner geachtet, die nach dem \u00dcberfall in Rotterdam im Arbeitslager Kamp Rees hart gearbeitet hatten.<\/p>\n<\/div><\/div><\/div><div class=\"fusion-layout-column fusion_builder_column fusion-builder-column-10 fusion_builder_column_1_3 1_3 fusion-flex-column\" style=\"--awb-bg-size:cover;--awb-width-large:33.333333333333%;--awb-margin-top-large:0px;--awb-spacing-right-large:5.76%;--awb-margin-bottom-large:20px;--awb-spacing-left-large:5.76%;--awb-width-medium:33.333333333333%;--awb-order-medium:0;--awb-spacing-right-medium:5.76%;--awb-spacing-left-medium:5.76%;--awb-width-small:100%;--awb-order-small:0;--awb-spacing-right-small:1.92%;--awb-spacing-left-small:1.92%;\"><div class=\"fusion-column-wrapper fusion-column-has-shadow fusion-flex-justify-content-flex-start fusion-content-layout-column\"><div class=\"fusion-image-element \" style=\"--awb-caption-title-font-family:var(--h2_typography-font-family);--awb-caption-title-font-weight:var(--h2_typography-font-weight);--awb-caption-title-font-style:var(--h2_typography-font-style);--awb-caption-title-size:var(--h2_typography-font-size);--awb-caption-title-transform:var(--h2_typography-text-transform);--awb-caption-title-line-height:var(--h2_typography-line-height);--awb-caption-title-letter-spacing:var(--h2_typography-letter-spacing);\"><span class=\" fusion-imageframe imageframe-none imageframe-8 hover-type-none\"><img decoding=\"async\" width=\"225\" height=\"300\" alt=\"Die &#039;Noaberbank&#039;\" title=\"Die &#8218;Noaberbank&#8216;\" src=\"https:\/\/nationaalonderduikmuseum.nl\/wp-content\/uploads\/2025\/02\/Bankje-Dinxperlo-225x300.jpg\" class=\"img-responsive wp-image-3162\" srcset=\"https:\/\/nationaalonderduikmuseum.nl\/wp-content\/uploads\/2025\/02\/Bankje-Dinxperlo-200x267.jpg 200w, https:\/\/nationaalonderduikmuseum.nl\/wp-content\/uploads\/2025\/02\/Bankje-Dinxperlo-400x533.jpg 400w, https:\/\/nationaalonderduikmuseum.nl\/wp-content\/uploads\/2025\/02\/Bankje-Dinxperlo.jpg 567w\" sizes=\"(max-width: 800px) 100vw, 225px\" \/><\/span><\/div><div class=\"fusion-text fusion-text-10\"><p><em>Die &#8218;Noaberbank&#8216;<\/em><\/p>\n<\/div><div class=\"fusion-image-element \" style=\"--awb-caption-title-font-family:var(--h2_typography-font-family);--awb-caption-title-font-weight:var(--h2_typography-font-weight);--awb-caption-title-font-style:var(--h2_typography-font-style);--awb-caption-title-size:var(--h2_typography-font-size);--awb-caption-title-transform:var(--h2_typography-text-transform);--awb-caption-title-line-height:var(--h2_typography-line-height);--awb-caption-title-letter-spacing:var(--h2_typography-letter-spacing);\"><span class=\" fusion-imageframe imageframe-none imageframe-9 hover-type-none\"><img decoding=\"async\" width=\"945\" height=\"607\" alt=\"Der Stacheldrahtzaun an der Grenze\" title=\"Stacheldraht an der Grenze in Dinxperlo\" src=\"https:\/\/nationaalonderduikmuseum.nl\/wp-content\/uploads\/2025\/02\/Prikkeldraad-Dinxperlo.jpg\" class=\"img-responsive wp-image-3165\" srcset=\"https:\/\/nationaalonderduikmuseum.nl\/wp-content\/uploads\/2025\/02\/Prikkeldraad-Dinxperlo-200x128.jpg 200w, https:\/\/nationaalonderduikmuseum.nl\/wp-content\/uploads\/2025\/02\/Prikkeldraad-Dinxperlo-400x257.jpg 400w, https:\/\/nationaalonderduikmuseum.nl\/wp-content\/uploads\/2025\/02\/Prikkeldraad-Dinxperlo-600x385.jpg 600w, https:\/\/nationaalonderduikmuseum.nl\/wp-content\/uploads\/2025\/02\/Prikkeldraad-Dinxperlo-800x514.jpg 800w, https:\/\/nationaalonderduikmuseum.nl\/wp-content\/uploads\/2025\/02\/Prikkeldraad-Dinxperlo.jpg 945w\" sizes=\"(max-width: 800px) 100vw, 600px\" \/><\/span><\/div><div class=\"fusion-text fusion-text-11\"><p><em>Der Stacheldrahtzaun an der Grenze<\/em><\/p>\n<\/div><\/div><\/div><\/div><\/div><\/p>\n","protected":false},"excerpt":{"rendered":"","protected":false},"author":4,"featured_media":0,"parent":6050,"menu_order":1,"comment_status":"closed","ping_status":"closed","template":"100-width.php","meta":{"footnotes":""},"class_list":["post-6103","page","type-page","status-publish","hentry"],"aioseo_notices":[],"_links":{"self":[{"href":"https:\/\/nationaalonderduikmuseum.nl\/de\/wp-json\/wp\/v2\/pages\/6103","targetHints":{"allow":["GET"]}}],"collection":[{"href":"https:\/\/nationaalonderduikmuseum.nl\/de\/wp-json\/wp\/v2\/pages"}],"about":[{"href":"https:\/\/nationaalonderduikmuseum.nl\/de\/wp-json\/wp\/v2\/types\/page"}],"author":[{"embeddable":true,"href":"https:\/\/nationaalonderduikmuseum.nl\/de\/wp-json\/wp\/v2\/users\/4"}],"replies":[{"embeddable":true,"href":"https:\/\/nationaalonderduikmuseum.nl\/de\/wp-json\/wp\/v2\/comments?post=6103"}],"version-history":[{"count":5,"href":"https:\/\/nationaalonderduikmuseum.nl\/de\/wp-json\/wp\/v2\/pages\/6103\/revisions"}],"predecessor-version":[{"id":6118,"href":"https:\/\/nationaalonderduikmuseum.nl\/de\/wp-json\/wp\/v2\/pages\/6103\/revisions\/6118"}],"up":[{"embeddable":true,"href":"https:\/\/nationaalonderduikmuseum.nl\/de\/wp-json\/wp\/v2\/pages\/6050"}],"wp:attachment":[{"href":"https:\/\/nationaalonderduikmuseum.nl\/de\/wp-json\/wp\/v2\/media?parent=6103"}],"curies":[{"name":"wp","href":"https:\/\/api.w.org\/{rel}","templated":true}]}}