{"id":6096,"date":"2025-01-20T13:32:31","date_gmt":"2025-01-20T13:32:31","guid":{"rendered":"https:\/\/nationaalonderduikmuseum.nl\/programma-vrijheid\/quartett\/alte-ijssel-region\/"},"modified":"2026-04-01T07:29:10","modified_gmt":"2026-04-01T07:29:10","slug":"alte-ijssel-region","status":"publish","type":"page","link":"https:\/\/nationaalonderduikmuseum.nl\/de\/programma-vrijheid\/quartett\/alte-ijssel-region\/","title":{"rendered":"Alte IJssel-Region"},"content":{"rendered":"<p><div class=\"fusion-fullwidth fullwidth-box fusion-builder-row-1 fusion-flex-container has-pattern-background has-mask-background nonhundred-percent-fullwidth non-hundred-percent-height-scrolling\" style=\"--awb-border-radius-top-left:0px;--awb-border-radius-top-right:0px;--awb-border-radius-bottom-right:0px;--awb-border-radius-bottom-left:0px;--awb-padding-top:0px;--awb-padding-bottom:0px;--awb-margin-top:10px;--awb-flex-wrap:wrap;\" ><div class=\"fusion-builder-row fusion-row fusion-flex-align-items-flex-start fusion-flex-content-wrap\" style=\"max-width:1456px;margin-left: calc(-4% \/ 2 );margin-right: calc(-4% \/ 2 );\"><div class=\"fusion-layout-column fusion_builder_column fusion-builder-column-0 fusion_builder_column_1_1 1_1 fusion-flex-column\" style=\"--awb-bg-size:cover;--awb-width-large:100%;--awb-margin-top-large:0px;--awb-spacing-right-large:1.92%;--awb-margin-bottom-large:20px;--awb-spacing-left-large:1.92%;--awb-width-medium:100%;--awb-order-medium:0;--awb-spacing-right-medium:1.92%;--awb-spacing-left-medium:1.92%;--awb-width-small:100%;--awb-order-small:0;--awb-spacing-right-small:1.92%;--awb-spacing-left-small:1.92%;\"><div class=\"fusion-column-wrapper fusion-column-has-shadow fusion-flex-justify-content-flex-start fusion-content-layout-column\"><div class=\"fusion-title title fusion-title-1 fusion-sep-none fusion-title-text fusion-title-size-one\" style=\"--awb-margin-top-small:8px;--awb-margin-right-small:0px;--awb-margin-bottom-small:16px;--awb-margin-left-small:0px;\"><h1 class=\"fusion-title-heading title-heading-left fusion-responsive-typography-calculated\" style=\"margin:0;--fontSize:64;line-height:1.25;\"><h1>Alte IJssel-Region<\/h1><\/h1><\/div><\/div><\/div><div class=\"fusion-layout-column fusion_builder_column fusion-builder-column-1 fusion_builder_column_2_3 2_3 fusion-flex-column\" style=\"--awb-padding-top:0px;--awb-padding-bottom:0px;--awb-bg-size:cover;--awb-width-large:66.666666666667%;--awb-margin-top-large:0px;--awb-spacing-right-large:2.88%;--awb-margin-bottom-large:0px;--awb-spacing-left-large:2.88%;--awb-width-medium:66.666666666667%;--awb-order-medium:0;--awb-spacing-right-medium:2.88%;--awb-spacing-left-medium:2.88%;--awb-width-small:100%;--awb-order-small:0;--awb-spacing-right-small:1.92%;--awb-spacing-left-small:1.92%;\" data-scroll-devices=\"small-visibility,medium-visibility,large-visibility\"><div class=\"fusion-column-wrapper fusion-column-has-shadow fusion-flex-justify-content-flex-start fusion-content-layout-column\"><div class=\"fusion-text fusion-text-1\"><h2>Hilfe f\u00fcr Zwangsarbeiter<\/h2>\n<p>Sp\u00e4t an einem Abend im Dezember 1944 klopfen zwei ersch\u00f6pfte, zerlumpte M\u00e4nner an die T\u00fcr eines Hauses im Dorf Megchelen. Sie bitten um Hilfe und Essen und sagen ihnen, dass sie aus Camp Rees entkommen sind. Dieses Lager wurde von den Deutschen f\u00fcr Arbeiter eingerichtet, die Panzerabwehrgr\u00e4ben entlang des Rheinufers graben mussten, um den Vormarsch der Alliierten zu verlangsamen.  <\/p>\n<p><strong>Zwangsarbeit nach \u00dcberf\u00e4llen<br \/>\n<\/strong>Um gen\u00fcgend Personal zu sammeln, f\u00fchrten die Deutschen im November und Dezember 1944 \u00dcberf\u00e4lle in niederl\u00e4ndischen St\u00e4dten wie Haarlem, Den Haag, Apeldoorn und insbesondere Rotterdam durch. Viele M\u00e4nner wurden in deutsche Arbeitslager deportiert, wo sie unter entsetzlichen Bedingungen hart arbeiten mussten. Im Camp Rees bedeutete das, in einer Ziegelfabrik zu arbeiten.  <\/p>\n<p><strong>Hilfe von Megchelen<br \/>\n<\/strong>Die ersten Fl\u00fcchtlinge aus Camp Rees lassen die Bewohner von Megchelen erkennen, wie schlecht die Bedingungen im Lager sind. Eine Gruppe junger M\u00e4nner aus dem Dorf beschlie\u00dft, aktiv zu werden und Kontakt zu den Zwangsarbeitern aufzunehmen. Mitten in der Nacht begleiten sie sie \u00fcber die Grenze nach Megchelen. Dort erhalten die ersch\u00f6pften Arbeiter von den Dorfbewohnern Nahrung, Kleidung und Unterkunft, bis sie weiterziehen k\u00f6nnen.   <\/p>\n<p><strong>Hilfe trotz gro\u00dfer Gefahr<br \/>\n<\/strong>Trotz der strengen \u00dcberwachung des Lagers und der hohen Strafen f\u00fcr die Hilfe von Gefangenen gelang es den Anwohnern, Lebensmittel und Kleidung ins Lager zu schmuggeln. In Megchelen und der umliegenden Region wurden w\u00e4hrend des letzten Kriegswinters mehr als 1700 geflohene Zwangsarbeiter aufgenommen und betreut. <\/p>\n<p><strong>Gedenken an die Fl\u00fcchtlinge<br \/>\n<\/strong>Jedes Jahr, am zweiten Sonntag im M\u00e4rz, findet ein Gedenkmarsch von Rees nach Megchelen statt. Au\u00dferdem gibt es einen festen Fu\u00dfweg zwischen den beiden Orten, auf dem die Geschichte dieser Fluchten erz\u00e4hlt wird.<\/p>\n<\/div><\/div><\/div><div class=\"fusion-layout-column fusion_builder_column fusion-builder-column-2 fusion_builder_column_1_3 1_3 fusion-flex-column\" style=\"--awb-bg-size:cover;--awb-width-large:33.333333333333%;--awb-margin-top-large:0px;--awb-spacing-right-large:5.76%;--awb-margin-bottom-large:20px;--awb-spacing-left-large:5.76%;--awb-width-medium:33.333333333333%;--awb-order-medium:0;--awb-spacing-right-medium:5.76%;--awb-spacing-left-medium:5.76%;--awb-width-small:100%;--awb-order-small:0;--awb-spacing-right-small:1.92%;--awb-spacing-left-small:1.92%;\"><div class=\"fusion-column-wrapper fusion-column-has-shadow fusion-flex-justify-content-flex-start fusion-content-layout-column\"><div class=\"fusion-image-element \" style=\"--awb-margin-bottom:10px;--awb-caption-title-font-family:var(--h2_typography-font-family);--awb-caption-title-font-weight:var(--h2_typography-font-weight);--awb-caption-title-font-style:var(--h2_typography-font-style);--awb-caption-title-size:var(--h2_typography-font-size);--awb-caption-title-transform:var(--h2_typography-text-transform);--awb-caption-title-line-height:var(--h2_typography-line-height);--awb-caption-title-letter-spacing:var(--h2_typography-letter-spacing);\"><span class=\" fusion-imageframe imageframe-none imageframe-1 hover-type-none\"><img decoding=\"async\" width=\"945\" height=\"685\" alt=\"Notfallklinik Mechelen\" title=\"Notfallklinik Mechelen\" src=\"https:\/\/nationaalonderduikmuseum.nl\/wp-content\/uploads\/2025\/02\/Noodziekenhuis-Megchelen.webp\" class=\"img-responsive wp-image-3366\" srcset=\"https:\/\/nationaalonderduikmuseum.nl\/wp-content\/uploads\/2025\/02\/Noodziekenhuis-Megchelen-200x145.webp 200w, https:\/\/nationaalonderduikmuseum.nl\/wp-content\/uploads\/2025\/02\/Noodziekenhuis-Megchelen-400x290.webp 400w, https:\/\/nationaalonderduikmuseum.nl\/wp-content\/uploads\/2025\/02\/Noodziekenhuis-Megchelen-600x435.webp 600w, https:\/\/nationaalonderduikmuseum.nl\/wp-content\/uploads\/2025\/02\/Noodziekenhuis-Megchelen-800x580.webp 800w, https:\/\/nationaalonderduikmuseum.nl\/wp-content\/uploads\/2025\/02\/Noodziekenhuis-Megchelen.webp 945w\" sizes=\"(max-width: 800px) 100vw, 600px\" \/><\/span><\/div><div class=\"fusion-image-element \" style=\"--awb-margin-bottom:10px;--awb-caption-title-font-family:var(--h2_typography-font-family);--awb-caption-title-font-weight:var(--h2_typography-font-weight);--awb-caption-title-font-style:var(--h2_typography-font-style);--awb-caption-title-size:var(--h2_typography-font-size);--awb-caption-title-transform:var(--h2_typography-text-transform);--awb-caption-title-line-height:var(--h2_typography-line-height);--awb-caption-title-letter-spacing:var(--h2_typography-letter-spacing);\"><span class=\" fusion-imageframe imageframe-none imageframe-2 hover-type-none\"><img decoding=\"async\" width=\"945\" height=\"622\" alt=\"Als Zwangsarbeiter aus dem Camp Rees im Notfallkrankenhaus in Harreveld gerettet\" title=\"Als Zwangsarbeiter aus dem Camp Rees im Notfallkrankenhaus in Harreveld gerettet\" src=\"https:\/\/nationaalonderduikmuseum.nl\/wp-content\/uploads\/2025\/02\/Noodhospitaal-Harreveld.jpg\" class=\"img-responsive wp-image-3358\" srcset=\"https:\/\/nationaalonderduikmuseum.nl\/wp-content\/uploads\/2025\/02\/Noodhospitaal-Harreveld-200x132.jpg 200w, https:\/\/nationaalonderduikmuseum.nl\/wp-content\/uploads\/2025\/02\/Noodhospitaal-Harreveld-400x263.jpg 400w, https:\/\/nationaalonderduikmuseum.nl\/wp-content\/uploads\/2025\/02\/Noodhospitaal-Harreveld-600x395.jpg 600w, https:\/\/nationaalonderduikmuseum.nl\/wp-content\/uploads\/2025\/02\/Noodhospitaal-Harreveld-800x527.jpg 800w, https:\/\/nationaalonderduikmuseum.nl\/wp-content\/uploads\/2025\/02\/Noodhospitaal-Harreveld.jpg 945w\" sizes=\"(max-width: 800px) 100vw, 600px\" \/><\/span><\/div><div class=\"fusion-text fusion-text-2\" style=\"--awb-margin-top:5px;\"><p><em>Als Zwangsarbeiter aus dem Camp Rees im Notfallkrankenhaus in Harreveld gerettet<\/em><\/p>\n<\/div><\/div><\/div><\/div><\/div><div class=\"fusion-fullwidth fullwidth-box fusion-builder-row-2 fusion-flex-container has-pattern-background has-mask-background nonhundred-percent-fullwidth non-hundred-percent-height-scrolling\" style=\"--link_color: #ffffff;--awb-border-color:#ffffff;--awb-border-radius-top-left:0px;--awb-border-radius-top-right:0px;--awb-border-radius-bottom-right:0px;--awb-border-radius-bottom-left:0px;--awb-padding-top:0px;--awb-padding-bottom:0px;--awb-margin-top:0px;--awb-margin-bottom:10px;--awb-flex-wrap:wrap;\" ><div class=\"fusion-builder-row fusion-row fusion-flex-align-items-flex-start fusion-flex-content-wrap\" style=\"max-width:1456px;margin-left: calc(-4% \/ 2 );margin-right: calc(-4% \/ 2 );\"><div class=\"fusion-layout-column fusion_builder_column fusion-builder-column-3 fusion_builder_column_1_1 1_1 fusion-flex-column fusion-flex-align-self-flex-start\" style=\"--awb-padding-top:0px;--awb-padding-bottom:0px;--awb-bg-size:cover;--awb-border-color:var(--awb-color4);--awb-border-top:2px;--awb-border-right:2px;--awb-border-bottom:2px;--awb-border-left:2px;--awb-border-style:solid;--awb-width-large:100%;--awb-margin-top-large:0px;--awb-spacing-right-large:1.92%;--awb-margin-bottom-large:0px;--awb-spacing-left-large:1.92%;--awb-width-medium:100%;--awb-order-medium:0;--awb-spacing-right-medium:1.92%;--awb-spacing-left-medium:1.92%;--awb-width-small:100%;--awb-order-small:0;--awb-spacing-right-small:1.92%;--awb-spacing-left-small:1.92%;\" data-scroll-devices=\"small-visibility,medium-visibility,large-visibility\"><div class=\"fusion-column-wrapper fusion-column-has-shadow fusion-flex-justify-content-flex-start fusion-content-layout-column\"><\/div><\/div><\/div><\/div><div class=\"fusion-fullwidth fullwidth-box fusion-builder-row-3 fusion-flex-container has-pattern-background has-mask-background nonhundred-percent-fullwidth non-hundred-percent-height-scrolling\" style=\"--awb-border-radius-top-left:0px;--awb-border-radius-top-right:0px;--awb-border-radius-bottom-right:0px;--awb-border-radius-bottom-left:0px;--awb-padding-top:0px;--awb-padding-bottom:0px;--awb-margin-top:10px;--awb-flex-wrap:wrap;\" ><div class=\"fusion-builder-row fusion-row fusion-flex-align-items-flex-start fusion-flex-content-wrap\" style=\"max-width:1456px;margin-left: calc(-4% \/ 2 );margin-right: calc(-4% \/ 2 );\"><div class=\"fusion-layout-column fusion_builder_column fusion-builder-column-4 fusion_builder_column_2_3 2_3 fusion-flex-column\" style=\"--awb-padding-top:0px;--awb-padding-bottom:0px;--awb-bg-size:cover;--awb-width-large:66.666666666667%;--awb-margin-top-large:0px;--awb-spacing-right-large:2.88%;--awb-margin-bottom-large:0px;--awb-spacing-left-large:2.88%;--awb-width-medium:66.666666666667%;--awb-order-medium:0;--awb-spacing-right-medium:2.88%;--awb-spacing-left-medium:2.88%;--awb-width-small:100%;--awb-order-small:0;--awb-spacing-right-small:1.92%;--awb-spacing-left-small:1.92%;\" data-scroll-devices=\"small-visibility,medium-visibility,large-visibility\"><div class=\"fusion-column-wrapper fusion-column-has-shadow fusion-flex-justify-content-flex-start fusion-content-layout-column\"><div class=\"fusion-text fusion-text-3\"><h2>Der Moezek\u00f6ttel<\/h2>\n<p>Am 28. M\u00e4rz 1945 war Megchelen das erste Dorf oberhalb der gro\u00dfen Fl\u00fcsse, das von den Alliierten befreit wurde. Das bringt nicht nur Freude, sondern geht auch mit viel Traurigkeit wegen der vielen Verwundeten und Opfern einher. 30 kanadische und 120 deutsche Soldaten wurden get\u00f6tet, w\u00e4hrend 8 Zivilisten get\u00f6tet wurden.  <\/p>\n<p><strong>Zerst\u00f6rung und Wiederaufbau<br \/>\n<\/strong>Als sich am 1. April 1945 die Schie\u00dfpulverd\u00e4mpfe \u00fcber Megchelen verziehen, stellt sich heraus, dass die H\u00e4lfte des Dorfes in Tr\u00fcmmern liegt. Not bricht das Gesetz; Menschen m\u00fcssen leben und schlafen k\u00f6nnen. Bewohner, die ihr Zuhause verloren haben, finden Unterschlupf in H\u00fchnerst\u00e4llen, die provisorisch in H\u00e4user, Keller, Rinder- oder Schweinest\u00e4lle, St\u00e4lle oder ein halbes Haus umgewandelt wurden, von denen die andere H\u00e4lfte weggesp\u00fclt wurde.  <\/p>\n<p><strong>Notunterk\u00fcnfte und &#8218;De Moezek\u00f6ttel&#8216;<br \/>\n<\/strong>Mit neuem Mut werden zahlreiche Notfallh\u00e4user mit den Tr\u00fcmmerresten gebaut. Allein in Megchelen, das derzeit etwa 500 Einwohner hat, werden 71 Notunterk\u00fcnfte eingerichtet. Fast alle diese Notfallheime sind inzwischen verschwunden, bis auf ein winziges: &#8218;De Moezek\u00f6ttel&#8216;. Der Name bezieht sich auf seine geringe Gr\u00f6\u00dfe, aber das Haus \u2013 nat\u00fcrlich gr\u00f6\u00dfer als ein M\u00e4usekot \u2013 ist heute ein Museum.   <\/p>\n<p><strong>Historisches Erbe und Gedenken<br \/>\n<\/strong>Die Historische Gesellschaft Gendringen und die Stichting De Moezek\u00f6ttel sind daf\u00fcr verantwortlich, die Geschichten dar\u00fcber zu erz\u00e4hlen, was geschehen ist und wie kostbar Freiheit ist. Dar\u00fcber hinaus ist es ein Rastplatz f\u00fcr grenz\u00fcberschreitende Rad- und Fu\u00dfwanderwege. In der angrenzenden Scheune k\u00f6nnen Besucher eine Tasse Kaffee oder Tee genie\u00dfen und Filme auf einer gro\u00dfen Leinwand ansehen.  <\/p>\n<p>Weitere Informationen: <a href=\"https:\/\/moezekottel.nl\" target=\"_blank\" rel=\"noopener nofollow\">https:\/\/moezekottel.nl<\/a><\/p>\n<\/div><\/div><\/div><div class=\"fusion-layout-column fusion_builder_column fusion-builder-column-5 fusion_builder_column_1_3 1_3 fusion-flex-column\" style=\"--awb-bg-size:cover;--awb-width-large:33.333333333333%;--awb-margin-top-large:0px;--awb-spacing-right-large:5.76%;--awb-margin-bottom-large:20px;--awb-spacing-left-large:5.76%;--awb-width-medium:33.333333333333%;--awb-order-medium:0;--awb-spacing-right-medium:5.76%;--awb-spacing-left-medium:5.76%;--awb-width-small:100%;--awb-order-small:0;--awb-spacing-right-small:1.92%;--awb-spacing-left-small:1.92%;\"><div class=\"fusion-column-wrapper fusion-column-has-shadow fusion-flex-justify-content-flex-start fusion-content-layout-column\"><div class=\"fusion-image-element \" style=\"--awb-margin-bottom:10px;--awb-caption-title-font-family:var(--h2_typography-font-family);--awb-caption-title-font-weight:var(--h2_typography-font-weight);--awb-caption-title-font-style:var(--h2_typography-font-style);--awb-caption-title-size:var(--h2_typography-font-size);--awb-caption-title-transform:var(--h2_typography-text-transform);--awb-caption-title-line-height:var(--h2_typography-line-height);--awb-caption-title-letter-spacing:var(--h2_typography-letter-spacing);\"><span class=\" fusion-imageframe imageframe-none imageframe-3 hover-type-none\"><img decoding=\"async\" width=\"945\" height=\"619\" alt=\"Das Moezekottel\" title=\"Das Moezekottel\" src=\"https:\/\/nationaalonderduikmuseum.nl\/wp-content\/uploads\/2025\/02\/Moezekottel.jpg\" class=\"img-responsive wp-image-3373\" srcset=\"https:\/\/nationaalonderduikmuseum.nl\/wp-content\/uploads\/2025\/02\/Moezekottel-200x131.jpg 200w, https:\/\/nationaalonderduikmuseum.nl\/wp-content\/uploads\/2025\/02\/Moezekottel-400x262.jpg 400w, https:\/\/nationaalonderduikmuseum.nl\/wp-content\/uploads\/2025\/02\/Moezekottel-600x393.jpg 600w, https:\/\/nationaalonderduikmuseum.nl\/wp-content\/uploads\/2025\/02\/Moezekottel-800x524.jpg 800w, https:\/\/nationaalonderduikmuseum.nl\/wp-content\/uploads\/2025\/02\/Moezekottel.jpg 945w\" sizes=\"(max-width: 800px) 100vw, 600px\" \/><\/span><\/div><div class=\"fusion-image-element \" style=\"--awb-margin-bottom:10px;--awb-caption-title-font-family:var(--h2_typography-font-family);--awb-caption-title-font-weight:var(--h2_typography-font-weight);--awb-caption-title-font-style:var(--h2_typography-font-style);--awb-caption-title-size:var(--h2_typography-font-size);--awb-caption-title-transform:var(--h2_typography-text-transform);--awb-caption-title-line-height:var(--h2_typography-line-height);--awb-caption-title-letter-spacing:var(--h2_typography-letter-spacing);\"><span class=\" fusion-imageframe imageframe-none imageframe-4 hover-type-none\"><img decoding=\"async\" width=\"945\" height=\"639\" alt=\"Das Moezekottel\" title=\"Das Moezekottel\" src=\"https:\/\/nationaalonderduikmuseum.nl\/wp-content\/uploads\/2025\/02\/Moezekottel-schapen.jpg\" class=\"img-responsive wp-image-3370\" srcset=\"https:\/\/nationaalonderduikmuseum.nl\/wp-content\/uploads\/2025\/02\/Moezekottel-schapen-200x135.jpg 200w, https:\/\/nationaalonderduikmuseum.nl\/wp-content\/uploads\/2025\/02\/Moezekottel-schapen-400x270.jpg 400w, https:\/\/nationaalonderduikmuseum.nl\/wp-content\/uploads\/2025\/02\/Moezekottel-schapen-600x406.jpg 600w, https:\/\/nationaalonderduikmuseum.nl\/wp-content\/uploads\/2025\/02\/Moezekottel-schapen-800x541.jpg 800w, https:\/\/nationaalonderduikmuseum.nl\/wp-content\/uploads\/2025\/02\/Moezekottel-schapen.jpg 945w\" sizes=\"(max-width: 800px) 100vw, 600px\" \/><\/span><\/div><\/div><\/div><\/div><\/div><div class=\"fusion-fullwidth fullwidth-box fusion-builder-row-4 fusion-flex-container has-pattern-background has-mask-background nonhundred-percent-fullwidth non-hundred-percent-height-scrolling\" style=\"--link_color: #ffffff;--awb-border-color:#ffffff;--awb-border-radius-top-left:0px;--awb-border-radius-top-right:0px;--awb-border-radius-bottom-right:0px;--awb-border-radius-bottom-left:0px;--awb-padding-top:0px;--awb-padding-bottom:0px;--awb-margin-top:0px;--awb-margin-bottom:10px;--awb-flex-wrap:wrap;\" ><div class=\"fusion-builder-row fusion-row fusion-flex-align-items-flex-start fusion-flex-content-wrap\" style=\"max-width:1456px;margin-left: calc(-4% \/ 2 );margin-right: calc(-4% \/ 2 );\"><div class=\"fusion-layout-column fusion_builder_column fusion-builder-column-6 fusion_builder_column_1_1 1_1 fusion-flex-column fusion-flex-align-self-flex-start\" style=\"--awb-padding-top:0px;--awb-padding-bottom:0px;--awb-bg-size:cover;--awb-border-color:var(--awb-color4);--awb-border-top:2px;--awb-border-right:2px;--awb-border-bottom:2px;--awb-border-left:2px;--awb-border-style:solid;--awb-width-large:100%;--awb-margin-top-large:0px;--awb-spacing-right-large:1.92%;--awb-margin-bottom-large:0px;--awb-spacing-left-large:1.92%;--awb-width-medium:100%;--awb-order-medium:0;--awb-spacing-right-medium:1.92%;--awb-spacing-left-medium:1.92%;--awb-width-small:100%;--awb-order-small:0;--awb-spacing-right-small:1.92%;--awb-spacing-left-small:1.92%;\" data-scroll-devices=\"small-visibility,medium-visibility,large-visibility\"><div class=\"fusion-column-wrapper fusion-column-has-shadow fusion-flex-justify-content-flex-start fusion-content-layout-column\"><\/div><\/div><\/div><\/div><div class=\"fusion-fullwidth fullwidth-box fusion-builder-row-5 fusion-flex-container has-pattern-background has-mask-background nonhundred-percent-fullwidth non-hundred-percent-height-scrolling\" style=\"--awb-border-radius-top-left:0px;--awb-border-radius-top-right:0px;--awb-border-radius-bottom-right:0px;--awb-border-radius-bottom-left:0px;--awb-padding-top:0px;--awb-padding-bottom:0px;--awb-margin-top:10px;--awb-flex-wrap:wrap;\" ><div class=\"fusion-builder-row fusion-row fusion-flex-align-items-flex-start fusion-flex-content-wrap\" style=\"max-width:1456px;margin-left: calc(-4% \/ 2 );margin-right: calc(-4% \/ 2 );\"><div class=\"fusion-layout-column fusion_builder_column fusion-builder-column-7 fusion_builder_column_2_3 2_3 fusion-flex-column\" style=\"--awb-padding-top:0px;--awb-padding-bottom:0px;--awb-bg-size:cover;--awb-width-large:66.666666666667%;--awb-margin-top-large:0px;--awb-spacing-right-large:2.88%;--awb-margin-bottom-large:0px;--awb-spacing-left-large:2.88%;--awb-width-medium:66.666666666667%;--awb-order-medium:0;--awb-spacing-right-medium:2.88%;--awb-spacing-left-medium:2.88%;--awb-width-small:100%;--awb-order-small:0;--awb-spacing-right-small:1.92%;--awb-spacing-left-small:1.92%;\" data-scroll-devices=\"small-visibility,medium-visibility,large-visibility\"><div class=\"fusion-column-wrapper fusion-column-has-shadow fusion-flex-justify-content-flex-start fusion-content-layout-column\"><div class=\"fusion-text fusion-text-4\"><h2>Damit wir es nicht vergessen (OWNV)<\/h2>\n<p>Im Jahr 2022 wurde das Denkmal &#8218;Lest We Forget&#8216; mit gro\u00dfem Interesse enth\u00fcllt. Dieses Denkmal erinnert an mehr als 500 Kriegsopfer \u2013 sowohl Zivilisten als auch Milit\u00e4rangeh\u00f6rige \u2013 aus den ehemaligen Gemeinden Gendringen und Wisch, die im Zweiten Weltkrieg ums Leben kamen. Das Denkmal ehrt auch Bewohner, die anderswo gestorben sind, wie Zwangsarbeiter in Arbeitslagern und Soldaten, die zum Beispiel auf dem Grebbeberg gestorben sind.  <\/p>\n<p><strong>Symbolik des Denkmals<br \/>\n<\/strong>Der Hintergrund des Denkmals zeigt die Grotestraat in Gendringen, wie sie w\u00e4hrend der Befreiung im M\u00e4rz 1945 aussah. Oben rechts ist ein Lancaster-Bomber zu sehen, w\u00e4hrend im Vordergrund ein kanadischer Soldat steht. <\/p>\n<p><strong>Lage mit historischer<br \/>\n Bedeutung<\/strong>Das Denkmal befindet sich im Gedenk- und Spazierpark &#8218;t Olde Kerkhof an der Ecke Walseweg und Wiekenseweg. Dieser Ort wurde sorgf\u00e4ltig mit der Gemeinde Oude IJsselstreek gew\u00e4hlt, da die kanadischen Befreier \u00fcber den Walseweg nach Gendringen kamen. Oberstleutnant Jacques Alfred Dextraze konnte am 30. M\u00e4rz 1945 berichten, dass Gendringen befreit worden war.  <\/p>\n<p><strong>Erinnerung lebendig halten<br \/>\n<\/strong>Neben dem Denkmal gibt es das umfangreiche Buch &#8218;Lest We Forget&#8216;, in dem die Geschichten der Opfer erz\u00e4hlt werden, damit die Geschichte nicht verloren geht. Auf der Website finden Sie au\u00dferdem eine Videoserie mit dem Titel &#8222;Krieg um die Gemeinde Oude IJsselstreek&#8220;, die Flugzeugabst\u00fcrze in der Region behandelt. <\/p>\n<p>Weiterlesen: <a href=\"https:\/\/www.ownv.nl\/over-ownv-p7212-nl.html\" target=\"_blank\" rel=\"noopener\">https:\/\/www.ownv.nl\/over-ownv-p7212-nl.html<\/a><\/p>\n<\/div><\/div><\/div><div class=\"fusion-layout-column fusion_builder_column fusion-builder-column-8 fusion_builder_column_1_3 1_3 fusion-flex-column\" style=\"--awb-bg-size:cover;--awb-width-large:33.333333333333%;--awb-margin-top-large:0px;--awb-spacing-right-large:5.76%;--awb-margin-bottom-large:20px;--awb-spacing-left-large:5.76%;--awb-width-medium:33.333333333333%;--awb-order-medium:0;--awb-spacing-right-medium:5.76%;--awb-spacing-left-medium:5.76%;--awb-width-small:100%;--awb-order-small:0;--awb-spacing-right-small:1.92%;--awb-spacing-left-small:1.92%;\"><div class=\"fusion-column-wrapper fusion-column-has-shadow fusion-flex-justify-content-flex-start fusion-content-layout-column\"><div class=\"fusion-image-element \" style=\"--awb-margin-bottom:10px;--awb-caption-title-font-family:var(--h2_typography-font-family);--awb-caption-title-font-weight:var(--h2_typography-font-weight);--awb-caption-title-font-style:var(--h2_typography-font-style);--awb-caption-title-size:var(--h2_typography-font-size);--awb-caption-title-transform:var(--h2_typography-text-transform);--awb-caption-title-line-height:var(--h2_typography-line-height);--awb-caption-title-letter-spacing:var(--h2_typography-letter-spacing);\"><span class=\" fusion-imageframe imageframe-none imageframe-5 hover-type-none\"><img decoding=\"async\" width=\"945\" height=\"711\" alt=\"Oberstleutnant Jacques Alfred Dextraze\" title=\"Oberstleutnant Jacques Alfred Dextraze\" src=\"https:\/\/nationaalonderduikmuseum.nl\/wp-content\/uploads\/2025\/02\/Alfred-Dextraze.jpg\" class=\"img-responsive wp-image-3376\" srcset=\"https:\/\/nationaalonderduikmuseum.nl\/wp-content\/uploads\/2025\/02\/Alfred-Dextraze-200x150.jpg 200w, https:\/\/nationaalonderduikmuseum.nl\/wp-content\/uploads\/2025\/02\/Alfred-Dextraze-400x301.jpg 400w, https:\/\/nationaalonderduikmuseum.nl\/wp-content\/uploads\/2025\/02\/Alfred-Dextraze-600x451.jpg 600w, https:\/\/nationaalonderduikmuseum.nl\/wp-content\/uploads\/2025\/02\/Alfred-Dextraze-800x602.jpg 800w, https:\/\/nationaalonderduikmuseum.nl\/wp-content\/uploads\/2025\/02\/Alfred-Dextraze.jpg 945w\" sizes=\"(max-width: 800px) 100vw, 600px\" \/><\/span><\/div><div class=\"fusion-text fusion-text-5\" style=\"--awb-margin-top:10px;\"><p><em>Oberstleutnant Jacques Alfred Dextraze<\/em><\/p>\n<\/div><div class=\"fusion-image-element \" style=\"--awb-margin-bottom:10px;--awb-caption-title-font-family:var(--h2_typography-font-family);--awb-caption-title-font-weight:var(--h2_typography-font-weight);--awb-caption-title-font-style:var(--h2_typography-font-style);--awb-caption-title-size:var(--h2_typography-font-size);--awb-caption-title-transform:var(--h2_typography-text-transform);--awb-caption-title-line-height:var(--h2_typography-line-height);--awb-caption-title-letter-spacing:var(--h2_typography-letter-spacing);\"><span class=\" fusion-imageframe imageframe-none imageframe-6 hover-type-none\"><img decoding=\"async\" width=\"950\" height=\"605\" alt=\"Damit wir es nicht vergessen\" title=\"Damit wir es nicht vergessen\" src=\"https:\/\/nationaalonderduikmuseum.nl\/wp-content\/uploads\/2025\/02\/opdatwijnietvergeten1.jpg\" class=\"img-responsive wp-image-3379\" srcset=\"https:\/\/nationaalonderduikmuseum.nl\/wp-content\/uploads\/2025\/02\/opdatwijnietvergeten1-200x127.jpg 200w, https:\/\/nationaalonderduikmuseum.nl\/wp-content\/uploads\/2025\/02\/opdatwijnietvergeten1-400x255.jpg 400w, https:\/\/nationaalonderduikmuseum.nl\/wp-content\/uploads\/2025\/02\/opdatwijnietvergeten1-600x382.jpg 600w, https:\/\/nationaalonderduikmuseum.nl\/wp-content\/uploads\/2025\/02\/opdatwijnietvergeten1-800x509.jpg 800w, https:\/\/nationaalonderduikmuseum.nl\/wp-content\/uploads\/2025\/02\/opdatwijnietvergeten1.jpg 950w\" sizes=\"(max-width: 800px) 100vw, 600px\" \/><\/span><\/div><\/div><\/div><\/div><\/div><div class=\"fusion-fullwidth fullwidth-box fusion-builder-row-6 fusion-flex-container has-pattern-background has-mask-background nonhundred-percent-fullwidth non-hundred-percent-height-scrolling\" style=\"--link_color: #ffffff;--awb-border-color:#ffffff;--awb-border-radius-top-left:0px;--awb-border-radius-top-right:0px;--awb-border-radius-bottom-right:0px;--awb-border-radius-bottom-left:0px;--awb-padding-top:0px;--awb-padding-bottom:0px;--awb-margin-top:0px;--awb-margin-bottom:10px;--awb-flex-wrap:wrap;\" ><div class=\"fusion-builder-row fusion-row fusion-flex-align-items-flex-start fusion-flex-content-wrap\" style=\"max-width:1456px;margin-left: calc(-4% \/ 2 );margin-right: calc(-4% \/ 2 );\"><div class=\"fusion-layout-column fusion_builder_column fusion-builder-column-9 fusion_builder_column_1_1 1_1 fusion-flex-column fusion-flex-align-self-flex-start\" style=\"--awb-padding-top:0px;--awb-padding-bottom:0px;--awb-bg-size:cover;--awb-border-color:var(--awb-color4);--awb-border-top:2px;--awb-border-right:2px;--awb-border-bottom:2px;--awb-border-left:2px;--awb-border-style:solid;--awb-width-large:100%;--awb-margin-top-large:0px;--awb-spacing-right-large:1.92%;--awb-margin-bottom-large:0px;--awb-spacing-left-large:1.92%;--awb-width-medium:100%;--awb-order-medium:0;--awb-spacing-right-medium:1.92%;--awb-spacing-left-medium:1.92%;--awb-width-small:100%;--awb-order-small:0;--awb-spacing-right-small:1.92%;--awb-spacing-left-small:1.92%;\" data-scroll-devices=\"small-visibility,medium-visibility,large-visibility\"><div class=\"fusion-column-wrapper fusion-column-has-shadow fusion-flex-justify-content-flex-start fusion-content-layout-column\"><\/div><\/div><\/div><\/div><div class=\"fusion-fullwidth fullwidth-box fusion-builder-row-7 fusion-flex-container has-pattern-background has-mask-background nonhundred-percent-fullwidth non-hundred-percent-height-scrolling\" style=\"--awb-border-radius-top-left:0px;--awb-border-radius-top-right:0px;--awb-border-radius-bottom-right:0px;--awb-border-radius-bottom-left:0px;--awb-padding-top:0px;--awb-padding-bottom:0px;--awb-margin-top:10px;--awb-flex-wrap:wrap;\" ><div class=\"fusion-builder-row fusion-row fusion-flex-align-items-flex-start fusion-flex-content-wrap\" style=\"max-width:1456px;margin-left: calc(-4% \/ 2 );margin-right: calc(-4% \/ 2 );\"><div class=\"fusion-layout-column fusion_builder_column fusion-builder-column-10 fusion_builder_column_2_3 2_3 fusion-flex-column\" style=\"--awb-padding-top:0px;--awb-padding-bottom:0px;--awb-bg-size:cover;--awb-width-large:66.666666666667%;--awb-margin-top-large:0px;--awb-spacing-right-large:2.88%;--awb-margin-bottom-large:0px;--awb-spacing-left-large:2.88%;--awb-width-medium:66.666666666667%;--awb-order-medium:0;--awb-spacing-right-medium:2.88%;--awb-spacing-left-medium:2.88%;--awb-width-small:100%;--awb-order-small:0;--awb-spacing-right-small:1.92%;--awb-spacing-left-small:1.92%;\" data-scroll-devices=\"small-visibility,medium-visibility,large-visibility\"><div class=\"fusion-column-wrapper fusion-column-has-shadow fusion-flex-justify-content-flex-start fusion-content-layout-column\"><div class=\"fusion-text fusion-text-6\"><h2>Die 46 von Rademakersbroek<\/h2>\n<p>Am Morgen des 2. M\u00e4rz 1945, gegen 8 Uhr morgens, vier Wochen vor der Befreiung, wurden 46 M\u00e4nner auf einem Feld auf der Rademakersbroek nij Varsseveld hingerichtet. Der J\u00fcngste ist 18 Jahre alt, der \u00c4lteste 65. Die Hinrichtung ist eine Vergeltung: In der N\u00e4he fanden die Deutschen vier ermordete Soldaten in einem gesprengten Auto, das von <a href=\"https:\/\/nationaalonderduikmuseum.nl\/de\/geschichten\/de-bark\/\">der Widerstandsgruppe De Bark<\/a> stammte.  <\/p>\n<p><strong>Eine grausame Vergeltung<br \/>\n<\/strong>Auf der Schotterstra\u00dfe neben dem Hof steht ein geschlossener Lastwagen, auf dem Gefangene hinten herausspringen, die H\u00e4nde hinter dem R\u00fccken gefesselt. Um sie herum wimmelte es von deutschen und niederl\u00e4ndischen SS-M\u00e4nnern. Es gibt Milit\u00e4rautos, Motorr\u00e4der und zwei Lastwagen voller deutscher Soldaten: das Hinrichtungskommando.  <\/p>\n<p>Die Gruppe wird in das noch winterliche Weizenfeld hinter dem Hof getrieben und in drei Reihen diagonal hintereinander aufgereiht, mit dem R\u00fccken zum Hof. Ein deutscher Soldat liest das Todesurteil vor, das ein Niederl\u00e4nder dann \u00fcbersetzt. Dann ert\u00f6nen die Karabiner des Hinrichtungskommandos. Mit der ersten Salve wird der \u00f6stliche Teil der Gruppe in den R\u00fccken geschossen und f\u00e4llt nach vorne. Mit der zweiten Salve ist die andere H\u00e4lfte.    <\/p>\n<p><strong>Bleibende Trauer und Erinnerung<br \/>\n<\/strong>Die Hinrichtung hinterl\u00e4sst tiefe Narben bei den Familien: (schwangere) Frauen, Kinder, Eltern sowie Br\u00fcder und Schwestern. Dieses Drama wird auch f\u00fcr zuk\u00fcnftige Generationen traumatisch bleiben.<br \/>\n1949 wurde an dieser Stelle ein Kriegsdenkmal errichtet. Die Opfer werden hier jedes Jahr zusammen mit ihren Nachkommen und Zeugen der Trag\u00f6die geehrt. Das Denkmal tr\u00e4gt 46 Namen und ein Glasglockenglas, gef\u00fcllt mit Getreide, das auf dem Feld geerntet wurde, auf dem die M\u00e4nner hingerichtet wurden.<br \/>\nDrei Reliefs \u2013 ein Kreuz, ein Anker und ein Herz \u2013 symbolisieren Glauben, Hoffnung und Liebe. Der Text auf dem Gedenkstein lautet:    <\/p>\n<p><em>&#8222;Warmes Blut durchtr\u00e4nkt unsere Felder. Und reifer reifte das Getreide hier. Oh, dass eine solche Ernte der Freiheit aus dem Opfer dieser Helden entstehen w\u00fcrde!&#8220;<\/em><\/p>\n<p><strong>Forschung und Dokumentation<br \/>\n<\/strong>Das National Hiding Museum f\u00fchrte umfangreiche Forschungen zur Hinrichtung durch. 2022 ver\u00f6ffentlichte das Museum eine Ausstellung und arbeitete an einer Dokumentation mit, die am 4. Mai 2023 vom NPO ausgestrahlt wurde. <\/p>\n<p>Lesen Sie und sehen Sie mehr:<br \/>\n<a href=\"https:\/\/de46vanhetrademakersbroek.nl\" target=\"_blank\" rel=\"noopener\">https:\/\/de46vanhetrademakersbroek.nl<\/a><br \/>\n<a href=\"https:\/\/oorlogsgravenstichting.nl\" target=\"_blank\" rel=\"noopener\">https:\/\/oorlogsgravenstichting.nl<\/a><\/p>\n<\/div><\/div><\/div><div class=\"fusion-layout-column fusion_builder_column fusion-builder-column-11 fusion_builder_column_1_3 1_3 fusion-flex-column\" style=\"--awb-bg-size:cover;--awb-width-large:33.333333333333%;--awb-margin-top-large:0px;--awb-spacing-right-large:5.76%;--awb-margin-bottom-large:20px;--awb-spacing-left-large:5.76%;--awb-width-medium:33.333333333333%;--awb-order-medium:0;--awb-spacing-right-medium:5.76%;--awb-spacing-left-medium:5.76%;--awb-width-small:100%;--awb-order-small:0;--awb-spacing-right-small:1.92%;--awb-spacing-left-small:1.92%;\"><div class=\"fusion-column-wrapper fusion-column-has-shadow fusion-flex-justify-content-flex-start fusion-content-layout-column\"><div class=\"fusion-image-element \" style=\"--awb-margin-bottom:10px;--awb-caption-title-font-family:var(--h2_typography-font-family);--awb-caption-title-font-weight:var(--h2_typography-font-weight);--awb-caption-title-font-style:var(--h2_typography-font-style);--awb-caption-title-size:var(--h2_typography-font-size);--awb-caption-title-transform:var(--h2_typography-text-transform);--awb-caption-title-line-height:var(--h2_typography-line-height);--awb-caption-title-letter-spacing:var(--h2_typography-letter-spacing);\"><span class=\" fusion-imageframe imageframe-none imageframe-7 hover-type-none\"><img decoding=\"async\" width=\"1134\" height=\"757\" alt=\"Gedenkst\u00e4tte Rademakersbroek\" title=\"Gedenkst\u00e4tte Rademakersbroek\" src=\"https:\/\/nationaalonderduikmuseum.nl\/wp-content\/uploads\/2025\/02\/Rademakersbroek-0986.jpg\" class=\"img-responsive wp-image-3386\" srcset=\"https:\/\/nationaalonderduikmuseum.nl\/wp-content\/uploads\/2025\/02\/Rademakersbroek-0986-200x134.jpg 200w, https:\/\/nationaalonderduikmuseum.nl\/wp-content\/uploads\/2025\/02\/Rademakersbroek-0986-400x267.jpg 400w, https:\/\/nationaalonderduikmuseum.nl\/wp-content\/uploads\/2025\/02\/Rademakersbroek-0986-600x401.jpg 600w, https:\/\/nationaalonderduikmuseum.nl\/wp-content\/uploads\/2025\/02\/Rademakersbroek-0986-800x534.jpg 800w, https:\/\/nationaalonderduikmuseum.nl\/wp-content\/uploads\/2025\/02\/Rademakersbroek-0986.jpg 1134w\" sizes=\"(max-width: 800px) 100vw, 600px\" \/><\/span><\/div><div class=\"fusion-image-element \" style=\"--awb-margin-bottom:10px;--awb-caption-title-font-family:var(--h2_typography-font-family);--awb-caption-title-font-weight:var(--h2_typography-font-weight);--awb-caption-title-font-style:var(--h2_typography-font-style);--awb-caption-title-size:var(--h2_typography-font-size);--awb-caption-title-transform:var(--h2_typography-text-transform);--awb-caption-title-line-height:var(--h2_typography-line-height);--awb-caption-title-letter-spacing:var(--h2_typography-letter-spacing);\"><span class=\" fusion-imageframe imageframe-none imageframe-8 hover-type-none\"><img decoding=\"async\" width=\"945\" height=\"678\" alt=\"Gedenkst\u00e4tte Rademakersbroek\" title=\"Rademakersbroek-0987\" src=\"https:\/\/nationaalonderduikmuseum.nl\/wp-content\/uploads\/2025\/02\/Rademakersbroek-0987.jpg\" class=\"img-responsive wp-image-3383\" srcset=\"https:\/\/nationaalonderduikmuseum.nl\/wp-content\/uploads\/2025\/02\/Rademakersbroek-0987-200x143.jpg 200w, https:\/\/nationaalonderduikmuseum.nl\/wp-content\/uploads\/2025\/02\/Rademakersbroek-0987-400x287.jpg 400w, https:\/\/nationaalonderduikmuseum.nl\/wp-content\/uploads\/2025\/02\/Rademakersbroek-0987-600x430.jpg 600w, https:\/\/nationaalonderduikmuseum.nl\/wp-content\/uploads\/2025\/02\/Rademakersbroek-0987-800x574.jpg 800w, https:\/\/nationaalonderduikmuseum.nl\/wp-content\/uploads\/2025\/02\/Rademakersbroek-0987.jpg 945w\" sizes=\"(max-width: 800px) 100vw, 600px\" \/><\/span><\/div><\/div><\/div><\/div><\/div><\/p>\n","protected":false},"excerpt":{"rendered":"","protected":false},"author":4,"featured_media":0,"parent":6050,"menu_order":8,"comment_status":"closed","ping_status":"closed","template":"100-width.php","meta":{"footnotes":""},"class_list":["post-6096","page","type-page","status-publish","hentry"],"aioseo_notices":[],"_links":{"self":[{"href":"https:\/\/nationaalonderduikmuseum.nl\/de\/wp-json\/wp\/v2\/pages\/6096","targetHints":{"allow":["GET"]}}],"collection":[{"href":"https:\/\/nationaalonderduikmuseum.nl\/de\/wp-json\/wp\/v2\/pages"}],"about":[{"href":"https:\/\/nationaalonderduikmuseum.nl\/de\/wp-json\/wp\/v2\/types\/page"}],"author":[{"embeddable":true,"href":"https:\/\/nationaalonderduikmuseum.nl\/de\/wp-json\/wp\/v2\/users\/4"}],"replies":[{"embeddable":true,"href":"https:\/\/nationaalonderduikmuseum.nl\/de\/wp-json\/wp\/v2\/comments?post=6096"}],"version-history":[{"count":7,"href":"https:\/\/nationaalonderduikmuseum.nl\/de\/wp-json\/wp\/v2\/pages\/6096\/revisions"}],"predecessor-version":[{"id":6110,"href":"https:\/\/nationaalonderduikmuseum.nl\/de\/wp-json\/wp\/v2\/pages\/6096\/revisions\/6110"}],"up":[{"embeddable":true,"href":"https:\/\/nationaalonderduikmuseum.nl\/de\/wp-json\/wp\/v2\/pages\/6050"}],"wp:attachment":[{"href":"https:\/\/nationaalonderduikmuseum.nl\/de\/wp-json\/wp\/v2\/media?parent=6096"}],"curies":[{"name":"wp","href":"https:\/\/api.w.org\/{rel}","templated":true}]}}