{"id":6089,"date":"2025-01-20T13:33:38","date_gmt":"2025-01-20T13:33:38","guid":{"rendered":"https:\/\/nationaalonderduikmuseum.nl\/programma-vrijheid\/quartett\/winterswijk\/"},"modified":"2026-04-01T07:29:15","modified_gmt":"2026-04-01T07:29:15","slug":"winterswijk","status":"publish","type":"page","link":"https:\/\/nationaalonderduikmuseum.nl\/de\/programma-vrijheid\/quartett\/winterswijk\/","title":{"rendered":"Winterswijk"},"content":{"rendered":"<p><div class=\"fusion-fullwidth fullwidth-box fusion-builder-row-1 fusion-flex-container has-pattern-background has-mask-background nonhundred-percent-fullwidth non-hundred-percent-height-scrolling\" style=\"--awb-border-radius-top-left:0px;--awb-border-radius-top-right:0px;--awb-border-radius-bottom-right:0px;--awb-border-radius-bottom-left:0px;--awb-padding-top:30px;--awb-padding-bottom:0px;--awb-margin-top:0px;--awb-margin-bottom:0px;--awb-flex-wrap:wrap;\" ><div class=\"fusion-builder-row fusion-row fusion-flex-align-items-flex-start fusion-flex-content-wrap\" style=\"max-width:1456px;margin-left: calc(-4% \/ 2 );margin-right: calc(-4% \/ 2 );\"><div class=\"fusion-layout-column fusion_builder_column fusion-builder-column-0 fusion_builder_column_1_1 1_1 fusion-flex-column\" style=\"--awb-bg-size:cover;--awb-width-large:100%;--awb-margin-top-large:0px;--awb-spacing-right-large:1.92%;--awb-margin-bottom-large:20px;--awb-spacing-left-large:1.92%;--awb-width-medium:100%;--awb-order-medium:0;--awb-spacing-right-medium:1.92%;--awb-spacing-left-medium:1.92%;--awb-width-small:100%;--awb-order-small:0;--awb-spacing-right-small:1.92%;--awb-spacing-left-small:1.92%;\"><div class=\"fusion-column-wrapper fusion-column-has-shadow fusion-flex-justify-content-flex-start fusion-content-layout-column\"><div class=\"fusion-title title fusion-title-1 fusion-sep-none fusion-title-text fusion-title-size-one\" style=\"--awb-margin-top-small:8px;--awb-margin-right-small:0px;--awb-margin-bottom-small:16px;--awb-margin-left-small:0px;\"><h1 class=\"fusion-title-heading title-heading-left fusion-responsive-typography-calculated\" style=\"margin:0;--fontSize:64;line-height:1.25;\"><h1>Winterswijk<\/h1><\/h1><\/div><\/div><\/div><div class=\"fusion-layout-column fusion_builder_column fusion-builder-column-1 fusion_builder_column_2_3 2_3 fusion-flex-column\" style=\"--awb-padding-top:0px;--awb-padding-bottom:0px;--awb-bg-size:cover;--awb-width-large:66.666666666667%;--awb-margin-top-large:0px;--awb-spacing-right-large:2.88%;--awb-margin-bottom-large:0px;--awb-spacing-left-large:2.88%;--awb-width-medium:66.666666666667%;--awb-order-medium:0;--awb-spacing-right-medium:2.88%;--awb-spacing-left-medium:2.88%;--awb-width-small:100%;--awb-order-small:0;--awb-spacing-right-small:1.92%;--awb-spacing-left-small:1.92%;\" data-scroll-devices=\"small-visibility,medium-visibility,large-visibility\"><div class=\"fusion-column-wrapper fusion-column-has-shadow fusion-flex-justify-content-flex-start fusion-content-layout-column\"><div class=\"fusion-text fusion-text-1\"><h2>Tante Riek<\/h2>\n<p>Heleen Kuipers-Rietberg, besser bekannt als Tante Riek, und ihr Ehemann Piet Kuipers leisteten unmittelbar nach der deutschen Besatzung Widerstand. Ein Gespr\u00e4ch zwischen Helena Theodora Kuipers-Rietberg (alias Tante Riek) und Pfarrer Fredrik Slomp (alias Frits de Zwerver) nach dessen Predigt in Winterswijk im Oktober 1942 gilt als der Moment, in dem die Nationale Organisation zur Hilfe von Menschen im Versteck (LO) gegr\u00fcndet wurde. <\/p>\n<p>Einen Monat sp\u00e4ter, im November 1942, wurde die LO offiziell in Aalten im Haus des Widerstandsk\u00e4mpfers <a href=\"https:\/\/nationaalonderduikmuseum.nl\/de\/geschichten\/ome-jan-wikkerink\/\">&#8218;Onkel Jan&#8216; Wikkerink<\/a> gegr\u00fcndet. Tante Riek und ihre Mitk\u00e4mpfer halfen Juden, denen die sich weigerten zu arbeiten, alliierten Piloten und anderen, die sich <a href=\"https:\/\/nationaalonderduikmuseum.nl\/de\/geschichten\/das-untertauchen-in-den-niederlanden\/\">verstecken mussten<\/a> . <\/p>\n<p>Einmal m\u00fcssen Heleen und Piet sich verstecken, werden jedoch verraten und eingesperrt. Piet \u00fcberlebt den Krieg. Heleen ging \u00fcber das Lager Vught zum Frauenausl\u00f6schungslager Ravensbr\u00fcck, wo sie Ende Dezember 1944 starb.  <\/p>\n<p><strong>Denkmal zum Gedenken<br \/>\n<\/strong>Auf dem Vrijheidsplein in Winterswijk steht ein Denkmal zu Ehren von Tante Riek und den niederl\u00e4ndischen Widerstandsk\u00e4mpfern. Dieses Denkmal wurde am 4. Mai 1955 von Prinzessin Wilhelmina enth\u00fcllt. <\/p>\n<p><strong>Die Bronzetafel lautet<br \/>\n<\/strong>: H.Th. Kuipers-Rietberg alias Tante Riek ergriff die Initiative zur Gr\u00fcndung der Nationalen Organisation zur Hilfe f\u00fcr Menschen im Versteck (die L.O.), die sich w\u00e4hrend der Kriegsjahre 1940\u20131945 um etwa 300.000 Menschen im Versteck k\u00fcmmerte und somit viel zur Befreiung unseres Landes beitrug. Heleen Rietberg wurde am 26. Mai 1893 in Winterswijk geboren und starb am 27. Dezember 1944 im Konzentrationslager Ravensbr\u00fcck.&#8220;<\/p>\n<\/div><\/div><\/div><div class=\"fusion-layout-column fusion_builder_column fusion-builder-column-2 fusion_builder_column_1_3 1_3 fusion-flex-column\" style=\"--awb-bg-size:cover;--awb-width-large:33.333333333333%;--awb-margin-top-large:0px;--awb-spacing-right-large:5.76%;--awb-margin-bottom-large:20px;--awb-spacing-left-large:5.76%;--awb-width-medium:33.333333333333%;--awb-order-medium:0;--awb-spacing-right-medium:5.76%;--awb-spacing-left-medium:5.76%;--awb-width-small:100%;--awb-order-small:0;--awb-spacing-right-small:1.92%;--awb-spacing-left-small:1.92%;\"><div class=\"fusion-column-wrapper fusion-column-has-shadow fusion-flex-justify-content-flex-start fusion-content-layout-column\"><div class=\"fusion-image-element \" style=\"--awb-margin-bottom:10px;--awb-caption-title-font-family:var(--h2_typography-font-family);--awb-caption-title-font-weight:var(--h2_typography-font-weight);--awb-caption-title-font-style:var(--h2_typography-font-style);--awb-caption-title-size:var(--h2_typography-font-size);--awb-caption-title-transform:var(--h2_typography-text-transform);--awb-caption-title-line-height:var(--h2_typography-line-height);--awb-caption-title-letter-spacing:var(--h2_typography-letter-spacing);\"><span class=\" fusion-imageframe imageframe-none imageframe-1 hover-type-none\"><img decoding=\"async\" width=\"300\" height=\"467\" alt=\"Gedenktante Riek\" title=\"Gedenktante Riek\" src=\"https:\/\/nationaalonderduikmuseum.nl\/wp-content\/uploads\/2025\/02\/Monument-TanteRiekkl.jpg\" class=\"img-responsive wp-image-3427\" srcset=\"https:\/\/nationaalonderduikmuseum.nl\/wp-content\/uploads\/2025\/02\/Monument-TanteRiekkl-200x311.jpg 200w, https:\/\/nationaalonderduikmuseum.nl\/wp-content\/uploads\/2025\/02\/Monument-TanteRiekkl.jpg 300w\" sizes=\"(max-width: 800px) 100vw, 300px\" \/><\/span><\/div><div class=\"fusion-text fusion-text-2\" style=\"--awb-margin-top:10px;\"><p><em>Die weibliche Figur in der Statue symbolisiert Frau Kuipers-Rietberg. Das Reh zeigt die vielen Menschen, die wie gejagte Wildtiere bei ihr einen sicheren Zufluchtsort fanden. Au\u00dferdem bezieht es sich auf Psalm 42: <strong>&#8222;Der keuchende Hirsch, entkam der Jagd.&#8220;<\/strong>  <\/em><\/p>\n<\/div><\/div><\/div><\/div><\/div><div class=\"fusion-fullwidth fullwidth-box fusion-builder-row-2 fusion-flex-container has-pattern-background has-mask-background nonhundred-percent-fullwidth non-hundred-percent-height-scrolling\" style=\"--link_color: #ffffff;--awb-border-color:#ffffff;--awb-border-radius-top-left:0px;--awb-border-radius-top-right:0px;--awb-border-radius-bottom-right:0px;--awb-border-radius-bottom-left:0px;--awb-padding-top:0px;--awb-padding-bottom:0px;--awb-margin-top:0px;--awb-margin-bottom:10px;--awb-flex-wrap:wrap;\" ><div class=\"fusion-builder-row fusion-row fusion-flex-align-items-flex-start fusion-flex-content-wrap\" style=\"max-width:1456px;margin-left: calc(-4% \/ 2 );margin-right: calc(-4% \/ 2 );\"><div class=\"fusion-layout-column fusion_builder_column fusion-builder-column-3 fusion_builder_column_1_1 1_1 fusion-flex-column fusion-flex-align-self-flex-start\" style=\"--awb-padding-top:0px;--awb-padding-bottom:0px;--awb-bg-size:cover;--awb-border-color:var(--awb-color4);--awb-border-top:2px;--awb-border-right:2px;--awb-border-bottom:2px;--awb-border-left:2px;--awb-border-style:solid;--awb-width-large:100%;--awb-margin-top-large:0px;--awb-spacing-right-large:1.92%;--awb-margin-bottom-large:0px;--awb-spacing-left-large:1.92%;--awb-width-medium:100%;--awb-order-medium:0;--awb-spacing-right-medium:1.92%;--awb-spacing-left-medium:1.92%;--awb-width-small:100%;--awb-order-small:0;--awb-spacing-right-small:1.92%;--awb-spacing-left-small:1.92%;\" data-scroll-devices=\"small-visibility,medium-visibility,large-visibility\"><div class=\"fusion-column-wrapper fusion-column-has-shadow fusion-flex-justify-content-flex-start fusion-content-layout-column\"><\/div><\/div><\/div><\/div><div class=\"fusion-fullwidth fullwidth-box fusion-builder-row-3 fusion-flex-container has-pattern-background has-mask-background nonhundred-percent-fullwidth non-hundred-percent-height-scrolling\" style=\"--awb-border-radius-top-left:0px;--awb-border-radius-top-right:0px;--awb-border-radius-bottom-right:0px;--awb-border-radius-bottom-left:0px;--awb-padding-top:0px;--awb-padding-bottom:0px;--awb-margin-top:0px;--awb-flex-wrap:wrap;\" ><div class=\"fusion-builder-row fusion-row fusion-flex-align-items-flex-start fusion-flex-content-wrap\" style=\"max-width:1456px;margin-left: calc(-4% \/ 2 );margin-right: calc(-4% \/ 2 );\"><div class=\"fusion-layout-column fusion_builder_column fusion-builder-column-4 fusion_builder_column_2_3 2_3 fusion-flex-column\" style=\"--awb-padding-top:0px;--awb-padding-bottom:0px;--awb-bg-size:cover;--awb-width-large:66.666666666667%;--awb-margin-top-large:0px;--awb-spacing-right-large:2.88%;--awb-margin-bottom-large:0px;--awb-spacing-left-large:2.88%;--awb-width-medium:66.666666666667%;--awb-order-medium:0;--awb-spacing-right-medium:2.88%;--awb-spacing-left-medium:2.88%;--awb-width-small:100%;--awb-order-small:0;--awb-spacing-right-small:1.92%;--awb-spacing-left-small:1.92%;\" data-scroll-devices=\"small-visibility,medium-visibility,large-visibility\"><div class=\"fusion-column-wrapper fusion-column-has-shadow fusion-flex-justify-content-flex-start fusion-content-layout-column\"><div class=\"fusion-text fusion-text-3\"><h2>Synagoge<\/h2>\n<p>Winterswijk verf\u00fcgt \u00fcber eine wundersch\u00f6ne, voll ausgestattete Synagoge, die 1889 erbaut wurde. Die Synagoge zeugt vom reichen j\u00fcdischen Leben in Winterswijk. Der gesamte Komplex umfasst eine Synagoge, ein rituelles Badehaus, eine j\u00fcdische Schule + Wohnhaus und einen Friedhof; dies war einst das Herz der j\u00fcdischen Gemeinde von Winterswijk. Die ersten Juden kamen Mitte des 17. Jahrhunderts nach Winterswijk, die Gemeinde wuchs zu einer der gr\u00f6\u00dften im Achterhoek heran.   <\/p>\n<p>W\u00e4hrend der F\u00fchrungen, Ausstellungen und Aktivit\u00e4ten erfahren Besucher mehr \u00fcber den j\u00fcdischen Glauben, j\u00fcdische Br\u00e4uche und die Geschichte der Gemeinde.<\/p>\n<p>Deutsche und niederl\u00e4ndische Sch\u00fcler k\u00f6nnen sich unter der Anleitung erfahrener F\u00fchrer mit der j\u00fcdischen Religion, Br\u00e4uchen und Traditionen vertraut machen.<\/p>\n<p>Weiterlesen: <a href=\"https:\/\/synagogewinterswijk.nl\/\" target=\"_blank\" rel=\"noopener\">www.synagogewinterswijk.nl<\/a><\/p>\n<\/div><\/div><\/div><div class=\"fusion-layout-column fusion_builder_column fusion-builder-column-5 fusion_builder_column_1_3 1_3 fusion-flex-column\" style=\"--awb-bg-size:cover;--awb-width-large:33.333333333333%;--awb-margin-top-large:0px;--awb-spacing-right-large:5.76%;--awb-margin-bottom-large:20px;--awb-spacing-left-large:5.76%;--awb-width-medium:33.333333333333%;--awb-order-medium:0;--awb-spacing-right-medium:5.76%;--awb-spacing-left-medium:5.76%;--awb-width-small:100%;--awb-order-small:0;--awb-spacing-right-small:1.92%;--awb-spacing-left-small:1.92%;\"><div class=\"fusion-column-wrapper fusion-column-has-shadow fusion-flex-justify-content-flex-start fusion-content-layout-column\"><div class=\"fusion-image-element \" style=\"--awb-margin-bottom:10px;--awb-caption-title-font-family:var(--h2_typography-font-family);--awb-caption-title-font-weight:var(--h2_typography-font-weight);--awb-caption-title-font-style:var(--h2_typography-font-style);--awb-caption-title-size:var(--h2_typography-font-size);--awb-caption-title-transform:var(--h2_typography-text-transform);--awb-caption-title-line-height:var(--h2_typography-line-height);--awb-caption-title-letter-spacing:var(--h2_typography-letter-spacing);\"><span class=\" fusion-imageframe imageframe-none imageframe-2 hover-type-none\"><img decoding=\"async\" width=\"945\" height=\"590\" alt=\"Synagoge Winterswijk\" title=\"Synagoge Winterswijk\" src=\"https:\/\/nationaalonderduikmuseum.nl\/wp-content\/uploads\/2025\/02\/Synagoge-Winterswijk-vroeger.jpg\" class=\"img-responsive wp-image-3410\" srcset=\"https:\/\/nationaalonderduikmuseum.nl\/wp-content\/uploads\/2025\/02\/Synagoge-Winterswijk-vroeger-200x125.jpg 200w, https:\/\/nationaalonderduikmuseum.nl\/wp-content\/uploads\/2025\/02\/Synagoge-Winterswijk-vroeger-400x250.jpg 400w, https:\/\/nationaalonderduikmuseum.nl\/wp-content\/uploads\/2025\/02\/Synagoge-Winterswijk-vroeger-600x375.jpg 600w, https:\/\/nationaalonderduikmuseum.nl\/wp-content\/uploads\/2025\/02\/Synagoge-Winterswijk-vroeger-800x499.jpg 800w, https:\/\/nationaalonderduikmuseum.nl\/wp-content\/uploads\/2025\/02\/Synagoge-Winterswijk-vroeger.jpg 945w\" sizes=\"(max-width: 800px) 100vw, 600px\" \/><\/span><\/div><\/div><\/div><\/div><\/div><div class=\"fusion-fullwidth fullwidth-box fusion-builder-row-4 fusion-flex-container has-pattern-background has-mask-background nonhundred-percent-fullwidth non-hundred-percent-height-scrolling\" style=\"--link_color: #ffffff;--awb-border-color:#ffffff;--awb-border-radius-top-left:0px;--awb-border-radius-top-right:0px;--awb-border-radius-bottom-right:0px;--awb-border-radius-bottom-left:0px;--awb-padding-top:0px;--awb-padding-bottom:0px;--awb-margin-top:0px;--awb-margin-bottom:10px;--awb-flex-wrap:wrap;\" ><div class=\"fusion-builder-row fusion-row fusion-flex-align-items-flex-start fusion-flex-content-wrap\" style=\"max-width:1456px;margin-left: calc(-4% \/ 2 );margin-right: calc(-4% \/ 2 );\"><div class=\"fusion-layout-column fusion_builder_column fusion-builder-column-6 fusion_builder_column_1_1 1_1 fusion-flex-column fusion-flex-align-self-flex-start\" style=\"--awb-padding-top:0px;--awb-padding-bottom:0px;--awb-bg-size:cover;--awb-border-color:var(--awb-color4);--awb-border-top:2px;--awb-border-right:2px;--awb-border-bottom:2px;--awb-border-left:2px;--awb-border-style:solid;--awb-width-large:100%;--awb-margin-top-large:0px;--awb-spacing-right-large:1.92%;--awb-margin-bottom-large:0px;--awb-spacing-left-large:1.92%;--awb-width-medium:100%;--awb-order-medium:0;--awb-spacing-right-medium:1.92%;--awb-spacing-left-medium:1.92%;--awb-width-small:100%;--awb-order-small:0;--awb-spacing-right-small:1.92%;--awb-spacing-left-small:1.92%;\" data-scroll-devices=\"small-visibility,medium-visibility,large-visibility\"><div class=\"fusion-column-wrapper fusion-column-has-shadow fusion-flex-justify-content-flex-start fusion-content-layout-column\"><\/div><\/div><\/div><\/div><div class=\"fusion-fullwidth fullwidth-box fusion-builder-row-5 fusion-flex-container has-pattern-background has-mask-background nonhundred-percent-fullwidth non-hundred-percent-height-scrolling\" style=\"--awb-border-radius-top-left:0px;--awb-border-radius-top-right:0px;--awb-border-radius-bottom-right:0px;--awb-border-radius-bottom-left:0px;--awb-padding-top:0px;--awb-padding-bottom:0px;--awb-margin-top:0px;--awb-flex-wrap:wrap;\" ><div class=\"fusion-builder-row fusion-row fusion-flex-align-items-flex-start fusion-flex-content-wrap\" style=\"max-width:1456px;margin-left: calc(-4% \/ 2 );margin-right: calc(-4% \/ 2 );\"><div class=\"fusion-layout-column fusion_builder_column fusion-builder-column-7 fusion_builder_column_2_3 2_3 fusion-flex-column\" style=\"--awb-padding-top:0px;--awb-padding-bottom:0px;--awb-bg-size:cover;--awb-width-large:66.666666666667%;--awb-margin-top-large:0px;--awb-spacing-right-large:2.88%;--awb-margin-bottom-large:0px;--awb-spacing-left-large:2.88%;--awb-width-medium:66.666666666667%;--awb-order-medium:0;--awb-spacing-right-medium:2.88%;--awb-spacing-left-medium:2.88%;--awb-width-small:100%;--awb-order-small:0;--awb-spacing-right-small:1.92%;--awb-spacing-left-small:1.92%;\" data-scroll-devices=\"small-visibility,medium-visibility,large-visibility\"><div class=\"fusion-column-wrapper fusion-column-has-shadow fusion-flex-justify-content-flex-start fusion-content-layout-column\"><div class=\"fusion-text fusion-text-4\"><h2>Freedom Park<\/h2>\n<p>Freedom Park mit Denkm\u00e4lern f\u00fcr unter anderem &#8218;Tante Riek&#8216;. Gegen\u00fcber dem Rathaus befindet sich auch das Denkmal f\u00fcr die Kriegsopfer. Darum herum befindet sich das Denkmal, das an die verhafteten und ermordeten j\u00fcdischen Winterswijker erinnert.  <\/p>\n<p>Eine wichtige Geschichte ist auch der Verrat an drei Familien aus Winterswijk (21 Personen im Alter von 0 bis 62 Jahren), die monatelang in der Korenburgerveen untertauchten.<\/p>\n<\/div><\/div><\/div><div class=\"fusion-layout-column fusion_builder_column fusion-builder-column-8 fusion_builder_column_1_3 1_3 fusion-flex-column\" style=\"--awb-bg-size:cover;--awb-width-large:33.333333333333%;--awb-margin-top-large:0px;--awb-spacing-right-large:5.76%;--awb-margin-bottom-large:20px;--awb-spacing-left-large:5.76%;--awb-width-medium:33.333333333333%;--awb-order-medium:0;--awb-spacing-right-medium:5.76%;--awb-spacing-left-medium:5.76%;--awb-width-small:100%;--awb-order-small:0;--awb-spacing-right-small:1.92%;--awb-spacing-left-small:1.92%;\"><div class=\"fusion-column-wrapper fusion-column-has-shadow fusion-flex-justify-content-flex-start fusion-content-layout-column\"><div class=\"fusion-image-element \" style=\"--awb-margin-bottom:10px;--awb-caption-title-font-family:var(--h2_typography-font-family);--awb-caption-title-font-weight:var(--h2_typography-font-weight);--awb-caption-title-font-style:var(--h2_typography-font-style);--awb-caption-title-size:var(--h2_typography-font-size);--awb-caption-title-transform:var(--h2_typography-text-transform);--awb-caption-title-line-height:var(--h2_typography-line-height);--awb-caption-title-letter-spacing:var(--h2_typography-letter-spacing);\"><span class=\" fusion-imageframe imageframe-none imageframe-3 hover-type-none\"><img decoding=\"async\" width=\"567\" height=\"567\" alt=\"Freedom Park Winterswijk\" title=\"Freedom Park Winterswijk\" src=\"https:\/\/nationaalonderduikmuseum.nl\/wp-content\/uploads\/2025\/02\/Vrijheidspark.jpg\" class=\"img-responsive wp-image-3413\" srcset=\"https:\/\/nationaalonderduikmuseum.nl\/wp-content\/uploads\/2025\/02\/Vrijheidspark-200x200.jpg 200w, https:\/\/nationaalonderduikmuseum.nl\/wp-content\/uploads\/2025\/02\/Vrijheidspark-400x400.jpg 400w, https:\/\/nationaalonderduikmuseum.nl\/wp-content\/uploads\/2025\/02\/Vrijheidspark.jpg 567w\" sizes=\"(max-width: 800px) 100vw, 567px\" \/><\/span><\/div><\/div><\/div><\/div><\/div><div class=\"fusion-fullwidth fullwidth-box fusion-builder-row-6 fusion-flex-container has-pattern-background has-mask-background nonhundred-percent-fullwidth non-hundred-percent-height-scrolling\" style=\"--link_color: #ffffff;--awb-border-color:#ffffff;--awb-border-radius-top-left:0px;--awb-border-radius-top-right:0px;--awb-border-radius-bottom-right:0px;--awb-border-radius-bottom-left:0px;--awb-padding-top:0px;--awb-padding-bottom:0px;--awb-margin-top:0px;--awb-margin-bottom:10px;--awb-flex-wrap:wrap;\" ><div class=\"fusion-builder-row fusion-row fusion-flex-align-items-flex-start fusion-flex-content-wrap\" style=\"max-width:1456px;margin-left: calc(-4% \/ 2 );margin-right: calc(-4% \/ 2 );\"><div class=\"fusion-layout-column fusion_builder_column fusion-builder-column-9 fusion_builder_column_1_1 1_1 fusion-flex-column fusion-flex-align-self-flex-start\" style=\"--awb-padding-top:0px;--awb-padding-bottom:0px;--awb-bg-size:cover;--awb-border-color:var(--awb-color4);--awb-border-top:2px;--awb-border-right:2px;--awb-border-bottom:2px;--awb-border-left:2px;--awb-border-style:solid;--awb-width-large:100%;--awb-margin-top-large:0px;--awb-spacing-right-large:1.92%;--awb-margin-bottom-large:0px;--awb-spacing-left-large:1.92%;--awb-width-medium:100%;--awb-order-medium:0;--awb-spacing-right-medium:1.92%;--awb-spacing-left-medium:1.92%;--awb-width-small:100%;--awb-order-small:0;--awb-spacing-right-small:1.92%;--awb-spacing-left-small:1.92%;\" data-scroll-devices=\"small-visibility,medium-visibility,large-visibility\"><div class=\"fusion-column-wrapper fusion-column-has-shadow fusion-flex-justify-content-flex-start fusion-content-layout-column\"><\/div><\/div><\/div><\/div><div class=\"fusion-fullwidth fullwidth-box fusion-builder-row-7 fusion-flex-container has-pattern-background has-mask-background nonhundred-percent-fullwidth non-hundred-percent-height-scrolling\" style=\"--awb-border-radius-top-left:0px;--awb-border-radius-top-right:0px;--awb-border-radius-bottom-right:0px;--awb-border-radius-bottom-left:0px;--awb-padding-top:0px;--awb-padding-bottom:0px;--awb-margin-top:0px;--awb-flex-wrap:wrap;\" ><div class=\"fusion-builder-row fusion-row fusion-flex-align-items-flex-start fusion-flex-content-wrap\" style=\"max-width:1456px;margin-left: calc(-4% \/ 2 );margin-right: calc(-4% \/ 2 );\"><div class=\"fusion-layout-column fusion_builder_column fusion-builder-column-10 fusion_builder_column_2_3 2_3 fusion-flex-column\" style=\"--awb-padding-top:0px;--awb-padding-bottom:0px;--awb-bg-size:cover;--awb-width-large:66.666666666667%;--awb-margin-top-large:0px;--awb-spacing-right-large:2.88%;--awb-margin-bottom-large:0px;--awb-spacing-left-large:2.88%;--awb-width-medium:66.666666666667%;--awb-order-medium:0;--awb-spacing-right-medium:2.88%;--awb-spacing-left-medium:2.88%;--awb-width-small:100%;--awb-order-small:0;--awb-spacing-right-small:1.92%;--awb-spacing-left-small:1.92%;\" data-scroll-devices=\"small-visibility,medium-visibility,large-visibility\"><div class=\"fusion-column-wrapper fusion-column-has-shadow fusion-flex-justify-content-flex-start fusion-content-layout-column\"><div class=\"fusion-text fusion-text-5\"><h2>Gradus Kobus<\/h2>\n<p>Kobus begann als Mitglied der Sozialdemokratischen Arbeiterpartei (SDAP), entschied sich jedoch in den 1920er Jahren f\u00fcr den Kommunismus. Er glaubte, dass die Kommunistische Partei st\u00e4rker den Arbeitern verpflichtet sein w\u00fcrde, insbesondere den \u00c4rmsten unter ihnen. <\/p>\n<p><strong>Ein Grenzgesch\u00e4ft als Treffpunkt<\/strong><br \/>\nWie viele Grenzbewohner hatte Kobus einen kleinen Laden, in dem er deutschen Kunden Produkte verkaufte, die in Deutschland knapp oder teuer waren, wie Kaffee, Schokolade und Tabak. Der Laden wurde auch zu einem Anlaufpunkt f\u00fcr illegale Aktivit\u00e4ten. <\/p>\n<p>Fr\u00fchwarnung <strong>vor den Nazis<\/strong><br \/>\nAufgrund seiner deutschen Kontakte erkannte Kobus bald die Gefahr durch die Nazis. Ab 1933 half er Kommunisten und Sozialisten, die geflohen und in den Niederlanden untergetaucht waren. Dies brachte ihn in Konflikt sowohl mit den niederl\u00e4ndischen als auch mit den deutschen Beh\u00f6rden.  <\/p>\n<p><strong>Verhaftet, freigelassen und erneut verhaftet<\/strong><br \/>\nAm 1. M\u00e4rz 1941 wurde Kobus auf Anordnung des Sicherheitsdienstes (SD) verhaftet. Nach einem Verh\u00f6r wurde er noch am selben Tag freigelassen, blieb jedoch weiterhin auf einer Liste von Personen, die sp\u00e4ter verhaftet wurden. <\/p>\n<p><strong>Deportation nach Neuengamme<\/strong><br \/>\nAm 25. Juni 1941 wurde Kobus erneut zusammen mit Hunderten anderer Kommunisten verhaftet. \u00dcber das Lager Schoorl und das Lager Amersfoort wurde er im Dezember 1941 ins Konzentrationslager Neuengamme deportiert. <\/p>\n<p><strong>Seine letzte Nachricht<\/strong><br \/>\nAm 22. Februar 1942 starb Kobus in Neuengamme. Wie genau er starb, ist unbekannt. Wenige Tage vor seinem Tod musste er auf Deutsch schreiben: <em>&#8222;Ich bin gesund und munter&#8220;.<\/em><\/p>\n<\/div><\/div><\/div><div class=\"fusion-layout-column fusion_builder_column fusion-builder-column-11 fusion_builder_column_1_3 1_3 fusion-flex-column\" style=\"--awb-bg-size:cover;--awb-width-large:33.333333333333%;--awb-margin-top-large:0px;--awb-spacing-right-large:5.76%;--awb-margin-bottom-large:20px;--awb-spacing-left-large:5.76%;--awb-width-medium:33.333333333333%;--awb-order-medium:0;--awb-spacing-right-medium:5.76%;--awb-spacing-left-medium:5.76%;--awb-width-small:100%;--awb-order-small:0;--awb-spacing-right-small:1.92%;--awb-spacing-left-small:1.92%;\"><div class=\"fusion-column-wrapper fusion-column-has-shadow fusion-flex-justify-content-flex-start fusion-content-layout-column\"><div class=\"fusion-image-element \" style=\"--awb-margin-bottom:10px;--awb-caption-title-font-family:var(--h2_typography-font-family);--awb-caption-title-font-weight:var(--h2_typography-font-weight);--awb-caption-title-font-style:var(--h2_typography-font-style);--awb-caption-title-size:var(--h2_typography-font-size);--awb-caption-title-transform:var(--h2_typography-text-transform);--awb-caption-title-line-height:var(--h2_typography-line-height);--awb-caption-title-letter-spacing:var(--h2_typography-letter-spacing);\"><span class=\" fusion-imageframe imageframe-none imageframe-4 hover-type-none\"><img decoding=\"async\" width=\"300\" height=\"493\" alt=\"Gradus Kobus\" title=\"Gradus Kobus\" src=\"https:\/\/nationaalonderduikmuseum.nl\/wp-content\/uploads\/2025\/02\/GradusKobus-Winterswijkkl.jpg\" class=\"img-responsive wp-image-3430\" srcset=\"https:\/\/nationaalonderduikmuseum.nl\/wp-content\/uploads\/2025\/02\/GradusKobus-Winterswijkkl-200x329.jpg 200w, https:\/\/nationaalonderduikmuseum.nl\/wp-content\/uploads\/2025\/02\/GradusKobus-Winterswijkkl.jpg 300w\" sizes=\"(max-width: 800px) 100vw, 300px\" \/><\/span><\/div><div class=\"fusion-image-element \" style=\"--awb-margin-bottom:10px;--awb-caption-title-font-family:var(--h2_typography-font-family);--awb-caption-title-font-weight:var(--h2_typography-font-weight);--awb-caption-title-font-style:var(--h2_typography-font-style);--awb-caption-title-size:var(--h2_typography-font-size);--awb-caption-title-transform:var(--h2_typography-text-transform);--awb-caption-title-line-height:var(--h2_typography-line-height);--awb-caption-title-letter-spacing:var(--h2_typography-letter-spacing);\"><span class=\" fusion-imageframe imageframe-none imageframe-5 hover-type-none\"><img decoding=\"async\" width=\"945\" height=\"639\" alt=\"Haus Gradus Kobus\" title=\"Haus Gradus Kobus\" src=\"https:\/\/nationaalonderduikmuseum.nl\/wp-content\/uploads\/2025\/02\/Grenswinklel.jpg\" class=\"img-responsive wp-image-3419\" srcset=\"https:\/\/nationaalonderduikmuseum.nl\/wp-content\/uploads\/2025\/02\/Grenswinklel-200x135.jpg 200w, https:\/\/nationaalonderduikmuseum.nl\/wp-content\/uploads\/2025\/02\/Grenswinklel-400x270.jpg 400w, https:\/\/nationaalonderduikmuseum.nl\/wp-content\/uploads\/2025\/02\/Grenswinklel-600x406.jpg 600w, https:\/\/nationaalonderduikmuseum.nl\/wp-content\/uploads\/2025\/02\/Grenswinklel-800x541.jpg 800w, https:\/\/nationaalonderduikmuseum.nl\/wp-content\/uploads\/2025\/02\/Grenswinklel.jpg 945w\" sizes=\"(max-width: 800px) 100vw, 600px\" \/><\/span><\/div><div class=\"fusion-text fusion-text-6\" style=\"--awb-margin-top:10px;\"><p><em>Haus Gradus Kobus<\/em><\/p>\n<\/div><\/div><\/div><\/div><\/div><\/p>\n","protected":false},"excerpt":{"rendered":"","protected":false},"author":4,"featured_media":0,"parent":6050,"menu_order":10,"comment_status":"closed","ping_status":"closed","template":"100-width.php","meta":{"footnotes":""},"class_list":["post-6089","page","type-page","status-publish","hentry"],"aioseo_notices":[],"_links":{"self":[{"href":"https:\/\/nationaalonderduikmuseum.nl\/de\/wp-json\/wp\/v2\/pages\/6089","targetHints":{"allow":["GET"]}}],"collection":[{"href":"https:\/\/nationaalonderduikmuseum.nl\/de\/wp-json\/wp\/v2\/pages"}],"about":[{"href":"https:\/\/nationaalonderduikmuseum.nl\/de\/wp-json\/wp\/v2\/types\/page"}],"author":[{"embeddable":true,"href":"https:\/\/nationaalonderduikmuseum.nl\/de\/wp-json\/wp\/v2\/users\/4"}],"replies":[{"embeddable":true,"href":"https:\/\/nationaalonderduikmuseum.nl\/de\/wp-json\/wp\/v2\/comments?post=6089"}],"version-history":[{"count":7,"href":"https:\/\/nationaalonderduikmuseum.nl\/de\/wp-json\/wp\/v2\/pages\/6089\/revisions"}],"predecessor-version":[{"id":6125,"href":"https:\/\/nationaalonderduikmuseum.nl\/de\/wp-json\/wp\/v2\/pages\/6089\/revisions\/6125"}],"up":[{"embeddable":true,"href":"https:\/\/nationaalonderduikmuseum.nl\/de\/wp-json\/wp\/v2\/pages\/6050"}],"wp:attachment":[{"href":"https:\/\/nationaalonderduikmuseum.nl\/de\/wp-json\/wp\/v2\/media?parent=6089"}],"curies":[{"name":"wp","href":"https:\/\/api.w.org\/{rel}","templated":true}]}}