{"id":6010,"date":"2024-10-24T14:45:45","date_gmt":"2024-10-24T14:45:45","guid":{"rendered":"https:\/\/nationaalonderduikmuseum.nl\/programma-vrijheid\/lichtverbindungen\/"},"modified":"2026-04-05T15:15:22","modified_gmt":"2026-04-05T15:15:22","slug":"lichtverbindungen","status":"publish","type":"page","link":"https:\/\/nationaalonderduikmuseum.nl\/de\/programma-vrijheid\/lichtverbindungen\/","title":{"rendered":"Lichtverbindungen"},"content":{"rendered":"<p><div class=\"fusion-fullwidth fullwidth-box fusion-builder-row-1 fusion-flex-container has-pattern-background has-mask-background nonhundred-percent-fullwidth non-hundred-percent-height-scrolling\" style=\"--awb-border-radius-top-left:0px;--awb-border-radius-top-right:0px;--awb-border-radius-bottom-right:0px;--awb-border-radius-bottom-left:0px;--awb-padding-top:0px;--awb-padding-bottom:38px;--awb-margin-top:30px;--awb-margin-bottom:0px;--awb-flex-wrap:wrap;\" ><div class=\"fusion-builder-row fusion-row fusion-flex-align-items-flex-start fusion-flex-content-wrap\" style=\"max-width:1456px;margin-left: calc(-4% \/ 2 );margin-right: calc(-4% \/ 2 );\"><div class=\"fusion-layout-column fusion_builder_column fusion-builder-column-0 fusion_builder_column_1_1 1_1 fusion-flex-column\" style=\"--awb-bg-size:cover;--awb-width-large:100%;--awb-margin-top-large:0px;--awb-spacing-right-large:1.92%;--awb-margin-bottom-large:0px;--awb-spacing-left-large:1.92%;--awb-width-medium:100%;--awb-order-medium:0;--awb-spacing-right-medium:1.92%;--awb-spacing-left-medium:1.92%;--awb-width-small:100%;--awb-order-small:0;--awb-spacing-right-small:1.92%;--awb-spacing-left-small:1.92%;\" data-scroll-devices=\"small-visibility,medium-visibility,large-visibility\"><div class=\"fusion-column-wrapper fusion-column-has-shadow fusion-flex-justify-content-flex-start fusion-content-layout-column\"><div class=\"fusion-text fusion-text-1 fusion-text-no-margin\" style=\"--awb-margin-top:0px;--awb-margin-right:0px;--awb-margin-bottom:0px;--awb-margin-left:0px;\"><h1><img decoding=\"async\" class=\"alignnone wp-image-2863 size-full\" src=\"https:\/\/nationaalonderduikmuseum.nl\/wp-content\/uploads\/2024\/11\/Schakels-van-Licht-2.png\" alt=\"Lichtverbindungen\" width=\"817\" height=\"60\" srcset=\"https:\/\/nationaalonderduikmuseum.nl\/wp-content\/uploads\/2024\/11\/Schakels-van-Licht-2-200x15.png 200w, https:\/\/nationaalonderduikmuseum.nl\/wp-content\/uploads\/2024\/11\/Schakels-van-Licht-2-300x22.png 300w, https:\/\/nationaalonderduikmuseum.nl\/wp-content\/uploads\/2024\/11\/Schakels-van-Licht-2-400x29.png 400w, https:\/\/nationaalonderduikmuseum.nl\/wp-content\/uploads\/2024\/11\/Schakels-van-Licht-2-500x37.png 500w, https:\/\/nationaalonderduikmuseum.nl\/wp-content\/uploads\/2024\/11\/Schakels-van-Licht-2-600x44.png 600w, https:\/\/nationaalonderduikmuseum.nl\/wp-content\/uploads\/2024\/11\/Schakels-van-Licht-2-700x51.png 700w, https:\/\/nationaalonderduikmuseum.nl\/wp-content\/uploads\/2024\/11\/Schakels-van-Licht-2-768x56.png 768w, https:\/\/nationaalonderduikmuseum.nl\/wp-content\/uploads\/2024\/11\/Schakels-van-Licht-2-800x59.png 800w, https:\/\/nationaalonderduikmuseum.nl\/wp-content\/uploads\/2024\/11\/Schakels-van-Licht-2.png 817w\" sizes=\"(max-width: 817px) 100vw, 817px\" \/><\/h1>\n<\/div><div class=\"fusion-text fusion-text-2\" style=\"--awb-margin-top:10px;\"><h6 class=\"fusion-responsive-typography-calculated\" style=\"--fontsize: 16; line-height: 1.2; --minfontsize: 16;\" data-fontsize=\"16\" data-lineheight=\"19.2px\"><em>Verbindung ist immer da. Nur m\u00fcssen wir manchmal daran erinnert werden.<br \/>\nUnd genau das bewirkt Schakels van Licht. Es macht Verbindung greifbar, f\u00fchlbar, sichtbar.<br \/>\nMit Schakels van Licht r\u00fccken wir die Verbindung zwischen Menschen in den Vordergrund.<br \/>\nBetrachten Sie es als eine Erinnerung an die Tatsache, dass wir eins sind \u2013 ein Glied aus Licht.  <\/em><\/h6>\n<\/div><div class=\"fusion-video fusion-youtube\" style=\"--awb-max-width:600px;--awb-max-height:360px;\"><div class=\"video-shortcode\"><div class=\"fluid-width-video-wrapper\" style=\"padding-top:60%;\" ><iframe title=\"Schakels van Licht\" src=\"https:\/\/www.youtube.com\/embed\/3-jm7Bq1W4M?wmode=transparent&autoplay=0\" width=\"600\" height=\"360\" allowfullscreen allow=\"autoplay; clipboard-write; encrypted-media; gyroscope; picture-in-picture;\"><\/iframe><\/div><\/div><\/div><div class=\"fusion-text fusion-text-3\"><p><em>Schakels van Licht wurde von Evelien Nijenhuis entworfen.<br \/>\nEs wurde gemeinsam mit vielen Partnern aus unserer Region realisiert: Druckarbeiten durch Kempers, Verpackungsarbeiten durch die Tagesbetreuung von Estinea, Stadskamer als Testpanel.<br \/>\n<\/em><em>Das Video wurde von Claire van Dam erstellt und die Texte stammen von Bram Schweckhorst.<br \/>\nMit besonderem Dank an die Stadskamer in Groenlo f\u00fcr die Mitwirkung am Video.<\/em><\/p>\n<\/div><div class=\"fusion-text fusion-text-4\"><h2 class=\"fusion-responsive-typography-calculated\" data-fontsize=\"48\" data-lineheight=\"57.6px\">Das ist Links of Light:<\/h2>\n<p>Ein Paket \u201eSchakels van Licht\u201c besteht aus 10 B\u00f6gen mit Gliedern und 10 Anleitungsbl\u00e4ttern.<br \/>\nJeder Bogen enth\u00e4lt 2 Glieder, die einfach zusammengebaut werden k\u00f6nnen.<br \/>\nDiese Glieder k\u00f6nnen Sie anschlie\u00dfend zu einer langen, symbolischen Lichtkette verbinden.<\/p>\n<\/div><div class=\"fusion-text fusion-text-5\" style=\"--awb-margin-top:20px;\"><p style=\"--fontsize: 48; line-height: 1.2;\"><span style=\"color: var(--awb-text-color); font-family: var(--awb-text-font-family); font-size: var(--awb-font-size); font-style: var(--awb-text-font-style); font-weight: var(--awb-text-font-weight); letter-spacing: var(--awb-letter-spacing); text-align: var(--awb-content-alignment); text-transform: var(--awb-text-transform); background-color: var(--awb-bg-color-hover);\">Links of Light ist ein kostenloses <\/span><b style=\"color: var(--awb-text-color); font-family: var(--awb-text-font-family); font-size: var(--awb-font-size); font-style: var(--awb-text-font-style); letter-spacing: var(--awb-letter-spacing); text-align: var(--awb-content-alignment); text-transform: var(--awb-text-transform); background-color: var(--awb-bg-color-hover);\">Paket<\/b><span style=\"color: var(--awb-text-color); font-family: var(--awb-text-font-family); font-size: var(--awb-font-size); font-style: var(--awb-text-font-style); font-weight: var(--awb-text-font-weight); letter-spacing: var(--awb-letter-spacing); text-align: var(--awb-content-alignment); text-transform: var(--awb-text-transform); background-color: var(--awb-bg-color-hover);\"> , das den teilnehmenden Gemeinden zur Verf\u00fcgung steht.<\/span><\/p>\n<p>Teilnehmende Gemeinden: Aalten, Berkelland, Bronckhorst, Doetinchem, Duiven, Montferland, Oost Gelre, Oude IJsselstreek, Westervoort, Winterswijk und Zevenaar.<\/p>\n<\/div><div class=\"fusion-text fusion-text-6\" style=\"--awb-margin-top:20px;\"><p style=\"--fontsize: 48; line-height: 1.2;\"><i>Manchmal brauchen wir eine kleine Geste, um zu sp\u00fcren, wie stark wir verbunden sind.<\/i><\/p>\n<\/div><\/div><\/div><div class=\"fusion-layout-column fusion_builder_column fusion-builder-column-1 fusion_builder_column_1_3 1_3 fusion-flex-column\" style=\"--awb-bg-size:cover;--awb-width-large:33.333333333333%;--awb-margin-top-large:0px;--awb-spacing-right-large:5.76%;--awb-margin-bottom-large:20px;--awb-spacing-left-large:5.76%;--awb-width-medium:33.333333333333%;--awb-order-medium:0;--awb-spacing-right-medium:5.76%;--awb-spacing-left-medium:5.76%;--awb-width-small:100%;--awb-order-small:0;--awb-spacing-right-small:1.92%;--awb-spacing-left-small:1.92%;\"><div class=\"fusion-column-wrapper fusion-column-has-shadow fusion-flex-justify-content-flex-start fusion-content-layout-column\"><div class=\"fusion-image-element \" style=\"--awb-caption-title-font-family:var(--h2_typography-font-family);--awb-caption-title-font-weight:var(--h2_typography-font-weight);--awb-caption-title-font-style:var(--h2_typography-font-style);--awb-caption-title-size:var(--h2_typography-font-size);--awb-caption-title-transform:var(--h2_typography-text-transform);--awb-caption-title-line-height:var(--h2_typography-line-height);--awb-caption-title-letter-spacing:var(--h2_typography-letter-spacing);\"><span class=\" fusion-imageframe imageframe-none imageframe-1 hover-type-none\"><img decoding=\"async\" width=\"1000\" height=\"665\" title=\"Links von Light12Web\" src=\"https:\/\/nationaalonderduikmuseum.nl\/wp-content\/uploads\/2024\/11\/SchakelsvanLicht12Web.jpg\" alt class=\"img-responsive wp-image-2868\" srcset=\"https:\/\/nationaalonderduikmuseum.nl\/wp-content\/uploads\/2024\/11\/SchakelsvanLicht12Web-200x133.jpg 200w, https:\/\/nationaalonderduikmuseum.nl\/wp-content\/uploads\/2024\/11\/SchakelsvanLicht12Web-400x266.jpg 400w, https:\/\/nationaalonderduikmuseum.nl\/wp-content\/uploads\/2024\/11\/SchakelsvanLicht12Web-600x399.jpg 600w, https:\/\/nationaalonderduikmuseum.nl\/wp-content\/uploads\/2024\/11\/SchakelsvanLicht12Web-800x532.jpg 800w, https:\/\/nationaalonderduikmuseum.nl\/wp-content\/uploads\/2024\/11\/SchakelsvanLicht12Web.jpg 1000w\" sizes=\"(max-width: 800px) 100vw, 600px\" \/><\/span><\/div><\/div><\/div><div class=\"fusion-layout-column fusion_builder_column fusion-builder-column-2 fusion_builder_column_1_3 1_3 fusion-flex-column\" style=\"--awb-bg-size:cover;--awb-width-large:33.333333333333%;--awb-margin-top-large:0px;--awb-spacing-right-large:5.76%;--awb-margin-bottom-large:20px;--awb-spacing-left-large:5.76%;--awb-width-medium:33.333333333333%;--awb-order-medium:0;--awb-spacing-right-medium:5.76%;--awb-spacing-left-medium:5.76%;--awb-width-small:100%;--awb-order-small:0;--awb-spacing-right-small:1.92%;--awb-spacing-left-small:1.92%;\"><div class=\"fusion-column-wrapper fusion-column-has-shadow fusion-flex-justify-content-flex-start fusion-content-layout-column\"><div class=\"fusion-image-element \" style=\"--awb-caption-title-font-family:var(--h2_typography-font-family);--awb-caption-title-font-weight:var(--h2_typography-font-weight);--awb-caption-title-font-style:var(--h2_typography-font-style);--awb-caption-title-size:var(--h2_typography-font-size);--awb-caption-title-transform:var(--h2_typography-text-transform);--awb-caption-title-line-height:var(--h2_typography-line-height);--awb-caption-title-letter-spacing:var(--h2_typography-letter-spacing);\"><span class=\" fusion-imageframe imageframe-none imageframe-2 hover-type-none\"><img decoding=\"async\" width=\"1000\" height=\"665\" title=\"LinksvanLicht17Web\" src=\"https:\/\/nationaalonderduikmuseum.nl\/wp-content\/uploads\/2024\/11\/SchakelsvanLicht17Web.jpg\" alt class=\"img-responsive wp-image-2871\" srcset=\"https:\/\/nationaalonderduikmuseum.nl\/wp-content\/uploads\/2024\/11\/SchakelsvanLicht17Web-200x133.jpg 200w, https:\/\/nationaalonderduikmuseum.nl\/wp-content\/uploads\/2024\/11\/SchakelsvanLicht17Web-400x266.jpg 400w, https:\/\/nationaalonderduikmuseum.nl\/wp-content\/uploads\/2024\/11\/SchakelsvanLicht17Web-600x399.jpg 600w, https:\/\/nationaalonderduikmuseum.nl\/wp-content\/uploads\/2024\/11\/SchakelsvanLicht17Web-800x532.jpg 800w, https:\/\/nationaalonderduikmuseum.nl\/wp-content\/uploads\/2024\/11\/SchakelsvanLicht17Web.jpg 1000w\" sizes=\"(max-width: 800px) 100vw, 600px\" \/><\/span><\/div><\/div><\/div><div class=\"fusion-layout-column fusion_builder_column fusion-builder-column-3 fusion_builder_column_1_3 1_3 fusion-flex-column\" style=\"--awb-bg-size:cover;--awb-width-large:33.333333333333%;--awb-margin-top-large:0px;--awb-spacing-right-large:5.76%;--awb-margin-bottom-large:20px;--awb-spacing-left-large:5.76%;--awb-width-medium:33.333333333333%;--awb-order-medium:0;--awb-spacing-right-medium:5.76%;--awb-spacing-left-medium:5.76%;--awb-width-small:100%;--awb-order-small:0;--awb-spacing-right-small:1.92%;--awb-spacing-left-small:1.92%;\"><div class=\"fusion-column-wrapper fusion-column-has-shadow fusion-flex-justify-content-flex-start fusion-content-layout-column\"><div class=\"fusion-image-element \" style=\"--awb-caption-title-font-family:var(--h2_typography-font-family);--awb-caption-title-font-weight:var(--h2_typography-font-weight);--awb-caption-title-font-style:var(--h2_typography-font-style);--awb-caption-title-size:var(--h2_typography-font-size);--awb-caption-title-transform:var(--h2_typography-text-transform);--awb-caption-title-line-height:var(--h2_typography-line-height);--awb-caption-title-letter-spacing:var(--h2_typography-letter-spacing);\"><span class=\" fusion-imageframe imageframe-none imageframe-3 hover-type-none\"><img decoding=\"async\" width=\"1000\" height=\"665\" title=\"Links von LightWeb\" src=\"https:\/\/nationaalonderduikmuseum.nl\/wp-content\/uploads\/2024\/11\/SchakelsvanLichtWeb.jpg\" alt class=\"img-responsive wp-image-2874\" srcset=\"https:\/\/nationaalonderduikmuseum.nl\/wp-content\/uploads\/2024\/11\/SchakelsvanLichtWeb-200x133.jpg 200w, https:\/\/nationaalonderduikmuseum.nl\/wp-content\/uploads\/2024\/11\/SchakelsvanLichtWeb-400x266.jpg 400w, https:\/\/nationaalonderduikmuseum.nl\/wp-content\/uploads\/2024\/11\/SchakelsvanLichtWeb-600x399.jpg 600w, https:\/\/nationaalonderduikmuseum.nl\/wp-content\/uploads\/2024\/11\/SchakelsvanLichtWeb-800x532.jpg 800w, https:\/\/nationaalonderduikmuseum.nl\/wp-content\/uploads\/2024\/11\/SchakelsvanLichtWeb.jpg 1000w\" sizes=\"(max-width: 800px) 100vw, 600px\" \/><\/span><\/div><\/div><\/div><div class=\"fusion-layout-column fusion_builder_column fusion-builder-column-4 fusion_builder_column_1_1 1_1 fusion-flex-column\" style=\"--awb-bg-size:cover;--awb-width-large:100%;--awb-margin-top-large:0px;--awb-spacing-right-large:1.92%;--awb-margin-bottom-large:20px;--awb-spacing-left-large:1.92%;--awb-width-medium:100%;--awb-order-medium:0;--awb-spacing-right-medium:1.92%;--awb-spacing-left-medium:1.92%;--awb-width-small:100%;--awb-order-small:0;--awb-spacing-right-small:1.92%;--awb-spacing-left-small:1.92%;\"><div class=\"fusion-column-wrapper fusion-column-has-shadow fusion-flex-justify-content-flex-start fusion-content-layout-column\"><div class=\"fusion-text fusion-text-7\" style=\"--awb-margin-top:20px;\"><p><span style=\"color: var(--awb-text-color); font-family: var(--awb-text-font-family); font-size: var(--awb-font-size); font-style: var(--awb-text-font-style); font-weight: var(--awb-text-font-weight); letter-spacing: var(--awb-letter-spacing); text-align: var(--awb-content-alignment); text-transform: var(--awb-text-transform); background-color: var(--awb-bg-color-hover);\">Als Partner des Regionalprogramms m\u00f6chten wir hier auch erw\u00e4hnen: <\/span><strong style=\"color: var(--awb-text-color); font-family: var(--awb-text-font-family); font-size: var(--awb-font-size); font-style: var(--awb-text-font-style); letter-spacing: var(--awb-letter-spacing); text-align: var(--awb-content-alignment); text-transform: var(--awb-text-transform); background-color: var(--awb-bg-color-hover);\">Oosterlicht<\/strong><span style=\"color: var(--awb-text-color); font-family: var(--awb-text-font-family); font-size: var(--awb-font-size); font-style: var(--awb-text-font-style); font-weight: var(--awb-text-font-weight); letter-spacing: var(--awb-letter-spacing); text-align: var(--awb-content-alignment); text-transform: var(--awb-text-transform); background-color: var(--awb-bg-color-hover);\">  \u2013 eine Initiative von Hans van den Hurk, bei der in der dunklen Winterzeit Lichtstrahlen in der Region platziert werden, die am Himmel miteinander verbunden sind: das verbindende Licht. Dieses Licht verbindet verschiedene Gemeinden in der Achterhoek miteinander; durch die \u201eGlieder des Lichts\u201c stellen wir eine ganz pers\u00f6nliche Verbindung mit dem Licht her. <\/span><\/p>\n<\/div><\/div><\/div><\/div><\/div><div class=\"fusion-fullwidth fullwidth-box fusion-builder-row-2 fusion-flex-container has-pattern-background has-mask-background nonhundred-percent-fullwidth non-hundred-percent-height-scrolling\" style=\"--awb-border-radius-top-left:0px;--awb-border-radius-top-right:0px;--awb-border-radius-bottom-right:0px;--awb-border-radius-bottom-left:0px;--awb-padding-top:0px;--awb-padding-bottom:49px;--awb-margin-top:0px;--awb-flex-wrap:wrap;\" ><div class=\"fusion-builder-row fusion-row fusion-flex-align-items-flex-start fusion-flex-content-wrap\" style=\"max-width:1456px;margin-left: calc(-4% \/ 2 );margin-right: calc(-4% \/ 2 );\"><div class=\"fusion-layout-column fusion_builder_column fusion-builder-column-5 fusion_builder_column_1_5 1_5 fusion-flex-column\" style=\"--awb-padding-top:35px;--awb-padding-left:33px;--awb-bg-size:cover;--awb-width-large:20%;--awb-margin-top-large:0px;--awb-spacing-right-large:9.6%;--awb-margin-bottom-large:20px;--awb-spacing-left-large:9.6%;--awb-width-medium:20%;--awb-order-medium:0;--awb-spacing-right-medium:9.6%;--awb-spacing-left-medium:9.6%;--awb-width-small:100%;--awb-order-small:0;--awb-spacing-right-small:1.92%;--awb-spacing-left-small:1.92%;\"><div class=\"fusion-column-wrapper fusion-column-has-shadow fusion-flex-justify-content-flex-start fusion-content-layout-column\"><div class=\"fusion-image-element \" style=\"--awb-caption-title-font-family:var(--h2_typography-font-family);--awb-caption-title-font-weight:var(--h2_typography-font-weight);--awb-caption-title-font-style:var(--h2_typography-font-style);--awb-caption-title-size:var(--h2_typography-font-size);--awb-caption-title-transform:var(--h2_typography-text-transform);--awb-caption-title-line-height:var(--h2_typography-line-height);--awb-caption-title-letter-spacing:var(--h2_typography-letter-spacing);\"><span class=\" fusion-imageframe imageframe-none imageframe-4 hover-type-none\"><img decoding=\"async\" width=\"503\" height=\"260\" title=\"Grensland-Grenszland\" src=\"https:\/\/nationaalonderduikmuseum.nl\/wp-content\/uploads\/2024\/11\/grensland-grenszland-lg-fc-liggend1.png\" alt class=\"img-responsive wp-image-2862\" srcset=\"https:\/\/nationaalonderduikmuseum.nl\/wp-content\/uploads\/2024\/11\/grensland-grenszland-lg-fc-liggend1-200x103.png 200w, https:\/\/nationaalonderduikmuseum.nl\/wp-content\/uploads\/2024\/11\/grensland-grenszland-lg-fc-liggend1-400x207.png 400w, https:\/\/nationaalonderduikmuseum.nl\/wp-content\/uploads\/2024\/11\/grensland-grenszland-lg-fc-liggend1.png 503w\" sizes=\"(max-width: 800px) 100vw, 200px\" \/><\/span><\/div><\/div><\/div><div class=\"fusion-layout-column fusion_builder_column fusion-builder-column-6 fusion_builder_column_1_5 1_5 fusion-flex-column\" style=\"--awb-padding-right:76px;--awb-padding-left:37px;--awb-bg-size:cover;--awb-width-large:20%;--awb-margin-top-large:0px;--awb-spacing-right-large:9.6%;--awb-margin-bottom-large:20px;--awb-spacing-left-large:9.6%;--awb-width-medium:20%;--awb-order-medium:0;--awb-spacing-right-medium:9.6%;--awb-spacing-left-medium:9.6%;--awb-width-small:100%;--awb-order-small:0;--awb-spacing-right-small:1.92%;--awb-spacing-left-small:1.92%;\"><div class=\"fusion-column-wrapper fusion-column-has-shadow fusion-flex-justify-content-flex-start fusion-content-layout-column\"><div class=\"fusion-image-element \" style=\"--awb-caption-title-font-family:var(--h2_typography-font-family);--awb-caption-title-font-weight:var(--h2_typography-font-weight);--awb-caption-title-font-style:var(--h2_typography-font-style);--awb-caption-title-size:var(--h2_typography-font-size);--awb-caption-title-transform:var(--h2_typography-text-transform);--awb-caption-title-line-height:var(--h2_typography-line-height);--awb-caption-title-letter-spacing:var(--h2_typography-letter-spacing);\"><span class=\" fusion-imageframe imageframe-none imageframe-5 hover-type-none\"><img decoding=\"async\" width=\"513\" height=\"538\" title=\"Freiheit im Gelderland\" src=\"https:\/\/nationaalonderduikmuseum.nl\/wp-content\/uploads\/2024\/11\/VGlogo-2023OL.png\" alt class=\"img-responsive wp-image-2877\" srcset=\"https:\/\/nationaalonderduikmuseum.nl\/wp-content\/uploads\/2024\/11\/VGlogo-2023OL-200x210.png 200w, https:\/\/nationaalonderduikmuseum.nl\/wp-content\/uploads\/2024\/11\/VGlogo-2023OL-400x419.png 400w, https:\/\/nationaalonderduikmuseum.nl\/wp-content\/uploads\/2024\/11\/VGlogo-2023OL.png 513w\" sizes=\"(max-width: 800px) 100vw, 200px\" \/><\/span><\/div><\/div><\/div><div class=\"fusion-layout-column fusion_builder_column fusion-builder-column-7 fusion_builder_column_3_5 3_5 fusion-flex-column\" style=\"--awb-bg-size:cover;--awb-width-large:60%;--awb-margin-top-large:0px;--awb-spacing-right-large:3.2%;--awb-margin-bottom-large:20px;--awb-spacing-left-large:0%;--awb-width-medium:60%;--awb-order-medium:0;--awb-spacing-right-medium:3.2%;--awb-spacing-left-medium:0%;--awb-width-small:100%;--awb-order-small:0;--awb-spacing-right-small:1.92%;--awb-spacing-left-small:1.92%;\"><div class=\"fusion-column-wrapper fusion-column-has-shadow fusion-flex-justify-content-flex-start fusion-content-layout-column\"><div class=\"fusion-text fusion-text-8\"><p><em>Das Regionalprogramm Freedom wird durch die Provinz Gelderland erm\u00f6glicht.  <\/em><em>Dieses grenz\u00fcberschreitende Programm tr\u00e4gt zu mehr Verbindung, Begegnung, Austausch \u00fcber Freiheit und zur Erkenntnis bei, dass Freiheit nicht als selbstverst\u00e4ndlich angesehen werden darf und dass jeder Freiheit weitergeben kann.  <\/em><\/p>\n<\/div><\/div><\/div><\/div><\/div><\/p>\n","protected":false},"excerpt":{"rendered":"","protected":false},"author":4,"featured_media":0,"parent":2491,"menu_order":6,"comment_status":"closed","ping_status":"closed","template":"100-width.php","meta":{"footnotes":""},"class_list":["post-6010","page","type-page","status-publish","hentry"],"aioseo_notices":[],"_links":{"self":[{"href":"https:\/\/nationaalonderduikmuseum.nl\/de\/wp-json\/wp\/v2\/pages\/6010","targetHints":{"allow":["GET"]}}],"collection":[{"href":"https:\/\/nationaalonderduikmuseum.nl\/de\/wp-json\/wp\/v2\/pages"}],"about":[{"href":"https:\/\/nationaalonderduikmuseum.nl\/de\/wp-json\/wp\/v2\/types\/page"}],"author":[{"embeddable":true,"href":"https:\/\/nationaalonderduikmuseum.nl\/de\/wp-json\/wp\/v2\/users\/4"}],"replies":[{"embeddable":true,"href":"https:\/\/nationaalonderduikmuseum.nl\/de\/wp-json\/wp\/v2\/comments?post=6010"}],"version-history":[{"count":43,"href":"https:\/\/nationaalonderduikmuseum.nl\/de\/wp-json\/wp\/v2\/pages\/6010\/revisions"}],"predecessor-version":[{"id":6828,"href":"https:\/\/nationaalonderduikmuseum.nl\/de\/wp-json\/wp\/v2\/pages\/6010\/revisions\/6828"}],"up":[{"embeddable":true,"href":"https:\/\/nationaalonderduikmuseum.nl\/de\/wp-json\/wp\/v2\/pages\/2491"}],"wp:attachment":[{"href":"https:\/\/nationaalonderduikmuseum.nl\/de\/wp-json\/wp\/v2\/media?parent=6010"}],"curies":[{"name":"wp","href":"https:\/\/api.w.org\/{rel}","templated":true}]}}