{"id":2491,"date":"2024-06-06T13:59:37","date_gmt":"2024-06-06T13:59:37","guid":{"rendered":"https:\/\/nationaalonderduikmuseum.nl\/?page_id=2491"},"modified":"2026-04-01T07:35:18","modified_gmt":"2026-04-01T07:35:18","slug":"programma-vrijheid","status":"publish","type":"page","link":"https:\/\/nationaalonderduikmuseum.nl\/de\/programma-vrijheid\/","title":{"rendered":"Regionalprogramm Freiheit"},"content":{"rendered":"<p><div class=\"fusion-fullwidth fullwidth-box fusion-builder-row-1 fusion-flex-container has-pattern-background has-mask-background nonhundred-percent-fullwidth non-hundred-percent-height-scrolling\" style=\"--awb-border-radius-top-left:0px;--awb-border-radius-top-right:0px;--awb-border-radius-bottom-right:0px;--awb-border-radius-bottom-left:0px;--awb-padding-top:30px;--awb-padding-bottom:50px;--awb-margin-top:0px;--awb-flex-wrap:wrap;\" ><div class=\"fusion-builder-row fusion-row fusion-flex-align-items-flex-start fusion-flex-content-wrap\" style=\"max-width:1456px;margin-left: calc(-4% \/ 2 );margin-right: calc(-4% \/ 2 );\"><div class=\"fusion-layout-column fusion_builder_column fusion-builder-column-0 fusion_builder_column_1_1 1_1 fusion-flex-column\" style=\"--awb-bg-size:cover;--awb-width-large:100%;--awb-margin-top-large:0px;--awb-spacing-right-large:1.92%;--awb-margin-bottom-large:20px;--awb-spacing-left-large:1.92%;--awb-width-medium:100%;--awb-order-medium:0;--awb-spacing-right-medium:1.92%;--awb-spacing-left-medium:1.92%;--awb-width-small:100%;--awb-order-small:0;--awb-spacing-right-small:1.92%;--awb-spacing-left-small:1.92%;\"><div class=\"fusion-column-wrapper fusion-column-has-shadow fusion-flex-justify-content-flex-start fusion-content-layout-column\"><div class=\"fusion-title title fusion-title-1 fusion-sep-none fusion-title-text fusion-title-size-one\" style=\"--awb-margin-top-small:8px;--awb-margin-right-small:0px;--awb-margin-bottom-small:16px;--awb-margin-left-small:0px;\"><h1 class=\"fusion-title-heading title-heading-left fusion-responsive-typography-calculated\" style=\"margin:0;--fontSize:64;line-height:1.25;\"><h1>Programm Freedom Achterhoek und Liemers<\/h1><\/h1><\/div><\/div><\/div><div class=\"fusion-layout-column fusion_builder_column fusion-builder-column-1 fusion_builder_column_2_3 2_3 fusion-flex-column\" style=\"--awb-bg-size:cover;--awb-width-large:66.666666666667%;--awb-margin-top-large:0px;--awb-spacing-right-large:2.88%;--awb-margin-bottom-large:41px;--awb-spacing-left-large:2.88%;--awb-width-medium:66.666666666667%;--awb-order-medium:0;--awb-spacing-right-medium:2.88%;--awb-spacing-left-medium:2.88%;--awb-width-small:100%;--awb-order-small:0;--awb-spacing-right-small:1.92%;--awb-spacing-left-small:1.92%;\"><div class=\"fusion-column-wrapper fusion-column-has-shadow fusion-flex-justify-content-flex-start fusion-content-layout-column\"><div class=\"fusion-text fusion-text-1\"><p>Seit 2020 arbeiten Gemeinden in Achterhoek und Liemers gemeinsam an Initiativen zur Feier und St\u00e4rkung der Freiheit. Auch die deutsche Grenzregion ist beteiligt. Aus dieser Zusammenarbeit wurden verschiedene Produkte entwickelt, die Organisationen und Bewohner nutzen k\u00f6nnen.  <\/p>\n<h4 class=\"fusion-responsive-typography-calculated\" style=\"--fontsize: 36;line-height: 1.2\" data-fontsize=\"36\" data-lineheight=\"43.2px\">Kette der Freiheit<\/h4>\n<p>Gemeinden in Achterhoek, Liemers und der deutschen Grenzregion erinnern und feiern gemeinsam die Freiheit. Durch die Verbindung von Aktivit\u00e4ten und Initiativen entsteht eine &#8218;Kette der Freiheit&#8216;, in der Geschichten geteilt, Generationen zusammenkommen und was Freiheit bedeutet, betrachtet wird. Sehen Sie sich das Video <i>&#8222;Chain of Freedom&#8220;<\/i> an, um einen Einblick in die Aktivit\u00e4ten zu erhalten.  <\/p>\n<h4 class=\"fusion-responsive-typography-calculated\" style=\"--fontsize: 36;line-height: 1.2\" data-fontsize=\"36\" data-lineheight=\"43.2px\">Freiheitsroute Achterhoek und Liemers<\/h4>\n<p>Die Freiheitsroute besteht aus f\u00fcnf speziellen Radwegen durch den Achterhoek und die Liemers. Unterwegs passiert man Orte, die an den Zweiten Weltkrieg und den langen Weg zur Freiheit erinnern. <\/p>\n<p><a href=\"https:\/\/nationaalonderduikmuseum.nl\/de\/programma-vrijheid\/die-freiheitsroute\/\" target=\"_blank\" rel=\"noopener\">Entdecken Sie die Freiheitsroute<\/a><\/p>\n<h4 class=\"fusion-responsive-typography-calculated\" style=\"--fontsize: 36;line-height: 1.2\" data-fontsize=\"36\" data-lineheight=\"43.2px\">Freedom Quartett<\/h4>\n<p>Dieses Quartettspiel enth\u00e4lt Geschichten, Ereignisse und Denkm\u00e4ler aus dem Achterhoek und Liemer, die w\u00e4hrend des Zweiten Weltkriegs eine wichtige Rolle spielten.<\/p>\n<p><a href=\"https:\/\/nationaalonderduikmuseum.nl\/de\/programma-vrijheid\/quartett\/\" target=\"_blank\" rel=\"noopener\">Sehen Sie sich das Quartettspiel an<\/a><\/p>\n<h4 class=\"fusion-responsive-typography-calculated\" style=\"--fontsize: 36;line-height: 1.2\" data-fontsize=\"36\" data-lineheight=\"43.2px\">Freedom-Lied &#8218;Ode to Freedom&#8216;<\/h4>\n<p>Ch\u00f6re, Blaskapellen, Harmonien und andere Organisationen k\u00f6nnen hier Text und Arrangements kostenlos und geb\u00fchrenfrei herunterladen.<\/p>\n<p><a href=\"https:\/\/nationaalonderduikmuseum.nl\/de\/programma-vrijheid\/freiheitslied\/\" target=\"_blank\" rel=\"noopener\">Lade das Freedom Song herunter<\/a><\/p>\n<h4 class=\"fusion-responsive-typography-calculated\" style=\"--fontsize: 36;line-height: 1.2\" data-fontsize=\"36\" data-lineheight=\"43.2px\">Zeitschrift Vrijheid\/Freiheit<\/h4>\n<p>Dieses Magazin besteht aus Einsendungen f\u00fcr den Wettbewerb. <em>Was bedeutet Freiheit f\u00fcr Sie?<\/em> Das Magazin kann digital durchst\u00f6bert werden.<\/p>\n<p><a href=\"https:\/\/nationaalonderduikmuseum.nl\/de\/programma-vrijheid\/magazin-ode-an-die-freiheit\/\" target=\"_blank\" rel=\"noopener\">Lies das Magazin<\/a><\/p>\n<h4 class=\"fusion-responsive-typography-calculated\" style=\"--fontsize: 36;line-height: 1.2\" data-fontsize=\"36\" data-lineheight=\"43.2px\">Woordwolk \/ Wortwolke \u2013 Mehr als nur ein Bild<\/h4>\n<p>Zwei Wortwolken wurden aus den Teilnehmern des Wettbewerbs erstellt, eine niederl\u00e4ndische und eine deutsche Variante. Mit den Wortwolken kannst du alles machen. <\/p>\n<p><a href=\"https:\/\/nationaalonderduikmuseum.nl\/de\/?page_id=2494\" target=\"_blank\" rel=\"noopener noreferrer\">Schau dir die Wortwolken an<\/a><\/p>\n<h4 class=\"fusion-responsive-typography-calculated\" style=\"--fontsize: 36;line-height: 1.2\" data-fontsize=\"36\" data-lineheight=\"43.2px\">Lichtverbindungen<\/h4>\n<p>W\u00e4hrend Gedenkfeiern und Feierlichkeiten bilden Lichter eine symbolische Solidarit\u00e4tskette, als Zeichen daf\u00fcr, dass wir gemeinsam \u00fcber die Freiheit wachen.<\/p>\n<p><a href=\"https:\/\/nationaalonderduikmuseum.nl\/de\/programma-vrijheid\/lichtverbindungen\/\" target=\"_blank\" rel=\"noopener\">Lesen Sie mehr \u00fcber Schakels van Licht<\/a><\/p>\n<\/div><\/div><\/div><div class=\"fusion-layout-column fusion_builder_column fusion-builder-column-2 fusion_builder_column_1_3 1_3 fusion-flex-column\" style=\"--awb-bg-size:cover;--awb-width-large:33.333333333333%;--awb-margin-top-large:78px;--awb-spacing-right-large:5.76%;--awb-margin-bottom-large:20px;--awb-spacing-left-large:5.76%;--awb-width-medium:33.333333333333%;--awb-order-medium:0;--awb-spacing-right-medium:5.76%;--awb-spacing-left-medium:5.76%;--awb-width-small:100%;--awb-order-small:0;--awb-spacing-right-small:1.92%;--awb-spacing-left-small:1.92%;\"><div class=\"fusion-column-wrapper fusion-column-has-shadow fusion-flex-justify-content-flex-start fusion-content-layout-column\"><div class=\"fusion-image-element \" style=\"--awb-caption-title-font-family:var(--h2_typography-font-family);--awb-caption-title-font-weight:var(--h2_typography-font-weight);--awb-caption-title-font-style:var(--h2_typography-font-style);--awb-caption-title-size:var(--h2_typography-font-size);--awb-caption-title-transform:var(--h2_typography-text-transform);--awb-caption-title-line-height:var(--h2_typography-line-height);--awb-caption-title-letter-spacing:var(--h2_typography-letter-spacing);\"><span class=\" fusion-imageframe imageframe-none imageframe-1 hover-type-none\"><img decoding=\"async\" width=\"1024\" height=\"656\" alt=\"Preistr\u00e4ger des Schreibwettbewerbs Ode to Freedom in der Bargse Huus in &#039;s Heerenberg.\" title=\"Preisverleihung Ode an die Freiheit \u2013 regionales Programm\" src=\"https:\/\/nationaalonderduikmuseum.nl\/wp-content\/uploads\/2025\/03\/IMG_6211-1024x656.jpg\" class=\"img-responsive wp-image-3519\" srcset=\"https:\/\/nationaalonderduikmuseum.nl\/wp-content\/uploads\/2025\/03\/IMG_6211-200x128.jpg 200w, https:\/\/nationaalonderduikmuseum.nl\/wp-content\/uploads\/2025\/03\/IMG_6211-400x256.jpg 400w, https:\/\/nationaalonderduikmuseum.nl\/wp-content\/uploads\/2025\/03\/IMG_6211-600x384.jpg 600w, https:\/\/nationaalonderduikmuseum.nl\/wp-content\/uploads\/2025\/03\/IMG_6211-800x512.jpg 800w, https:\/\/nationaalonderduikmuseum.nl\/wp-content\/uploads\/2025\/03\/IMG_6211-1200x769.jpg 1200w, https:\/\/nationaalonderduikmuseum.nl\/wp-content\/uploads\/2025\/03\/IMG_6211-scaled.jpg 1920w\" sizes=\"(max-width: 800px) 100vw, 600px\" \/><\/span><\/div><div class=\"fusion-text fusion-text-2\"><p><i>Gewinner des Ode to Freedom-Wettbewerbs \u2013 Was bedeutet Freiheit f\u00fcr euch?<\/i><\/p>\n<\/div><\/div><\/div><\/div><\/div><div class=\"fusion-fullwidth fullwidth-box fusion-builder-row-2 fusion-flex-container has-pattern-background has-mask-background nonhundred-percent-fullwidth non-hundred-percent-height-scrolling\" style=\"--awb-border-radius-top-left:0px;--awb-border-radius-top-right:0px;--awb-border-radius-bottom-right:0px;--awb-border-radius-bottom-left:0px;--awb-padding-top:0px;--awb-padding-bottom:49px;--awb-margin-top:0px;--awb-flex-wrap:wrap;\" ><div class=\"fusion-builder-row fusion-row fusion-flex-align-items-flex-start fusion-flex-content-wrap\" style=\"max-width:1456px;margin-left: calc(-4% \/ 2 );margin-right: calc(-4% \/ 2 );\"><div class=\"fusion-layout-column fusion_builder_column fusion-builder-column-3 fusion_builder_column_1_5 1_5 fusion-flex-column\" style=\"--awb-padding-top:35px;--awb-padding-left:33px;--awb-bg-size:cover;--awb-width-large:20%;--awb-margin-top-large:0px;--awb-spacing-right-large:9.6%;--awb-margin-bottom-large:20px;--awb-spacing-left-large:9.6%;--awb-width-medium:20%;--awb-order-medium:0;--awb-spacing-right-medium:9.6%;--awb-spacing-left-medium:9.6%;--awb-width-small:100%;--awb-order-small:0;--awb-spacing-right-small:1.92%;--awb-spacing-left-small:1.92%;\"><div class=\"fusion-column-wrapper fusion-column-has-shadow fusion-flex-justify-content-flex-start fusion-content-layout-column\"><div class=\"fusion-image-element \" style=\"--awb-caption-title-font-family:var(--h2_typography-font-family);--awb-caption-title-font-weight:var(--h2_typography-font-weight);--awb-caption-title-font-style:var(--h2_typography-font-style);--awb-caption-title-size:var(--h2_typography-font-size);--awb-caption-title-transform:var(--h2_typography-text-transform);--awb-caption-title-line-height:var(--h2_typography-line-height);--awb-caption-title-letter-spacing:var(--h2_typography-letter-spacing);\"><span class=\" fusion-imageframe imageframe-none imageframe-2 hover-type-none\"><img decoding=\"async\" width=\"503\" height=\"260\" title=\"Grensland-Grenszland\" src=\"https:\/\/nationaalonderduikmuseum.nl\/wp-content\/uploads\/2024\/11\/grensland-grenszland-lg-fc-liggend1.png\" alt class=\"img-responsive wp-image-2862\" srcset=\"https:\/\/nationaalonderduikmuseum.nl\/wp-content\/uploads\/2024\/11\/grensland-grenszland-lg-fc-liggend1-200x103.png 200w, https:\/\/nationaalonderduikmuseum.nl\/wp-content\/uploads\/2024\/11\/grensland-grenszland-lg-fc-liggend1-400x207.png 400w, https:\/\/nationaalonderduikmuseum.nl\/wp-content\/uploads\/2024\/11\/grensland-grenszland-lg-fc-liggend1.png 503w\" sizes=\"(max-width: 800px) 100vw, 200px\" \/><\/span><\/div><\/div><\/div><div class=\"fusion-layout-column fusion_builder_column fusion-builder-column-4 fusion_builder_column_1_5 1_5 fusion-flex-column\" style=\"--awb-padding-right:76px;--awb-padding-left:37px;--awb-bg-size:cover;--awb-width-large:20%;--awb-margin-top-large:0px;--awb-spacing-right-large:9.6%;--awb-margin-bottom-large:20px;--awb-spacing-left-large:9.6%;--awb-width-medium:20%;--awb-order-medium:0;--awb-spacing-right-medium:9.6%;--awb-spacing-left-medium:9.6%;--awb-width-small:100%;--awb-order-small:0;--awb-spacing-right-small:1.92%;--awb-spacing-left-small:1.92%;\"><div class=\"fusion-column-wrapper fusion-column-has-shadow fusion-flex-justify-content-flex-start fusion-content-layout-column\"><div class=\"fusion-image-element \" style=\"--awb-caption-title-font-family:var(--h2_typography-font-family);--awb-caption-title-font-weight:var(--h2_typography-font-weight);--awb-caption-title-font-style:var(--h2_typography-font-style);--awb-caption-title-size:var(--h2_typography-font-size);--awb-caption-title-transform:var(--h2_typography-text-transform);--awb-caption-title-line-height:var(--h2_typography-line-height);--awb-caption-title-letter-spacing:var(--h2_typography-letter-spacing);\"><span class=\" fusion-imageframe imageframe-none imageframe-3 hover-type-none\"><img decoding=\"async\" width=\"513\" height=\"538\" title=\"Freiheit im Gelderland\" src=\"https:\/\/nationaalonderduikmuseum.nl\/wp-content\/uploads\/2024\/11\/VGlogo-2023OL.png\" alt class=\"img-responsive wp-image-2877\" srcset=\"https:\/\/nationaalonderduikmuseum.nl\/wp-content\/uploads\/2024\/11\/VGlogo-2023OL-200x210.png 200w, https:\/\/nationaalonderduikmuseum.nl\/wp-content\/uploads\/2024\/11\/VGlogo-2023OL-400x419.png 400w, https:\/\/nationaalonderduikmuseum.nl\/wp-content\/uploads\/2024\/11\/VGlogo-2023OL.png 513w\" sizes=\"(max-width: 800px) 100vw, 200px\" \/><\/span><\/div><\/div><\/div><div class=\"fusion-layout-column fusion_builder_column fusion-builder-column-5 fusion_builder_column_3_5 3_5 fusion-flex-column\" style=\"--awb-bg-size:cover;--awb-width-large:60%;--awb-margin-top-large:0px;--awb-spacing-right-large:3.2%;--awb-margin-bottom-large:20px;--awb-spacing-left-large:0%;--awb-width-medium:60%;--awb-order-medium:0;--awb-spacing-right-medium:3.2%;--awb-spacing-left-medium:0%;--awb-width-small:100%;--awb-order-small:0;--awb-spacing-right-small:1.92%;--awb-spacing-left-small:1.92%;\"><div class=\"fusion-column-wrapper fusion-column-has-shadow fusion-flex-justify-content-flex-start fusion-content-layout-column\"><div class=\"fusion-text fusion-text-3\"><p><em>Das Regionalprogramm Freedom wird durch die Provinz Gelderland erm\u00f6glicht.  <\/em><em>Dieses grenz\u00fcberschreitende Programm tr\u00e4gt zu mehr Verbindung, Begegnung, Austausch \u00fcber Freiheit und zur Erkenntnis bei, dass Freiheit nicht als selbstverst\u00e4ndlich angesehen werden darf und dass jeder Freiheit weitergeben kann.<\/em><\/p>\n<\/div><\/div><\/div><\/div><\/div><\/p>\n","protected":false},"excerpt":{"rendered":"","protected":false},"author":4,"featured_media":0,"parent":0,"menu_order":60,"comment_status":"closed","ping_status":"closed","template":"","meta":{"footnotes":""},"class_list":["post-2491","page","type-page","status-publish","hentry"],"aioseo_notices":[],"_links":{"self":[{"href":"https:\/\/nationaalonderduikmuseum.nl\/de\/wp-json\/wp\/v2\/pages\/2491","targetHints":{"allow":["GET"]}}],"collection":[{"href":"https:\/\/nationaalonderduikmuseum.nl\/de\/wp-json\/wp\/v2\/pages"}],"about":[{"href":"https:\/\/nationaalonderduikmuseum.nl\/de\/wp-json\/wp\/v2\/types\/page"}],"author":[{"embeddable":true,"href":"https:\/\/nationaalonderduikmuseum.nl\/de\/wp-json\/wp\/v2\/users\/4"}],"replies":[{"embeddable":true,"href":"https:\/\/nationaalonderduikmuseum.nl\/de\/wp-json\/wp\/v2\/comments?post=2491"}],"version-history":[{"count":76,"href":"https:\/\/nationaalonderduikmuseum.nl\/de\/wp-json\/wp\/v2\/pages\/2491\/revisions"}],"predecessor-version":[{"id":6320,"href":"https:\/\/nationaalonderduikmuseum.nl\/de\/wp-json\/wp\/v2\/pages\/2491\/revisions\/6320"}],"wp:attachment":[{"href":"https:\/\/nationaalonderduikmuseum.nl\/de\/wp-json\/wp\/v2\/media?parent=2491"}],"curies":[{"name":"wp","href":"https:\/\/api.w.org\/{rel}","templated":true}]}}